{"id":19744,"date":"2019-07-27T12:50:54","date_gmt":"2019-07-27T10:50:54","guid":{"rendered":"http:\/\/kulturamoldava.csemadokbodollo.sk\/?page_id=19744"},"modified":"2020-06-11T09:13:24","modified_gmt":"2020-06-11T07:13:24","slug":"register-zmluv-objednavok-a-faktur","status":"publish","type":"page","link":"https:\/\/kulturamoldava.sk\/hu\/register-zmluv-objednavok-a-faktur\/","title":{"rendered":"Szerz\u0151d\u00e9sek \u00e9s meg\u00e1llapod\u00e1sok"},"content":{"rendered":"<h3 class=\"wp-block-heading\">ROK 2019<\/h3>\n\n\n\n<div class=\"wp-block-file\"><a href=\"https:\/\/kulturamoldava.sk\/wp-content\/uploads\/2020\/01\/Dohoda-o-pren\u00e1jme-priestorov-20.12.2019.pdf\">Dohoda-o-pren\u00e1jme-priestorov-20.12.2019<\/a><a href=\"https:\/\/kulturamoldava.sk\/wp-content\/uploads\/2020\/01\/Dohoda-o-pren\u00e1jme-priestorov-20.12.2019.pdf\" class=\"wp-block-file__button\" download>Stiahnu\u0165<\/a><\/div>\n\n\n\n<div class=\"wp-block-file\"><a href=\"https:\/\/kulturamoldava.sk\/wp-content\/uploads\/2020\/01\/K\u00fapna-zmluva-13.12.2019.pdf\">K\u00fapna-zmluva-13.12.2019<\/a><a href=\"https:\/\/kulturamoldava.sk\/wp-content\/uploads\/2020\/01\/K\u00fapna-zmluva-13.12.2019.pdf\" class=\"wp-block-file__button\" download>Stiahnu\u0165<\/a><\/div>\n\n\n\n<div class=\"wp-block-file\"><a href=\"https:\/\/kulturamoldava.sk\/wp-content\/uploads\/2020\/01\/Dohoda-o-pren\u00e1jme-priestorov-13.12.2019.pdf\">Dohoda-o-pren\u00e1jme-priestorov-13.12.2019<\/a><a href=\"https:\/\/kulturamoldava.sk\/wp-content\/uploads\/2020\/01\/Dohoda-o-pren\u00e1jme-priestorov-13.12.2019.pdf\" class=\"wp-block-file__button\" download>Stiahnu\u0165<\/a><\/div>\n\n\n\n<div class=\"wp-block-file\"><a href=\"https:\/\/kulturamoldava.sk\/wp-content\/uploads\/2020\/01\/Dohoda-o-pren\u00e1jme-priestorov-11.12.2019.pdf\">Dohoda-o-pren\u00e1jme-priestorov-11.12.2019<\/a><a href=\"https:\/\/kulturamoldava.sk\/wp-content\/uploads\/2020\/01\/Dohoda-o-pren\u00e1jme-priestorov-11.12.2019.pdf\" class=\"wp-block-file__button\" download>Stiahnu\u0165<\/a><\/div>\n\n\n\n<div class=\"wp-block-file\"><a href=\"https:\/\/kulturamoldava.sk\/wp-content\/uploads\/2020\/01\/Zmluva-o-zabezpe\u010den\u00ed-kult\u00farneho-vyst\u00fapenia-09.12.2019_02.pdf\">Zmluva-o-zabezpe\u010den\u00ed-kult\u00farneho-vyst\u00fapenia-09.12.2019_02<\/a><a href=\"https:\/\/kulturamoldava.sk\/wp-content\/uploads\/2020\/01\/Zmluva-o-zabezpe\u010den\u00ed-kult\u00farneho-vyst\u00fapenia-09.12.2019_02.pdf\" class=\"wp-block-file__button\" download>Stiahnu\u0165<\/a><\/div>\n\n\n\n<div class=\"wp-block-file\"><a href=\"https:\/\/kulturamoldava.sk\/wp-content\/uploads\/2020\/01\/Zmluva-o-zabezpe\u010den\u00ed-kult\u00farneho-vyst\u00fapenia-09.12.2019_01.pdf\">Zmluva-o-zabezpe\u010den\u00ed-kult\u00farneho-vyst\u00fapenia-09.12.2019_01<\/a><a href=\"https:\/\/kulturamoldava.sk\/wp-content\/uploads\/2020\/01\/Zmluva-o-zabezpe\u010den\u00ed-kult\u00farneho-vyst\u00fapenia-09.12.2019_01.pdf\" class=\"wp-block-file__button\" download>Stiahnu\u0165<\/a><\/div>\n\n\n\n<div class=\"wp-block-file\"><a href=\"https:\/\/kulturamoldava.sk\/wp-content\/uploads\/2020\/01\/Dohoda-o-pren\u00e1jme-priestorov-23.11.2019.pdf\">Dohoda-o-pren\u00e1jme-priestorov-23.11.2019<\/a><a href=\"https:\/\/kulturamoldava.sk\/wp-content\/uploads\/2020\/01\/Dohoda-o-pren\u00e1jme-priestorov-23.11.2019.pdf\" class=\"wp-block-file__button\" download>Stiahnu\u0165<\/a><\/div>\n\n\n\n<div class=\"wp-block-file\"><a href=\"https:\/\/kulturamoldava.sk\/wp-content\/uploads\/2020\/01\/Dohoda-o-pren\u00e1jme-priestorov-20.11.2019.pdf\">Dohoda-o-pren\u00e1jme-priestorov-20.11.2019<\/a><a href=\"https:\/\/kulturamoldava.sk\/wp-content\/uploads\/2020\/01\/Dohoda-o-pren\u00e1jme-priestorov-20.11.2019.pdf\" class=\"wp-block-file__button\" download>Stiahnu\u0165<\/a><\/div>\n\n\n\n<div class=\"wp-block-file\"><a href=\"https:\/\/kulturamoldava.sk\/wp-content\/uploads\/2020\/01\/Dohoda-o-pren\u00e1jme-priestorov-15.11.2019.pdf\">Dohoda-o-pren\u00e1jme-priestorov-15.11.2019<\/a><a href=\"https:\/\/kulturamoldava.sk\/wp-content\/uploads\/2020\/01\/Dohoda-o-pren\u00e1jme-priestorov-15.11.2019.pdf\" class=\"wp-block-file__button\" download>Stiahnu\u0165<\/a><\/div>\n\n\n\n<div class=\"wp-block-file\"><a href=\"https:\/\/kulturamoldava.sk\/wp-content\/uploads\/2020\/01\/Dohoda-o-pren\u00e1jme-priestorov-25.10.2019.pdf\">Dohoda-o-pren\u00e1jme-priestorov-25.10.2019<\/a><a href=\"https:\/\/kulturamoldava.sk\/wp-content\/uploads\/2020\/01\/Dohoda-o-pren\u00e1jme-priestorov-25.10.2019.pdf\" class=\"wp-block-file__button\" download>Stiahnu\u0165<\/a><\/div>\n\n\n\n<div class=\"wp-block-file\"><a href=\"https:\/\/kulturamoldava.sk\/wp-content\/uploads\/2020\/01\/Dohoda-o-pren\u00e1jme-priestorov-17.10.2019.pdf\">Dohoda-o-pren\u00e1jme-priestorov-17.10.2019<\/a><a href=\"https:\/\/kulturamoldava.sk\/wp-content\/uploads\/2020\/01\/Dohoda-o-pren\u00e1jme-priestorov-17.10.2019.pdf\" class=\"wp-block-file__button\" download>Stiahnu\u0165<\/a><\/div>\n\n\n\n<div class=\"wp-block-file\"><a href=\"https:\/\/kulturamoldava.sk\/wp-content\/uploads\/2020\/01\/Zmluva-o-dielo-04.10.2019.pdf\">Zmluva-o-dielo-04.10.2019<\/a><a href=\"https:\/\/kulturamoldava.sk\/wp-content\/uploads\/2020\/01\/Zmluva-o-dielo-04.10.2019.pdf\" class=\"wp-block-file__button\" download>Stiahnu\u0165<\/a><\/div>\n\n\n\n<div class=\"wp-block-file\"><a href=\"https:\/\/kulturamoldava.sk\/wp-content\/uploads\/2020\/01\/Zmluva-o-hudobnej-produkcii-30.9.2019.pdf\">Zmluva-o-hudobnej-produkcii-30.9.2019<\/a><a href=\"https:\/\/kulturamoldava.sk\/wp-content\/uploads\/2020\/01\/Zmluva-o-hudobnej-produkcii-30.9.2019.pdf\" class=\"wp-block-file__button\" download>Stiahnu\u0165<\/a><\/div>\n\n\n\n<div class=\"wp-block-file\"><a href=\"https:\/\/kulturamoldava.sk\/wp-content\/uploads\/2020\/01\/Dohoda-o-pren\u00e1jme-priestorov-20.09.2019.pdf\">Dohoda-o-pren\u00e1jme-priestorov-20.09.2019<\/a><a href=\"https:\/\/kulturamoldava.sk\/wp-content\/uploads\/2020\/01\/Dohoda-o-pren\u00e1jme-priestorov-20.09.2019.pdf\" class=\"wp-block-file__button\" download>Stiahnu\u0165<\/a><\/div>\n\n\n\n<div class=\"wp-block-file\"><a href=\"https:\/\/kulturamoldava.sk\/wp-content\/uploads\/2020\/01\/Zmluva-o-hudobnej-produkcii-19.09.2019-.pdf\">Zmluva-o-hudobnej-produkcii-19.09.2019-<\/a><a href=\"https:\/\/kulturamoldava.sk\/wp-content\/uploads\/2020\/01\/Zmluva-o-hudobnej-produkcii-19.09.2019-.pdf\" class=\"wp-block-file__button\" download>Stiahnu\u0165<\/a><\/div>\n\n\n\n<div class=\"wp-block-file\"><a href=\"https:\/\/kulturamoldava.sk\/wp-content\/uploads\/2020\/01\/Zmluva-o-dielo-19.09.2019.pdf\">Zmluva-o-dielo-19.09.2019<\/a><a href=\"https:\/\/kulturamoldava.sk\/wp-content\/uploads\/2020\/01\/Zmluva-o-dielo-19.09.2019.pdf\" class=\"wp-block-file__button\" download>Stiahnu\u0165<\/a><\/div>\n\n\n\n<div class=\"wp-block-file\"><a href=\"https:\/\/kulturamoldava.sk\/wp-content\/uploads\/2020\/01\/Dohoda-o-pren\u00e1jme-priestorov-16.08.2019.pdf\">Dohoda-o-pren\u00e1jme-priestorov-16.08.2019<\/a><a href=\"https:\/\/kulturamoldava.sk\/wp-content\/uploads\/2020\/01\/Dohoda-o-pren\u00e1jme-priestorov-16.08.2019.pdf\" class=\"wp-block-file__button\" download>Stiahnu\u0165<\/a><\/div>\n\n\n\n<div class=\"wp-block-file\"><a href=\"https:\/\/kulturamoldava.sk\/wp-content\/uploads\/2019\/12\/Zmluva-o-verejnom-predstaven\u00ed-10.08.2019-.pdf\">Zmluva-o-verejnom-predstaven\u00ed-10.08.2019-<\/a><a href=\"https:\/\/kulturamoldava.sk\/wp-content\/uploads\/2019\/12\/Zmluva-o-verejnom-predstaven\u00ed-10.08.2019-.pdf\" class=\"wp-block-file__button\" download>Stiahnu\u0165<\/a><\/div>\n\n\n\n<div class=\"wp-block-file\"><a href=\"https:\/\/kulturamoldava.sk\/wp-content\/uploads\/2019\/12\/Hromadn\u00e1-licen\u010dn\u00e1-zmluva-09.08.2019.pdf\">Hromadn\u00e1-licen\u010dn\u00e1-zmluva-09.08.2019<\/a><a href=\"https:\/\/kulturamoldava.sk\/wp-content\/uploads\/2019\/12\/Hromadn\u00e1-licen\u010dn\u00e1-zmluva-09.08.2019.pdf\" class=\"wp-block-file__button\" download>Stiahnu\u0165<\/a><\/div>\n\n\n\n<div class=\"wp-block-file\"><a href=\"https:\/\/kulturamoldava.sk\/wp-content\/uploads\/2020\/01\/Dohoda-o-pren\u00e1jme-priestorov-02.08.2019.pdf\">Dohoda-o-pren\u00e1jme-priestorov-02.08.2019<\/a><a href=\"https:\/\/kulturamoldava.sk\/wp-content\/uploads\/2020\/01\/Dohoda-o-pren\u00e1jme-priestorov-02.08.2019.pdf\" class=\"wp-block-file__button\" download>Stiahnu\u0165<\/a><\/div>\n\n\n\n<div class=\"wp-block-file\"><a href=\"https:\/\/kulturamoldava.sk\/wp-content\/uploads\/2020\/01\/Dohoda-o-pren\u00e1jme-priestorov-22.07.2019-1.pdf\">Dohoda-o-pren\u00e1jme-priestorov-22.07.2019-1<\/a><a href=\"https:\/\/kulturamoldava.sk\/wp-content\/uploads\/2020\/01\/Dohoda-o-pren\u00e1jme-priestorov-22.07.2019-1.pdf\" class=\"wp-block-file__button\" download>Stiahnu\u0165<\/a><\/div>\n\n\n\n<div class=\"wp-block-file\"><a href=\"https:\/\/kulturamoldava.sk\/wp-content\/uploads\/2019\/09\/Darovacia-zmluva-29.06.2019.pdf\">Darovacia-zmluva-29.06.2019<\/a><a href=\"https:\/\/kulturamoldava.sk\/wp-content\/uploads\/2019\/09\/Darovacia-zmluva-29.06.2019.pdf\" class=\"wp-block-file__button\" download>Stiahnu\u0165<\/a><\/div>\n\n\n\n<div class=\"wp-block-file\"><a href=\"https:\/\/kulturamoldava.sk\/wp-content\/uploads\/2019\/09\/Zmluva-o-hudobnej-produkcii-28.06.2019-1.pdf\">Zmluva-o-hudobnej-produkcii-28.06.2019-1<\/a><a href=\"https:\/\/kulturamoldava.sk\/wp-content\/uploads\/2019\/09\/Zmluva-o-hudobnej-produkcii-28.06.2019-1.pdf\" class=\"wp-block-file__button\" download>Stiahnu\u0165<\/a><\/div>\n\n\n\n<div class=\"wp-block-file\"><a href=\"https:\/\/kulturamoldava.sk\/wp-content\/uploads\/2019\/09\/Zmluva-o-hudobnej-produkcii-28.06.2019.pdf\">Zmluva-o-hudobnej-produkcii-28.06.2019<\/a><a href=\"https:\/\/kulturamoldava.sk\/wp-content\/uploads\/2019\/09\/Zmluva-o-hudobnej-produkcii-28.06.2019.pdf\" class=\"wp-block-file__button\" download>Stiahnu\u0165<\/a><\/div>\n\n\n\n<div class=\"wp-block-file\"><a href=\"https:\/\/kulturamoldava.sk\/wp-content\/uploads\/2020\/01\/Zmluva-o-dielo-28.06.2019-2.pdf\">Zmluva-o-dielo-28.06.2019-2<\/a><a href=\"https:\/\/kulturamoldava.sk\/wp-content\/uploads\/2020\/01\/Zmluva-o-dielo-28.06.2019-2.pdf\" class=\"wp-block-file__button\" download>Stiahnu\u0165<\/a><\/div>\n\n\n\n<div class=\"wp-block-file\"><a href=\"https:\/\/kulturamoldava.sk\/wp-content\/uploads\/2019\/09\/Zmluva-o-dielo-28.06.2019-1.pdf\">Zmluva-o-dielo-28.06.2019-1<\/a><a href=\"https:\/\/kulturamoldava.sk\/wp-content\/uploads\/2019\/09\/Zmluva-o-dielo-28.06.2019-1.pdf\" class=\"wp-block-file__button\" download>Stiahnu\u0165<\/a><\/div>\n\n\n\n<div class=\"wp-block-file\"><a href=\"https:\/\/kulturamoldava.sk\/wp-content\/uploads\/2019\/09\/Zmluva-o-dielo-28.06.2019.pdf\">Zmluva-o-dielo-28.06.2019<\/a><a href=\"https:\/\/kulturamoldava.sk\/wp-content\/uploads\/2019\/09\/Zmluva-o-dielo-28.06.2019.pdf\" class=\"wp-block-file__button\" download>Stiahnu\u0165<\/a><\/div>\n\n\n\n<div class=\"wp-block-file\"><a href=\"https:\/\/kulturamoldava.sk\/wp-content\/uploads\/2019\/09\/Dohoda-o-pren\u00e1jme-19.06.2019.pdf\">Dohoda-o-pren\u00e1jme-19.06.2019<\/a><a href=\"https:\/\/kulturamoldava.sk\/wp-content\/uploads\/2019\/09\/Dohoda-o-pren\u00e1jme-19.06.2019.pdf\" class=\"wp-block-file__button\" download>Stiahnu\u0165<\/a><\/div>\n\n\n\n<div class=\"wp-block-file\"><a href=\"https:\/\/kulturamoldava.sk\/wp-content\/uploads\/2019\/09\/Darovacia-zmluva-19.06.2019-1.pdf\">Darovacia-zmluva-19.06.2019-1<\/a><a href=\"https:\/\/kulturamoldava.sk\/wp-content\/uploads\/2019\/09\/Darovacia-zmluva-19.06.2019-1.pdf\" class=\"wp-block-file__button\" download>Stiahnu\u0165<\/a><\/div>\n\n\n\n<div class=\"wp-block-file\"><a href=\"https:\/\/kulturamoldava.sk\/wp-content\/uploads\/2019\/09\/Darovacia-zmluva-19.06.2019.pdf\">Darovacia-zmluva-19.06.2019<\/a><a href=\"https:\/\/kulturamoldava.sk\/wp-content\/uploads\/2019\/09\/Darovacia-zmluva-19.06.2019.pdf\" class=\"wp-block-file__button\" download>Stiahnu\u0165<\/a><\/div>\n\n\n\n<div class=\"wp-block-file\"><a href=\"https:\/\/kulturamoldava.sk\/wp-content\/uploads\/2019\/09\/Dohoda-o-pren\u00e1jme-17.06.2019.pdf\">Dohoda-o-pren\u00e1jme-17.06.2019<\/a><a href=\"https:\/\/kulturamoldava.sk\/wp-content\/uploads\/2019\/09\/Dohoda-o-pren\u00e1jme-17.06.2019.pdf\" class=\"wp-block-file__button\" download>Stiahnu\u0165<\/a><\/div>\n\n\n\n<div class=\"wp-block-file\"><a href=\"https:\/\/kulturamoldava.sk\/wp-content\/uploads\/2019\/09\/Dohoda-o-pren\u00e1jme-15.06.2019.pdf\">Dohoda-o-pren\u00e1jme-15.06.2019<\/a><a href=\"https:\/\/kulturamoldava.sk\/wp-content\/uploads\/2019\/09\/Dohoda-o-pren\u00e1jme-15.06.2019.pdf\" class=\"wp-block-file__button\" download>Stiahnu\u0165<\/a><\/div>\n\n\n\n<div class=\"wp-block-file\"><a href=\"https:\/\/kulturamoldava.sk\/wp-content\/uploads\/2019\/09\/Darovacia-zmluva-13.06.2019.pdf\">Darovacia-zmluva-13.06.2019<\/a><a href=\"https:\/\/kulturamoldava.sk\/wp-content\/uploads\/2019\/09\/Darovacia-zmluva-13.06.2019.pdf\" class=\"wp-block-file__button\" download>Stiahnu\u0165<\/a><\/div>\n\n\n\n<div class=\"wp-block-file\"><a href=\"https:\/\/kulturamoldava.sk\/wp-content\/uploads\/2020\/01\/Zmluva-o-umeleckom-v\u00fdkone-11.06.2019_07.pdf\">Zmluva-o-umeleckom-v\u00fdkone-11.06.2019_07<\/a><a href=\"https:\/\/kulturamoldava.sk\/wp-content\/uploads\/2020\/01\/Zmluva-o-umeleckom-v\u00fdkone-11.06.2019_07.pdf\" class=\"wp-block-file__button\" download>Stiahnu\u0165<\/a><\/div>\n\n\n\n<div class=\"wp-block-file\"><a href=\"https:\/\/kulturamoldava.sk\/wp-content\/uploads\/2020\/01\/Zmluva-o-umeleckom-v\u00fdkone-11.06.2019_06.pdf\">Zmluva-o-umeleckom-v\u00fdkone-11.06.2019_06<\/a><a href=\"https:\/\/kulturamoldava.sk\/wp-content\/uploads\/2020\/01\/Zmluva-o-umeleckom-v\u00fdkone-11.06.2019_06.pdf\" class=\"wp-block-file__button\" download>Stiahnu\u0165<\/a><\/div>\n\n\n\n<div class=\"wp-block-file\"><a href=\"https:\/\/kulturamoldava.sk\/wp-content\/uploads\/2020\/01\/Zmluva-o-umeleckom-v\u00fdkone-11.06.2019_05.pdf\">Zmluva-o-umeleckom-v\u00fdkone-11.06.2019_05<\/a><a href=\"https:\/\/kulturamoldava.sk\/wp-content\/uploads\/2020\/01\/Zmluva-o-umeleckom-v\u00fdkone-11.06.2019_05.pdf\" class=\"wp-block-file__button\" download>Stiahnu\u0165<\/a><\/div>\n\n\n\n<div class=\"wp-block-file\"><a href=\"https:\/\/kulturamoldava.sk\/wp-content\/uploads\/2020\/01\/Zmluva-o-umeleckom-v\u00fdkone-11.06.2019_04.pdf\">Zmluva-o-umeleckom-v\u00fdkone-11.06.2019_04<\/a><a href=\"https:\/\/kulturamoldava.sk\/wp-content\/uploads\/2020\/01\/Zmluva-o-umeleckom-v\u00fdkone-11.06.2019_04.pdf\" class=\"wp-block-file__button\" download>Stiahnu\u0165<\/a><\/div>\n\n\n\n<div class=\"wp-block-file\"><a href=\"https:\/\/kulturamoldava.sk\/wp-content\/uploads\/2020\/01\/Zmluva-o-umeleckom-v\u00fdkone-11.06.2019_03.pdf\">Zmluva-o-umeleckom-v\u00fdkone-11.06.2019_03<\/a><a href=\"https:\/\/kulturamoldava.sk\/wp-content\/uploads\/2020\/01\/Zmluva-o-umeleckom-v\u00fdkone-11.06.2019_03.pdf\" class=\"wp-block-file__button\" download>Stiahnu\u0165<\/a><\/div>\n\n\n\n<div class=\"wp-block-file\"><a href=\"https:\/\/kulturamoldava.sk\/wp-content\/uploads\/2020\/01\/Zmluva-o-umeleckom-v\u00fdkone-11.06.2019_02.pdf\">Zmluva-o-umeleckom-v\u00fdkone-11.06.2019_02<\/a><a href=\"https:\/\/kulturamoldava.sk\/wp-content\/uploads\/2020\/01\/Zmluva-o-umeleckom-v\u00fdkone-11.06.2019_02.pdf\" class=\"wp-block-file__button\" download>Stiahnu\u0165<\/a><\/div>\n\n\n\n<div class=\"wp-block-file\"><a href=\"https:\/\/kulturamoldava.sk\/wp-content\/uploads\/2020\/01\/Zmluva-o-umeleckom-v\u00fdkone-11.06.2019_01.pdf\">Zmluva-o-umeleckom-v\u00fdkone-11.06.2019_01<\/a><a href=\"https:\/\/kulturamoldava.sk\/wp-content\/uploads\/2020\/01\/Zmluva-o-umeleckom-v\u00fdkone-11.06.2019_01.pdf\" class=\"wp-block-file__button\" download>Stiahnu\u0165<\/a><\/div>\n\n\n\n<div class=\"wp-block-file\"><a href=\"https:\/\/kulturamoldava.sk\/wp-content\/uploads\/2019\/09\/Zmluva-o-dielo-10.06.2019.pdf\">Zmluva-o-dielo-10.06.2019<\/a><a href=\"https:\/\/kulturamoldava.sk\/wp-content\/uploads\/2019\/09\/Zmluva-o-dielo-10.06.2019.pdf\" class=\"wp-block-file__button\" download>Stiahnu\u0165<\/a><\/div>\n\n\n\n<div class=\"wp-block-file\"><a href=\"https:\/\/kulturamoldava.sk\/wp-content\/uploads\/2019\/09\/Darovacia-zmluva-07.06.2019.pdf\">Darovacia-zmluva-07.06.2019<\/a><a href=\"https:\/\/kulturamoldava.sk\/wp-content\/uploads\/2019\/09\/Darovacia-zmluva-07.06.2019.pdf\" class=\"wp-block-file__button\" download>Stiahnu\u0165<\/a><\/div>\n\n\n\n<div class=\"wp-block-file\"><a href=\"https:\/\/kulturamoldava.sk\/wp-content\/uploads\/2019\/09\/Darovacia-zmluva-06.06.2019.pdf\">Darovacia-zmluva-06.06.2019<\/a><a href=\"https:\/\/kulturamoldava.sk\/wp-content\/uploads\/2019\/09\/Darovacia-zmluva-06.06.2019.pdf\" class=\"wp-block-file__button\" download>Stiahnu\u0165<\/a><\/div>\n\n\n\n<div class=\"wp-block-file\"><a href=\"https:\/\/kulturamoldava.sk\/wp-content\/uploads\/2019\/09\/Darovacia-zmluva-06.06.2019-.pdf\">Darovacia-zmluva-06.06.2019-<\/a><a href=\"https:\/\/kulturamoldava.sk\/wp-content\/uploads\/2019\/09\/Darovacia-zmluva-06.06.2019-.pdf\" class=\"wp-block-file__button\" download>Stiahnu\u0165<\/a><\/div>\n\n\n\n<div class=\"wp-block-file\"><a href=\"https:\/\/kulturamoldava.sk\/wp-content\/uploads\/2019\/09\/Darovacia-zmluva-05.06.2019.pdf\">Darovacia-zmluva-05.06.2019<\/a><a href=\"https:\/\/kulturamoldava.sk\/wp-content\/uploads\/2019\/09\/Darovacia-zmluva-05.06.2019.pdf\" class=\"wp-block-file__button\" download>Stiahnu\u0165<\/a><\/div>\n\n\n\n<div class=\"wp-block-file\"><a href=\"https:\/\/kulturamoldava.sk\/wp-content\/uploads\/2019\/09\/Zmluva-o-hudobnej-produkcii-31.05.2019.pdf\">Zmluva-o-hudobnej-produkcii-31.05.2019<\/a><a href=\"https:\/\/kulturamoldava.sk\/wp-content\/uploads\/2019\/09\/Zmluva-o-hudobnej-produkcii-31.05.2019.pdf\" class=\"wp-block-file__button\" download>Stiahnu\u0165<\/a><\/div>\n\n\n\n<div class=\"wp-block-file\"><a href=\"https:\/\/kulturamoldava.sk\/wp-content\/uploads\/2019\/09\/Zmluva-o-dielo-31.05.2019.pdf\">Zmluva-o-dielo-31.05.2019<\/a><a href=\"https:\/\/kulturamoldava.sk\/wp-content\/uploads\/2019\/09\/Zmluva-o-dielo-31.05.2019.pdf\" class=\"wp-block-file__button\" download>Stiahnu\u0165<\/a><\/div>\n\n\n\n<div class=\"wp-block-file\"><a href=\"https:\/\/kulturamoldava.sk\/wp-content\/uploads\/2020\/01\/Zmluva-o-n\u00e1jme-nebytov\u00fdch-priestorov-31.05.2019.pdf\">Zmluva-o-n\u00e1jme-nebytov\u00fdch-priestorov-31.05.2019<\/a><a href=\"https:\/\/kulturamoldava.sk\/wp-content\/uploads\/2020\/01\/Zmluva-o-n\u00e1jme-nebytov\u00fdch-priestorov-31.05.2019.pdf\" class=\"wp-block-file__button\" download>Stiahnu\u0165<\/a><\/div>\n\n\n\n<div class=\"wp-block-file\"><a href=\"https:\/\/kulturamoldava.sk\/wp-content\/uploads\/2019\/07\/zmluva_o_dielo_25.04.2019_0.pdf\">zmluva_o_dielo_25.04.2019_0<\/a><a href=\"https:\/\/kulturamoldava.sk\/wp-content\/uploads\/2019\/07\/zmluva_o_dielo_25.04.2019_0.pdf\" class=\"wp-block-file__button\" download>Stiahnu\u0165<\/a><\/div>\n\n\n\n<div class=\"wp-block-file\"><a href=\"https:\/\/kulturamoldava.sk\/wp-content\/uploads\/2019\/07\/dohoda_o_prenajme_26.03.2019_0.pdf\">dohoda_o_prenajme_26.03.2019_0<\/a><a href=\"https:\/\/kulturamoldava.sk\/wp-content\/uploads\/2019\/07\/dohoda_o_prenajme_26.03.2019_0.pdf\" class=\"wp-block-file__button\" download>Stiahnu\u0165<\/a><\/div>\n\n\n\n<div class=\"wp-block-file\"><a href=\"https:\/\/kulturamoldava.sk\/wp-content\/uploads\/2019\/07\/dohoda_o_prenajme_23.03.2019_0.pdf\">dohoda_o_prenajme_23.03.2019_0<\/a><a href=\"https:\/\/kulturamoldava.sk\/wp-content\/uploads\/2019\/07\/dohoda_o_prenajme_23.03.2019_0.pdf\" class=\"wp-block-file__button\" download>Stiahnu\u0165<\/a><\/div>\n\n\n\n<div class=\"wp-block-file\"><a href=\"https:\/\/kulturamoldava.sk\/wp-content\/uploads\/2019\/07\/zmluva_o_umeleckom_vystupeni_16.03.2019.pdf\">zmluva_o_umeleckom_vystupeni_16.03.2019<\/a><a href=\"https:\/\/kulturamoldava.sk\/wp-content\/uploads\/2019\/07\/zmluva_o_umeleckom_vystupeni_16.03.2019.pdf\" class=\"wp-block-file__button\" download>Stiahnu\u0165<\/a><\/div>\n\n\n\n<div class=\"wp-block-file\"><a href=\"https:\/\/kulturamoldava.sk\/wp-content\/uploads\/2019\/07\/dohoda_o_prenajme_13.03.2019_0.pdf\">dohoda_o_prenajme_13.03.2019_0<\/a><a href=\"https:\/\/kulturamoldava.sk\/wp-content\/uploads\/2019\/07\/dohoda_o_prenajme_13.03.2019_0.pdf\" class=\"wp-block-file__button\" download>Stiahnu\u0165<\/a><\/div>\n\n\n\n<div class=\"wp-block-file\"><a href=\"https:\/\/kulturamoldava.sk\/wp-content\/uploads\/2019\/07\/zmluva_o_dielo_12.03.2019_0.pdf\">zmluva_o_dielo_12.03.2019_0<\/a><a href=\"https:\/\/kulturamoldava.sk\/wp-content\/uploads\/2019\/07\/zmluva_o_dielo_12.03.2019_0.pdf\" class=\"wp-block-file__button\" download>Stiahnu\u0165<\/a><\/div>\n\n\n\n<div class=\"wp-block-file\"><a href=\"https:\/\/kulturamoldava.sk\/wp-content\/uploads\/2019\/07\/zmluva_o_dielo_05.03.2019_0.pdf\">zmluva_o_dielo_05.03.2019_0<\/a><a href=\"https:\/\/kulturamoldava.sk\/wp-content\/uploads\/2019\/07\/zmluva_o_dielo_05.03.2019_0.pdf\" class=\"wp-block-file__button\" download>Stiahnu\u0165<\/a><\/div>\n\n\n\n<div class=\"wp-block-file\"><a href=\"https:\/\/kulturamoldava.sk\/wp-content\/uploads\/2019\/07\/dohoda_o_prenajme_03.03.2019_0.pdf\">dohoda_o_prenajme_03.03.2019_0<\/a><a href=\"https:\/\/kulturamoldava.sk\/wp-content\/uploads\/2019\/07\/dohoda_o_prenajme_03.03.2019_0.pdf\" class=\"wp-block-file__button\" download>Stiahnu\u0165<\/a><\/div>\n\n\n\n<div class=\"wp-block-file\"><a href=\"https:\/\/kulturamoldava.sk\/wp-content\/uploads\/2019\/07\/dohoda_o_prenajme_18.02.2019.pdf\">dohoda_o_prenajme_18.02.2019<\/a><a href=\"https:\/\/kulturamoldava.sk\/wp-content\/uploads\/2019\/07\/dohoda_o_prenajme_18.02.2019.pdf\" class=\"wp-block-file__button\" download>Stiahnu\u0165<\/a><\/div>\n\n\n\n<div class=\"wp-block-file\"><a href=\"https:\/\/kulturamoldava.sk\/wp-content\/uploads\/2019\/07\/zmluva_o_dielo_08.02.2019.pdf\">zmluva_o_dielo_08.02.2019<\/a><a href=\"https:\/\/kulturamoldava.sk\/wp-content\/uploads\/2019\/07\/zmluva_o_dielo_08.02.2019.pdf\" class=\"wp-block-file__button\" download>Stiahnu\u0165<\/a><\/div>\n\n\n\n<div class=\"wp-block-file\"><a href=\"https:\/\/kulturamoldava.sk\/wp-content\/uploads\/2019\/07\/dohoda_o_prenajme_01.02.2019.pdf\">dohoda_o_prenajme_01.02.2019<\/a><a href=\"https:\/\/kulturamoldava.sk\/wp-content\/uploads\/2019\/07\/dohoda_o_prenajme_01.02.2019.pdf\" class=\"wp-block-file__button\" download>Stiahnu\u0165<\/a><\/div>\n\n\n\n<div class=\"wp-block-file\"><a href=\"https:\/\/kulturamoldava.sk\/wp-content\/uploads\/2019\/12\/Zmluva-o-uzavret\u00ed-bud\u00facej-zmluvy-29.01.2019.pdf\">Zmluva-o-uzavret\u00ed-bud\u00facej-zmluvy-29.01.2019<\/a><a href=\"https:\/\/kulturamoldava.sk\/wp-content\/uploads\/2019\/12\/Zmluva-o-uzavret\u00ed-bud\u00facej-zmluvy-29.01.2019.pdf\" class=\"wp-block-file__button\" download>Stiahnu\u0165<\/a><\/div>\n\n\n\n<div class=\"wp-block-file\"><a href=\"https:\/\/kulturamoldava.sk\/wp-content\/uploads\/2019\/07\/zmluva_o_dielo_25.01.2019.pdf\">zmluva_o_dielo_25.01.2019<\/a><a href=\"https:\/\/kulturamoldava.sk\/wp-content\/uploads\/2019\/07\/zmluva_o_dielo_25.01.2019.pdf\" class=\"wp-block-file__button\" download>Stiahnu\u0165<\/a><\/div>\n\n\n\n<div class=\"wp-block-file\"><a href=\"https:\/\/kulturamoldava.sk\/wp-content\/uploads\/2019\/07\/zmluva_o_hudobnej_produkcii_24.01.2019.pdf\">zmluva_o_hudobnej_produkcii_24.01.2019<\/a><a href=\"https:\/\/kulturamoldava.sk\/wp-content\/uploads\/2019\/07\/zmluva_o_hudobnej_produkcii_24.01.2019.pdf\" class=\"wp-block-file__button\" download>Stiahnu\u0165<\/a><\/div>\n\n\n\n<div class=\"wp-block-file\"><a href=\"https:\/\/kulturamoldava.sk\/wp-content\/uploads\/2019\/07\/dohoda_o_prenajme_18.01.2019.pdf\">dohoda_o_prenajme_18.01.2019<\/a><a href=\"https:\/\/kulturamoldava.sk\/wp-content\/uploads\/2019\/07\/dohoda_o_prenajme_18.01.2019.pdf\" class=\"wp-block-file__button\" download>Stiahnu\u0165<\/a><\/div>\n\n\n\n<div class=\"wp-block-file\"><a href=\"https:\/\/kulturamoldava.sk\/wp-content\/uploads\/2019\/07\/dohoda_o_prenajme_17.01.2019.pdf\">dohoda_o_prenajme_17.01.2019<\/a><a href=\"https:\/\/kulturamoldava.sk\/wp-content\/uploads\/2019\/07\/dohoda_o_prenajme_17.01.2019.pdf\" class=\"wp-block-file__button\" download>Stiahnu\u0165<\/a><\/div>\n\n\n\n<div class=\"wp-block-file\"><a href=\"https:\/\/kulturamoldava.sk\/wp-content\/uploads\/2019\/07\/zmluva_o_spolupraci_15.01.2019.pdf\">zmluva_o_spolupraci_15.01.2019<\/a><a href=\"https:\/\/kulturamoldava.sk\/wp-content\/uploads\/2019\/07\/zmluva_o_spolupraci_15.01.2019.pdf\" class=\"wp-block-file__button\" download>Stiahnu\u0165<\/a><\/div>\n\n\n\n<div class=\"wp-block-file\"><a href=\"https:\/\/kulturamoldava.sk\/wp-content\/uploads\/2019\/07\/dohoda_o_prenajme_14.01.2019.pdf\">dohoda_o_prenajme_14.01.2019<\/a><a href=\"https:\/\/kulturamoldava.sk\/wp-content\/uploads\/2019\/07\/dohoda_o_prenajme_14.01.2019.pdf\" class=\"wp-block-file__button\" download>Stiahnu\u0165<\/a><\/div>\n\n\n\n<div class=\"wp-block-file\"><a href=\"https:\/\/kulturamoldava.sk\/wp-content\/uploads\/2019\/07\/dohoda_o_prenajme_13.01.2019.pdf\">dohoda_o_prenajme_13.01.2019<\/a><a href=\"https:\/\/kulturamoldava.sk\/wp-content\/uploads\/2019\/07\/dohoda_o_prenajme_13.01.2019.pdf\" class=\"wp-block-file__button\" download>Stiahnu\u0165<\/a><\/div>\n\n\n\n<div class=\"wp-block-file\"><a href=\"https:\/\/kulturamoldava.sk\/wp-content\/uploads\/2020\/01\/Kolekt\u00edvna-zmluva-02.01.2019.pdf\">Kolekt\u00edvna-zmluva-02.01.2019<\/a><a href=\"https:\/\/kulturamoldava.sk\/wp-content\/uploads\/2020\/01\/Kolekt\u00edvna-zmluva-02.01.2019.pdf\" class=\"wp-block-file__button\" download>Stiahnu\u0165<\/a><\/div>\n\n\n\n<div class=\"wp-block-file\"><a href=\"https:\/\/kulturamoldava.sk\/wp-content\/uploads\/2020\/01\/Dohoda-o-pren\u00e1jme-priestorov-02.01.2019.pdf\">Dohoda-o-pren\u00e1jme-priestorov-02.01.2019<\/a><a href=\"https:\/\/kulturamoldava.sk\/wp-content\/uploads\/2020\/01\/Dohoda-o-pren\u00e1jme-priestorov-02.01.2019.pdf\" class=\"wp-block-file__button\" download>Stiahnu\u0165<\/a><\/div>","protected":false},"excerpt":{"rendered":"<p>ROK 2019<\/p>","protected":false},"author":1,"featured_media":0,"parent":0,"menu_order":0,"comment_status":"closed","ping_status":"closed","template":"","meta":{"ngg_post_thumbnail":0,"footnotes":""},"class_list":["post-19744","page","type-page","status-publish","hentry"],"yoast_head":"<!-- This site is optimized with the Yoast SEO plugin v27.5 - https:\/\/yoast.com\/product\/yoast-seo-wordpress\/ -->\n<title>Register zml\u00fav a doh\u00f4d - Mestsk\u00e9 kult\u00farne stredisko Moldava nad Bodvou<\/title>\n<meta name=\"robots\" content=\"index, follow, max-snippet:-1, max-image-preview:large, max-video-preview:-1\" \/>\n<link rel=\"canonical\" href=\"https:\/\/kulturamoldava.sk\/hu\/register-zmluv-objednavok-a-faktur\/\" \/>\n<meta property=\"og:locale\" content=\"hu_HU\" \/>\n<meta property=\"og:type\" content=\"article\" \/>\n<meta property=\"og:title\" content=\"Register zml\u00fav a doh\u00f4d - Mestsk\u00e9 kult\u00farne stredisko Moldava nad Bodvou\" \/>\n<meta property=\"og:description\" content=\"ROK 2019\" \/>\n<meta property=\"og:url\" content=\"https:\/\/kulturamoldava.sk\/hu\/register-zmluv-objednavok-a-faktur\/\" \/>\n<meta property=\"og:site_name\" content=\"Mestsk\u00e9 kult\u00farne stredisko Moldava nad Bodvou\" \/>\n<meta property=\"article:modified_time\" content=\"2020-06-11T07:13:24+00:00\" \/>\n<meta name=\"twitter:card\" content=\"summary_large_image\" \/>\n<meta name=\"twitter:label1\" content=\"Becs\u00fclt olvas\u00e1si id\u0151\" \/>\n\t<meta name=\"twitter:data1\" content=\"1 perc\" \/>\n<script type=\"application\/ld+json\" class=\"yoast-schema-graph\">{\"@context\":\"https:\\\/\\\/schema.org\",\"@graph\":[{\"@type\":\"WebPage\",\"@id\":\"https:\\\/\\\/kulturamoldava.sk\\\/hu\\\/register-zmluv-objednavok-a-faktur\\\/\",\"url\":\"https:\\\/\\\/kulturamoldava.sk\\\/hu\\\/register-zmluv-objednavok-a-faktur\\\/\",\"name\":\"Register zml\u00fav a doh\u00f4d - Mestsk\u00e9 kult\u00farne stredisko Moldava nad Bodvou\",\"isPartOf\":{\"@id\":\"https:\\\/\\\/kulturamoldava.sk\\\/#website\"},\"datePublished\":\"2019-07-27T10:50:54+00:00\",\"dateModified\":\"2020-06-11T07:13:24+00:00\",\"breadcrumb\":{\"@id\":\"https:\\\/\\\/kulturamoldava.sk\\\/hu\\\/register-zmluv-objednavok-a-faktur\\\/#breadcrumb\"},\"inLanguage\":\"hu\",\"potentialAction\":[{\"@type\":\"ReadAction\",\"target\":[\"https:\\\/\\\/kulturamoldava.sk\\\/hu\\\/register-zmluv-objednavok-a-faktur\\\/\"]}]},{\"@type\":\"BreadcrumbList\",\"@id\":\"https:\\\/\\\/kulturamoldava.sk\\\/hu\\\/register-zmluv-objednavok-a-faktur\\\/#breadcrumb\",\"itemListElement\":[{\"@type\":\"ListItem\",\"position\":1,\"name\":\"Home\",\"item\":\"https:\\\/\\\/kulturamoldava.sk\\\/\"},{\"@type\":\"ListItem\",\"position\":2,\"name\":\"Register zml\u00fav a doh\u00f4d\"}]},{\"@type\":\"WebSite\",\"@id\":\"https:\\\/\\\/kulturamoldava.sk\\\/#website\",\"url\":\"https:\\\/\\\/kulturamoldava.sk\\\/\",\"name\":\"Mestsk\u00e9 kult\u00farne stredisko Moldava nad Bodvou\",\"description\":\"\",\"potentialAction\":[{\"@type\":\"SearchAction\",\"target\":{\"@type\":\"EntryPoint\",\"urlTemplate\":\"https:\\\/\\\/kulturamoldava.sk\\\/?s={search_term_string}\"},\"query-input\":{\"@type\":\"PropertyValueSpecification\",\"valueRequired\":true,\"valueName\":\"search_term_string\"}}],\"inLanguage\":\"hu\"}]}<\/script>\n<!-- \/ Yoast SEO plugin. -->","yoast_head_json":{"title":"Register zml\u00fav a doh\u00f4d - Mestsk\u00e9 kult\u00farne stredisko Moldava nad Bodvou","robots":{"index":"index","follow":"follow","max-snippet":"max-snippet:-1","max-image-preview":"max-image-preview:large","max-video-preview":"max-video-preview:-1"},"canonical":"https:\/\/kulturamoldava.sk\/hu\/register-zmluv-objednavok-a-faktur\/","og_locale":"hu_HU","og_type":"article","og_title":"Register zml\u00fav a doh\u00f4d - Mestsk\u00e9 kult\u00farne stredisko Moldava nad Bodvou","og_description":"ROK 2019","og_url":"https:\/\/kulturamoldava.sk\/hu\/register-zmluv-objednavok-a-faktur\/","og_site_name":"Mestsk\u00e9 kult\u00farne stredisko Moldava nad Bodvou","article_modified_time":"2020-06-11T07:13:24+00:00","twitter_card":"summary_large_image","twitter_misc":{"Becs\u00fclt olvas\u00e1si id\u0151":"1 perc"},"schema":{"@context":"https:\/\/schema.org","@graph":[{"@type":"WebPage","@id":"https:\/\/kulturamoldava.sk\/hu\/register-zmluv-objednavok-a-faktur\/","url":"https:\/\/kulturamoldava.sk\/hu\/register-zmluv-objednavok-a-faktur\/","name":"Register zml\u00fav a doh\u00f4d - Mestsk\u00e9 kult\u00farne stredisko Moldava nad Bodvou","isPartOf":{"@id":"https:\/\/kulturamoldava.sk\/#website"},"datePublished":"2019-07-27T10:50:54+00:00","dateModified":"2020-06-11T07:13:24+00:00","breadcrumb":{"@id":"https:\/\/kulturamoldava.sk\/hu\/register-zmluv-objednavok-a-faktur\/#breadcrumb"},"inLanguage":"hu","potentialAction":[{"@type":"ReadAction","target":["https:\/\/kulturamoldava.sk\/hu\/register-zmluv-objednavok-a-faktur\/"]}]},{"@type":"BreadcrumbList","@id":"https:\/\/kulturamoldava.sk\/hu\/register-zmluv-objednavok-a-faktur\/#breadcrumb","itemListElement":[{"@type":"ListItem","position":1,"name":"Home","item":"https:\/\/kulturamoldava.sk\/"},{"@type":"ListItem","position":2,"name":"Register zml\u00fav a doh\u00f4d"}]},{"@type":"WebSite","@id":"https:\/\/kulturamoldava.sk\/#website","url":"https:\/\/kulturamoldava.sk\/","name":"Szepsi V\u00e1rosi M\u0171vel\u0151d\u00e9si K\u00f6zpont","description":"","potentialAction":[{"@type":"SearchAction","target":{"@type":"EntryPoint","urlTemplate":"https:\/\/kulturamoldava.sk\/?s={search_term_string}"},"query-input":{"@type":"PropertyValueSpecification","valueRequired":true,"valueName":"search_term_string"}}],"inLanguage":"hu"}]}},"_links":{"self":[{"href":"https:\/\/kulturamoldava.sk\/hu\/wp-json\/wp\/v2\/pages\/19744","targetHints":{"allow":["GET"]}}],"collection":[{"href":"https:\/\/kulturamoldava.sk\/hu\/wp-json\/wp\/v2\/pages"}],"about":[{"href":"https:\/\/kulturamoldava.sk\/hu\/wp-json\/wp\/v2\/types\/page"}],"author":[{"embeddable":true,"href":"https:\/\/kulturamoldava.sk\/hu\/wp-json\/wp\/v2\/users\/1"}],"replies":[{"embeddable":true,"href":"https:\/\/kulturamoldava.sk\/hu\/wp-json\/wp\/v2\/comments?post=19744"}],"version-history":[{"count":20,"href":"https:\/\/kulturamoldava.sk\/hu\/wp-json\/wp\/v2\/pages\/19744\/revisions"}],"predecessor-version":[{"id":23590,"href":"https:\/\/kulturamoldava.sk\/hu\/wp-json\/wp\/v2\/pages\/19744\/revisions\/23590"}],"wp:attachment":[{"href":"https:\/\/kulturamoldava.sk\/hu\/wp-json\/wp\/v2\/media?parent=19744"}],"curies":[{"name":"wp","href":"https:\/\/api.w.org\/{rel}","templated":true}]}}