{"id":14835,"date":"2019-07-23T12:35:38","date_gmt":"2019-07-23T10:35:38","guid":{"rendered":"http:\/\/kulturamoldava.csemadokbodollo.sk\/?page_id=14835"},"modified":"2026-04-27T15:31:13","modified_gmt":"2026-04-27T13:31:13","slug":"hlasenia-v-mestskom-rozhlase","status":"publish","type":"page","link":"https:\/\/kulturamoldava.sk\/hu\/hlasenia-v-mestskom-rozhlase\/","title":{"rendered":"Hirdet\u00e9sek"},"content":{"rendered":"<h3>27.4.2026<\/h3>\r\n<p>Kino Hviezda v Turni nad Bodvou V\u00e1s poz\u00fdva na mimoriadnu repr\u00edzu hudobn\u00e9ho filmu Michael s ma\u010farsk\u00fdm dabingom v sobotu 2.m\u00e1ja o 19:30.&nbsp;Z\u00e1rove\u0148 sa uskuto\u010dn\u00ed D\u00e1mska jazda pri premi\u00e9re filmu Diabol nos\u00ed Pradu 2 so slovensk\u00fdm dabingom v&nbsp;piatok 8.m\u00e1ja o&nbsp;19:30, s&nbsp;uv\u00edtac\u00edm drinkom zdarma. Vstupenky s\u00fa u\u017e v&nbsp;predpredaji na <a href=\"http:\/\/www.kinoturna.sk\">www.kinoturna.sk<\/a><\/p>\r\n<p>Tauris \u2013 M\u00e4siarstvo u B\u00fdka V\u00e1s poz\u00fdva do svojich predajn\u00ed na <strong>N\u00e1mest\u00ed Mieru 15<\/strong> a <strong>\u0160kolskej 22<\/strong> na n\u00e1kup \u010derstv\u00e9ho m\u00e4sa a kvalitn\u00fdch m\u00e4sov\u00fdch v\u00fdrobkov. Nav\u0161t\u00edvte ich a vyu\u017eite akcie na vybran\u00e9 produkty. Viac inform\u00e1ci\u00ed na <strong>masiarstvoubyka.sk<\/strong>.<\/p>\r\n<p><strong>A tornai mozi<\/strong> megh\u00edvja \u00d6n\u00f6ket a <strong>Michael<\/strong> c\u00edm\u0171 zen\u00e9s film rendk\u00edv\u00fcli ism\u00e9telt vet\u00edt\u00e9s\u00e9re magyar szinkronnal, <strong>m\u00e1jus 2-\u00e1n, szombaton 19:30-kor<\/strong>. Ezzel egyidej\u0171leg megrendez\u00e9sre ker\u00fcl a <strong>H\u00f6lgyek Estje<\/strong> a <strong>Az \u00f6rd\u00f6g Prad\u00e1t visel 2<\/strong> premierje alkalm\u00e1b\u00f3l szlov\u00e1k szinkronnal <strong>m\u00e1jus 8-\u00e1n, p\u00e9nteken 19:30-kor<\/strong>, ingyenes welcome drinkkel. A jegyek el\u0151v\u00e9telben m\u00e1r kaphat\u00f3k a <strong><a href=\"http:\/\/www.kinoturna.sk\">www.kinoturna.sk<\/a><\/strong> oldalon.<\/p>\r\n<p><strong>A Tauris \u2013 M\u00e4siarstvo u B\u00fdka<\/strong> hentesbolt szeretettel v\u00e1rja v\u00e1s\u00e1rl\u00f3it \u00fczleteiben a <strong>B\u00e9ke t\u00e9ren 15.<\/strong> \u00e9s az <strong>Iskola utc\u00e1n 22.<\/strong> friss h\u00fasokkal \u00e9s kiv\u00e1l\u00f3 min\u0151s\u00e9g\u0171 h\u00fask\u00e9sz\u00edtm\u00e9nyekkel. L\u00e1togassanak el hozz\u00e1juk, \u00e9s haszn\u00e1lj\u00e1k ki az akci\u00f3s aj\u00e1nlatokat a kiv\u00e1lasztott term\u00e9kekre. Tov\u00e1bbi inform\u00e1ci\u00f3k: <strong>masiarstvoubyka.sk<\/strong>.<\/p>\r\n<h3>&nbsp;<\/h3>\r\n<h3>24.4.2026<\/h3>\r\n<p>Firma TiaHome pon\u00faka kvalitn\u00e9 slovensk\u00e9 v\u00fdrobky zo 100 % bavlny, ako s\u00fa poste\u013en\u00e9 pr\u00e1dlo, uter\u00e1ky, osu\u0161ky, ch\u0148apky a utierky. Predaj sa kon\u00e1 dnes do 11.30 hod. na trhovisku pri Kakasi.<\/p>\r\n<p>A TiaHome c\u00e9g kiv\u00e1l\u00f3 min\u0151s\u00e9g\u0171, 100%-os pamutb\u00f3l k\u00e9sz\u00fclt szlov\u00e1k term\u00e9keket k\u00edn\u00e1l, mint p\u00e9ld\u00e1ul \u00e1gynem\u0171huzatok, t\u00f6r\u00f6lk\u00f6z\u0151k, f\u00fcrd\u0151leped\u0151k, ed\u00e9nyfog\u00f3k \u00e9s konyharuh\u00e1k. Az \u00e1rus\u00edt\u00e1s ma 11:30 \u00f3r\u00e1ig tart a Kakasi melletti piact\u00e9ren.<\/p>\r\n<p>&nbsp;<\/p>\r\n<h3>&nbsp;<\/h3>\r\n<h3>De\u0148 n\u00e1rodnej spolupatri\u010dnosti &#8211; 2.6.2024<\/h3>\r\n<p>SK<\/p>\r\n<audio class=\"wp-audio-shortcode\" id=\"audio-14835-1\" preload=\"none\" style=\"width: 100%;\" controls=\"controls\"><source type=\"audio\/wav\" src=\"https:\/\/kulturamoldava.sk\/wp-content\/uploads\/2024\/05\/001_OROS_ORS_SK.wav?_=1\" \/><a href=\"https:\/\/kulturamoldava.sk\/wp-content\/uploads\/2024\/05\/001_OROS_ORS_SK.wav\">https:\/\/kulturamoldava.sk\/wp-content\/uploads\/2024\/05\/001_OROS_ORS_SK.wav<\/a><\/audio>\r\n<p>HU<\/p>\r\n<audio class=\"wp-audio-shortcode\" id=\"audio-14835-2\" preload=\"none\" style=\"width: 100%;\" controls=\"controls\"><source type=\"audio\/wav\" src=\"https:\/\/kulturamoldava.sk\/wp-content\/uploads\/2024\/05\/001_OROS_ORS_HU.wav?_=2\" \/><a href=\"https:\/\/kulturamoldava.sk\/wp-content\/uploads\/2024\/05\/001_OROS_ORS_HU.wav\">https:\/\/kulturamoldava.sk\/wp-content\/uploads\/2024\/05\/001_OROS_ORS_HU.wav<\/a><\/audio>\r\n<h3>&nbsp;<\/h3>\r\n<h3>\u010cistenie a dezinfekcia studn\u00ed<\/h3>\r\n<p>SK<\/p>\r\n<audio class=\"wp-audio-shortcode\" id=\"audio-14835-3\" preload=\"none\" style=\"width: 100%;\" controls=\"controls\"><source type=\"audio\/wav\" src=\"https:\/\/kulturamoldava.sk\/wp-content\/uploads\/2024\/05\/001_STUDNE_SK.wav?_=3\" \/><a href=\"https:\/\/kulturamoldava.sk\/wp-content\/uploads\/2024\/05\/001_STUDNE_SK.wav\">https:\/\/kulturamoldava.sk\/wp-content\/uploads\/2024\/05\/001_STUDNE_SK.wav<\/a><\/audio>\r\n<p>HU<\/p>\r\n<audio class=\"wp-audio-shortcode\" id=\"audio-14835-4\" preload=\"none\" style=\"width: 100%;\" controls=\"controls\"><source type=\"audio\/wav\" src=\"https:\/\/kulturamoldava.sk\/wp-content\/uploads\/2024\/05\/001_STUDNE_HU.wav?_=4\" \/><a href=\"https:\/\/kulturamoldava.sk\/wp-content\/uploads\/2024\/05\/001_STUDNE_HU.wav\">https:\/\/kulturamoldava.sk\/wp-content\/uploads\/2024\/05\/001_STUDNE_HU.wav<\/a><\/audio>\r\n<h3>&nbsp;<\/h3>\r\n<h3>SAAT sport &#8211; prezent\u00e1cia elektrick\u00fdch bicyklov a elektrick\u00fdch sk\u00fatrov 8.4.2024<\/h3>\r\n<p>SK<\/p>\r\n<audio class=\"wp-audio-shortcode\" id=\"audio-14835-5\" preload=\"none\" style=\"width: 100%;\" controls=\"controls\"><source type=\"audio\/wav\" src=\"https:\/\/kulturamoldava.sk\/wp-content\/uploads\/2024\/05\/001_SAAT_SK.wav?_=5\" \/><a href=\"https:\/\/kulturamoldava.sk\/wp-content\/uploads\/2024\/05\/001_SAAT_SK.wav\">https:\/\/kulturamoldava.sk\/wp-content\/uploads\/2024\/05\/001_SAAT_SK.wav<\/a><\/audio>\r\n<p>HU<\/p>\r\n<audio class=\"wp-audio-shortcode\" id=\"audio-14835-6\" preload=\"none\" style=\"width: 100%;\" controls=\"controls\"><source type=\"audio\/wav\" src=\"https:\/\/kulturamoldava.sk\/wp-content\/uploads\/2024\/05\/001_SAAT_HU.wav?_=6\" \/><a href=\"https:\/\/kulturamoldava.sk\/wp-content\/uploads\/2024\/05\/001_SAAT_HU.wav\">https:\/\/kulturamoldava.sk\/wp-content\/uploads\/2024\/05\/001_SAAT_HU.wav<\/a><\/audio>\r\n<h3>&nbsp;<\/h3>\r\n<h3>ZO Csemadok &#8211; pozv\u00e1nka 17.3.2024<\/h3>\r\n<p>SK<\/p>\r\n<audio class=\"wp-audio-shortcode\" id=\"audio-14835-7\" preload=\"none\" style=\"width: 100%;\" controls=\"controls\"><source type=\"audio\/wav\" src=\"https:\/\/kulturamoldava.sk\/wp-content\/uploads\/2024\/05\/001_NEDELA_CSEMADOK_SK.wav?_=7\" \/><a href=\"https:\/\/kulturamoldava.sk\/wp-content\/uploads\/2024\/05\/001_NEDELA_CSEMADOK_SK.wav\">https:\/\/kulturamoldava.sk\/wp-content\/uploads\/2024\/05\/001_NEDELA_CSEMADOK_SK.wav<\/a><\/audio>\r\n<p>HU<\/p>\r\n<audio class=\"wp-audio-shortcode\" id=\"audio-14835-8\" preload=\"none\" style=\"width: 100%;\" controls=\"controls\"><source type=\"audio\/wav\" src=\"https:\/\/kulturamoldava.sk\/wp-content\/uploads\/2024\/05\/001_NEDELA_CSEMADOK_HU.wav?_=8\" \/><a href=\"https:\/\/kulturamoldava.sk\/wp-content\/uploads\/2024\/05\/001_NEDELA_CSEMADOK_HU.wav\">https:\/\/kulturamoldava.sk\/wp-content\/uploads\/2024\/05\/001_NEDELA_CSEMADOK_HU.wav<\/a><\/audio>\r\n<h3>&nbsp;<\/h3>\r\n<h3>&nbsp;<\/h3>\r\n<h3>Mikul\u00e1\u0161 v Budulove a Viano\u010dn\u00fd program pre seniorov v Budulove<\/h3>\r\n<audio class=\"wp-audio-shortcode\" id=\"audio-14835-9\" preload=\"none\" style=\"width: 100%;\" controls=\"controls\"><source type=\"audio\/wav\" src=\"https:\/\/kulturamoldava.sk\/wp-content\/uploads\/2023\/12\/001_BUDULOV_MIKI_SK.wav?_=9\" \/><a href=\"https:\/\/kulturamoldava.sk\/wp-content\/uploads\/2023\/12\/001_BUDULOV_MIKI_SK.wav\">https:\/\/kulturamoldava.sk\/wp-content\/uploads\/2023\/12\/001_BUDULOV_MIKI_SK.wav<\/a><\/audio>\r\n<h3>Spolo\u010dn\u00e9 zap\u00e1lenie 1.adventnej sviece &#8211; 3.12.2023<\/h3>\r\n<p>&nbsp;<\/p>\r\n<h3>Ozn\u00e1menie pre d\u00f4chodcov &#8211; Viano\u010dn\u00fd pr\u00edspevok<\/h3>\r\n<h3>S\u00fakromn\u00fd predajca z Rumunska &#8211; predaj viano\u010dn\u00fdch ozd\u00f4b, svetielok, zimn\u00e9ho oble\u010denia<\/h3>\r\n<audio class=\"wp-audio-shortcode\" id=\"audio-14835-10\" preload=\"none\" style=\"width: 100%;\" controls=\"controls\"><source type=\"audio\/wav\" src=\"https:\/\/kulturamoldava.sk\/wp-content\/uploads\/2023\/11\/001_RO_VIANOCE_SK_HU.wav?_=10\" \/><a href=\"https:\/\/kulturamoldava.sk\/wp-content\/uploads\/2023\/11\/001_RO_VIANOCE_SK_HU.wav\">https:\/\/kulturamoldava.sk\/wp-content\/uploads\/2023\/11\/001_RO_VIANOCE_SK_HU.wav<\/a><\/audio>\r\n<p>&nbsp;<\/p>\r\n<h3>&nbsp;<\/h3>\r\n<h3>Sez\u00f3nny zber textilu 27.11.2023 &#8211; 2.12.2023<\/h3>\r\n<p>SK<\/p>\r\n<audio class=\"wp-audio-shortcode\" id=\"audio-14835-11\" preload=\"none\" style=\"width: 100%;\" controls=\"controls\"><source type=\"audio\/wav\" src=\"https:\/\/kulturamoldava.sk\/wp-content\/uploads\/2023\/11\/001_BER_TEXTILU_SK-1.wav?_=11\" \/><a href=\"https:\/\/kulturamoldava.sk\/wp-content\/uploads\/2023\/11\/001_BER_TEXTILU_SK-1.wav\">https:\/\/kulturamoldava.sk\/wp-content\/uploads\/2023\/11\/001_BER_TEXTILU_SK-1.wav<\/a><\/audio>\r\n<p>HU<\/p>\r\n<audio class=\"wp-audio-shortcode\" id=\"audio-14835-12\" preload=\"none\" style=\"width: 100%;\" controls=\"controls\"><source type=\"audio\/wav\" src=\"https:\/\/kulturamoldava.sk\/wp-content\/uploads\/2023\/11\/001_BER_TEXTILU_HU.wav?_=12\" \/><a href=\"https:\/\/kulturamoldava.sk\/wp-content\/uploads\/2023\/11\/001_BER_TEXTILU_HU.wav\">https:\/\/kulturamoldava.sk\/wp-content\/uploads\/2023\/11\/001_BER_TEXTILU_HU.wav<\/a><\/audio>\r\n<h3>&nbsp;<\/h3>\r\n<h3>Vo\u013en\u00e9 pracovn\u00e9 miesto &#8211; Centrum pre deti a rodiny Medzev<\/h3>\r\n<p>SK<\/p>\r\n<audio class=\"wp-audio-shortcode\" id=\"audio-14835-13\" preload=\"none\" style=\"width: 100%;\" controls=\"controls\"><source type=\"audio\/wav\" src=\"https:\/\/kulturamoldava.sk\/wp-content\/uploads\/2023\/11\/001_MEDEV_SK.wav?_=13\" \/><a href=\"https:\/\/kulturamoldava.sk\/wp-content\/uploads\/2023\/11\/001_MEDEV_SK.wav\">https:\/\/kulturamoldava.sk\/wp-content\/uploads\/2023\/11\/001_MEDEV_SK.wav<\/a><\/audio>\r\n<p>HU<\/p>\r\n<audio class=\"wp-audio-shortcode\" id=\"audio-14835-14\" preload=\"none\" style=\"width: 100%;\" controls=\"controls\"><source type=\"audio\/wav\" src=\"https:\/\/kulturamoldava.sk\/wp-content\/uploads\/2023\/11\/001_MEDEV_HU.wav?_=14\" \/><a href=\"https:\/\/kulturamoldava.sk\/wp-content\/uploads\/2023\/11\/001_MEDEV_HU.wav\">https:\/\/kulturamoldava.sk\/wp-content\/uploads\/2023\/11\/001_MEDEV_HU.wav<\/a><\/audio>\r\n<h3>&nbsp;<\/h3>\r\n<h3>Zvoz biologicky rozlo\u017eite\u013en\u00e9ho odpadu zo z\u00e1hrad<\/h3>\r\n<p>SK<\/p>\r\n<audio class=\"wp-audio-shortcode\" id=\"audio-14835-15\" preload=\"none\" style=\"width: 100%;\" controls=\"controls\"><source type=\"audio\/wav\" src=\"https:\/\/kulturamoldava.sk\/wp-content\/uploads\/2023\/07\/001_BIOODPAD_1SK.wav?_=15\" \/><a href=\"https:\/\/kulturamoldava.sk\/wp-content\/uploads\/2023\/07\/001_BIOODPAD_1SK.wav\">https:\/\/kulturamoldava.sk\/wp-content\/uploads\/2023\/07\/001_BIOODPAD_1SK.wav<\/a><\/audio>\r\n<p>HU<\/p>\r\n<audio class=\"wp-audio-shortcode\" id=\"audio-14835-16\" preload=\"none\" style=\"width: 100%;\" controls=\"controls\"><source type=\"audio\/wav\" src=\"https:\/\/kulturamoldava.sk\/wp-content\/uploads\/2023\/07\/001_BIOODPAD_3HU.wav?_=16\" \/><a href=\"https:\/\/kulturamoldava.sk\/wp-content\/uploads\/2023\/07\/001_BIOODPAD_3HU.wav\">https:\/\/kulturamoldava.sk\/wp-content\/uploads\/2023\/07\/001_BIOODPAD_3HU.wav<\/a><\/audio>\r\n<h3>&nbsp;<\/h3>\r\n<h3>Slovensk\u00e1 po\u0161ta &#8211; zmena otv\u00e1rac\u00edch hod\u00edn &#8211; j\u00fal, august<\/h3>\r\n<audio class=\"wp-audio-shortcode\" id=\"audio-14835-17\" preload=\"none\" style=\"width: 100%;\" controls=\"controls\"><source type=\"audio\/wav\" src=\"https:\/\/kulturamoldava.sk\/wp-content\/uploads\/2023\/07\/001_POSTA_SK_HU.wav?_=17\" \/><a href=\"https:\/\/kulturamoldava.sk\/wp-content\/uploads\/2023\/07\/001_POSTA_SK_HU.wav\">https:\/\/kulturamoldava.sk\/wp-content\/uploads\/2023\/07\/001_POSTA_SK_HU.wav<\/a><\/audio>\r\n<h3>&nbsp;<\/h3>\r\n<h3>S\u0165a\u017een\u00fd prejazd na \u017eelezni\u010dnom priecest\u00ed &#8211; Budulovsk\u00e1 ulica 20.6.2023<\/h3>\r\n<p>SK<\/p>\r\n<audio class=\"wp-audio-shortcode\" id=\"audio-14835-18\" preload=\"none\" style=\"width: 100%;\" controls=\"controls\"><source type=\"audio\/wav\" src=\"https:\/\/kulturamoldava.sk\/wp-content\/uploads\/2023\/06\/001_vlaky1sk.wav?_=18\" \/><a href=\"https:\/\/kulturamoldava.sk\/wp-content\/uploads\/2023\/06\/001_vlaky1sk.wav\">https:\/\/kulturamoldava.sk\/wp-content\/uploads\/2023\/06\/001_vlaky1sk.wav<\/a><\/audio>\r\n<p>HU<\/p>\r\n<audio class=\"wp-audio-shortcode\" id=\"audio-14835-19\" preload=\"none\" style=\"width: 100%;\" controls=\"controls\"><source type=\"audio\/wav\" src=\"https:\/\/kulturamoldava.sk\/wp-content\/uploads\/2023\/06\/001_vlaky3hu.wav?_=19\" \/><a href=\"https:\/\/kulturamoldava.sk\/wp-content\/uploads\/2023\/06\/001_vlaky3hu.wav\">https:\/\/kulturamoldava.sk\/wp-content\/uploads\/2023\/06\/001_vlaky3hu.wav<\/a><\/audio>\r\n<h3>&nbsp;<\/h3>\r\n<h3>&nbsp;<\/h3>\r\n<h3>GUST\u00c1V STIBR\u00c1NYI 15.j\u00fan 2023<\/h3>\r\n<p>SK<\/p>\r\n<audio class=\"wp-audio-shortcode\" id=\"audio-14835-20\" preload=\"none\" style=\"width: 100%;\" controls=\"controls\"><source type=\"audio\/wav\" src=\"https:\/\/kulturamoldava.sk\/wp-content\/uploads\/2023\/06\/001_STIBRANYI_1_SK.wav?_=20\" \/><a href=\"https:\/\/kulturamoldava.sk\/wp-content\/uploads\/2023\/06\/001_STIBRANYI_1_SK.wav\">https:\/\/kulturamoldava.sk\/wp-content\/uploads\/2023\/06\/001_STIBRANYI_1_SK.wav<\/a><\/audio>\r\n<p>HU<\/p>\r\n<audio class=\"wp-audio-shortcode\" id=\"audio-14835-21\" preload=\"none\" style=\"width: 100%;\" controls=\"controls\"><source type=\"audio\/wav\" src=\"https:\/\/kulturamoldava.sk\/wp-content\/uploads\/2023\/06\/001_STIBRANYI_3_HU.wav?_=21\" \/><a href=\"https:\/\/kulturamoldava.sk\/wp-content\/uploads\/2023\/06\/001_STIBRANYI_3_HU.wav\">https:\/\/kulturamoldava.sk\/wp-content\/uploads\/2023\/06\/001_STIBRANYI_3_HU.wav<\/a><\/audio>\r\n<h3>&nbsp;<\/h3>\r\n<h3>&nbsp;<\/h3>\r\n<h3>LAKE FEST 3.J\u00daN 2023<\/h3>\r\n<p>SK<\/p>\r\n<audio class=\"wp-audio-shortcode\" id=\"audio-14835-22\" preload=\"none\" style=\"width: 100%;\" controls=\"controls\"><source type=\"audio\/wav\" src=\"https:\/\/kulturamoldava.sk\/wp-content\/uploads\/2023\/06\/001_LAKE1sk.wav?_=22\" \/><a href=\"https:\/\/kulturamoldava.sk\/wp-content\/uploads\/2023\/06\/001_LAKE1sk.wav\">https:\/\/kulturamoldava.sk\/wp-content\/uploads\/2023\/06\/001_LAKE1sk.wav<\/a><\/audio>\r\n<p>HU<\/p>\r\n<audio class=\"wp-audio-shortcode\" id=\"audio-14835-23\" preload=\"none\" style=\"width: 100%;\" controls=\"controls\"><source type=\"audio\/wav\" src=\"https:\/\/kulturamoldava.sk\/wp-content\/uploads\/2023\/06\/001_LAKE3hu.wav?_=23\" \/><a href=\"https:\/\/kulturamoldava.sk\/wp-content\/uploads\/2023\/06\/001_LAKE3hu.wav\">https:\/\/kulturamoldava.sk\/wp-content\/uploads\/2023\/06\/001_LAKE3hu.wav<\/a><\/audio>\r\n<h3>&nbsp;<\/h3>\r\n<h3>&nbsp;<\/h3>\r\n<h3>preru\u0161en\u00e1 distrib\u00facia pitnej vody &#8211; 23.m\u00e1j 2023<\/h3>\r\n<audio class=\"wp-audio-shortcode\" id=\"audio-14835-24\" preload=\"none\" style=\"width: 100%;\" controls=\"controls\"><source type=\"audio\/wav\" src=\"https:\/\/kulturamoldava.sk\/wp-content\/uploads\/2023\/05\/001_VVS_MAJ_DVADSATSVA.wav?_=24\" \/><a href=\"https:\/\/kulturamoldava.sk\/wp-content\/uploads\/2023\/05\/001_VVS_MAJ_DVADSATSVA.wav\">https:\/\/kulturamoldava.sk\/wp-content\/uploads\/2023\/05\/001_VVS_MAJ_DVADSATSVA.wav<\/a><\/audio>\r\n<h3>&nbsp;<\/h3>\r\n<h3>Dics\u0151\u00edt\u0151 est<\/h3>\r\n<audio class=\"wp-audio-shortcode\" id=\"audio-14835-25\" preload=\"none\" style=\"width: 100%;\" controls=\"controls\"><source type=\"audio\/wav\" src=\"https:\/\/kulturamoldava.sk\/wp-content\/uploads\/2023\/05\/001_DICSOITES_SK_HU.wav?_=25\" \/><a href=\"https:\/\/kulturamoldava.sk\/wp-content\/uploads\/2023\/05\/001_DICSOITES_SK_HU.wav\">https:\/\/kulturamoldava.sk\/wp-content\/uploads\/2023\/05\/001_DICSOITES_SK_HU.wav<\/a><\/audio>\r\n<p>&nbsp;<\/p>\r\n<h3>Preru\u0161en\u00e1 distrib\u00facia elektriny &#8211; VSD a.s.<\/h3>\r\n<audio class=\"wp-audio-shortcode\" id=\"audio-14835-26\" preload=\"none\" style=\"width: 100%;\" controls=\"controls\"><source type=\"audio\/wav\" src=\"https:\/\/kulturamoldava.sk\/wp-content\/uploads\/2023\/05\/001VSD_dva_maj.wav?_=26\" \/><a href=\"https:\/\/kulturamoldava.sk\/wp-content\/uploads\/2023\/05\/001VSD_dva_maj.wav\">https:\/\/kulturamoldava.sk\/wp-content\/uploads\/2023\/05\/001VSD_dva_maj.wav<\/a><\/audio>\r\n<p>&nbsp;<\/p>\r\n<h3>Firma Kohaplant<\/h3>\r\n<audio class=\"wp-audio-shortcode\" id=\"audio-14835-27\" preload=\"none\" style=\"width: 100%;\" controls=\"controls\"><source type=\"audio\/wav\" src=\"https:\/\/kulturamoldava.sk\/wp-content\/uploads\/2023\/04\/0001-KOHAPLANT.wav?_=27\" \/><a href=\"https:\/\/kulturamoldava.sk\/wp-content\/uploads\/2023\/04\/0001-KOHAPLANT.wav\">https:\/\/kulturamoldava.sk\/wp-content\/uploads\/2023\/04\/0001-KOHAPLANT.wav<\/a><\/audio>\r\n<h3>&nbsp;<\/h3>\r\n<h3>pojazdn\u00fd st\u00e1nok Babi\u010dkine tajomstvo<\/h3>\r\n<p>SK<\/p>\r\n<audio class=\"wp-audio-shortcode\" id=\"audio-14835-28\" preload=\"none\" style=\"width: 100%;\" controls=\"controls\"><source type=\"audio\/wav\" src=\"https:\/\/kulturamoldava.sk\/wp-content\/uploads\/2023\/04\/001_Babickine_SK.wav?_=28\" \/><a href=\"https:\/\/kulturamoldava.sk\/wp-content\/uploads\/2023\/04\/001_Babickine_SK.wav\">https:\/\/kulturamoldava.sk\/wp-content\/uploads\/2023\/04\/001_Babickine_SK.wav<\/a><\/audio>\r\n<p>HU<\/p>\r\n<audio class=\"wp-audio-shortcode\" id=\"audio-14835-29\" preload=\"none\" style=\"width: 100%;\" controls=\"controls\"><source type=\"audio\/wav\" src=\"https:\/\/kulturamoldava.sk\/wp-content\/uploads\/2023\/04\/001_Babickine_HU.wav?_=29\" \/><a href=\"https:\/\/kulturamoldava.sk\/wp-content\/uploads\/2023\/04\/001_Babickine_HU.wav\">https:\/\/kulturamoldava.sk\/wp-content\/uploads\/2023\/04\/001_Babickine_HU.wav<\/a><\/audio>\r\n<h3>&nbsp;<\/h3>\r\n<h3>Odvoz zelen\u00e9ho odpadu zo z\u00e1hrad<\/h3>\r\n<p>SK<\/p>\r\n<audio class=\"wp-audio-shortcode\" id=\"audio-14835-30\" preload=\"none\" style=\"width: 100%;\" controls=\"controls\"><source type=\"audio\/wav\" src=\"https:\/\/kulturamoldava.sk\/wp-content\/uploads\/2023\/03\/001_sber_seleneho_odpadu_SK.wav?_=30\" \/><a href=\"https:\/\/kulturamoldava.sk\/wp-content\/uploads\/2023\/03\/001_sber_seleneho_odpadu_SK.wav\">https:\/\/kulturamoldava.sk\/wp-content\/uploads\/2023\/03\/001_sber_seleneho_odpadu_SK.wav<\/a><\/audio>\r\n<p>HU<\/p>\r\n<audio class=\"wp-audio-shortcode\" id=\"audio-14835-31\" preload=\"none\" style=\"width: 100%;\" controls=\"controls\"><source type=\"audio\/wav\" src=\"https:\/\/kulturamoldava.sk\/wp-content\/uploads\/2023\/03\/001_sber_seleneho_odpadu_HU.wav?_=31\" \/><a href=\"https:\/\/kulturamoldava.sk\/wp-content\/uploads\/2023\/03\/001_sber_seleneho_odpadu_HU.wav\">https:\/\/kulturamoldava.sk\/wp-content\/uploads\/2023\/03\/001_sber_seleneho_odpadu_HU.wav<\/a><\/audio>\r\n<h3>&nbsp;<\/h3>\r\n<h3>\u010cistiare\u0148 peria Ko\u0161ice<\/h3>\r\n<p>SK<\/p>\r\n<audio class=\"wp-audio-shortcode\" id=\"audio-14835-32\" preload=\"none\" style=\"width: 100%;\" controls=\"controls\"><source type=\"audio\/wav\" src=\"https:\/\/kulturamoldava.sk\/wp-content\/uploads\/2023\/03\/001-SK-PERIE.wav?_=32\" \/><a href=\"https:\/\/kulturamoldava.sk\/wp-content\/uploads\/2023\/03\/001-SK-PERIE.wav\">https:\/\/kulturamoldava.sk\/wp-content\/uploads\/2023\/03\/001-SK-PERIE.wav<\/a><\/audio>\r\n<p>HU<\/p>\r\n<audio class=\"wp-audio-shortcode\" id=\"audio-14835-33\" preload=\"none\" style=\"width: 100%;\" controls=\"controls\"><source type=\"audio\/wav\" src=\"https:\/\/kulturamoldava.sk\/wp-content\/uploads\/2023\/03\/001-HU-PERIE.wav?_=33\" \/><a href=\"https:\/\/kulturamoldava.sk\/wp-content\/uploads\/2023\/03\/001-HU-PERIE.wav\">https:\/\/kulturamoldava.sk\/wp-content\/uploads\/2023\/03\/001-HU-PERIE.wav<\/a><\/audio>\r\n<h3>&nbsp;<\/h3>\r\n<h3>Da\u0148ov\u00fd \u00farad Ko\u0161ice &#8211; preberanie da\u0148ov\u00fdch priznan\u00ed<\/h3>\r\n<audio class=\"wp-audio-shortcode\" id=\"audio-14835-34\" preload=\"none\" style=\"width: 100%;\" controls=\"controls\"><source type=\"audio\/wav\" src=\"https:\/\/kulturamoldava.sk\/wp-content\/uploads\/2023\/03\/001_DANOVY_URAD.wav?_=34\" \/><a href=\"https:\/\/kulturamoldava.sk\/wp-content\/uploads\/2023\/03\/001_DANOVY_URAD.wav\">https:\/\/kulturamoldava.sk\/wp-content\/uploads\/2023\/03\/001_DANOVY_URAD.wav<\/a><\/audio>\r\n<h3>&nbsp;<\/h3>\r\n<h3>VSD &#8211; preru\u0161en\u00e1 distrib\u00facia elektriny 14.3.2023<\/h3>\r\n<audio class=\"wp-audio-shortcode\" id=\"audio-14835-35\" preload=\"none\" style=\"width: 100%;\" controls=\"controls\"><source type=\"audio\/wav\" src=\"https:\/\/kulturamoldava.sk\/wp-content\/uploads\/2023\/03\/001_VSD_13_3.wav?_=35\" \/><a href=\"https:\/\/kulturamoldava.sk\/wp-content\/uploads\/2023\/03\/001_VSD_13_3.wav\">https:\/\/kulturamoldava.sk\/wp-content\/uploads\/2023\/03\/001_VSD_13_3.wav<\/a><\/audio>\r\n<h3>&nbsp;<\/h3>\r\n<h3>Zv\u00e4z telesne postihnut\u00fdch &#8211; \u010dlensk\u00e1 sch\u00f4dza<\/h3>\r\n<audio class=\"wp-audio-shortcode\" id=\"audio-14835-36\" preload=\"none\" style=\"width: 100%;\" controls=\"controls\"><source type=\"audio\/wav\" src=\"https:\/\/kulturamoldava.sk\/wp-content\/uploads\/2023\/03\/001-svas-telesne-postihnutych-SKHU-1.wav?_=36\" \/><a href=\"https:\/\/kulturamoldava.sk\/wp-content\/uploads\/2023\/03\/001-svas-telesne-postihnutych-SKHU-1.wav\">https:\/\/kulturamoldava.sk\/wp-content\/uploads\/2023\/03\/001-svas-telesne-postihnutych-SKHU-1.wav<\/a><\/audio>\r\n<h3>&nbsp;<\/h3>\r\n<h3>VSD &#8211; preru\u0161en\u00e1 distrib\u00facia elektriny 24.2.2023<\/h3>\r\n<audio class=\"wp-audio-shortcode\" id=\"audio-14835-37\" preload=\"none\" style=\"width: 100%;\" controls=\"controls\"><source type=\"audio\/wav\" src=\"https:\/\/kulturamoldava.sk\/wp-content\/uploads\/2023\/02\/001-SK-VSD.wav?_=37\" \/><a href=\"https:\/\/kulturamoldava.sk\/wp-content\/uploads\/2023\/02\/001-SK-VSD.wav\">https:\/\/kulturamoldava.sk\/wp-content\/uploads\/2023\/02\/001-SK-VSD.wav<\/a><\/audio>\r\n<audio class=\"wp-audio-shortcode\" id=\"audio-14835-38\" preload=\"none\" style=\"width: 100%;\" controls=\"controls\"><source type=\"audio\/wav\" src=\"https:\/\/kulturamoldava.sk\/wp-content\/uploads\/2023\/02\/001-HU-VSD.wav?_=38\" \/><a href=\"https:\/\/kulturamoldava.sk\/wp-content\/uploads\/2023\/02\/001-HU-VSD.wav\">https:\/\/kulturamoldava.sk\/wp-content\/uploads\/2023\/02\/001-HU-VSD.wav<\/a><\/audio>\r\n<p>&nbsp;<\/p>\r\n<p>&nbsp;<\/p>\r\n<h3>Agent\u00fara dom\u00e1cej o\u0161etrovate\u013eskej starostlivosti<\/h3>\r\n<h3>SK<\/h3>\r\n<audio class=\"wp-audio-shortcode\" id=\"audio-14835-39\" preload=\"none\" style=\"width: 100%;\" controls=\"controls\"><source type=\"audio\/wav\" src=\"https:\/\/kulturamoldava.sk\/wp-content\/uploads\/2023\/02\/001-SK-ADOS.wav?_=39\" \/><a href=\"https:\/\/kulturamoldava.sk\/wp-content\/uploads\/2023\/02\/001-SK-ADOS.wav\">https:\/\/kulturamoldava.sk\/wp-content\/uploads\/2023\/02\/001-SK-ADOS.wav<\/a><\/audio>\r\n<p>HU<\/p>\r\n<audio class=\"wp-audio-shortcode\" id=\"audio-14835-40\" preload=\"none\" style=\"width: 100%;\" controls=\"controls\"><source type=\"audio\/wav\" src=\"https:\/\/kulturamoldava.sk\/wp-content\/uploads\/2023\/02\/001-HU-ADOS.wav?_=40\" \/><a href=\"https:\/\/kulturamoldava.sk\/wp-content\/uploads\/2023\/02\/001-HU-ADOS.wav\">https:\/\/kulturamoldava.sk\/wp-content\/uploads\/2023\/02\/001-HU-ADOS.wav<\/a><\/audio>\r\n<h3>&nbsp;<\/h3>\r\n<h3>PORUCHA NA VODOVODNOM POTRUB\u00cd 20.2.2023<\/h3>\r\n<audio class=\"wp-audio-shortcode\" id=\"audio-14835-41\" preload=\"none\" style=\"width: 100%;\" controls=\"controls\"><source type=\"audio\/wav\" src=\"https:\/\/kulturamoldava.sk\/wp-content\/uploads\/2023\/02\/001SK-VVS.wav?_=41\" \/><a href=\"https:\/\/kulturamoldava.sk\/wp-content\/uploads\/2023\/02\/001SK-VVS.wav\">https:\/\/kulturamoldava.sk\/wp-content\/uploads\/2023\/02\/001SK-VVS.wav<\/a><\/audio>\r\n<audio class=\"wp-audio-shortcode\" id=\"audio-14835-42\" preload=\"none\" style=\"width: 100%;\" controls=\"controls\"><source type=\"audio\/wav\" src=\"https:\/\/kulturamoldava.sk\/wp-content\/uploads\/2023\/02\/001HU-VVS.wav?_=42\" \/><a href=\"https:\/\/kulturamoldava.sk\/wp-content\/uploads\/2023\/02\/001HU-VVS.wav\">https:\/\/kulturamoldava.sk\/wp-content\/uploads\/2023\/02\/001HU-VVS.wav<\/a><\/audio>\r\n<h3>predajca z Rumunska &#8211; fin\u00e1lny v\u00fdpredaj<\/h3>\r\n<p>SK<\/p>\r\n<audio class=\"wp-audio-shortcode\" id=\"audio-14835-43\" preload=\"none\" style=\"width: 100%;\" controls=\"controls\"><source type=\"audio\/wav\" src=\"https:\/\/kulturamoldava.sk\/wp-content\/uploads\/2023\/02\/00SK-STK.wav?_=43\" \/><a href=\"https:\/\/kulturamoldava.sk\/wp-content\/uploads\/2023\/02\/00SK-STK.wav\">https:\/\/kulturamoldava.sk\/wp-content\/uploads\/2023\/02\/00SK-STK.wav<\/a><\/audio>\r\n<p>HU<\/p>\r\n<audio class=\"wp-audio-shortcode\" id=\"audio-14835-44\" preload=\"none\" style=\"width: 100%;\" controls=\"controls\"><source type=\"audio\/wav\" src=\"https:\/\/kulturamoldava.sk\/wp-content\/uploads\/2023\/02\/00HU-STK.wav?_=44\" \/><a href=\"https:\/\/kulturamoldava.sk\/wp-content\/uploads\/2023\/02\/00HU-STK.wav\">https:\/\/kulturamoldava.sk\/wp-content\/uploads\/2023\/02\/00HU-STK.wav<\/a><\/audio>\r\n<h3>&nbsp;<\/h3>\r\n<p>&nbsp;<\/p>\r\n<h3>Prezent\u00e1cia knihy L\u00e1szl\u00f3 Flori\u00e1n &#8211; Akik t\u00fal\u00e9lt\u00e9k a gulag pokl\u00e1t &#8211; t\u00ed, ktor\u00ed pre\u017eili peklo gulagu<\/h3>\r\n<p>SK<\/p>\r\n<audio class=\"wp-audio-shortcode\" id=\"audio-14835-45\" preload=\"none\" style=\"width: 100%;\" controls=\"controls\"><source type=\"audio\/wav\" src=\"https:\/\/kulturamoldava.sk\/wp-content\/uploads\/2023\/02\/001-SK-KNINICA.wav?_=45\" \/><a href=\"https:\/\/kulturamoldava.sk\/wp-content\/uploads\/2023\/02\/001-SK-KNINICA.wav\">https:\/\/kulturamoldava.sk\/wp-content\/uploads\/2023\/02\/001-SK-KNINICA.wav<\/a><\/audio>\r\n<p>HU<\/p>\r\n<audio class=\"wp-audio-shortcode\" id=\"audio-14835-46\" preload=\"none\" style=\"width: 100%;\" controls=\"controls\"><source type=\"audio\/wav\" src=\"https:\/\/kulturamoldava.sk\/wp-content\/uploads\/2023\/02\/001-HU-KNINICA.wav?_=46\" \/><a href=\"https:\/\/kulturamoldava.sk\/wp-content\/uploads\/2023\/02\/001-HU-KNINICA.wav\">https:\/\/kulturamoldava.sk\/wp-content\/uploads\/2023\/02\/001-HU-KNINICA.wav<\/a><\/audio>\r\n<h3>&nbsp;<\/h3>\r\n<h3>Pl\u00e1novan\u00e9 preru\u0161enie distrib\u00facie elektriny sa neuskuto\u010dn\u00ed<\/h3>\r\n<audio class=\"wp-audio-shortcode\" id=\"audio-14835-47\" preload=\"none\" style=\"width: 100%;\" controls=\"controls\"><source type=\"audio\/wav\" src=\"https:\/\/kulturamoldava.sk\/wp-content\/uploads\/2023\/01\/001-VSD-dnes.wav?_=47\" \/><a href=\"https:\/\/kulturamoldava.sk\/wp-content\/uploads\/2023\/01\/001-VSD-dnes.wav\">https:\/\/kulturamoldava.sk\/wp-content\/uploads\/2023\/01\/001-VSD-dnes.wav<\/a><\/audio>\r\n<h3>&nbsp;<\/h3>\r\n<h3>Preru\u0161enie distrib\u00facie elektriny 30.1.2023<\/h3>\r\n<p>SK<\/p>\r\n<audio class=\"wp-audio-shortcode\" id=\"audio-14835-48\" preload=\"none\" style=\"width: 100%;\" controls=\"controls\"><source type=\"audio\/wav\" src=\"https:\/\/kulturamoldava.sk\/wp-content\/uploads\/2023\/01\/001-SK-VSD.wav?_=48\" \/><a href=\"https:\/\/kulturamoldava.sk\/wp-content\/uploads\/2023\/01\/001-SK-VSD.wav\">https:\/\/kulturamoldava.sk\/wp-content\/uploads\/2023\/01\/001-SK-VSD.wav<\/a><\/audio>\r\n<p>HU<\/p>\r\n<audio class=\"wp-audio-shortcode\" id=\"audio-14835-49\" preload=\"none\" style=\"width: 100%;\" controls=\"controls\"><source type=\"audio\/wav\" src=\"https:\/\/kulturamoldava.sk\/wp-content\/uploads\/2023\/01\/001-HU-VSD.wav?_=49\" \/><a href=\"https:\/\/kulturamoldava.sk\/wp-content\/uploads\/2023\/01\/001-HU-VSD.wav\">https:\/\/kulturamoldava.sk\/wp-content\/uploads\/2023\/01\/001-HU-VSD.wav<\/a><\/audio>\r\n<h3>&nbsp;<\/h3>\r\n<h3>Dobr\u00e1 m\u00e4sov\u00fdroba 17.1.2023<\/h3>\r\n<audio class=\"wp-audio-shortcode\" id=\"audio-14835-50\" preload=\"none\" style=\"width: 100%;\" controls=\"controls\"><source type=\"audio\/wav\" src=\"https:\/\/kulturamoldava.sk\/wp-content\/uploads\/2023\/01\/01SK-dobra-masovyroba-17.1.xxx3_-1.wav?_=50\" \/><a href=\"https:\/\/kulturamoldava.sk\/wp-content\/uploads\/2023\/01\/01SK-dobra-masovyroba-17.1.xxx3_-1.wav\">https:\/\/kulturamoldava.sk\/wp-content\/uploads\/2023\/01\/01SK-dobra-masovyroba-17.1.xxx3_-1.wav<\/a><\/audio>\r\n<audio class=\"wp-audio-shortcode\" id=\"audio-14835-51\" preload=\"none\" style=\"width: 100%;\" controls=\"controls\"><source type=\"audio\/wav\" src=\"https:\/\/kulturamoldava.sk\/wp-content\/uploads\/2023\/01\/01HU-dobra-masovyroba-17.1.xxx3_.wav?_=51\" \/><a href=\"https:\/\/kulturamoldava.sk\/wp-content\/uploads\/2023\/01\/01HU-dobra-masovyroba-17.1.xxx3_.wav\">https:\/\/kulturamoldava.sk\/wp-content\/uploads\/2023\/01\/01HU-dobra-masovyroba-17.1.xxx3_.wav<\/a><\/audio>\r\n<h3>Viano\u010dn\u00fd koncert a trhy 17.12.2022<\/h3>\r\n<audio class=\"wp-audio-shortcode\" id=\"audio-14835-52\" preload=\"none\" style=\"width: 100%;\" controls=\"controls\"><source type=\"audio\/wav\" src=\"https:\/\/kulturamoldava.sk\/wp-content\/uploads\/2022\/12\/01-Vianoce1-SK.wav?_=52\" \/><a href=\"https:\/\/kulturamoldava.sk\/wp-content\/uploads\/2022\/12\/01-Vianoce1-SK.wav\">https:\/\/kulturamoldava.sk\/wp-content\/uploads\/2022\/12\/01-Vianoce1-SK.wav<\/a><\/audio>\r\n<h3>Kar\u00e1csonyi koncert \u00e9s v\u00e1s\u00e1r 2022.12.17.<\/h3>\r\n<p>&nbsp;<\/p>\r\n<h3>&nbsp;<\/h3>\r\n<h3>Sk\u00fa\u0161ka syst\u00e9mov varovania 9.12.2022<\/h3>\r\n<audio class=\"wp-audio-shortcode\" id=\"audio-14835-53\" preload=\"none\" style=\"width: 100%;\" controls=\"controls\"><source type=\"audio\/wav\" src=\"https:\/\/kulturamoldava.sk\/wp-content\/uploads\/2022\/12\/01-SK-sireny.wav?_=53\" \/><a href=\"https:\/\/kulturamoldava.sk\/wp-content\/uploads\/2022\/12\/01-SK-sireny.wav\">https:\/\/kulturamoldava.sk\/wp-content\/uploads\/2022\/12\/01-SK-sireny.wav<\/a><\/audio>\r\n<h3>V\u00e9delmi rendszer pr\u00f3b\u00e1ja 2022.12.9<\/h3>\r\n<audio class=\"wp-audio-shortcode\" id=\"audio-14835-54\" preload=\"none\" style=\"width: 100%;\" controls=\"controls\"><source type=\"audio\/wav\" src=\"https:\/\/kulturamoldava.sk\/wp-content\/uploads\/2022\/12\/01-HU-sireny.wav?_=54\" \/><a href=\"https:\/\/kulturamoldava.sk\/wp-content\/uploads\/2022\/12\/01-HU-sireny.wav\">https:\/\/kulturamoldava.sk\/wp-content\/uploads\/2022\/12\/01-HU-sireny.wav<\/a><\/audio>\r\n<h3>&nbsp;<\/h3>\r\n<h3>VSD 7.12.2022<\/h3>\r\n<audio class=\"wp-audio-shortcode\" id=\"audio-14835-55\" preload=\"none\" style=\"width: 100%;\" controls=\"controls\"><source type=\"audio\/wav\" src=\"https:\/\/kulturamoldava.sk\/wp-content\/uploads\/2022\/12\/01-SK-VSD-DECEMBER.wav?_=55\" \/><a href=\"https:\/\/kulturamoldava.sk\/wp-content\/uploads\/2022\/12\/01-SK-VSD-DECEMBER.wav\">https:\/\/kulturamoldava.sk\/wp-content\/uploads\/2022\/12\/01-SK-VSD-DECEMBER.wav<\/a><\/audio>\r\n<audio class=\"wp-audio-shortcode\" id=\"audio-14835-56\" preload=\"none\" style=\"width: 100%;\" controls=\"controls\"><source type=\"audio\/wav\" src=\"https:\/\/kulturamoldava.sk\/wp-content\/uploads\/2022\/12\/01-HU-VSD-DECEMBER.wav?_=56\" \/><a href=\"https:\/\/kulturamoldava.sk\/wp-content\/uploads\/2022\/12\/01-HU-VSD-DECEMBER.wav\">https:\/\/kulturamoldava.sk\/wp-content\/uploads\/2022\/12\/01-HU-VSD-DECEMBER.wav<\/a><\/audio>\r\n<p>&nbsp;<\/p>\r\n<h3>Zap\u00e1lenie 1. adventnej svie\u010dky<\/h3>\r\n<audio class=\"wp-audio-shortcode\" id=\"audio-14835-57\" preload=\"none\" style=\"width: 100%;\" controls=\"controls\"><source type=\"audio\/wav\" src=\"https:\/\/kulturamoldava.sk\/wp-content\/uploads\/2022\/11\/01-SK-sviecka.wav?_=57\" \/><a href=\"https:\/\/kulturamoldava.sk\/wp-content\/uploads\/2022\/11\/01-SK-sviecka.wav\">https:\/\/kulturamoldava.sk\/wp-content\/uploads\/2022\/11\/01-SK-sviecka.wav<\/a><\/audio>\r\n<h3>Gyertyagy\u00fajt\u00e1s advent 1. vas\u00e1rnapj\u00e1n<\/h3>\r\n<audio class=\"wp-audio-shortcode\" id=\"audio-14835-58\" preload=\"none\" style=\"width: 100%;\" controls=\"controls\"><source type=\"audio\/wav\" src=\"https:\/\/kulturamoldava.sk\/wp-content\/uploads\/2022\/11\/01-HU-sviecka-1.wav?_=58\" \/><a href=\"https:\/\/kulturamoldava.sk\/wp-content\/uploads\/2022\/11\/01-HU-sviecka-1.wav\">https:\/\/kulturamoldava.sk\/wp-content\/uploads\/2022\/11\/01-HU-sviecka-1.wav<\/a><\/audio>\r\n<h3>&nbsp;<\/h3>\r\n<h3>Predajca z Rumunska &#8211; viano\u010dn\u00e9 ozdoby 16.11.2022<\/h3>\r\n<audio class=\"wp-audio-shortcode\" id=\"audio-14835-59\" preload=\"none\" style=\"width: 100%;\" controls=\"controls\"><source type=\"audio\/wav\" src=\"https:\/\/kulturamoldava.sk\/wp-content\/uploads\/2022\/11\/01Predajca-z-rumunska-09.12.2020-1-SK.wav?_=59\" \/><a href=\"https:\/\/kulturamoldava.sk\/wp-content\/uploads\/2022\/11\/01Predajca-z-rumunska-09.12.2020-1-SK.wav\">https:\/\/kulturamoldava.sk\/wp-content\/uploads\/2022\/11\/01Predajca-z-rumunska-09.12.2020-1-SK.wav<\/a><\/audio>\r\n<h3>Mag\u00e1nv\u00e1lalkoz\u00f3 Erd\u00e9lyb\u0151l &#8211; kar\u00e1csonyi d\u00edszek 2022.11.16<\/h3>\r\n<audio class=\"wp-audio-shortcode\" id=\"audio-14835-60\" preload=\"none\" style=\"width: 100%;\" controls=\"controls\"><source type=\"audio\/wav\" src=\"https:\/\/kulturamoldava.sk\/wp-content\/uploads\/2022\/11\/01Predajca-z-rumunska-09.12.2020-2-HU.wav?_=60\" \/><a href=\"https:\/\/kulturamoldava.sk\/wp-content\/uploads\/2022\/11\/01Predajca-z-rumunska-09.12.2020-2-HU.wav\">https:\/\/kulturamoldava.sk\/wp-content\/uploads\/2022\/11\/01Predajca-z-rumunska-09.12.2020-2-HU.wav<\/a><\/audio>\r\n<p>&nbsp;<\/p>\r\n<h3>Verejn\u00e9 osvetlenie v Budulove 9.11.2022<\/h3>\r\n<audio class=\"wp-audio-shortcode\" id=\"audio-14835-61\" preload=\"none\" style=\"width: 100%;\" controls=\"controls\"><source type=\"audio\/wav\" src=\"https:\/\/kulturamoldava.sk\/wp-content\/uploads\/2022\/11\/Budulov-SK-9.11.2022.wav?_=61\" \/><a href=\"https:\/\/kulturamoldava.sk\/wp-content\/uploads\/2022\/11\/Budulov-SK-9.11.2022.wav\">https:\/\/kulturamoldava.sk\/wp-content\/uploads\/2022\/11\/Budulov-SK-9.11.2022.wav<\/a><\/audio>\r\n<h3>K\u00f6zvil\u00e1g\u00edt\u00e1s Bodoll\u00f3ban 2022.11.9.<\/h3>\r\n<audio class=\"wp-audio-shortcode\" id=\"audio-14835-62\" preload=\"none\" style=\"width: 100%;\" controls=\"controls\"><source type=\"audio\/wav\" src=\"https:\/\/kulturamoldava.sk\/wp-content\/uploads\/2022\/11\/Budulov-HU-9.11.2022.wav?_=62\" \/><a href=\"https:\/\/kulturamoldava.sk\/wp-content\/uploads\/2022\/11\/Budulov-HU-9.11.2022.wav\">https:\/\/kulturamoldava.sk\/wp-content\/uploads\/2022\/11\/Budulov-HU-9.11.2022.wav<\/a><\/audio>\r\n<p>&nbsp;<\/p>\r\n<h3>Klob\u00e1sov\u00fd festival 22.10.2022<\/h3>\r\n<audio class=\"wp-audio-shortcode\" id=\"audio-14835-63\" preload=\"none\" style=\"width: 100%;\" controls=\"controls\"><source type=\"audio\/wav\" src=\"https:\/\/kulturamoldava.sk\/wp-content\/uploads\/2022\/11\/DOBOS-SK-20.10.2022.wav?_=63\" \/><a href=\"https:\/\/kulturamoldava.sk\/wp-content\/uploads\/2022\/11\/DOBOS-SK-20.10.2022.wav\">https:\/\/kulturamoldava.sk\/wp-content\/uploads\/2022\/11\/DOBOS-SK-20.10.2022.wav<\/a><\/audio>\r\n<h3>Kolb\u00e1szfesztiv\u00e1l 2022.10.22.<\/h3>\r\n<audio class=\"wp-audio-shortcode\" id=\"audio-14835-64\" preload=\"none\" style=\"width: 100%;\" controls=\"controls\"><source type=\"audio\/wav\" src=\"https:\/\/kulturamoldava.sk\/wp-content\/uploads\/2022\/11\/DOBOS-HU-20.10.2022.wav?_=64\" \/><a href=\"https:\/\/kulturamoldava.sk\/wp-content\/uploads\/2022\/11\/DOBOS-HU-20.10.2022.wav\">https:\/\/kulturamoldava.sk\/wp-content\/uploads\/2022\/11\/DOBOS-HU-20.10.2022.wav<\/a><\/audio>\r\n<p>&nbsp;<\/p>\r\n<h3>Firma Ga\u0148o &#8211; predaj zeleniny a jab\u013ak 18.10.2022<\/h3>\r\n<audio class=\"wp-audio-shortcode\" id=\"audio-14835-65\" preload=\"none\" style=\"width: 100%;\" controls=\"controls\"><source type=\"audio\/wav\" src=\"https:\/\/kulturamoldava.sk\/wp-content\/uploads\/2022\/11\/GANO-SK-18.10.2022.wav?_=65\" \/><a href=\"https:\/\/kulturamoldava.sk\/wp-content\/uploads\/2022\/11\/GANO-SK-18.10.2022.wav\">https:\/\/kulturamoldava.sk\/wp-content\/uploads\/2022\/11\/GANO-SK-18.10.2022.wav<\/a><\/audio>\r\n<h3>Ga\u0148o c\u00e9g &#8211; alma \u00e9s z\u00f6lds\u00e9g \u00e1rus\u00edt\u00e1s 2022.10.18.<\/h3>\r\n<audio class=\"wp-audio-shortcode\" id=\"audio-14835-66\" preload=\"none\" style=\"width: 100%;\" controls=\"controls\"><source type=\"audio\/wav\" src=\"https:\/\/kulturamoldava.sk\/wp-content\/uploads\/2022\/11\/GANO-HU-18.10.2022.wav?_=66\" \/><a href=\"https:\/\/kulturamoldava.sk\/wp-content\/uploads\/2022\/11\/GANO-HU-18.10.2022.wav\">https:\/\/kulturamoldava.sk\/wp-content\/uploads\/2022\/11\/GANO-HU-18.10.2022.wav<\/a><\/audio>\r\n<p>&nbsp;<\/p>\r\n<h3>Strana HLAS &#8211; pozv\u00e1nka na podujatie De\u0148 rodiny 12.10.2022<\/h3>\r\n<audio class=\"wp-audio-shortcode\" id=\"audio-14835-67\" preload=\"none\" style=\"width: 100%;\" controls=\"controls\"><source type=\"audio\/wav\" src=\"https:\/\/kulturamoldava.sk\/wp-content\/uploads\/2022\/11\/HLAS-SK-12.10.2022.wav?_=67\" \/><a href=\"https:\/\/kulturamoldava.sk\/wp-content\/uploads\/2022\/11\/HLAS-SK-12.10.2022.wav\">https:\/\/kulturamoldava.sk\/wp-content\/uploads\/2022\/11\/HLAS-SK-12.10.2022.wav<\/a><\/audio>\r\n<h3>HLAS p\u00e1rt &#8211; megh\u00edv\u00f3 Csal\u00e1di napra 2022.10.12.<\/h3>\r\n<audio class=\"wp-audio-shortcode\" id=\"audio-14835-68\" preload=\"none\" style=\"width: 100%;\" controls=\"controls\"><source type=\"audio\/wav\" src=\"https:\/\/kulturamoldava.sk\/wp-content\/uploads\/2022\/11\/HLAS-HU-12.10.2022.wav?_=68\" \/><a href=\"https:\/\/kulturamoldava.sk\/wp-content\/uploads\/2022\/11\/HLAS-HU-12.10.2022.wav\">https:\/\/kulturamoldava.sk\/wp-content\/uploads\/2022\/11\/HLAS-HU-12.10.2022.wav<\/a><\/audio>\r\n<h3>&nbsp;<\/h3>\r\n<h3>VSD a.s. &#8211; preru\u0161enie distrib\u00facie elektriny 28. &#8211; 29.09.2022<\/h3>\r\n<audio class=\"wp-audio-shortcode\" id=\"audio-14835-69\" preload=\"none\" style=\"width: 100%;\" controls=\"controls\"><source type=\"audio\/wav\" src=\"https:\/\/kulturamoldava.sk\/wp-content\/uploads\/2022\/09\/VSD-SK-28.-29.09.2022.wav?_=69\" \/><a href=\"https:\/\/kulturamoldava.sk\/wp-content\/uploads\/2022\/09\/VSD-SK-28.-29.09.2022.wav\">https:\/\/kulturamoldava.sk\/wp-content\/uploads\/2022\/09\/VSD-SK-28.-29.09.2022.wav<\/a><\/audio>\r\n<h3>VSD a.s. &#8211; \u00e1r\u00e1mszolg\u00e1ltat\u00e1s sz\u00fcnetel\u00e9se 2022.09.28. &#8211; 29.<\/h3>\r\n<audio class=\"wp-audio-shortcode\" id=\"audio-14835-70\" preload=\"none\" style=\"width: 100%;\" controls=\"controls\"><source type=\"audio\/wav\" src=\"https:\/\/kulturamoldava.sk\/wp-content\/uploads\/2022\/09\/VSD-HU-28.-29.09.2022.wav?_=70\" \/><a href=\"https:\/\/kulturamoldava.sk\/wp-content\/uploads\/2022\/09\/VSD-HU-28.-29.09.2022.wav\">https:\/\/kulturamoldava.sk\/wp-content\/uploads\/2022\/09\/VSD-HU-28.-29.09.2022.wav<\/a><\/audio>\r\n<p>&nbsp;<\/p>\r\n<h3>Slovensk\u00e1 agent\u00fara \u017eivotn\u00e9ho prostredia &#8211; pr\u00edspevok na obnovu rodinn\u00fdch domov 20.09.2022<\/h3>\r\n<audio class=\"wp-audio-shortcode\" id=\"audio-14835-71\" preload=\"none\" style=\"width: 100%;\" controls=\"controls\"><source type=\"audio\/wav\" src=\"https:\/\/kulturamoldava.sk\/wp-content\/uploads\/2022\/09\/DOM-SK-20.09.2022.wav?_=71\" \/><a href=\"https:\/\/kulturamoldava.sk\/wp-content\/uploads\/2022\/09\/DOM-SK-20.09.2022.wav\">https:\/\/kulturamoldava.sk\/wp-content\/uploads\/2022\/09\/DOM-SK-20.09.2022.wav<\/a><\/audio>\r\n<h3>A Szlov\u00e1k K\u00f6rnyezetv\u00e9delmi \u00dcgyn\u00f6ks\u00e9g &#8211; t\u00e1mogat\u00e1st ny\u00fajt csal\u00e1di h\u00e1zak fel\u00faj\u00edt\u00e1s\u00e1ra 2022.09.20.<\/h3>\r\n<audio class=\"wp-audio-shortcode\" id=\"audio-14835-72\" preload=\"none\" style=\"width: 100%;\" controls=\"controls\"><source type=\"audio\/wav\" src=\"https:\/\/kulturamoldava.sk\/wp-content\/uploads\/2022\/09\/DOM-HU-20.09.2022.wav?_=72\" \/><a href=\"https:\/\/kulturamoldava.sk\/wp-content\/uploads\/2022\/09\/DOM-HU-20.09.2022.wav\">https:\/\/kulturamoldava.sk\/wp-content\/uploads\/2022\/09\/DOM-HU-20.09.2022.wav<\/a><\/audio>\r\n<p>&nbsp;<\/p>\r\n<h3>UNION pois\u0165ov\u0148a &#8211; ponuka poistenia 13.09.2022<\/h3>\r\n<audio class=\"wp-audio-shortcode\" id=\"audio-14835-73\" preload=\"none\" style=\"width: 100%;\" controls=\"controls\"><source type=\"audio\/wav\" src=\"https:\/\/kulturamoldava.sk\/wp-content\/uploads\/2022\/09\/UNION-SK-13.09.2022.wav?_=73\" \/><a href=\"https:\/\/kulturamoldava.sk\/wp-content\/uploads\/2022\/09\/UNION-SK-13.09.2022.wav\">https:\/\/kulturamoldava.sk\/wp-content\/uploads\/2022\/09\/UNION-SK-13.09.2022.wav<\/a><\/audio>\r\n<h3>Union&nbsp; biztos\u00edt\u00f3 t\u00e1rsas\u00e1g &#8211; biztos\u00edt\u00e1si aj\u00e1nlat 2022.09.13.<\/h3>\r\n<audio class=\"wp-audio-shortcode\" id=\"audio-14835-74\" preload=\"none\" style=\"width: 100%;\" controls=\"controls\"><source type=\"audio\/wav\" src=\"https:\/\/kulturamoldava.sk\/wp-content\/uploads\/2022\/09\/UNION-HU-13.09.2022.wav?_=74\" \/><a href=\"https:\/\/kulturamoldava.sk\/wp-content\/uploads\/2022\/09\/UNION-HU-13.09.2022.wav\">https:\/\/kulturamoldava.sk\/wp-content\/uploads\/2022\/09\/UNION-HU-13.09.2022.wav<\/a><\/audio>\r\n<p>&nbsp;<\/p>\r\n<h3>VSD 19. &#8211; 20.09.2022<\/h3>\r\n<audio class=\"wp-audio-shortcode\" id=\"audio-14835-75\" preload=\"none\" style=\"width: 100%;\" controls=\"controls\"><source type=\"audio\/wav\" src=\"https:\/\/kulturamoldava.sk\/wp-content\/uploads\/2022\/09\/VSD-SK-19.20.09.2022.wav?_=75\" \/><a href=\"https:\/\/kulturamoldava.sk\/wp-content\/uploads\/2022\/09\/VSD-SK-19.20.09.2022.wav\">https:\/\/kulturamoldava.sk\/wp-content\/uploads\/2022\/09\/VSD-SK-19.20.09.2022.wav<\/a><\/audio>\r\n<audio class=\"wp-audio-shortcode\" id=\"audio-14835-76\" preload=\"none\" style=\"width: 100%;\" controls=\"controls\"><source type=\"audio\/wav\" src=\"https:\/\/kulturamoldava.sk\/wp-content\/uploads\/2022\/09\/VSD-HU-19.-20.09.2022.wav?_=76\" \/><a href=\"https:\/\/kulturamoldava.sk\/wp-content\/uploads\/2022\/09\/VSD-HU-19.-20.09.2022.wav\">https:\/\/kulturamoldava.sk\/wp-content\/uploads\/2022\/09\/VSD-HU-19.-20.09.2022.wav<\/a><\/audio>\r\n<p>&nbsp;<\/p>\r\n<h3>Koncert hudobnej vok\u00e1lnej skupiny Fragile 21.09.2022<\/h3>\r\n<audio class=\"wp-audio-shortcode\" id=\"audio-14835-77\" preload=\"none\" style=\"width: 100%;\" controls=\"controls\"><source type=\"audio\/wav\" src=\"https:\/\/kulturamoldava.sk\/wp-content\/uploads\/2022\/09\/FRAGILE-SK-21.09.2022.wav?_=77\" \/><a href=\"https:\/\/kulturamoldava.sk\/wp-content\/uploads\/2022\/09\/FRAGILE-SK-21.09.2022.wav\">https:\/\/kulturamoldava.sk\/wp-content\/uploads\/2022\/09\/FRAGILE-SK-21.09.2022.wav<\/a><\/audio>\r\n<h3>Fragile vok\u00e1lis zenekar koncertje 2022.09.21<\/h3>\r\n<audio class=\"wp-audio-shortcode\" id=\"audio-14835-78\" preload=\"none\" style=\"width: 100%;\" controls=\"controls\"><source type=\"audio\/wav\" src=\"https:\/\/kulturamoldava.sk\/wp-content\/uploads\/2022\/09\/FRAGILE-HU-21.09.2022.wav?_=78\" \/><a href=\"https:\/\/kulturamoldava.sk\/wp-content\/uploads\/2022\/09\/FRAGILE-HU-21.09.2022.wav\">https:\/\/kulturamoldava.sk\/wp-content\/uploads\/2022\/09\/FRAGILE-HU-21.09.2022.wav<\/a><\/audio>\r\n<p>&nbsp;<\/p>\r\n<h3>Lake fest 2022<\/h3>\r\n<audio class=\"wp-audio-shortcode\" id=\"audio-14835-79\" preload=\"none\" style=\"width: 100%;\" controls=\"controls\"><source type=\"audio\/wav\" src=\"https:\/\/kulturamoldava.sk\/wp-content\/uploads\/2022\/09\/LAKE-FEST-SK-2022.wav?_=79\" \/><a href=\"https:\/\/kulturamoldava.sk\/wp-content\/uploads\/2022\/09\/LAKE-FEST-SK-2022.wav\">https:\/\/kulturamoldava.sk\/wp-content\/uploads\/2022\/09\/LAKE-FEST-SK-2022.wav<\/a><\/audio>\r\n<audio class=\"wp-audio-shortcode\" id=\"audio-14835-80\" preload=\"none\" style=\"width: 100%;\" controls=\"controls\"><source type=\"audio\/wav\" src=\"https:\/\/kulturamoldava.sk\/wp-content\/uploads\/2022\/09\/LAKE-FEST-HU-2022.wav?_=80\" \/><a href=\"https:\/\/kulturamoldava.sk\/wp-content\/uploads\/2022\/09\/LAKE-FEST-HU-2022.wav\">https:\/\/kulturamoldava.sk\/wp-content\/uploads\/2022\/09\/LAKE-FEST-HU-2022.wav<\/a><\/audio>\r\n<p>&nbsp;<\/p>\r\n<h3>S\u00daKROMN\u00dd PREDAJCA Z RUMUNSKA \u2013 PREDAJ ROZLI\u010cN\u00c9HO TOVARU<\/h3>\r\n<audio class=\"wp-audio-shortcode\" id=\"audio-14835-81\" preload=\"none\" style=\"width: 100%;\" controls=\"controls\"><source type=\"audio\/wav\" src=\"https:\/\/kulturamoldava.sk\/wp-content\/uploads\/2022\/09\/Predajca-z-Rumunska-SK-06.09.2022.wav?_=81\" \/><a href=\"https:\/\/kulturamoldava.sk\/wp-content\/uploads\/2022\/09\/Predajca-z-Rumunska-SK-06.09.2022.wav\">https:\/\/kulturamoldava.sk\/wp-content\/uploads\/2022\/09\/Predajca-z-Rumunska-SK-06.09.2022.wav<\/a><\/audio>\r\n<h3>ERD\u00c9LYI MAG\u00c1N ELAD\u00d3 \u2013 VEGYES\u00c1RU ELAD\u00c1SA<\/h3>\r\n<audio class=\"wp-audio-shortcode\" id=\"audio-14835-82\" preload=\"none\" style=\"width: 100%;\" controls=\"controls\"><source type=\"audio\/wav\" src=\"https:\/\/kulturamoldava.sk\/wp-content\/uploads\/2022\/09\/Predajca-z-Rmunska-HU-06.09.2022-1.wav?_=82\" \/><a href=\"https:\/\/kulturamoldava.sk\/wp-content\/uploads\/2022\/09\/Predajca-z-Rmunska-HU-06.09.2022-1.wav\">https:\/\/kulturamoldava.sk\/wp-content\/uploads\/2022\/09\/Predajca-z-Rmunska-HU-06.09.2022-1.wav<\/a><\/audio>\r\n<h3>&nbsp;<\/h3>\r\n<h3>SWAP &#8211; zber a v\u00fdmena \u0161kolsk\u00fdch potrieb a detsk\u00e9ho oble\u010denia 22. &#8211; 25.08.2022<\/h3>\r\n<audio class=\"wp-audio-shortcode\" id=\"audio-14835-83\" preload=\"none\" style=\"width: 100%;\" controls=\"controls\"><source type=\"audio\/wav\" src=\"https:\/\/kulturamoldava.sk\/wp-content\/uploads\/2022\/08\/Swap-SK-23.08.2022.wav?_=83\" \/><a href=\"https:\/\/kulturamoldava.sk\/wp-content\/uploads\/2022\/08\/Swap-SK-23.08.2022.wav\">https:\/\/kulturamoldava.sk\/wp-content\/uploads\/2022\/08\/Swap-SK-23.08.2022.wav<\/a><\/audio>\r\n<h3>SWAP &#8211; tanszerek \u00e9s gyerekruh\u00e1k &nbsp;cser\u00e9je 2022.08.22.-28.<\/h3>\r\n<audio class=\"wp-audio-shortcode\" id=\"audio-14835-84\" preload=\"none\" style=\"width: 100%;\" controls=\"controls\"><source type=\"audio\/wav\" src=\"https:\/\/kulturamoldava.sk\/wp-content\/uploads\/2022\/09\/Swap-HU-23.08.2022.wav?_=84\" \/><a href=\"https:\/\/kulturamoldava.sk\/wp-content\/uploads\/2022\/09\/Swap-HU-23.08.2022.wav\">https:\/\/kulturamoldava.sk\/wp-content\/uploads\/2022\/09\/Swap-HU-23.08.2022.wav<\/a><\/audio>\r\n<p>&nbsp;<\/p>\r\n<h3>Hudobn\u00fd festival &#8222;Pod hviezdami s hviezdami&#8220; 26.08.2022<\/h3>\r\n<audio class=\"wp-audio-shortcode\" id=\"audio-14835-85\" preload=\"none\" style=\"width: 100%;\" controls=\"controls\"><source type=\"audio\/wav\" src=\"https:\/\/kulturamoldava.sk\/wp-content\/uploads\/2022\/08\/Hviezdy-SK-26.08.2022.wav?_=85\" \/><a href=\"https:\/\/kulturamoldava.sk\/wp-content\/uploads\/2022\/08\/Hviezdy-SK-26.08.2022.wav\">https:\/\/kulturamoldava.sk\/wp-content\/uploads\/2022\/08\/Hviezdy-SK-26.08.2022.wav<\/a><\/audio>\r\n<h3>&#8222;Bullizzunk egyutt a caillagok alatt!&#8220; zenei fesztiv\u00e1l 2022.08.26.<\/h3>\r\n<audio class=\"wp-audio-shortcode\" id=\"audio-14835-86\" preload=\"none\" style=\"width: 100%;\" controls=\"controls\"><source type=\"audio\/wav\" src=\"https:\/\/kulturamoldava.sk\/wp-content\/uploads\/2022\/08\/Hviezdy-HU-26.08.2022.wav?_=86\" \/><a href=\"https:\/\/kulturamoldava.sk\/wp-content\/uploads\/2022\/08\/Hviezdy-HU-26.08.2022.wav\">https:\/\/kulturamoldava.sk\/wp-content\/uploads\/2022\/08\/Hviezdy-HU-26.08.2022.wav<\/a><\/audio>\r\n<p>&nbsp;<\/p>\r\n<h3>Kult\u00farno-liter\u00e1rne a spolo\u010densk\u00e9 dni Zolt\u00e1na F\u00e1bryho 13.08.2022<\/h3>\r\n<audio class=\"wp-audio-shortcode\" id=\"audio-14835-87\" preload=\"none\" style=\"width: 100%;\" controls=\"controls\"><source type=\"audio\/wav\" src=\"https:\/\/kulturamoldava.sk\/wp-content\/uploads\/2022\/08\/Fabry-Zoltan-SK-13.08.2022.wav?_=87\" \/><a href=\"https:\/\/kulturamoldava.sk\/wp-content\/uploads\/2022\/08\/Fabry-Zoltan-SK-13.08.2022.wav\">https:\/\/kulturamoldava.sk\/wp-content\/uploads\/2022\/08\/Fabry-Zoltan-SK-13.08.2022.wav<\/a><\/audio>\r\n<h3>F\u00e1bry Zolt\u00e1n k\u00f6z\u00e9leti \u00e9s irodalmi napokra 2022.08.13.<\/h3>\r\n<audio class=\"wp-audio-shortcode\" id=\"audio-14835-88\" preload=\"none\" style=\"width: 100%;\" controls=\"controls\"><source type=\"audio\/wav\" src=\"https:\/\/kulturamoldava.sk\/wp-content\/uploads\/2022\/08\/Fabry-Zoltan-HU-13.08.2022.wav?_=88\" \/><a href=\"https:\/\/kulturamoldava.sk\/wp-content\/uploads\/2022\/08\/Fabry-Zoltan-HU-13.08.2022.wav\">https:\/\/kulturamoldava.sk\/wp-content\/uploads\/2022\/08\/Fabry-Zoltan-HU-13.08.2022.wav<\/a><\/audio>\r\n<p>&nbsp;<\/p>\r\n<h3>&nbsp;<\/h3>\r\n<h3>VSD a.s. &#8211; preru\u0161enie distrib\u00facie elektriny 02. a 03.08.2022<\/h3>\r\n<audio class=\"wp-audio-shortcode\" id=\"audio-14835-89\" preload=\"none\" style=\"width: 100%;\" controls=\"controls\"><source type=\"audio\/wav\" src=\"https:\/\/kulturamoldava.sk\/wp-content\/uploads\/2022\/07\/VSD-SK-2.-3.08.2022.wav?_=89\" \/><a href=\"https:\/\/kulturamoldava.sk\/wp-content\/uploads\/2022\/07\/VSD-SK-2.-3.08.2022.wav\">https:\/\/kulturamoldava.sk\/wp-content\/uploads\/2022\/07\/VSD-SK-2.-3.08.2022.wav<\/a><\/audio>\r\n<h3>VSD a.s. &#8211; \u00e1r\u00e1mszolg\u00e1ltat\u00e1s sz\u00fcnetel\u00e9se 2022.08.02.-03.<\/h3>\r\n<audio class=\"wp-audio-shortcode\" id=\"audio-14835-90\" preload=\"none\" style=\"width: 100%;\" controls=\"controls\"><source type=\"audio\/wav\" src=\"https:\/\/kulturamoldava.sk\/wp-content\/uploads\/2022\/07\/VSD-HU-2.-3.08.2022.wav?_=90\" \/><a href=\"https:\/\/kulturamoldava.sk\/wp-content\/uploads\/2022\/07\/VSD-HU-2.-3.08.2022.wav\">https:\/\/kulturamoldava.sk\/wp-content\/uploads\/2022\/07\/VSD-HU-2.-3.08.2022.wav<\/a><\/audio>\r\n<h3>&nbsp;<\/h3>\r\n<h3>Dobr\u00e1 m\u00e4sov\u00fdroba s.r.o. &#8211; otvorenie novej m\u00e4sovej v\u00fdroby s predaj\u0148ou<\/h3>\r\n<audio class=\"wp-audio-shortcode\" id=\"audio-14835-91\" preload=\"none\" style=\"width: 100%;\" controls=\"controls\"><source type=\"audio\/wav\" src=\"https:\/\/kulturamoldava.sk\/wp-content\/uploads\/2022\/07\/Dobra-masovyroba-SK-18.7.2022-1.wav?_=91\" \/><a href=\"https:\/\/kulturamoldava.sk\/wp-content\/uploads\/2022\/07\/Dobra-masovyroba-SK-18.7.2022-1.wav\">https:\/\/kulturamoldava.sk\/wp-content\/uploads\/2022\/07\/Dobra-masovyroba-SK-18.7.2022-1.wav<\/a><\/audio>\r\n<h3>Dobr\u00e1 m\u00e4sov\u00fdroba s.r.o. &#8211; boltal egybek\u00f6t\u00f6tt \u00faj h\u00fasfeldolgoz\u00f3 \u00fczem nyit\u00e1sa<\/h3>\r\n<audio class=\"wp-audio-shortcode\" id=\"audio-14835-92\" preload=\"none\" style=\"width: 100%;\" controls=\"controls\"><source type=\"audio\/wav\" src=\"https:\/\/kulturamoldava.sk\/wp-content\/uploads\/2022\/07\/Dobr-masovyroba-HU-18.7.2022-1.wav?_=92\" \/><a href=\"https:\/\/kulturamoldava.sk\/wp-content\/uploads\/2022\/07\/Dobr-masovyroba-HU-18.7.2022-1.wav\">https:\/\/kulturamoldava.sk\/wp-content\/uploads\/2022\/07\/Dobr-masovyroba-HU-18.7.2022-1.wav<\/a><\/audio>\r\n<p>&nbsp;<\/p>\r\n<h3>De\u0148 rodiny 2022<\/h3>\r\n<audio class=\"wp-audio-shortcode\" id=\"audio-14835-93\" preload=\"none\" style=\"width: 100%;\" controls=\"controls\"><source type=\"audio\/wav\" src=\"https:\/\/kulturamoldava.sk\/wp-content\/uploads\/2022\/07\/Den-rodiny-SK-13.7.2022.wav?_=93\" \/><a href=\"https:\/\/kulturamoldava.sk\/wp-content\/uploads\/2022\/07\/Den-rodiny-SK-13.7.2022.wav\">https:\/\/kulturamoldava.sk\/wp-content\/uploads\/2022\/07\/Den-rodiny-SK-13.7.2022.wav<\/a><\/audio>\r\n<h3>Csal\u00e1di nap 2022<\/h3>\r\n<audio class=\"wp-audio-shortcode\" id=\"audio-14835-94\" preload=\"none\" style=\"width: 100%;\" controls=\"controls\"><source type=\"audio\/wav\" src=\"https:\/\/kulturamoldava.sk\/wp-content\/uploads\/2022\/07\/Den-rodiny-HU-13.7.2022.wav?_=94\" \/><a href=\"https:\/\/kulturamoldava.sk\/wp-content\/uploads\/2022\/07\/Den-rodiny-HU-13.7.2022.wav\">https:\/\/kulturamoldava.sk\/wp-content\/uploads\/2022\/07\/Den-rodiny-HU-13.7.2022.wav<\/a><\/audio>\r\n<p>&nbsp;<\/p>\r\n<h3>VSD a.s. &#8211; Odpo\u010det elektromerov Budulov 09.07.2022<\/h3>\r\n<audio class=\"wp-audio-shortcode\" id=\"audio-14835-95\" preload=\"none\" style=\"width: 100%;\" controls=\"controls\"><source type=\"audio\/wav\" src=\"https:\/\/kulturamoldava.sk\/wp-content\/uploads\/2022\/07\/VSD-0dpocet-Budulov-SK-09.07.2022.wav?_=95\" \/><a href=\"https:\/\/kulturamoldava.sk\/wp-content\/uploads\/2022\/07\/VSD-0dpocet-Budulov-SK-09.07.2022.wav\">https:\/\/kulturamoldava.sk\/wp-content\/uploads\/2022\/07\/VSD-0dpocet-Budulov-SK-09.07.2022.wav<\/a><\/audio>\r\n<audio class=\"wp-audio-shortcode\" id=\"audio-14835-96\" preload=\"none\" style=\"width: 100%;\" controls=\"controls\"><source type=\"audio\/wav\" src=\"https:\/\/kulturamoldava.sk\/wp-content\/uploads\/2022\/07\/VSD-0dpocet-Budulov-HU-09.07.2022.wav?_=96\" \/><a href=\"https:\/\/kulturamoldava.sk\/wp-content\/uploads\/2022\/07\/VSD-0dpocet-Budulov-HU-09.07.2022.wav\">https:\/\/kulturamoldava.sk\/wp-content\/uploads\/2022\/07\/VSD-0dpocet-Budulov-HU-09.07.2022.wav<\/a><\/audio>\r\n<p>&nbsp;<\/p>\r\n<h3>VSD a.s. &#8211; preru\u0161enie distrib\u00facie elektriny \/ \u00e1ramszolg\u00e1ltat\u00e1s sz\u00fcnetel\u00e9se 06.07.2022<\/h3>\r\n<audio class=\"wp-audio-shortcode\" id=\"audio-14835-97\" preload=\"none\" style=\"width: 100%;\" controls=\"controls\"><source type=\"audio\/wav\" src=\"https:\/\/kulturamoldava.sk\/wp-content\/uploads\/2022\/07\/VDS-Budulov-SKHU-6.7.2022.wav?_=97\" \/><a href=\"https:\/\/kulturamoldava.sk\/wp-content\/uploads\/2022\/07\/VDS-Budulov-SKHU-6.7.2022.wav\">https:\/\/kulturamoldava.sk\/wp-content\/uploads\/2022\/07\/VDS-Budulov-SKHU-6.7.2022.wav<\/a><\/audio>\r\n<p>&nbsp;<\/p>\r\n<h3>BIOKON, spol. s.r.o. &#8211; ponuka pracovn\u00e9ho miesta<\/h3>\r\n<audio class=\"wp-audio-shortcode\" id=\"audio-14835-98\" preload=\"none\" style=\"width: 100%;\" controls=\"controls\"><source type=\"audio\/wav\" src=\"https:\/\/kulturamoldava.sk\/wp-content\/uploads\/2022\/07\/BIOCON-SK-27.6.2022.wav?_=98\" \/><a href=\"https:\/\/kulturamoldava.sk\/wp-content\/uploads\/2022\/07\/BIOCON-SK-27.6.2022.wav\">https:\/\/kulturamoldava.sk\/wp-content\/uploads\/2022\/07\/BIOCON-SK-27.6.2022.wav<\/a><\/audio>\r\n<audio class=\"wp-audio-shortcode\" id=\"audio-14835-99\" preload=\"none\" style=\"width: 100%;\" controls=\"controls\"><source type=\"audio\/wav\" src=\"https:\/\/kulturamoldava.sk\/wp-content\/uploads\/2022\/07\/BIOCON-HU-27.6.2022.wav?_=99\" \/><a href=\"https:\/\/kulturamoldava.sk\/wp-content\/uploads\/2022\/07\/BIOCON-HU-27.6.2022.wav\">https:\/\/kulturamoldava.sk\/wp-content\/uploads\/2022\/07\/BIOCON-HU-27.6.2022.wav<\/a><\/audio>\r\n<p>&nbsp;<\/p>\r\n<h3>VSD a.s. &#8211; preru\u0161enie distrib\u00facie elektriny 24.06.2022<\/h3>\r\n<audio class=\"wp-audio-shortcode\" id=\"audio-14835-100\" preload=\"none\" style=\"width: 100%;\" controls=\"controls\"><source type=\"audio\/wav\" src=\"https:\/\/kulturamoldava.sk\/wp-content\/uploads\/2022\/07\/VSD-SK-24.06-2022-.wav?_=100\" \/><a href=\"https:\/\/kulturamoldava.sk\/wp-content\/uploads\/2022\/07\/VSD-SK-24.06-2022-.wav\">https:\/\/kulturamoldava.sk\/wp-content\/uploads\/2022\/07\/VSD-SK-24.06-2022-.wav<\/a><\/audio>\r\n<h3>VSD a.s. &#8211; \u00e1ramszolg\u00e1ltat\u00e1s sz\u00fcnetel\u00e9se 2022.06.24.<\/h3>\r\n<audio class=\"wp-audio-shortcode\" id=\"audio-14835-101\" preload=\"none\" style=\"width: 100%;\" controls=\"controls\"><source type=\"audio\/wav\" src=\"https:\/\/kulturamoldava.sk\/wp-content\/uploads\/2022\/07\/VSD-HU-24.06.2022.wav?_=101\" \/><a href=\"https:\/\/kulturamoldava.sk\/wp-content\/uploads\/2022\/07\/VSD-HU-24.06.2022.wav\">https:\/\/kulturamoldava.sk\/wp-content\/uploads\/2022\/07\/VSD-HU-24.06.2022.wav<\/a><\/audio>\r\n<p>&nbsp;<\/p>\r\n<h3>Moldavsk\u00fd festival kult\u00fary a \u0161portu 2022<\/h3>\r\n<audio class=\"wp-audio-shortcode\" id=\"audio-14835-102\" preload=\"none\" style=\"width: 100%;\" controls=\"controls\"><source type=\"audio\/wav\" src=\"https:\/\/kulturamoldava.sk\/wp-content\/uploads\/2022\/07\/Moldavske-dni-SK-22.6.2022.wav?_=102\" \/><a href=\"https:\/\/kulturamoldava.sk\/wp-content\/uploads\/2022\/07\/Moldavske-dni-SK-22.6.2022.wav\">https:\/\/kulturamoldava.sk\/wp-content\/uploads\/2022\/07\/Moldavske-dni-SK-22.6.2022.wav<\/a><\/audio>\r\n<audio class=\"wp-audio-shortcode\" id=\"audio-14835-103\" preload=\"none\" style=\"width: 100%;\" controls=\"controls\"><source type=\"audio\/wav\" src=\"https:\/\/kulturamoldava.sk\/wp-content\/uploads\/2022\/07\/Moldavske-dni-HU-22.6.2022.wav?_=103\" \/><a href=\"https:\/\/kulturamoldava.sk\/wp-content\/uploads\/2022\/07\/Moldavske-dni-HU-22.6.2022.wav\">https:\/\/kulturamoldava.sk\/wp-content\/uploads\/2022\/07\/Moldavske-dni-HU-22.6.2022.wav<\/a><\/audio>\r\n<p>&nbsp;<\/p>\r\n<h3>VSD a.s. &#8211; preru\u0161enie distrib\u00facie elektriny 22.06.2022<\/h3>\r\n<audio class=\"wp-audio-shortcode\" id=\"audio-14835-104\" preload=\"none\" style=\"width: 100%;\" controls=\"controls\"><source type=\"audio\/wav\" src=\"https:\/\/kulturamoldava.sk\/wp-content\/uploads\/2022\/07\/VSD-SK-22.06.2022.wav?_=104\" \/><a href=\"https:\/\/kulturamoldava.sk\/wp-content\/uploads\/2022\/07\/VSD-SK-22.06.2022.wav\">https:\/\/kulturamoldava.sk\/wp-content\/uploads\/2022\/07\/VSD-SK-22.06.2022.wav<\/a><\/audio>\r\n<audio class=\"wp-audio-shortcode\" id=\"audio-14835-105\" preload=\"none\" style=\"width: 100%;\" controls=\"controls\"><source type=\"audio\/wav\" src=\"https:\/\/kulturamoldava.sk\/wp-content\/uploads\/2022\/07\/VSD-HU-22.06.2022.wav?_=105\" \/><a href=\"https:\/\/kulturamoldava.sk\/wp-content\/uploads\/2022\/07\/VSD-HU-22.06.2022.wav\">https:\/\/kulturamoldava.sk\/wp-content\/uploads\/2022\/07\/VSD-HU-22.06.2022.wav<\/a><\/audio>\r\n<p><!--nextpage--><\/p>\r\n<h3>Denn\u00e9 centrum &#8211; Pozv\u00e1nka na zasadnutie v\u00fdro\u010dnej \u010dlenskej sch\u00f4dze 15.06.2022<\/h3>\r\n<audio class=\"wp-audio-shortcode\" id=\"audio-14835-106\" preload=\"none\" style=\"width: 100%;\" controls=\"controls\"><source type=\"audio\/wav\" src=\"https:\/\/kulturamoldava.sk\/wp-content\/uploads\/2022\/07\/Denne-centrum-SKHU-15.6.2022.wav?_=106\" \/><a href=\"https:\/\/kulturamoldava.sk\/wp-content\/uploads\/2022\/07\/Denne-centrum-SKHU-15.6.2022.wav\">https:\/\/kulturamoldava.sk\/wp-content\/uploads\/2022\/07\/Denne-centrum-SKHU-15.6.2022.wav<\/a><\/audio>\r\n<p>&nbsp;<\/p>\r\n<h3>Lunapark koloto\u010de v Moldave nad Bodvou 10.- 19.6.2022<\/h3>\r\n<audio class=\"wp-audio-shortcode\" id=\"audio-14835-107\" preload=\"none\" style=\"width: 100%;\" controls=\"controls\"><source type=\"audio\/wav\" src=\"https:\/\/kulturamoldava.sk\/wp-content\/uploads\/2022\/07\/Kolotoce-SK-10.6.2022.wav?_=107\" \/><a href=\"https:\/\/kulturamoldava.sk\/wp-content\/uploads\/2022\/07\/Kolotoce-SK-10.6.2022.wav\">https:\/\/kulturamoldava.sk\/wp-content\/uploads\/2022\/07\/Kolotoce-SK-10.6.2022.wav<\/a><\/audio>\r\n<audio class=\"wp-audio-shortcode\" id=\"audio-14835-108\" preload=\"none\" style=\"width: 100%;\" controls=\"controls\"><source type=\"audio\/wav\" src=\"https:\/\/kulturamoldava.sk\/wp-content\/uploads\/2022\/07\/Kolotoce-HU-10.6.2022.wav?_=108\" \/><a href=\"https:\/\/kulturamoldava.sk\/wp-content\/uploads\/2022\/07\/Kolotoce-HU-10.6.2022.wav\">https:\/\/kulturamoldava.sk\/wp-content\/uploads\/2022\/07\/Kolotoce-HU-10.6.2022.wav<\/a><\/audio>\r\n<p>&nbsp;<\/p>\r\n<h3>\u0160K Bodva &#8211; pozv\u00e1nka na cyklot\u00faru 11.06.2022<\/h3>\r\n<audio class=\"wp-audio-shortcode\" id=\"audio-14835-109\" preload=\"none\" style=\"width: 100%;\" controls=\"controls\"><source type=\"audio\/wav\" src=\"https:\/\/kulturamoldava.sk\/wp-content\/uploads\/2022\/07\/SK-BODVA-SK-8.6.2022.wav?_=109\" \/><a href=\"https:\/\/kulturamoldava.sk\/wp-content\/uploads\/2022\/07\/SK-BODVA-SK-8.6.2022.wav\">https:\/\/kulturamoldava.sk\/wp-content\/uploads\/2022\/07\/SK-BODVA-SK-8.6.2022.wav<\/a><\/audio>\r\n<h3>B\u00f3dva sportklub &#8211; megh\u00edv\u00f3 ker\u00e9kp\u00e1rt\u00far\u00e1ra 2022.06.11.<\/h3>\r\n<audio class=\"wp-audio-shortcode\" id=\"audio-14835-110\" preload=\"none\" style=\"width: 100%;\" controls=\"controls\"><source type=\"audio\/wav\" src=\"https:\/\/kulturamoldava.sk\/wp-content\/uploads\/2022\/07\/SK-BODVA-HU-8.6.2022.wav?_=110\" \/><a href=\"https:\/\/kulturamoldava.sk\/wp-content\/uploads\/2022\/07\/SK-BODVA-HU-8.6.2022.wav\">https:\/\/kulturamoldava.sk\/wp-content\/uploads\/2022\/07\/SK-BODVA-HU-8.6.2022.wav<\/a><\/audio>\r\n<p>&nbsp;<\/p>\r\n<h3>4HOME s.r.o. &#8211; otvorenie predajne<\/h3>\r\n<audio class=\"wp-audio-shortcode\" id=\"audio-14835-111\" preload=\"none\" style=\"width: 100%;\" controls=\"controls\"><source type=\"audio\/wav\" src=\"https:\/\/kulturamoldava.sk\/wp-content\/uploads\/2022\/06\/HOME-SK-06.06.2022.wav?_=111\" \/><a href=\"https:\/\/kulturamoldava.sk\/wp-content\/uploads\/2022\/06\/HOME-SK-06.06.2022.wav\">https:\/\/kulturamoldava.sk\/wp-content\/uploads\/2022\/06\/HOME-SK-06.06.2022.wav<\/a><\/audio>\r\n<h3>4HOME s.r.o. &#8211; \u00daj \u00fczlet megnyit\u00e1sa<\/h3>\r\n<audio class=\"wp-audio-shortcode\" id=\"audio-14835-112\" preload=\"none\" style=\"width: 100%;\" controls=\"controls\"><source type=\"audio\/wav\" src=\"https:\/\/kulturamoldava.sk\/wp-content\/uploads\/2022\/06\/HOME-HU-06.06.2022.wav?_=112\" \/><a href=\"https:\/\/kulturamoldava.sk\/wp-content\/uploads\/2022\/06\/HOME-HU-06.06.2022.wav\">https:\/\/kulturamoldava.sk\/wp-content\/uploads\/2022\/06\/HOME-HU-06.06.2022.wav<\/a><\/audio>\r\n<p>&nbsp;<\/p>\r\n<h3>BAFF SA o.z. , Hepy Bejby &#8211; Pozv\u00e1nka na b\u00e1bkov\u00e9 divadlo Hrn\u010dek var! 09.06.2022<\/h3>\r\n<audio class=\"wp-audio-shortcode\" id=\"audio-14835-113\" preload=\"none\" style=\"width: 100%;\" controls=\"controls\"><source type=\"audio\/wav\" src=\"https:\/\/kulturamoldava.sk\/wp-content\/uploads\/2022\/06\/Baff-sa-SK-09.06.2022.wav?_=113\" \/><a href=\"https:\/\/kulturamoldava.sk\/wp-content\/uploads\/2022\/06\/Baff-sa-SK-09.06.2022.wav\">https:\/\/kulturamoldava.sk\/wp-content\/uploads\/2022\/06\/Baff-sa-SK-09.06.2022.wav<\/a><\/audio>\r\n<h3>BAFF sa o.z. , Hepy Bejby &#8211; Megh\u00edv\u00f3 a Hrn\u010dek var! szlov\u00e1k b\u00e1bsz\u00ednh\u00e1zel\u0151ad\u00e1s\u00e1ra 2022.06.09.<\/h3>\r\n<audio class=\"wp-audio-shortcode\" id=\"audio-14835-114\" preload=\"none\" style=\"width: 100%;\" controls=\"controls\"><source type=\"audio\/wav\" src=\"https:\/\/kulturamoldava.sk\/wp-content\/uploads\/2022\/06\/Baff-sa-HU-09.06.2022-1.wav?_=114\" \/><a href=\"https:\/\/kulturamoldava.sk\/wp-content\/uploads\/2022\/06\/Baff-sa-HU-09.06.2022-1.wav\">https:\/\/kulturamoldava.sk\/wp-content\/uploads\/2022\/06\/Baff-sa-HU-09.06.2022-1.wav<\/a><\/audio>\r\n<p>&nbsp;<\/p>\r\n<h3>Oznam pre d\u00f4chodcov &#8211; prevzatie finan\u010dn\u00e9ho pr\u00edspevku 06. &#8211; 20.06.2022<\/h3>\r\n<audio class=\"wp-audio-shortcode\" id=\"audio-14835-115\" preload=\"none\" style=\"width: 100%;\" controls=\"controls\"><source type=\"audio\/wav\" src=\"https:\/\/kulturamoldava.sk\/wp-content\/uploads\/2022\/06\/Prispevok-SK-01.06.2022.wav?_=115\" \/><a href=\"https:\/\/kulturamoldava.sk\/wp-content\/uploads\/2022\/06\/Prispevok-SK-01.06.2022.wav\">https:\/\/kulturamoldava.sk\/wp-content\/uploads\/2022\/06\/Prispevok-SK-01.06.2022.wav<\/a><\/audio>\r\n<h3>\u00c9rtes\u00edt\u00e9s a 65 \u00e9v f\u00f6l\u00f6tti&nbsp; lakosok sz\u00e1m\u00e1ra &#8211; v\u00e1s\u00e1rl\u00e1si utalv\u00e1ny \u00e1tv\u00e9tele 2022.06.06. &#8211; 06.20.<\/h3>\r\n<audio class=\"wp-audio-shortcode\" id=\"audio-14835-116\" preload=\"none\" style=\"width: 100%;\" controls=\"controls\"><source type=\"audio\/wav\" src=\"https:\/\/kulturamoldava.sk\/wp-content\/uploads\/2022\/06\/Prispevok-HU-01.06.2022.wav?_=116\" \/><a href=\"https:\/\/kulturamoldava.sk\/wp-content\/uploads\/2022\/06\/Prispevok-HU-01.06.2022.wav\">https:\/\/kulturamoldava.sk\/wp-content\/uploads\/2022\/06\/Prispevok-HU-01.06.2022.wav<\/a><\/audio>\r\n<p>&nbsp;<\/p>\r\n<h3>Mestsk\u00fd de\u0148 det\u00ed 04.06.2022<\/h3>\r\n<audio class=\"wp-audio-shortcode\" id=\"audio-14835-117\" preload=\"none\" style=\"width: 100%;\" controls=\"controls\"><source type=\"audio\/wav\" src=\"https:\/\/kulturamoldava.sk\/wp-content\/uploads\/2022\/05\/Den-deti-SK-04.06.2022.wav?_=117\" \/><a href=\"https:\/\/kulturamoldava.sk\/wp-content\/uploads\/2022\/05\/Den-deti-SK-04.06.2022.wav\">https:\/\/kulturamoldava.sk\/wp-content\/uploads\/2022\/05\/Den-deti-SK-04.06.2022.wav<\/a><\/audio>\r\n<h3>V\u00e1rosi gyermeknap 2022.06.04.<\/h3>\r\n<audio class=\"wp-audio-shortcode\" id=\"audio-14835-118\" preload=\"none\" style=\"width: 100%;\" controls=\"controls\"><source type=\"audio\/wav\" src=\"https:\/\/kulturamoldava.sk\/wp-content\/uploads\/2022\/05\/Den-deti-HU-04.06.2022.wav?_=118\" \/><a href=\"https:\/\/kulturamoldava.sk\/wp-content\/uploads\/2022\/05\/Den-deti-HU-04.06.2022.wav\">https:\/\/kulturamoldava.sk\/wp-content\/uploads\/2022\/05\/Den-deti-HU-04.06.2022.wav<\/a><\/audio>\r\n<p>&nbsp;<\/p>\r\n<h3>VSD a.s. &#8211; Preru\u0161en\u00e1 distrib\u00facia elektriny 31.05.2022<\/h3>\r\n<audio class=\"wp-audio-shortcode\" id=\"audio-14835-119\" preload=\"none\" style=\"width: 100%;\" controls=\"controls\"><source type=\"audio\/wav\" src=\"https:\/\/kulturamoldava.sk\/wp-content\/uploads\/2022\/05\/VVS-SK-31.05.2022.wav?_=119\" \/><a href=\"https:\/\/kulturamoldava.sk\/wp-content\/uploads\/2022\/05\/VVS-SK-31.05.2022.wav\">https:\/\/kulturamoldava.sk\/wp-content\/uploads\/2022\/05\/VVS-SK-31.05.2022.wav<\/a><\/audio>\r\n<h3>VSD a.s. &#8211; \u00e1ramszolg\u00e1ltat\u00e1s sz\u00fcnetel\u00e9se 31.5.2022<\/h3>\r\n<audio class=\"wp-audio-shortcode\" id=\"audio-14835-120\" preload=\"none\" style=\"width: 100%;\" controls=\"controls\"><source type=\"audio\/wav\" src=\"https:\/\/kulturamoldava.sk\/wp-content\/uploads\/2022\/05\/VVS-HU-31.05.2022.wav?_=120\" \/><a href=\"https:\/\/kulturamoldava.sk\/wp-content\/uploads\/2022\/05\/VVS-HU-31.05.2022.wav\">https:\/\/kulturamoldava.sk\/wp-content\/uploads\/2022\/05\/VVS-HU-31.05.2022.wav<\/a><\/audio>\r\n<p>&nbsp;<\/p>\r\n<h3>Pozv\u00e1nka na benefi\u010dn\u00fd koncert &#8222;Chv\u00e1la vz\u00e1jomnosti&#8220;<\/h3>\r\n<audio class=\"wp-audio-shortcode\" id=\"audio-14835-121\" preload=\"none\" style=\"width: 100%;\" controls=\"controls\"><source type=\"audio\/wav\" src=\"https:\/\/kulturamoldava.sk\/wp-content\/uploads\/2022\/05\/Jasov-SK-28.05.2022.wav?_=121\" \/><a href=\"https:\/\/kulturamoldava.sk\/wp-content\/uploads\/2022\/05\/Jasov-SK-28.05.2022.wav\">https:\/\/kulturamoldava.sk\/wp-content\/uploads\/2022\/05\/Jasov-SK-28.05.2022.wav<\/a><\/audio>\r\n<h3>Megh\u00edv\u00f3 &#8222;K\u00f6lcs\u00f6n\u00f6ss\u00e9g dics\u00e9rete&#8220; c\u00edm\u0171 j\u00f3t\u00e9konys\u00e1gi koncertre<\/h3>\r\n<audio class=\"wp-audio-shortcode\" id=\"audio-14835-122\" preload=\"none\" style=\"width: 100%;\" controls=\"controls\"><source type=\"audio\/wav\" src=\"https:\/\/kulturamoldava.sk\/wp-content\/uploads\/2022\/05\/Jasov-HU-28.05.2022.wav?_=122\" \/><a href=\"https:\/\/kulturamoldava.sk\/wp-content\/uploads\/2022\/05\/Jasov-HU-28.05.2022.wav\">https:\/\/kulturamoldava.sk\/wp-content\/uploads\/2022\/05\/Jasov-HU-28.05.2022.wav<\/a><\/audio>\r\n<h3>&nbsp;<\/h3>\r\n<h3>Pozv\u00e1nka na prezent\u00e1ciu knihy M\u00e1cs J\u00f3zsef 26.05.2022<\/h3>\r\n<audio class=\"wp-audio-shortcode\" id=\"audio-14835-123\" preload=\"none\" style=\"width: 100%;\" controls=\"controls\"><source type=\"audio\/wav\" src=\"https:\/\/kulturamoldava.sk\/wp-content\/uploads\/2022\/05\/Kniznica-SK-26.05.2022-1.wav?_=123\" \/><a href=\"https:\/\/kulturamoldava.sk\/wp-content\/uploads\/2022\/05\/Kniznica-SK-26.05.2022-1.wav\">https:\/\/kulturamoldava.sk\/wp-content\/uploads\/2022\/05\/Kniznica-SK-26.05.2022-1.wav<\/a><\/audio>\r\n<h3>Megh\u00edv\u00f3 M.Moln\u00e1r L\u00e1szl\u00f3: M\u00e1cs J\u00f3zsef c\u00edm\u0171 k\u00f6nyv\u00e9nek bemutat\u00f3j\u00e1ra 2022.05.26.<\/h3>\r\n<audio class=\"wp-audio-shortcode\" id=\"audio-14835-124\" preload=\"none\" style=\"width: 100%;\" controls=\"controls\"><source type=\"audio\/wav\" src=\"https:\/\/kulturamoldava.sk\/wp-content\/uploads\/2022\/05\/Kniznica-HU-26.05.2022-1.wav?_=124\" \/><a href=\"https:\/\/kulturamoldava.sk\/wp-content\/uploads\/2022\/05\/Kniznica-HU-26.05.2022-1.wav\">https:\/\/kulturamoldava.sk\/wp-content\/uploads\/2022\/05\/Kniznica-HU-26.05.2022-1.wav<\/a><\/audio>\r\n<h3>&nbsp;<\/h3>\r\n<h3>Fazu\u013eov\u00fd festival 14.05.2022<\/h3>\r\n<audio class=\"wp-audio-shortcode\" id=\"audio-14835-125\" preload=\"none\" style=\"width: 100%;\" controls=\"controls\"><source type=\"audio\/wav\" src=\"https:\/\/kulturamoldava.sk\/wp-content\/uploads\/2022\/05\/Fazulovy-festival-SK-14.05.2022.wav?_=125\" \/><a href=\"https:\/\/kulturamoldava.sk\/wp-content\/uploads\/2022\/05\/Fazulovy-festival-SK-14.05.2022.wav\">https:\/\/kulturamoldava.sk\/wp-content\/uploads\/2022\/05\/Fazulovy-festival-SK-14.05.2022.wav<\/a><\/audio>\r\n<h3>Babfesztiv\u00e1l 2022.05.14.<\/h3>\r\n<audio class=\"wp-audio-shortcode\" id=\"audio-14835-126\" preload=\"none\" style=\"width: 100%;\" controls=\"controls\"><source type=\"audio\/wav\" src=\"https:\/\/kulturamoldava.sk\/wp-content\/uploads\/2022\/05\/Fazulovy-festival-HU-14.05.2022.wav?_=126\" \/><a href=\"https:\/\/kulturamoldava.sk\/wp-content\/uploads\/2022\/05\/Fazulovy-festival-HU-14.05.2022.wav\">https:\/\/kulturamoldava.sk\/wp-content\/uploads\/2022\/05\/Fazulovy-festival-HU-14.05.2022.wav<\/a><\/audio>\r\n<p>&nbsp;<\/p>\r\n<h3>VSD a.s. &#8211; preru\u0161enie distrib\u00facie elektriny\/\u00e1ramszolg\u00e1ltat\u00e1s sz\u00fcnetel\u00e9se 4.5.2022<\/h3>\r\n<audio class=\"wp-audio-shortcode\" id=\"audio-14835-127\" preload=\"none\" style=\"width: 100%;\" controls=\"controls\"><source type=\"audio\/wav\" src=\"https:\/\/kulturamoldava.sk\/wp-content\/uploads\/2022\/05\/VSD-4.05.2022-SKHU.wav?_=127\" \/><a href=\"https:\/\/kulturamoldava.sk\/wp-content\/uploads\/2022\/05\/VSD-4.05.2022-SKHU.wav\">https:\/\/kulturamoldava.sk\/wp-content\/uploads\/2022\/05\/VSD-4.05.2022-SKHU.wav<\/a><\/audio>\r\n<p>&nbsp;<\/p>\r\n<h3>Pozv\u00e1nka na divadeln\u00e9 predstavenie &#8222;U\u017e ti nikdy nenalet\u00edm&#8220;<\/h3>\r\n<audio class=\"wp-audio-shortcode\" id=\"audio-14835-128\" preload=\"none\" style=\"width: 100%;\" controls=\"controls\"><source type=\"audio\/wav\" src=\"https:\/\/kulturamoldava.sk\/wp-content\/uploads\/2022\/05\/Divadlo-SK-8.05.2022-4.wav?_=128\" \/><a href=\"https:\/\/kulturamoldava.sk\/wp-content\/uploads\/2022\/05\/Divadlo-SK-8.05.2022-4.wav\">https:\/\/kulturamoldava.sk\/wp-content\/uploads\/2022\/05\/Divadlo-SK-8.05.2022-4.wav<\/a><\/audio>\r\n<h3>Megh\u00edv\u00f3&nbsp; &#8222;U\u017e ti nikdy nenalet\u00edm&#8220; c\u00edm\u0171 szlov\u00e1k nyelv\u0171 sz\u00ednh\u00e1zi el\u0151ad\u00e1sra<\/h3>\r\n<audio class=\"wp-audio-shortcode\" id=\"audio-14835-129\" preload=\"none\" style=\"width: 100%;\" controls=\"controls\"><source type=\"audio\/wav\" src=\"https:\/\/kulturamoldava.sk\/wp-content\/uploads\/2022\/05\/Divadlo-HU-8.05.2022-1.wav?_=129\" \/><a href=\"https:\/\/kulturamoldava.sk\/wp-content\/uploads\/2022\/05\/Divadlo-HU-8.05.2022-1.wav\">https:\/\/kulturamoldava.sk\/wp-content\/uploads\/2022\/05\/Divadlo-HU-8.05.2022-1.wav<\/a><\/audio>\r\n<p>&nbsp;<\/p>\r\n<h3>Ozn\u00e1menie chovate\u013eom v\u010diel o chemickom o\u0161etren\u00ed repky ozimnej 28. a 29.04.2022<\/h3>\r\n<audio class=\"wp-audio-shortcode\" id=\"audio-14835-130\" preload=\"none\" style=\"width: 100%;\" controls=\"controls\"><source type=\"audio\/wav\" src=\"https:\/\/kulturamoldava.sk\/wp-content\/uploads\/2022\/04\/01.-vcely-SK.wav?_=130\" \/><a href=\"https:\/\/kulturamoldava.sk\/wp-content\/uploads\/2022\/04\/01.-vcely-SK.wav\">https:\/\/kulturamoldava.sk\/wp-content\/uploads\/2022\/04\/01.-vcely-SK.wav<\/a><\/audio>\r\n<h3>\u00c9rtes\u00edt\u00e9s a m\u00e9h\u00e9szeknek &#8211; \u0151szi repce vegyi permetez\u00e9se 2022.04.28. \u00e9s 29.<\/h3>\r\n<audio class=\"wp-audio-shortcode\" id=\"audio-14835-131\" preload=\"none\" style=\"width: 100%;\" controls=\"controls\"><source type=\"audio\/wav\" src=\"https:\/\/kulturamoldava.sk\/wp-content\/uploads\/2022\/04\/01.-vcely-HU.wav?_=131\" \/><a href=\"https:\/\/kulturamoldava.sk\/wp-content\/uploads\/2022\/04\/01.-vcely-HU.wav\">https:\/\/kulturamoldava.sk\/wp-content\/uploads\/2022\/04\/01.-vcely-HU.wav<\/a><\/audio>\r\n<p>&nbsp;<\/p>\r\n<h3>Zber papiera 26. &#8211; 28.04.2022<\/h3>\r\n<audio class=\"wp-audio-shortcode\" id=\"audio-14835-132\" preload=\"none\" style=\"width: 100%;\" controls=\"controls\"><source type=\"audio\/wav\" src=\"https:\/\/kulturamoldava.sk\/wp-content\/uploads\/2022\/05\/Zber-papiera-SK-21.04.2022.wav?_=132\" \/><a href=\"https:\/\/kulturamoldava.sk\/wp-content\/uploads\/2022\/05\/Zber-papiera-SK-21.04.2022.wav\">https:\/\/kulturamoldava.sk\/wp-content\/uploads\/2022\/05\/Zber-papiera-SK-21.04.2022.wav<\/a><\/audio>\r\n<h3>Hullad\u00e9pap\u00edr gy\u00fcjt\u0151akci\u00f3&nbsp; 2022.04.26. &#8211; 28.<\/h3>\r\n<audio class=\"wp-audio-shortcode\" id=\"audio-14835-133\" preload=\"none\" style=\"width: 100%;\" controls=\"controls\"><source type=\"audio\/wav\" src=\"https:\/\/kulturamoldava.sk\/wp-content\/uploads\/2022\/05\/Zber-papiera-HU-21.04.2022.wav?_=133\" \/><a href=\"https:\/\/kulturamoldava.sk\/wp-content\/uploads\/2022\/05\/Zber-papiera-HU-21.04.2022.wav\">https:\/\/kulturamoldava.sk\/wp-content\/uploads\/2022\/05\/Zber-papiera-HU-21.04.2022.wav<\/a><\/audio>\r\n<p>&nbsp;<\/p>\r\n<h3>Rosenberg slovakia s.r.o. &#8211; ponuka pr\u00e1ce<\/h3>\r\n<audio class=\"wp-audio-shortcode\" id=\"audio-14835-134\" preload=\"none\" style=\"width: 100%;\" controls=\"controls\"><source type=\"audio\/wav\" src=\"https:\/\/kulturamoldava.sk\/wp-content\/uploads\/2022\/04\/Rosenberg-SK-19.04.2022.wav?_=134\" \/><a href=\"https:\/\/kulturamoldava.sk\/wp-content\/uploads\/2022\/04\/Rosenberg-SK-19.04.2022.wav\">https:\/\/kulturamoldava.sk\/wp-content\/uploads\/2022\/04\/Rosenberg-SK-19.04.2022.wav<\/a><\/audio>\r\n<h3>Rosenberg slovakia s.r.o. &#8211; \u00e1ll\u00e1saj\u00e1nlat<\/h3>\r\n<audio class=\"wp-audio-shortcode\" id=\"audio-14835-135\" preload=\"none\" style=\"width: 100%;\" controls=\"controls\"><source type=\"audio\/wav\" src=\"https:\/\/kulturamoldava.sk\/wp-content\/uploads\/2022\/04\/Rosenberg-HU-19.04.2022.wav?_=135\" \/><a href=\"https:\/\/kulturamoldava.sk\/wp-content\/uploads\/2022\/04\/Rosenberg-HU-19.04.2022.wav\">https:\/\/kulturamoldava.sk\/wp-content\/uploads\/2022\/04\/Rosenberg-HU-19.04.2022.wav<\/a><\/audio>\r\n<p>&nbsp;<\/p>\r\n<p>&nbsp;<\/p>\r\n<h3>MOLDAVSK\u00c9 HRY BEZ HRAN\u00cdC 26.03.2022<\/h3>\r\n<audio class=\"wp-audio-shortcode\" id=\"audio-14835-136\" preload=\"none\" style=\"width: 100%;\" controls=\"controls\"><source type=\"audio\/wav\" src=\"https:\/\/kulturamoldava.sk\/wp-content\/uploads\/2022\/03\/Hry-be-hranic-SK.wav?_=136\" \/><a href=\"https:\/\/kulturamoldava.sk\/wp-content\/uploads\/2022\/03\/Hry-be-hranic-SK.wav\">https:\/\/kulturamoldava.sk\/wp-content\/uploads\/2022\/03\/Hry-be-hranic-SK.wav<\/a><\/audio>\r\n<h3>SZEPSI J\u00c1T\u00c9KOK HAT\u00c1ROK N\u00c9LK\u00dcL 2022.03.26<\/h3>\r\n<audio class=\"wp-audio-shortcode\" id=\"audio-14835-137\" preload=\"none\" style=\"width: 100%;\" controls=\"controls\"><source type=\"audio\/wav\" src=\"https:\/\/kulturamoldava.sk\/wp-content\/uploads\/2022\/03\/Hry-be-hranic-HU.wav?_=137\" \/><a href=\"https:\/\/kulturamoldava.sk\/wp-content\/uploads\/2022\/03\/Hry-be-hranic-HU.wav\">https:\/\/kulturamoldava.sk\/wp-content\/uploads\/2022\/03\/Hry-be-hranic-HU.wav<\/a><\/audio>\r\n<p>&nbsp;<\/p>\r\n<h3>Pozv\u00e1nka na diskusiu s odborn\u00edkmi s odborn\u00edkmi na t\u00e9mu postkovidov\u00fd syndr\u00f3m 23.03.2022<\/h3>\r\n<audio class=\"wp-audio-shortcode\" id=\"audio-14835-138\" preload=\"none\" style=\"width: 100%;\" controls=\"controls\"><source type=\"audio\/wav\" src=\"https:\/\/kulturamoldava.sk\/wp-content\/uploads\/2022\/04\/Postkovid-diskusia-23.03.2022-SK.wav?_=138\" \/><a href=\"https:\/\/kulturamoldava.sk\/wp-content\/uploads\/2022\/04\/Postkovid-diskusia-23.03.2022-SK.wav\">https:\/\/kulturamoldava.sk\/wp-content\/uploads\/2022\/04\/Postkovid-diskusia-23.03.2022-SK.wav<\/a><\/audio>\r\n<audio class=\"wp-audio-shortcode\" id=\"audio-14835-139\" preload=\"none\" style=\"width: 100%;\" controls=\"controls\"><source type=\"audio\/wav\" src=\"https:\/\/kulturamoldava.sk\/wp-content\/uploads\/2022\/04\/Postkovid-diskusia-23.03.2022-HU.wav?_=139\" \/><a href=\"https:\/\/kulturamoldava.sk\/wp-content\/uploads\/2022\/04\/Postkovid-diskusia-23.03.2022-HU.wav\">https:\/\/kulturamoldava.sk\/wp-content\/uploads\/2022\/04\/Postkovid-diskusia-23.03.2022-HU.wav<\/a><\/audio>\r\n<p>&nbsp;<\/p>\r\n<h3>Pozv\u00e1nka na benefi\u010dn\u00fd koncert pre Ukrajinu<\/h3>\r\n<audio class=\"wp-audio-shortcode\" id=\"audio-14835-140\" preload=\"none\" style=\"width: 100%;\" controls=\"controls\"><source type=\"audio\/wav\" src=\"https:\/\/kulturamoldava.sk\/wp-content\/uploads\/2022\/03\/Beneficny-koncert-SK.wav?_=140\" \/><a href=\"https:\/\/kulturamoldava.sk\/wp-content\/uploads\/2022\/03\/Beneficny-koncert-SK.wav\">https:\/\/kulturamoldava.sk\/wp-content\/uploads\/2022\/03\/Beneficny-koncert-SK.wav<\/a><\/audio>\r\n<h3>Megh\u00edv\u00f3 j\u00f3t\u00e9konys\u00e1gi koncertre Ukrajin\u00e1\u00e9rt<\/h3>\r\n<audio class=\"wp-audio-shortcode\" id=\"audio-14835-141\" preload=\"none\" style=\"width: 100%;\" controls=\"controls\"><source type=\"audio\/wav\" src=\"https:\/\/kulturamoldava.sk\/wp-content\/uploads\/2022\/03\/Beneficny-koncert-HU.wav?_=141\" \/><a href=\"https:\/\/kulturamoldava.sk\/wp-content\/uploads\/2022\/03\/Beneficny-koncert-HU.wav\">https:\/\/kulturamoldava.sk\/wp-content\/uploads\/2022\/03\/Beneficny-koncert-HU.wav<\/a><\/audio>\r\n<p>&nbsp;<\/p>\r\n<h3>Csemadok ZO Moldava n\/B &#8211; Pozv\u00e1nka na koncert<\/h3>\r\n<audio class=\"wp-audio-shortcode\" id=\"audio-14835-142\" preload=\"none\" style=\"width: 100%;\" controls=\"controls\"><source type=\"audio\/wav\" src=\"https:\/\/kulturamoldava.sk\/wp-content\/uploads\/2022\/03\/Csemadok-19.03.2022-SK.wav?_=142\" \/><a href=\"https:\/\/kulturamoldava.sk\/wp-content\/uploads\/2022\/03\/Csemadok-19.03.2022-SK.wav\">https:\/\/kulturamoldava.sk\/wp-content\/uploads\/2022\/03\/Csemadok-19.03.2022-SK.wav<\/a><\/audio>\r\n<h3>Csemadok Szepsi ASZ &#8211; Megh\u00edv\u00f3 Korp\u00e1s \u00c9va n\u00e9pzenei koncertj\u00e9re<\/h3>\r\n<audio class=\"wp-audio-shortcode\" id=\"audio-14835-143\" preload=\"none\" style=\"width: 100%;\" controls=\"controls\"><source type=\"audio\/wav\" src=\"https:\/\/kulturamoldava.sk\/wp-content\/uploads\/2022\/03\/Csemadok-19.03.2022-HU-1.wav?_=143\" \/><a href=\"https:\/\/kulturamoldava.sk\/wp-content\/uploads\/2022\/03\/Csemadok-19.03.2022-HU-1.wav\">https:\/\/kulturamoldava.sk\/wp-content\/uploads\/2022\/03\/Csemadok-19.03.2022-HU-1.wav<\/a><\/audio>\r\n<p>&nbsp;<\/p>\r\n<h3>Oznam pre poskytovat\u013eov ubytovania &#8211; pomoc Ukrajine<\/h3>\r\n<audio class=\"wp-audio-shortcode\" id=\"audio-14835-144\" preload=\"none\" style=\"width: 100%;\" controls=\"controls\"><source type=\"audio\/wav\" src=\"https:\/\/kulturamoldava.sk\/wp-content\/uploads\/2022\/03\/Pomoc-Ukrajine-folmular-SK.wav?_=144\" \/><a href=\"https:\/\/kulturamoldava.sk\/wp-content\/uploads\/2022\/03\/Pomoc-Ukrajine-folmular-SK.wav\">https:\/\/kulturamoldava.sk\/wp-content\/uploads\/2022\/03\/Pomoc-Ukrajine-folmular-SK.wav<\/a><\/audio>\r\n<audio class=\"wp-audio-shortcode\" id=\"audio-14835-145\" preload=\"none\" style=\"width: 100%;\" controls=\"controls\"><source type=\"audio\/wav\" src=\"https:\/\/kulturamoldava.sk\/wp-content\/uploads\/2022\/03\/Pomoc-Ukrajine-folmular-HU.wav?_=145\" \/><a href=\"https:\/\/kulturamoldava.sk\/wp-content\/uploads\/2022\/03\/Pomoc-Ukrajine-folmular-HU.wav\">https:\/\/kulturamoldava.sk\/wp-content\/uploads\/2022\/03\/Pomoc-Ukrajine-folmular-HU.wav<\/a><\/audio>\r\n<h3>Prevzatie viano\u010dn\u00fdch pouk\u00e1\u017eok 24.01. &#8211; 07.02.2022<\/h3>\r\n<audio class=\"wp-audio-shortcode\" id=\"audio-14835-146\" preload=\"none\" style=\"width: 100%;\" controls=\"controls\"><source type=\"audio\/wav\" src=\"https:\/\/kulturamoldava.sk\/wp-content\/uploads\/2022\/01\/Vianocne-poukazky-SK-20.01.2022.wav?_=146\" \/><a href=\"https:\/\/kulturamoldava.sk\/wp-content\/uploads\/2022\/01\/Vianocne-poukazky-SK-20.01.2022.wav\">https:\/\/kulturamoldava.sk\/wp-content\/uploads\/2022\/01\/Vianocne-poukazky-SK-20.01.2022.wav<\/a><\/audio>\r\n<h3>Kar\u00e1csonyi utalv\u00e1nyok \u00e1tv\u00e9tele 2022.01.24. &#8211; 02.07.<\/h3>\r\n<audio class=\"wp-audio-shortcode\" id=\"audio-14835-147\" preload=\"none\" style=\"width: 100%;\" controls=\"controls\"><source type=\"audio\/wav\" src=\"https:\/\/kulturamoldava.sk\/wp-content\/uploads\/2022\/01\/Vianocne-poukazky-HU-20.01.2022.wav?_=147\" \/><a href=\"https:\/\/kulturamoldava.sk\/wp-content\/uploads\/2022\/01\/Vianocne-poukazky-HU-20.01.2022.wav\">https:\/\/kulturamoldava.sk\/wp-content\/uploads\/2022\/01\/Vianocne-poukazky-HU-20.01.2022.wav<\/a><\/audio>\r\n<p>&nbsp;<\/p>\r\n<h3>O\u010dkovanie 22.01.2022 (sobota) Inkub\u00e1torov\u00fd dom<\/h3>\r\n<audio class=\"wp-audio-shortcode\" id=\"audio-14835-148\" preload=\"none\" style=\"width: 100%;\" controls=\"controls\"><source type=\"audio\/wav\" src=\"https:\/\/kulturamoldava.sk\/wp-content\/uploads\/2022\/01\/Ockovanie-SK-22.01.2022.wav?_=148\" \/><a href=\"https:\/\/kulturamoldava.sk\/wp-content\/uploads\/2022\/01\/Ockovanie-SK-22.01.2022.wav\">https:\/\/kulturamoldava.sk\/wp-content\/uploads\/2022\/01\/Ockovanie-SK-22.01.2022.wav<\/a><\/audio>\r\n<h3>V\u00e9d\u0151olt\u00e1s 2022.01.22. (szombat) Inkub\u00e1tor h\u00e1z<\/h3>\r\n<audio class=\"wp-audio-shortcode\" id=\"audio-14835-149\" preload=\"none\" style=\"width: 100%;\" controls=\"controls\"><source type=\"audio\/wav\" src=\"https:\/\/kulturamoldava.sk\/wp-content\/uploads\/2022\/01\/Ockovanie-HU-22.01.2022.wav?_=149\" \/><a href=\"https:\/\/kulturamoldava.sk\/wp-content\/uploads\/2022\/01\/Ockovanie-HU-22.01.2022.wav\">https:\/\/kulturamoldava.sk\/wp-content\/uploads\/2022\/01\/Ockovanie-HU-22.01.2022.wav<\/a><\/audio>\r\n<p>&nbsp;<\/p>\r\n<h3>Kompost\u00e9ry k odberu<\/h3>\r\n<audio class=\"wp-audio-shortcode\" id=\"audio-14835-150\" preload=\"none\" style=\"width: 100%;\" controls=\"controls\"><source type=\"audio\/wav\" src=\"https:\/\/kulturamoldava.sk\/wp-content\/uploads\/2022\/01\/Kompostery-HU-17.01.2022.wav?_=150\" \/><a href=\"https:\/\/kulturamoldava.sk\/wp-content\/uploads\/2022\/01\/Kompostery-HU-17.01.2022.wav\">https:\/\/kulturamoldava.sk\/wp-content\/uploads\/2022\/01\/Kompostery-HU-17.01.2022.wav<\/a><\/audio>\r\n<h3>Komposzt\u00e1l\u00f3k \u00e1tv\u00e9telre<\/h3>\r\n<audio class=\"wp-audio-shortcode\" id=\"audio-14835-151\" preload=\"none\" style=\"width: 100%;\" controls=\"controls\"><source type=\"audio\/wav\" src=\"https:\/\/kulturamoldava.sk\/wp-content\/uploads\/2022\/01\/Kompostery-SK-17.01.2022.wav?_=151\" \/><a href=\"https:\/\/kulturamoldava.sk\/wp-content\/uploads\/2022\/01\/Kompostery-SK-17.01.2022.wav\">https:\/\/kulturamoldava.sk\/wp-content\/uploads\/2022\/01\/Kompostery-SK-17.01.2022.wav<\/a><\/audio>\r\n<p>&nbsp;<\/p>\r\n<h3>O\u010dkovanie 08.01.2022 (sobota)<\/h3>\r\n<audio class=\"wp-audio-shortcode\" id=\"audio-14835-152\" preload=\"none\" style=\"width: 100%;\" controls=\"controls\"><source type=\"audio\/wav\" src=\"https:\/\/kulturamoldava.sk\/wp-content\/uploads\/2022\/01\/Ockovanie-SK-08.01.2022.wav?_=152\" \/><a href=\"https:\/\/kulturamoldava.sk\/wp-content\/uploads\/2022\/01\/Ockovanie-SK-08.01.2022.wav\">https:\/\/kulturamoldava.sk\/wp-content\/uploads\/2022\/01\/Ockovanie-SK-08.01.2022.wav<\/a><\/audio>\r\n<h3>V\u00e9d\u0151olt\u00e1s 2022.01.08. (szombat)<\/h3>\r\n<audio class=\"wp-audio-shortcode\" id=\"audio-14835-153\" preload=\"none\" style=\"width: 100%;\" controls=\"controls\"><source type=\"audio\/wav\" src=\"https:\/\/kulturamoldava.sk\/wp-content\/uploads\/2022\/01\/Ockovanie-HU-08.01.2022.wav?_=153\" \/><a href=\"https:\/\/kulturamoldava.sk\/wp-content\/uploads\/2022\/01\/Ockovanie-HU-08.01.2022.wav\">https:\/\/kulturamoldava.sk\/wp-content\/uploads\/2022\/01\/Ockovanie-HU-08.01.2022.wav<\/a><\/audio>\r\n<p>&nbsp;<\/p>\r\n<h3>O\u010dkovanie &#8211; V\u00e9d\u0151olt\u00e1s 23.12.2021 (\u0161tvrtok\/cs\u00fct\u00f6rt\u00f6k)<\/h3>\r\n<audio class=\"wp-audio-shortcode\" id=\"audio-14835-154\" preload=\"none\" style=\"width: 100%;\" controls=\"controls\"><source type=\"audio\/wav\" src=\"https:\/\/kulturamoldava.sk\/wp-content\/uploads\/2021\/12\/Ockovanie-december-SK-HU-17.12.2021-1.wav?_=154\" \/><a href=\"https:\/\/kulturamoldava.sk\/wp-content\/uploads\/2021\/12\/Ockovanie-december-SK-HU-17.12.2021-1.wav\">https:\/\/kulturamoldava.sk\/wp-content\/uploads\/2021\/12\/Ockovanie-december-SK-HU-17.12.2021-1.wav<\/a><\/audio>\r\n<h3>Prevzatie viano\u010dn\u00fdch pouk\u00e1\u017eok<\/h3>\r\n<audio class=\"wp-audio-shortcode\" id=\"audio-14835-155\" preload=\"none\" style=\"width: 100%;\" controls=\"controls\"><source type=\"audio\/wav\" src=\"https:\/\/kulturamoldava.sk\/wp-content\/uploads\/2021\/12\/Vianocne-poukazky-SK-07.12.2021-3.wav?_=155\" \/><a href=\"https:\/\/kulturamoldava.sk\/wp-content\/uploads\/2021\/12\/Vianocne-poukazky-SK-07.12.2021-3.wav\">https:\/\/kulturamoldava.sk\/wp-content\/uploads\/2021\/12\/Vianocne-poukazky-SK-07.12.2021-3.wav<\/a><\/audio>\r\n<h3>Kar\u00e1csonyi utalv\u00e1nyok \u00e1tv\u00e9tele<\/h3>\r\n<audio class=\"wp-audio-shortcode\" id=\"audio-14835-156\" preload=\"none\" style=\"width: 100%;\" controls=\"controls\"><source type=\"audio\/wav\" src=\"https:\/\/kulturamoldava.sk\/wp-content\/uploads\/2021\/12\/Vianocne-poukazky-HU-07.12.2021-3.wav?_=156\" \/><a href=\"https:\/\/kulturamoldava.sk\/wp-content\/uploads\/2021\/12\/Vianocne-poukazky-HU-07.12.2021-3.wav\">https:\/\/kulturamoldava.sk\/wp-content\/uploads\/2021\/12\/Vianocne-poukazky-HU-07.12.2021-3.wav<\/a><\/audio>\r\n<p>&nbsp;<\/p>\r\n<h3>AKCIOV\u00c1 PONUKA ANTIK TELECOM 07.12.2021<\/h3>\r\n<audio class=\"wp-audio-shortcode\" id=\"audio-14835-157\" preload=\"none\" style=\"width: 100%;\" controls=\"controls\"><source type=\"audio\/wav\" src=\"https:\/\/kulturamoldava.sk\/wp-content\/uploads\/2021\/12\/ANTIK-SK-13.09.2021-1.wav?_=157\" \/><a href=\"https:\/\/kulturamoldava.sk\/wp-content\/uploads\/2021\/12\/ANTIK-SK-13.09.2021-1.wav\">https:\/\/kulturamoldava.sk\/wp-content\/uploads\/2021\/12\/ANTIK-SK-13.09.2021-1.wav<\/a><\/audio>\r\n<h3>ANTIK TELECOM AJ\u00c1NLATA 2021.12.07.<\/h3>\r\n<audio class=\"wp-audio-shortcode\" id=\"audio-14835-158\" preload=\"none\" style=\"width: 100%;\" controls=\"controls\"><source type=\"audio\/wav\" src=\"https:\/\/kulturamoldava.sk\/wp-content\/uploads\/2021\/12\/ANTIK-HU-13.09.2021.wav?_=158\" \/><a href=\"https:\/\/kulturamoldava.sk\/wp-content\/uploads\/2021\/12\/ANTIK-HU-13.09.2021.wav\">https:\/\/kulturamoldava.sk\/wp-content\/uploads\/2021\/12\/ANTIK-HU-13.09.2021.wav<\/a><\/audio>\r\n<p>&nbsp;<\/p>\r\n<h3>O\u010dkovanie v Moldave nad Bodvou 11.12.2021 (sobota)<\/h3>\r\n<audio class=\"wp-audio-shortcode\" id=\"audio-14835-159\" preload=\"none\" style=\"width: 100%;\" controls=\"controls\"><source type=\"audio\/wav\" src=\"https:\/\/kulturamoldava.sk\/wp-content\/uploads\/2021\/12\/Ockovanie-SK-11.12.2021.wav?_=159\" \/><a href=\"https:\/\/kulturamoldava.sk\/wp-content\/uploads\/2021\/12\/Ockovanie-SK-11.12.2021.wav\">https:\/\/kulturamoldava.sk\/wp-content\/uploads\/2021\/12\/Ockovanie-SK-11.12.2021.wav<\/a><\/audio>\r\n<h3>V\u00e9d\u0151olt\u00e1s Szepsiben 2021.12.11. (szombat)<\/h3>\r\n<audio class=\"wp-audio-shortcode\" id=\"audio-14835-160\" preload=\"none\" style=\"width: 100%;\" controls=\"controls\"><source type=\"audio\/wav\" src=\"https:\/\/kulturamoldava.sk\/wp-content\/uploads\/2021\/12\/Ockovanie-HU-11.12.2021-2.wav?_=160\" \/><a href=\"https:\/\/kulturamoldava.sk\/wp-content\/uploads\/2021\/12\/Ockovanie-HU-11.12.2021-2.wav\">https:\/\/kulturamoldava.sk\/wp-content\/uploads\/2021\/12\/Ockovanie-HU-11.12.2021-2.wav<\/a><\/audio>\r\n<p>&nbsp;<\/p>\r\n<h3><strong>KOSIT a.s. &#8211;&nbsp; Zber plastov, kovu a tetrapaku&nbsp; 04.12.2021<\/strong><\/h3>\r\n<audio class=\"wp-audio-shortcode\" id=\"audio-14835-161\" preload=\"none\" style=\"width: 100%;\" controls=\"controls\"><source type=\"audio\/wav\" src=\"https:\/\/kulturamoldava.sk\/wp-content\/uploads\/2021\/12\/KOSIT-PLAST-SK-4.12.2021-.wav?_=161\" \/><a href=\"https:\/\/kulturamoldava.sk\/wp-content\/uploads\/2021\/12\/KOSIT-PLAST-SK-4.12.2021-.wav\">https:\/\/kulturamoldava.sk\/wp-content\/uploads\/2021\/12\/KOSIT-PLAST-SK-4.12.2021-.wav<\/a><\/audio>\r\n<h3><strong>KOSIT a.s. &#8211; m<\/strong>\u0171anyag<strong> , f\u00e9m \u00e9s tetrapak <\/strong>begy\u0171jt\u00e9se 2021.12.04.<\/h3>\r\n<audio class=\"wp-audio-shortcode\" id=\"audio-14835-162\" preload=\"none\" style=\"width: 100%;\" controls=\"controls\"><source type=\"audio\/wav\" src=\"https:\/\/kulturamoldava.sk\/wp-content\/uploads\/2021\/12\/KOSIT-PLAST-HU-4.12.2021.wav?_=162\" \/><a href=\"https:\/\/kulturamoldava.sk\/wp-content\/uploads\/2021\/12\/KOSIT-PLAST-HU-4.12.2021.wav\">https:\/\/kulturamoldava.sk\/wp-content\/uploads\/2021\/12\/KOSIT-PLAST-HU-4.12.2021.wav<\/a><\/audio>\r\n<hr>\r\n<h3>VVS a.s. &#8211; preru\u0161enie distrib\u00facie pitnej vody 25.11.2021<\/h3>\r\n<audio class=\"wp-audio-shortcode\" id=\"audio-14835-163\" preload=\"none\" style=\"width: 100%;\" controls=\"controls\"><source type=\"audio\/wav\" src=\"https:\/\/kulturamoldava.sk\/wp-content\/uploads\/2021\/11\/VVS-HU-23.11.2021.wav?_=163\" \/><a href=\"https:\/\/kulturamoldava.sk\/wp-content\/uploads\/2021\/11\/VVS-HU-23.11.2021.wav\">https:\/\/kulturamoldava.sk\/wp-content\/uploads\/2021\/11\/VVS-HU-23.11.2021.wav<\/a><\/audio>\r\n<h3>VVS a.s. &#8211; iv\u00f3v\u00edz-szolg\u00e1lktat\u00e1sa megszak\u00edt\u00e1sa 2021.11.25.<\/h3>\r\n<audio class=\"wp-audio-shortcode\" id=\"audio-14835-164\" preload=\"none\" style=\"width: 100%;\" controls=\"controls\"><source type=\"audio\/wav\" src=\"https:\/\/kulturamoldava.sk\/wp-content\/uploads\/2021\/11\/VVS-SK-23.11.2021.wav?_=164\" \/><a href=\"https:\/\/kulturamoldava.sk\/wp-content\/uploads\/2021\/11\/VVS-SK-23.11.2021.wav\">https:\/\/kulturamoldava.sk\/wp-content\/uploads\/2021\/11\/VVS-SK-23.11.2021.wav<\/a><\/audio>\r\n<hr>\r\n<h3>Kompost\u00e9ry k odberu do 3.12.2021<\/h3>\r\n<audio class=\"wp-audio-shortcode\" id=\"audio-14835-165\" preload=\"none\" style=\"width: 100%;\" controls=\"controls\"><source type=\"audio\/wav\" src=\"https:\/\/kulturamoldava.sk\/wp-content\/uploads\/2021\/11\/komposter-SK-23.11.2021-2.wav?_=165\" \/><a href=\"https:\/\/kulturamoldava.sk\/wp-content\/uploads\/2021\/11\/komposter-SK-23.11.2021-2.wav\">https:\/\/kulturamoldava.sk\/wp-content\/uploads\/2021\/11\/komposter-SK-23.11.2021-2.wav<\/a><\/audio>\r\n<h3>Komposzt\u00e1l\u00f3k \u00e1tv\u00e9telre 2021.12.3.-ig<\/h3>\r\n<audio class=\"wp-audio-shortcode\" id=\"audio-14835-166\" preload=\"none\" style=\"width: 100%;\" controls=\"controls\"><source type=\"audio\/wav\" src=\"https:\/\/kulturamoldava.sk\/wp-content\/uploads\/2021\/11\/komposter-HU-23.11.2021-1.wav?_=166\" \/><a href=\"https:\/\/kulturamoldava.sk\/wp-content\/uploads\/2021\/11\/komposter-HU-23.11.2021-1.wav\">https:\/\/kulturamoldava.sk\/wp-content\/uploads\/2021\/11\/komposter-HU-23.11.2021-1.wav<\/a><\/audio>\r\n<hr>\r\n<h3>O\u010dkovanie v Moldave nad Bodvou 27.11.2021 (sobota)<\/h3>\r\n<audio class=\"wp-audio-shortcode\" id=\"audio-14835-167\" preload=\"none\" style=\"width: 100%;\" controls=\"controls\"><source type=\"audio\/wav\" src=\"https:\/\/kulturamoldava.sk\/wp-content\/uploads\/2021\/11\/Ockovanie-27.11.2021.-SK.wav?_=167\" \/><a href=\"https:\/\/kulturamoldava.sk\/wp-content\/uploads\/2021\/11\/Ockovanie-27.11.2021.-SK.wav\">https:\/\/kulturamoldava.sk\/wp-content\/uploads\/2021\/11\/Ockovanie-27.11.2021.-SK.wav<\/a><\/audio>\r\n<h3>V\u00e9d\u0151olt\u00e1s Szepsiben 2021.11.27. (szombat)<\/h3>\r\n<audio class=\"wp-audio-shortcode\" id=\"audio-14835-168\" preload=\"none\" style=\"width: 100%;\" controls=\"controls\"><source type=\"audio\/wav\" src=\"https:\/\/kulturamoldava.sk\/wp-content\/uploads\/2021\/11\/Ockovanie-HU-27.11.2021-1.wav?_=168\" \/><a href=\"https:\/\/kulturamoldava.sk\/wp-content\/uploads\/2021\/11\/Ockovanie-HU-27.11.2021-1.wav\">https:\/\/kulturamoldava.sk\/wp-content\/uploads\/2021\/11\/Ockovanie-HU-27.11.2021-1.wav<\/a><\/audio>\r\n<hr>\r\n<h3>O\u010dkovanie v Moldave nad Bodvou 13.11.2021 (sobota)<\/h3>\r\n<audio class=\"wp-audio-shortcode\" id=\"audio-14835-169\" preload=\"none\" style=\"width: 100%;\" controls=\"controls\"><source type=\"audio\/wav\" src=\"https:\/\/kulturamoldava.sk\/wp-content\/uploads\/2021\/11\/Ockovanie-13.11.2021-SK.wav?_=169\" \/><a href=\"https:\/\/kulturamoldava.sk\/wp-content\/uploads\/2021\/11\/Ockovanie-13.11.2021-SK.wav\">https:\/\/kulturamoldava.sk\/wp-content\/uploads\/2021\/11\/Ockovanie-13.11.2021-SK.wav<\/a><\/audio>\r\n<h3>V\u00e9d\u0151olt\u00e1s Szepsiben 2021.11.13. (szombat)<\/h3>\r\n<audio class=\"wp-audio-shortcode\" id=\"audio-14835-170\" preload=\"none\" style=\"width: 100%;\" controls=\"controls\"><source type=\"audio\/wav\" src=\"https:\/\/kulturamoldava.sk\/wp-content\/uploads\/2021\/11\/Ockovanie-13.11.2021-HU.wav?_=170\" \/><a href=\"https:\/\/kulturamoldava.sk\/wp-content\/uploads\/2021\/11\/Ockovanie-13.11.2021-HU.wav\">https:\/\/kulturamoldava.sk\/wp-content\/uploads\/2021\/11\/Ockovanie-13.11.2021-HU.wav<\/a><\/audio>\r\n<hr>\r\n<h3>Zber biologicky rozlo\u017eite\u013en\u00fdch odpadov&nbsp;<\/h3>\r\n<audio class=\"wp-audio-shortcode\" id=\"audio-14835-171\" preload=\"none\" style=\"width: 100%;\" controls=\"controls\"><source type=\"audio\/wav\" src=\"https:\/\/kulturamoldava.sk\/wp-content\/uploads\/2021\/10\/01.-odvo-odpadu-SK.wav?_=171\" \/><a href=\"https:\/\/kulturamoldava.sk\/wp-content\/uploads\/2021\/10\/01.-odvo-odpadu-SK.wav\">https:\/\/kulturamoldava.sk\/wp-content\/uploads\/2021\/10\/01.-odvo-odpadu-SK.wav<\/a><\/audio>\r\n<h3>A biol\u00f3giailag leboml\u00f3 kerti hullad\u00e9kok gy\u0151jt\u00e9se<\/h3>\r\n<audio class=\"wp-audio-shortcode\" id=\"audio-14835-172\" preload=\"none\" style=\"width: 100%;\" controls=\"controls\"><source type=\"audio\/wav\" src=\"https:\/\/kulturamoldava.sk\/wp-content\/uploads\/2021\/10\/01.-odvo-odpadu-HU.wav?_=172\" \/><a href=\"https:\/\/kulturamoldava.sk\/wp-content\/uploads\/2021\/10\/01.-odvo-odpadu-HU.wav\">https:\/\/kulturamoldava.sk\/wp-content\/uploads\/2021\/10\/01.-odvo-odpadu-HU.wav<\/a><\/audio>\r\n<hr>\r\n<h3>Ozn\u00e1menie o obmedzen\u00ed prem\u00e1vky na Jesensk\u00e9ho ulici&nbsp; 25. &#8211; 29.10.2021<\/h3>\r\n<audio class=\"wp-audio-shortcode\" id=\"audio-14835-173\" preload=\"none\" style=\"width: 100%;\" controls=\"controls\"><source type=\"audio\/wav\" src=\"https:\/\/kulturamoldava.sk\/wp-content\/uploads\/2021\/10\/01.-mesto-garae-SK.wav?_=173\" \/><a href=\"https:\/\/kulturamoldava.sk\/wp-content\/uploads\/2021\/10\/01.-mesto-garae-SK.wav\">https:\/\/kulturamoldava.sk\/wp-content\/uploads\/2021\/10\/01.-mesto-garae-SK.wav<\/a><\/audio>\r\n<h3>\u00c9rtes\u00edt\u00e9s a Jesensk\u00fd utcai forgalomkorl\u00e1toz\u00e1sr\u00f3l 2021.11.2. &#8211; 11.5.<\/h3>\r\n<audio class=\"wp-audio-shortcode\" id=\"audio-14835-174\" preload=\"none\" style=\"width: 100%;\" controls=\"controls\"><source type=\"audio\/wav\" src=\"https:\/\/kulturamoldava.sk\/wp-content\/uploads\/2021\/10\/01.-mesto-garae-HU.wav?_=174\" \/><a href=\"https:\/\/kulturamoldava.sk\/wp-content\/uploads\/2021\/10\/01.-mesto-garae-HU.wav\">https:\/\/kulturamoldava.sk\/wp-content\/uploads\/2021\/10\/01.-mesto-garae-HU.wav<\/a><\/audio>\r\n<hr>\r\n<h3>&nbsp;<\/h3>\r\n<p><!--nextpage--><\/p>\r\n<h3>VSD a.s. &#8211; preru\u0161enie distrib\u00facie elektriny 2.11.2021<\/h3>\r\n<audio class=\"wp-audio-shortcode\" id=\"audio-14835-175\" preload=\"none\" style=\"width: 100%;\" controls=\"controls\"><source type=\"audio\/wav\" src=\"https:\/\/kulturamoldava.sk\/wp-content\/uploads\/2021\/10\/VSD-SK-02.11.2021.wav?_=175\" \/><a href=\"https:\/\/kulturamoldava.sk\/wp-content\/uploads\/2021\/10\/VSD-SK-02.11.2021.wav\">https:\/\/kulturamoldava.sk\/wp-content\/uploads\/2021\/10\/VSD-SK-02.11.2021.wav<\/a><\/audio>\r\n<h3>KELLET-SZLOV\u00c1KIAI ELEKTROMOS M\u0170VEK &#8211; \u00e1ramszolg\u00e1ltat\u00e1s sz\u00fcnetel\u00e9se 2021.11.2.<\/h3>\r\n<audio class=\"wp-audio-shortcode\" id=\"audio-14835-176\" preload=\"none\" style=\"width: 100%;\" controls=\"controls\"><source type=\"audio\/wav\" src=\"https:\/\/kulturamoldava.sk\/wp-content\/uploads\/2021\/10\/VSD-HU-02.11.2021.wav?_=176\" \/><a href=\"https:\/\/kulturamoldava.sk\/wp-content\/uploads\/2021\/10\/VSD-HU-02.11.2021.wav\">https:\/\/kulturamoldava.sk\/wp-content\/uploads\/2021\/10\/VSD-HU-02.11.2021.wav<\/a><\/audio>\r\n<hr>\r\n<h3>Netradi\u010dn\u00fd lampi\u00f3nov\u00fd sprievod 2021 &#8211; Lampi\u00f3ny pod balk\u00f3ny<\/h3>\r\n<audio class=\"wp-audio-shortcode\" id=\"audio-14835-177\" preload=\"none\" style=\"width: 100%;\" controls=\"controls\"><source type=\"audio\/wav\" src=\"https:\/\/kulturamoldava.sk\/wp-content\/uploads\/2021\/10\/Baff-sa-lampiony-SK-26.10.2021.wav?_=177\" \/><a href=\"https:\/\/kulturamoldava.sk\/wp-content\/uploads\/2021\/10\/Baff-sa-lampiony-SK-26.10.2021.wav\">https:\/\/kulturamoldava.sk\/wp-content\/uploads\/2021\/10\/Baff-sa-lampiony-SK-26.10.2021.wav<\/a><\/audio>\r\n<h3>Szokatlan lampionos felvonul\u00e1s 2021 &#8211; l\u00e1mp\u00e1s felvonul\u00e1s az ablakok alatt&nbsp;<\/h3>\r\n<audio class=\"wp-audio-shortcode\" id=\"audio-14835-178\" preload=\"none\" style=\"width: 100%;\" controls=\"controls\"><source type=\"audio\/wav\" src=\"https:\/\/kulturamoldava.sk\/wp-content\/uploads\/2021\/10\/Baff-sa-lampiony-HU-26.10.2021-1.wav?_=178\" \/><a href=\"https:\/\/kulturamoldava.sk\/wp-content\/uploads\/2021\/10\/Baff-sa-lampiony-HU-26.10.2021-1.wav\">https:\/\/kulturamoldava.sk\/wp-content\/uploads\/2021\/10\/Baff-sa-lampiony-HU-26.10.2021-1.wav<\/a><\/audio>\r\n<hr>\r\n<h3>Ozn\u00e1menie o obmedzen\u00ed prem\u00e1vky na Jesensk\u00e9ho ulici&nbsp; 25. &#8211; 29.10.2021<\/h3>\r\n<audio class=\"wp-audio-shortcode\" id=\"audio-14835-179\" preload=\"none\" style=\"width: 100%;\" controls=\"controls\"><source type=\"audio\/wav\" src=\"https:\/\/kulturamoldava.sk\/wp-content\/uploads\/2021\/10\/Obmedenie-ul.-Jesenskeho-SK-20.10.2021.wav?_=179\" \/><a href=\"https:\/\/kulturamoldava.sk\/wp-content\/uploads\/2021\/10\/Obmedenie-ul.-Jesenskeho-SK-20.10.2021.wav\">https:\/\/kulturamoldava.sk\/wp-content\/uploads\/2021\/10\/Obmedenie-ul.-Jesenskeho-SK-20.10.2021.wav<\/a><\/audio>\r\n<h3>\u00c9rtes\u00edt\u00e9s a Jesensk\u00fd utcai forgalomkorl\u00e1toz\u00e1sr\u00f3l 2021.10.25. &#8211; 29.<\/h3>\r\n<audio class=\"wp-audio-shortcode\" id=\"audio-14835-180\" preload=\"none\" style=\"width: 100%;\" controls=\"controls\"><source type=\"audio\/wav\" src=\"https:\/\/kulturamoldava.sk\/wp-content\/uploads\/2021\/10\/Obmedenie-ul.-Jesenskeho-HU-20.10.2021.wav?_=180\" \/><a href=\"https:\/\/kulturamoldava.sk\/wp-content\/uploads\/2021\/10\/Obmedenie-ul.-Jesenskeho-HU-20.10.2021.wav\">https:\/\/kulturamoldava.sk\/wp-content\/uploads\/2021\/10\/Obmedenie-ul.-Jesenskeho-HU-20.10.2021.wav<\/a><\/audio>\r\n<hr>\r\n<h3>FIRMA GA\u0147O \u2013 PREDAJ REZANEJ KAPUSTY, ZEMIAKOV A CIBULE do 27.11.2021<\/h3>\r\n<audio class=\"wp-audio-shortcode\" id=\"audio-14835-181\" preload=\"none\" style=\"width: 100%;\" controls=\"controls\"><source type=\"audio\/wav\" src=\"https:\/\/kulturamoldava.sk\/wp-content\/uploads\/2021\/10\/GANYO-12.10.2021-SK.wav?_=181\" \/><a href=\"https:\/\/kulturamoldava.sk\/wp-content\/uploads\/2021\/10\/GANYO-12.10.2021-SK.wav\">https:\/\/kulturamoldava.sk\/wp-content\/uploads\/2021\/10\/GANYO-12.10.2021-SK.wav<\/a><\/audio>\r\n<h3>GA\u0147O C\u00c9G \u2013 GYALULT K\u00c1POSZTA, BURGONYA \u00c9S HAGYMA \u00c1RUS\u00cdT\u00c1SA 2021.11.27.-ig<\/h3>\r\n<audio class=\"wp-audio-shortcode\" id=\"audio-14835-182\" preload=\"none\" style=\"width: 100%;\" controls=\"controls\"><source type=\"audio\/wav\" src=\"https:\/\/kulturamoldava.sk\/wp-content\/uploads\/2021\/10\/GANYO-12.10.2021-HU.wav?_=182\" \/><a href=\"https:\/\/kulturamoldava.sk\/wp-content\/uploads\/2021\/10\/GANYO-12.10.2021-HU.wav\">https:\/\/kulturamoldava.sk\/wp-content\/uploads\/2021\/10\/GANYO-12.10.2021-HU.wav<\/a><\/audio>\r\n<hr>\r\n<h3>O\u010dkovanie v Moldave nad Bodvou 16.10.2021 (sobota)<\/h3>\r\n<audio class=\"wp-audio-shortcode\" id=\"audio-14835-183\" preload=\"none\" style=\"width: 100%;\" controls=\"controls\"><source type=\"audio\/wav\" src=\"https:\/\/kulturamoldava.sk\/wp-content\/uploads\/2021\/10\/Ockovanie-SK-16.10.2021.wav?_=183\" \/><a href=\"https:\/\/kulturamoldava.sk\/wp-content\/uploads\/2021\/10\/Ockovanie-SK-16.10.2021.wav\">https:\/\/kulturamoldava.sk\/wp-content\/uploads\/2021\/10\/Ockovanie-SK-16.10.2021.wav<\/a><\/audio>\r\n<h3>V\u00e9d\u0151olt\u00e1s Szepsiben 2021.10.16. (szombat)<\/h3>\r\n<audio class=\"wp-audio-shortcode\" id=\"audio-14835-184\" preload=\"none\" style=\"width: 100%;\" controls=\"controls\"><source type=\"audio\/wav\" src=\"https:\/\/kulturamoldava.sk\/wp-content\/uploads\/2021\/10\/Ockovanie-HU-16.10.2021.wav?_=184\" \/><a href=\"https:\/\/kulturamoldava.sk\/wp-content\/uploads\/2021\/10\/Ockovanie-HU-16.10.2021.wav\">https:\/\/kulturamoldava.sk\/wp-content\/uploads\/2021\/10\/Ockovanie-HU-16.10.2021.wav<\/a><\/audio>\r\n<hr>\r\n<h3>Z\u0160 Severn\u00e1 &#8211; Zber papiera 05.10. &#8211; 07.10.2021<\/h3>\r\n<audio class=\"wp-audio-shortcode\" id=\"audio-14835-185\" preload=\"none\" style=\"width: 100%;\" controls=\"controls\"><source type=\"audio\/wav\" src=\"https:\/\/kulturamoldava.sk\/wp-content\/uploads\/2021\/10\/ZS-Severna-zber-papiera-SK-01.10.2021.wav?_=185\" \/><a href=\"https:\/\/kulturamoldava.sk\/wp-content\/uploads\/2021\/10\/ZS-Severna-zber-papiera-SK-01.10.2021.wav\">https:\/\/kulturamoldava.sk\/wp-content\/uploads\/2021\/10\/ZS-Severna-zber-papiera-SK-01.10.2021.wav<\/a><\/audio>\r\n<h3>\u00c9szak utcai \u00e1ltal\u00e1nos iskola &#8211; Hullad\u00e9kpap\u00edr gy\u0171jt\u0171akci\u00f3 2021.10.05. &#8211; 10.07.<\/h3>\r\n<audio class=\"wp-audio-shortcode\" id=\"audio-14835-186\" preload=\"none\" style=\"width: 100%;\" controls=\"controls\"><source type=\"audio\/wav\" src=\"https:\/\/kulturamoldava.sk\/wp-content\/uploads\/2021\/10\/ZS-Severna-zber-papiera-HU-01.10.2021.wav?_=186\" \/><a href=\"https:\/\/kulturamoldava.sk\/wp-content\/uploads\/2021\/10\/ZS-Severna-zber-papiera-HU-01.10.2021.wav\">https:\/\/kulturamoldava.sk\/wp-content\/uploads\/2021\/10\/ZS-Severna-zber-papiera-HU-01.10.2021.wav<\/a><\/audio>\r\n<hr>\r\n<h3>S\u00daKROMN\u00dd PREDAJCA Z RUMUNSKA \u2013 PREDAJ ROZLI\u010cN\u00c9HO TOVARU 04.10.2021<\/h3>\r\n<audio class=\"wp-audio-shortcode\" id=\"audio-14835-187\" preload=\"none\" style=\"width: 100%;\" controls=\"controls\"><source type=\"audio\/wav\" src=\"https:\/\/kulturamoldava.sk\/wp-content\/uploads\/2021\/10\/Predajca-z-Rumunska-SK-04.10.2021.wav?_=187\" \/><a href=\"https:\/\/kulturamoldava.sk\/wp-content\/uploads\/2021\/10\/Predajca-z-Rumunska-SK-04.10.2021.wav\">https:\/\/kulturamoldava.sk\/wp-content\/uploads\/2021\/10\/Predajca-z-Rumunska-SK-04.10.2021.wav<\/a><\/audio>\r\n<h3>ERD\u00c9LYI MAG\u00c1N ELAD\u00d3 \u2013 VEGYES\u00c1RU ELAD\u00c1SA 2021.10.04.<\/h3>\r\n<audio class=\"wp-audio-shortcode\" id=\"audio-14835-188\" preload=\"none\" style=\"width: 100%;\" controls=\"controls\"><source type=\"audio\/wav\" src=\"https:\/\/kulturamoldava.sk\/wp-content\/uploads\/2021\/10\/Predajca-z-Rmunska-HU-04.10.2021.wav?_=188\" \/><a href=\"https:\/\/kulturamoldava.sk\/wp-content\/uploads\/2021\/10\/Predajca-z-Rmunska-HU-04.10.2021.wav\">https:\/\/kulturamoldava.sk\/wp-content\/uploads\/2021\/10\/Predajca-z-Rmunska-HU-04.10.2021.wav<\/a><\/audio>\r\n<h3>O\u010dkovanie v Moldave nad Bodvou 02.10.2021 (sobota)<\/h3>\r\n<audio class=\"wp-audio-shortcode\" id=\"audio-14835-189\" preload=\"none\" style=\"width: 100%;\" controls=\"controls\"><source type=\"audio\/wav\" src=\"https:\/\/kulturamoldava.sk\/wp-content\/uploads\/2021\/10\/Ockovanie-Pfizer-Moderna-SK-02.10.2021.wav?_=189\" \/><a href=\"https:\/\/kulturamoldava.sk\/wp-content\/uploads\/2021\/10\/Ockovanie-Pfizer-Moderna-SK-02.10.2021.wav\">https:\/\/kulturamoldava.sk\/wp-content\/uploads\/2021\/10\/Ockovanie-Pfizer-Moderna-SK-02.10.2021.wav<\/a><\/audio>\r\n<h3>V\u00e9d\u0151olt\u00e1s Szepsiben 2021.10.02. (szombat)<\/h3>\r\n<audio class=\"wp-audio-shortcode\" id=\"audio-14835-190\" preload=\"none\" style=\"width: 100%;\" controls=\"controls\"><source type=\"audio\/wav\" src=\"https:\/\/kulturamoldava.sk\/wp-content\/uploads\/2021\/10\/Ockovanie-Pfizer-Moderna-HU-02.10.2021.wav?_=190\" \/><a href=\"https:\/\/kulturamoldava.sk\/wp-content\/uploads\/2021\/10\/Ockovanie-Pfizer-Moderna-HU-02.10.2021.wav\">https:\/\/kulturamoldava.sk\/wp-content\/uploads\/2021\/10\/Ockovanie-Pfizer-Moderna-HU-02.10.2021.wav<\/a><\/audio>\r\n<hr>\r\n<h3><strong>KOSIT a.s. &#8211;&nbsp; Zber plastov, kovu a tetrapaku&nbsp; 02.10.2021<\/strong><\/h3>\r\n<audio class=\"wp-audio-shortcode\" id=\"audio-14835-191\" preload=\"none\" style=\"width: 100%;\" controls=\"controls\"><source type=\"audio\/wav\" src=\"https:\/\/kulturamoldava.sk\/wp-content\/uploads\/2021\/10\/KOSIT-zber-plastu-SK-02.10.2021.wav?_=191\" \/><a href=\"https:\/\/kulturamoldava.sk\/wp-content\/uploads\/2021\/10\/KOSIT-zber-plastu-SK-02.10.2021.wav\">https:\/\/kulturamoldava.sk\/wp-content\/uploads\/2021\/10\/KOSIT-zber-plastu-SK-02.10.2021.wav<\/a><\/audio>\r\n<h3><strong>KOSIT a.s. &#8211; m<\/strong>\u0171anyag<strong> , f\u00e9m \u00e9s tetrapak <\/strong>begy\u0171jt\u00e9se 2021.10.02.<\/h3>\r\n<audio class=\"wp-audio-shortcode\" id=\"audio-14835-192\" preload=\"none\" style=\"width: 100%;\" controls=\"controls\"><source type=\"audio\/wav\" src=\"https:\/\/kulturamoldava.sk\/wp-content\/uploads\/2021\/10\/KOSIT-zber-plastu-HU-02.10.2021.wav?_=192\" \/><a href=\"https:\/\/kulturamoldava.sk\/wp-content\/uploads\/2021\/10\/KOSIT-zber-plastu-HU-02.10.2021.wav\">https:\/\/kulturamoldava.sk\/wp-content\/uploads\/2021\/10\/KOSIT-zber-plastu-HU-02.10.2021.wav<\/a><\/audio>\r\n<hr>\r\n<h3>O\u010dkovanie v Moldave nad Bodvou 18.09.2021 (sobota)<\/h3>\r\n<audio class=\"wp-audio-shortcode\" id=\"audio-14835-193\" preload=\"none\" style=\"width: 100%;\" controls=\"controls\"><source type=\"audio\/wav\" src=\"https:\/\/kulturamoldava.sk\/wp-content\/uploads\/2021\/09\/Ockovanie-SK-14.09.2021.wav?_=193\" \/><a href=\"https:\/\/kulturamoldava.sk\/wp-content\/uploads\/2021\/09\/Ockovanie-SK-14.09.2021.wav\">https:\/\/kulturamoldava.sk\/wp-content\/uploads\/2021\/09\/Ockovanie-SK-14.09.2021.wav<\/a><\/audio>\r\n<h3>V\u00e9d\u0151olt\u00e1s Szepsiben 2021.09.18. (szombat)<\/h3>\r\n<audio class=\"wp-audio-shortcode\" id=\"audio-14835-194\" preload=\"none\" style=\"width: 100%;\" controls=\"controls\"><source type=\"audio\/wav\" src=\"https:\/\/kulturamoldava.sk\/wp-content\/uploads\/2021\/09\/Ockovanie-HU-14.09.2021.wav?_=194\" \/><a href=\"https:\/\/kulturamoldava.sk\/wp-content\/uploads\/2021\/09\/Ockovanie-HU-14.09.2021.wav\">https:\/\/kulturamoldava.sk\/wp-content\/uploads\/2021\/09\/Ockovanie-HU-14.09.2021.wav<\/a><\/audio>\r\n<hr><hr>\r\n<h3>&nbsp;<\/h3>\r\n<p><!--nextpage--><\/p>\r\n<h3>LAKE FEST 18.09.2021<\/h3>\r\n<audio class=\"wp-audio-shortcode\" id=\"audio-14835-195\" preload=\"none\" style=\"width: 100%;\" controls=\"controls\"><source type=\"audio\/wav\" src=\"https:\/\/kulturamoldava.sk\/wp-content\/uploads\/2021\/09\/Lakefest-SK-13.09.2021.wav?_=195\" \/><a href=\"https:\/\/kulturamoldava.sk\/wp-content\/uploads\/2021\/09\/Lakefest-SK-13.09.2021.wav\">https:\/\/kulturamoldava.sk\/wp-content\/uploads\/2021\/09\/Lakefest-SK-13.09.2021.wav<\/a><\/audio>\r\n<audio class=\"wp-audio-shortcode\" id=\"audio-14835-196\" preload=\"none\" style=\"width: 100%;\" controls=\"controls\"><source type=\"audio\/wav\" src=\"https:\/\/kulturamoldava.sk\/wp-content\/uploads\/2021\/09\/Lakefest-HU-13.09.2021.wav?_=196\" \/><a href=\"https:\/\/kulturamoldava.sk\/wp-content\/uploads\/2021\/09\/Lakefest-HU-13.09.2021.wav\">https:\/\/kulturamoldava.sk\/wp-content\/uploads\/2021\/09\/Lakefest-HU-13.09.2021.wav<\/a><\/audio>\r\n<hr>\r\n<h3>AKCIOV\u00c1 PONUKA ANTIK TELECOM 13.09.2021<\/h3>\r\n<audio class=\"wp-audio-shortcode\" id=\"audio-14835-197\" preload=\"none\" style=\"width: 100%;\" controls=\"controls\"><source type=\"audio\/wav\" src=\"https:\/\/kulturamoldava.sk\/wp-content\/uploads\/2021\/09\/ANTIK-SK-13.09.2021.wav?_=197\" \/><a href=\"https:\/\/kulturamoldava.sk\/wp-content\/uploads\/2021\/09\/ANTIK-SK-13.09.2021.wav\">https:\/\/kulturamoldava.sk\/wp-content\/uploads\/2021\/09\/ANTIK-SK-13.09.2021.wav<\/a><\/audio>\r\n<h3>ANTIK TELECOM AJ\u00c1NLATA 2021.09.13.<\/h3>\r\n<audio class=\"wp-audio-shortcode\" id=\"audio-14835-198\" preload=\"none\" style=\"width: 100%;\" controls=\"controls\"><source type=\"audio\/wav\" src=\"https:\/\/kulturamoldava.sk\/wp-content\/uploads\/2021\/09\/ANTIK-HU-13.09.2021.wav?_=198\" \/><a href=\"https:\/\/kulturamoldava.sk\/wp-content\/uploads\/2021\/09\/ANTIK-HU-13.09.2021.wav\">https:\/\/kulturamoldava.sk\/wp-content\/uploads\/2021\/09\/ANTIK-HU-13.09.2021.wav<\/a><\/audio>\r\n<hr>\r\n<h3>VSD a.s. &#8211; preru\u0161enie distrib\u00facie elektriny 13.09.2021<\/h3>\r\n<audio class=\"wp-audio-shortcode\" id=\"audio-14835-199\" preload=\"none\" style=\"width: 100%;\" controls=\"controls\"><source type=\"audio\/wav\" src=\"https:\/\/kulturamoldava.sk\/wp-content\/uploads\/2021\/09\/VSD-SK-13.09.2021.wav?_=199\" \/><a href=\"https:\/\/kulturamoldava.sk\/wp-content\/uploads\/2021\/09\/VSD-SK-13.09.2021.wav\">https:\/\/kulturamoldava.sk\/wp-content\/uploads\/2021\/09\/VSD-SK-13.09.2021.wav<\/a><\/audio>\r\n<h3>KELLET-SZLOV\u00c1KIAI ELEKTROMOS M\u0170VEK &#8211; \u00e1ramszolg\u00e1ltat\u00e1s sz\u00fcnetel\u00e9se 2021.09.13.<\/h3>\r\n<audio class=\"wp-audio-shortcode\" id=\"audio-14835-200\" preload=\"none\" style=\"width: 100%;\" controls=\"controls\"><source type=\"audio\/wav\" src=\"https:\/\/kulturamoldava.sk\/wp-content\/uploads\/2021\/09\/VSD-HU-13.09.2021.wav?_=200\" \/><a href=\"https:\/\/kulturamoldava.sk\/wp-content\/uploads\/2021\/09\/VSD-HU-13.09.2021.wav\">https:\/\/kulturamoldava.sk\/wp-content\/uploads\/2021\/09\/VSD-HU-13.09.2021.wav<\/a><\/audio>\r\n<hr>\r\n<h3>Po\u0161tov\u00e1 banka &#8211; ponuka u\u017eito\u010dn\u00e9ho sporenia<\/h3>\r\n<audio class=\"wp-audio-shortcode\" id=\"audio-14835-201\" preload=\"none\" style=\"width: 100%;\" controls=\"controls\"><source type=\"audio\/wav\" src=\"https:\/\/kulturamoldava.sk\/wp-content\/uploads\/2021\/09\/Postova-banka-SK-07.09.2021.wav?_=201\" \/><a href=\"https:\/\/kulturamoldava.sk\/wp-content\/uploads\/2021\/09\/Postova-banka-SK-07.09.2021.wav\">https:\/\/kulturamoldava.sk\/wp-content\/uploads\/2021\/09\/Postova-banka-SK-07.09.2021.wav<\/a><\/audio>\r\n<h3>Posta bank &#8211; Hasznos megtakar\u00edt\u00e1s k\u00edn\u00e1lata<\/h3>\r\n<audio class=\"wp-audio-shortcode\" id=\"audio-14835-202\" preload=\"none\" style=\"width: 100%;\" controls=\"controls\"><source type=\"audio\/wav\" src=\"https:\/\/kulturamoldava.sk\/wp-content\/uploads\/2021\/09\/Postova-banka-HU-07.09.2021.wav?_=202\" \/><a href=\"https:\/\/kulturamoldava.sk\/wp-content\/uploads\/2021\/09\/Postova-banka-HU-07.09.2021.wav\">https:\/\/kulturamoldava.sk\/wp-content\/uploads\/2021\/09\/Postova-banka-HU-07.09.2021.wav<\/a><\/audio>\r\n<hr>\r\n<h3><strong>KOSIT a.s. &#8211;&nbsp; Zber plastov, kovu a tetrapaku&nbsp; 04.09.2021<\/strong><\/h3>\r\n<audio class=\"wp-audio-shortcode\" id=\"audio-14835-203\" preload=\"none\" style=\"width: 100%;\" controls=\"controls\"><source type=\"audio\/wav\" src=\"https:\/\/kulturamoldava.sk\/wp-content\/uploads\/2021\/09\/Kosit-plast-SK-04.09.2021.wav?_=203\" \/><a href=\"https:\/\/kulturamoldava.sk\/wp-content\/uploads\/2021\/09\/Kosit-plast-SK-04.09.2021.wav\">https:\/\/kulturamoldava.sk\/wp-content\/uploads\/2021\/09\/Kosit-plast-SK-04.09.2021.wav<\/a><\/audio>\r\n<h3><strong>KOSIT a.s. &#8211; m<\/strong>\u0171anyag<strong> , f\u00e9m \u00e9s tetrapak <\/strong>begy\u0171jt\u00e9se 2021.09.04.<\/h3>\r\n<audio class=\"wp-audio-shortcode\" id=\"audio-14835-204\" preload=\"none\" style=\"width: 100%;\" controls=\"controls\"><source type=\"audio\/wav\" src=\"https:\/\/kulturamoldava.sk\/wp-content\/uploads\/2021\/09\/Kosit-plast-HU-04.09.2021.wav?_=204\" \/><a href=\"https:\/\/kulturamoldava.sk\/wp-content\/uploads\/2021\/09\/Kosit-plast-HU-04.09.2021.wav\">https:\/\/kulturamoldava.sk\/wp-content\/uploads\/2021\/09\/Kosit-plast-HU-04.09.2021.wav<\/a><\/audio>\r\n<hr>\r\n<h3>O\u010dkovanie mobilnou o\u010dkovacou jednotkou v Moldave nad Bodvou 04.09.2021 (sobota)<\/h3>\r\n<audio class=\"wp-audio-shortcode\" id=\"audio-14835-205\" preload=\"none\" style=\"width: 100%;\" controls=\"controls\"><source type=\"audio\/wav\" src=\"https:\/\/kulturamoldava.sk\/wp-content\/uploads\/2021\/09\/Ockovanie-pfizer-2-SK-04.09.2021.wav?_=205\" \/><a href=\"https:\/\/kulturamoldava.sk\/wp-content\/uploads\/2021\/09\/Ockovanie-pfizer-2-SK-04.09.2021.wav\">https:\/\/kulturamoldava.sk\/wp-content\/uploads\/2021\/09\/Ockovanie-pfizer-2-SK-04.09.2021.wav<\/a><\/audio>\r\n<h3>Olt\u00e1s &#8211; mobil olt\u00f3\u00e1llom\u00e1s Szepsiben 2021.09.04. (szombat)<\/h3>\r\n<audio class=\"wp-audio-shortcode\" id=\"audio-14835-206\" preload=\"none\" style=\"width: 100%;\" controls=\"controls\"><source type=\"audio\/wav\" src=\"https:\/\/kulturamoldava.sk\/wp-content\/uploads\/2021\/09\/Ockovanie-pfizer-2-HU-04.09.2021.wav?_=206\" \/><a href=\"https:\/\/kulturamoldava.sk\/wp-content\/uploads\/2021\/09\/Ockovanie-pfizer-2-HU-04.09.2021.wav\">https:\/\/kulturamoldava.sk\/wp-content\/uploads\/2021\/09\/Ockovanie-pfizer-2-HU-04.09.2021.wav<\/a><\/audio>\r\n<hr>\r\n<h3>VSD a.s. &#8211; preru\u0161enie distrib\u00facie elektriny 06.09.2021<\/h3>\r\n<audio class=\"wp-audio-shortcode\" id=\"audio-14835-207\" preload=\"none\" style=\"width: 100%;\" controls=\"controls\"><source type=\"audio\/wav\" src=\"https:\/\/kulturamoldava.sk\/wp-content\/uploads\/2021\/09\/VSD-SK-06.09.2021.wav?_=207\" \/><a href=\"https:\/\/kulturamoldava.sk\/wp-content\/uploads\/2021\/09\/VSD-SK-06.09.2021.wav\">https:\/\/kulturamoldava.sk\/wp-content\/uploads\/2021\/09\/VSD-SK-06.09.2021.wav<\/a><\/audio>\r\n<h3>KELLET-SZLOV\u00c1KIAI ELEKTROMOS M\u0170VEK &#8211; \u00e1ramszolg\u00e1ltat\u00e1s sz\u00fcnetel\u00e9se 2021.09.06.<\/h3>\r\n<audio class=\"wp-audio-shortcode\" id=\"audio-14835-208\" preload=\"none\" style=\"width: 100%;\" controls=\"controls\"><source type=\"audio\/wav\" src=\"https:\/\/kulturamoldava.sk\/wp-content\/uploads\/2021\/09\/VSD-HU-06.09.2021.wav?_=208\" \/><a href=\"https:\/\/kulturamoldava.sk\/wp-content\/uploads\/2021\/09\/VSD-HU-06.09.2021.wav\">https:\/\/kulturamoldava.sk\/wp-content\/uploads\/2021\/09\/VSD-HU-06.09.2021.wav<\/a><\/audio>\r\n<hr>\r\n<h3>Ozn\u00e1menie o parkovan\u00ed pri poliklinike 27.08.2021<\/h3>\r\n<audio class=\"wp-audio-shortcode\" id=\"audio-14835-209\" preload=\"none\" style=\"width: 100%;\" controls=\"controls\"><source type=\"audio\/wav\" src=\"https:\/\/kulturamoldava.sk\/wp-content\/uploads\/2021\/08\/Oznam-parkovisko-SK-26.08.2021.wav?_=209\" \/><a href=\"https:\/\/kulturamoldava.sk\/wp-content\/uploads\/2021\/08\/Oznam-parkovisko-SK-26.08.2021.wav\">https:\/\/kulturamoldava.sk\/wp-content\/uploads\/2021\/08\/Oznam-parkovisko-SK-26.08.2021.wav<\/a><\/audio>\r\n<h3>\u00c9res\u00edt\u00e9s az eg\u00e9szs\u00e9g\u00fcgyi k\u00f6zpont melletti parkol\u00e1sr\u00f3l 2021.08.27.<\/h3>\r\n<audio class=\"wp-audio-shortcode\" id=\"audio-14835-210\" preload=\"none\" style=\"width: 100%;\" controls=\"controls\"><source type=\"audio\/wav\" src=\"https:\/\/kulturamoldava.sk\/wp-content\/uploads\/2021\/08\/Oznam-parkovisko-HU-26.08.2021-1.wav?_=210\" \/><a href=\"https:\/\/kulturamoldava.sk\/wp-content\/uploads\/2021\/08\/Oznam-parkovisko-HU-26.08.2021-1.wav\">https:\/\/kulturamoldava.sk\/wp-content\/uploads\/2021\/08\/Oznam-parkovisko-HU-26.08.2021-1.wav<\/a><\/audio>\r\n<hr>\r\n<h3>Moldavsk\u00fd festival kult\u00fary a \u0161portu 2021<\/h3>\r\n<audio class=\"wp-audio-shortcode\" id=\"audio-14835-211\" preload=\"none\" style=\"width: 100%;\" controls=\"controls\"><source type=\"audio\/wav\" src=\"https:\/\/kulturamoldava.sk\/wp-content\/uploads\/2021\/08\/Moldavsky-festival-2021-SK.wav?_=211\" \/><a href=\"https:\/\/kulturamoldava.sk\/wp-content\/uploads\/2021\/08\/Moldavsky-festival-2021-SK.wav\">https:\/\/kulturamoldava.sk\/wp-content\/uploads\/2021\/08\/Moldavsky-festival-2021-SK.wav<\/a><\/audio>\r\n<h3>Szepsi kultur\u00e1lis \u00e9s sportfesztiv\u00e1l 2021<\/h3>\r\n<audio class=\"wp-audio-shortcode\" id=\"audio-14835-212\" preload=\"none\" style=\"width: 100%;\" controls=\"controls\"><source type=\"audio\/wav\" src=\"https:\/\/kulturamoldava.sk\/wp-content\/uploads\/2021\/08\/Moldavsky-festival-2021-HU.wav?_=212\" \/><a href=\"https:\/\/kulturamoldava.sk\/wp-content\/uploads\/2021\/08\/Moldavsky-festival-2021-HU.wav\">https:\/\/kulturamoldava.sk\/wp-content\/uploads\/2021\/08\/Moldavsky-festival-2021-HU.wav<\/a><\/audio>\r\n<hr>\r\n<h3><strong>KOSIT a.s. &#8211;&nbsp; Zber plastov, kovu a tetrapaku&nbsp; 07.08.2021<\/strong><\/h3>\r\n<audio class=\"wp-audio-shortcode\" id=\"audio-14835-213\" preload=\"none\" style=\"width: 100%;\" controls=\"controls\"><source type=\"audio\/wav\" src=\"https:\/\/kulturamoldava.sk\/wp-content\/uploads\/2021\/08\/Kosit-plast-SK-07.08.2021.wav?_=213\" \/><a href=\"https:\/\/kulturamoldava.sk\/wp-content\/uploads\/2021\/08\/Kosit-plast-SK-07.08.2021.wav\">https:\/\/kulturamoldava.sk\/wp-content\/uploads\/2021\/08\/Kosit-plast-SK-07.08.2021.wav<\/a><\/audio>\r\n<h3><strong>KOSIT a.s. &#8211; m<\/strong>\u0171anyag<strong> , f\u00e9m \u00e9s tetrapak <\/strong>begy\u0171jt\u00e9se 2021.08.07.<\/h3>\r\n<audio class=\"wp-audio-shortcode\" id=\"audio-14835-214\" preload=\"none\" style=\"width: 100%;\" controls=\"controls\"><source type=\"audio\/wav\" src=\"https:\/\/kulturamoldava.sk\/wp-content\/uploads\/2021\/08\/kosit-plast-HU-07.08.2021.wav?_=214\" \/><a href=\"https:\/\/kulturamoldava.sk\/wp-content\/uploads\/2021\/08\/kosit-plast-HU-07.08.2021.wav\">https:\/\/kulturamoldava.sk\/wp-content\/uploads\/2021\/08\/kosit-plast-HU-07.08.2021.wav<\/a><\/audio>\r\n<hr>\r\n<h3>&nbsp;<\/h3>\r\n<p><!--nextpage--><\/p>\r\n<h3>O\u010dkovanie mobilnou o\u010dkovacou jednotkou v Moldave nad Bodvou 07.08.2021 (sobota)<\/h3>\r\n<audio class=\"wp-audio-shortcode\" id=\"audio-14835-215\" preload=\"none\" style=\"width: 100%;\" controls=\"controls\"><source type=\"audio\/wav\" src=\"https:\/\/kulturamoldava.sk\/wp-content\/uploads\/2021\/08\/Ockovanie-august-SK.wav?_=215\" \/><a href=\"https:\/\/kulturamoldava.sk\/wp-content\/uploads\/2021\/08\/Ockovanie-august-SK.wav\">https:\/\/kulturamoldava.sk\/wp-content\/uploads\/2021\/08\/Ockovanie-august-SK.wav<\/a><\/audio>\r\n<h3>Olt\u00e1s &#8211; mobil olt\u00f3\u00e1llom\u00e1s Szepsiben 2021.08.07. (szombat)<\/h3>\r\n<audio class=\"wp-audio-shortcode\" id=\"audio-14835-216\" preload=\"none\" style=\"width: 100%;\" controls=\"controls\"><source type=\"audio\/wav\" src=\"https:\/\/kulturamoldava.sk\/wp-content\/uploads\/2021\/08\/Ockovanie-august-HU.wav?_=216\" \/><a href=\"https:\/\/kulturamoldava.sk\/wp-content\/uploads\/2021\/08\/Ockovanie-august-HU.wav\">https:\/\/kulturamoldava.sk\/wp-content\/uploads\/2021\/08\/Ockovanie-august-HU.wav<\/a><\/audio>\r\n<hr>\r\n<h3>Odvoz komun\u00e1lneho odpadu 31.07.2021<\/h3>\r\n<audio class=\"wp-audio-shortcode\" id=\"audio-14835-217\" preload=\"none\" style=\"width: 100%;\" controls=\"controls\"><source type=\"audio\/wav\" src=\"https:\/\/kulturamoldava.sk\/wp-content\/uploads\/2021\/07\/Odvoz-odpadu-SK-30.07.2021.wav?_=217\" \/><a href=\"https:\/\/kulturamoldava.sk\/wp-content\/uploads\/2021\/07\/Odvoz-odpadu-SK-30.07.2021.wav\">https:\/\/kulturamoldava.sk\/wp-content\/uploads\/2021\/07\/Odvoz-odpadu-SK-30.07.2021.wav<\/a><\/audio>\r\n<h3>Vegyes hullad\u00e9k elvitele 2021.07.31.<\/h3>\r\n<audio class=\"wp-audio-shortcode\" id=\"audio-14835-218\" preload=\"none\" style=\"width: 100%;\" controls=\"controls\"><source type=\"audio\/wav\" src=\"https:\/\/kulturamoldava.sk\/wp-content\/uploads\/2021\/07\/Odvoz-odpadu-HU-30.07.2021.wav?_=218\" \/><a href=\"https:\/\/kulturamoldava.sk\/wp-content\/uploads\/2021\/07\/Odvoz-odpadu-HU-30.07.2021.wav\">https:\/\/kulturamoldava.sk\/wp-content\/uploads\/2021\/07\/Odvoz-odpadu-HU-30.07.2021.wav<\/a><\/audio>\r\n<hr>\r\n<h3>VSD a.s. &#8211; preru\u0161enie distrib\u00facie elektriny 02.-03.07.2021<\/h3>\r\n<audio class=\"wp-audio-shortcode\" id=\"audio-14835-219\" preload=\"none\" style=\"width: 100%;\" controls=\"controls\"><source type=\"audio\/wav\" src=\"https:\/\/kulturamoldava.sk\/wp-content\/uploads\/2021\/07\/VSD-HU-02.-03.07.202.wav?_=219\" \/><a href=\"https:\/\/kulturamoldava.sk\/wp-content\/uploads\/2021\/07\/VSD-HU-02.-03.07.202.wav\">https:\/\/kulturamoldava.sk\/wp-content\/uploads\/2021\/07\/VSD-HU-02.-03.07.202.wav<\/a><\/audio>\r\n<h3>KELLET-SZLOV\u00c1KIAI ELEKTROMOS M\u0170VEK &#8211; \u00e1ramszolg\u00e1ltat\u00e1s sz\u00fcnetel\u00e9se 2021.07.02.-03.<\/h3>\r\n<audio class=\"wp-audio-shortcode\" id=\"audio-14835-220\" preload=\"none\" style=\"width: 100%;\" controls=\"controls\"><source type=\"audio\/wav\" src=\"https:\/\/kulturamoldava.sk\/wp-content\/uploads\/2021\/07\/VSD-SK-02.-03.07.202.wav?_=220\" \/><a href=\"https:\/\/kulturamoldava.sk\/wp-content\/uploads\/2021\/07\/VSD-SK-02.-03.07.202.wav\">https:\/\/kulturamoldava.sk\/wp-content\/uploads\/2021\/07\/VSD-SK-02.-03.07.202.wav<\/a><\/audio>\r\n<hr>\r\n<h3>O\u010dkovanie mobilnou o\u010dkovacou jednotkou v Moldave nad Bodvou 02.08.2021 (pondelok)<\/h3>\r\n<audio class=\"wp-audio-shortcode\" id=\"audio-14835-221\" preload=\"none\" style=\"width: 100%;\" controls=\"controls\"><source type=\"audio\/wav\" src=\"https:\/\/kulturamoldava.sk\/wp-content\/uploads\/2021\/07\/Ockovanie-SK-22.07.2021.wav?_=221\" \/><a href=\"https:\/\/kulturamoldava.sk\/wp-content\/uploads\/2021\/07\/Ockovanie-SK-22.07.2021.wav\">https:\/\/kulturamoldava.sk\/wp-content\/uploads\/2021\/07\/Ockovanie-SK-22.07.2021.wav<\/a><\/audio>\r\n<h3>Olt\u00e1s &#8211; mobil olt\u00f3\u00e1llom\u00e1s Szepsiben 2021.08.02. (h\u00e9tf\u0151)<\/h3>\r\n<audio class=\"wp-audio-shortcode\" id=\"audio-14835-222\" preload=\"none\" style=\"width: 100%;\" controls=\"controls\"><source type=\"audio\/wav\" src=\"https:\/\/kulturamoldava.sk\/wp-content\/uploads\/2021\/07\/Ockovanie-HU-22.07.2021.wav?_=222\" \/><a href=\"https:\/\/kulturamoldava.sk\/wp-content\/uploads\/2021\/07\/Ockovanie-HU-22.07.2021.wav\">https:\/\/kulturamoldava.sk\/wp-content\/uploads\/2021\/07\/Ockovanie-HU-22.07.2021.wav<\/a><\/audio>\r\n<hr>\r\n<h3>DIGI SLOVAKIA &#8211; akciov\u00e1 ponuka satelitnej digi tv 21.07.2021<\/h3>\r\n<audio class=\"wp-audio-shortcode\" id=\"audio-14835-223\" preload=\"none\" style=\"width: 100%;\" controls=\"controls\"><source type=\"audio\/wav\" src=\"https:\/\/kulturamoldava.sk\/wp-content\/uploads\/2021\/07\/digi-SK-21.07.2021.wav?_=223\" \/><a href=\"https:\/\/kulturamoldava.sk\/wp-content\/uploads\/2021\/07\/digi-SK-21.07.2021.wav\">https:\/\/kulturamoldava.sk\/wp-content\/uploads\/2021\/07\/digi-SK-21.07.2021.wav<\/a><\/audio>\r\n<h3>DIGI SLOVAKIA &#8211; m\u00fcholdas digi tv aj\u00e1nlatt 2021.07.21.<\/h3>\r\n<audio class=\"wp-audio-shortcode\" id=\"audio-14835-224\" preload=\"none\" style=\"width: 100%;\" controls=\"controls\"><source type=\"audio\/wav\" src=\"https:\/\/kulturamoldava.sk\/wp-content\/uploads\/2021\/07\/digi-HU-21.07.2021.wav?_=224\" \/><a href=\"https:\/\/kulturamoldava.sk\/wp-content\/uploads\/2021\/07\/digi-HU-21.07.2021.wav\">https:\/\/kulturamoldava.sk\/wp-content\/uploads\/2021\/07\/digi-HU-21.07.2021.wav<\/a><\/audio>\r\n<hr>\r\n<h3>AKCIOV\u00c1 PONUKA ANTIK TELECOM 20.07.2021<\/h3>\r\n<audio class=\"wp-audio-shortcode\" id=\"audio-14835-225\" preload=\"none\" style=\"width: 100%;\" controls=\"controls\"><source type=\"audio\/wav\" src=\"https:\/\/kulturamoldava.sk\/wp-content\/uploads\/2021\/07\/antik-HU-20.07.2021.wav?_=225\" \/><a href=\"https:\/\/kulturamoldava.sk\/wp-content\/uploads\/2021\/07\/antik-HU-20.07.2021.wav\">https:\/\/kulturamoldava.sk\/wp-content\/uploads\/2021\/07\/antik-HU-20.07.2021.wav<\/a><\/audio>\r\n<h3>ANTIK TELECOM AJ\u00c1NLATA 2021.07.20.<\/h3>\r\n<audio class=\"wp-audio-shortcode\" id=\"audio-14835-226\" preload=\"none\" style=\"width: 100%;\" controls=\"controls\"><source type=\"audio\/wav\" src=\"https:\/\/kulturamoldava.sk\/wp-content\/uploads\/2021\/07\/antik-SK-20.07.2021.wav?_=226\" \/><a href=\"https:\/\/kulturamoldava.sk\/wp-content\/uploads\/2021\/07\/antik-SK-20.07.2021.wav\">https:\/\/kulturamoldava.sk\/wp-content\/uploads\/2021\/07\/antik-SK-20.07.2021.wav<\/a><\/audio>\r\n<hr>\r\n<h3>Pozv\u00e1nka na podujatie de\u0148 rodiny 17.07.2021<\/h3>\r\n<audio class=\"wp-audio-shortcode\" id=\"audio-14835-227\" preload=\"none\" style=\"width: 100%;\" controls=\"controls\"><source type=\"audio\/wav\" src=\"https:\/\/kulturamoldava.sk\/wp-content\/uploads\/2021\/07\/Den-rodiny-2021-SK.wav?_=227\" \/><a href=\"https:\/\/kulturamoldava.sk\/wp-content\/uploads\/2021\/07\/Den-rodiny-2021-SK.wav\">https:\/\/kulturamoldava.sk\/wp-content\/uploads\/2021\/07\/Den-rodiny-2021-SK.wav<\/a><\/audio>\r\n<h3>Megh\u00edv\u00f3 egy k\u00f6z\u00f6s csal\u00e1di napra 2021.07.17.<\/h3>\r\n<audio class=\"wp-audio-shortcode\" id=\"audio-14835-228\" preload=\"none\" style=\"width: 100%;\" controls=\"controls\"><source type=\"audio\/wav\" src=\"https:\/\/kulturamoldava.sk\/wp-content\/uploads\/2021\/07\/Den-rodiny-2021-HU.wav?_=228\" \/><a href=\"https:\/\/kulturamoldava.sk\/wp-content\/uploads\/2021\/07\/Den-rodiny-2021-HU.wav\">https:\/\/kulturamoldava.sk\/wp-content\/uploads\/2021\/07\/Den-rodiny-2021-HU.wav<\/a><\/audio>\r\n<hr>\r\n<h3>VSD a.s. &#8211; preru\u0161enie distrib\u00facie elektriny 16.07.2021<\/h3>\r\n<audio class=\"wp-audio-shortcode\" id=\"audio-14835-229\" preload=\"none\" style=\"width: 100%;\" controls=\"controls\"><source type=\"audio\/wav\" src=\"https:\/\/kulturamoldava.sk\/wp-content\/uploads\/2021\/07\/VSD-16.07.2021-SK.wav?_=229\" \/><a href=\"https:\/\/kulturamoldava.sk\/wp-content\/uploads\/2021\/07\/VSD-16.07.2021-SK.wav\">https:\/\/kulturamoldava.sk\/wp-content\/uploads\/2021\/07\/VSD-16.07.2021-SK.wav<\/a><\/audio>\r\n<h3>KELLET-SZLOV\u00c1KIAI ELEKTROMOS M\u0170VEK &#8211; \u00e1ramszolg\u00e1ltat\u00e1s sz\u00fcnetel\u00e9se 2021.07.16.<\/h3>\r\n<audio class=\"wp-audio-shortcode\" id=\"audio-14835-230\" preload=\"none\" style=\"width: 100%;\" controls=\"controls\"><source type=\"audio\/wav\" src=\"https:\/\/kulturamoldava.sk\/wp-content\/uploads\/2021\/07\/VSD-16.07.2021-HU.wav?_=230\" \/><a href=\"https:\/\/kulturamoldava.sk\/wp-content\/uploads\/2021\/07\/VSD-16.07.2021-HU.wav\">https:\/\/kulturamoldava.sk\/wp-content\/uploads\/2021\/07\/VSD-16.07.2021-HU.wav<\/a><\/audio>\r\n<hr>\r\n<h3>VSD a.s. &#8211; Odpo\u010det elektromerov v mestskej \u010dasti Budulov<\/h3>\r\n<audio class=\"wp-audio-shortcode\" id=\"audio-14835-231\" preload=\"none\" style=\"width: 100%;\" controls=\"controls\"><source type=\"audio\/wav\" src=\"https:\/\/kulturamoldava.sk\/wp-content\/uploads\/2021\/07\/VSD-Buduolv-.wav?_=231\" \/><a href=\"https:\/\/kulturamoldava.sk\/wp-content\/uploads\/2021\/07\/VSD-Buduolv-.wav\">https:\/\/kulturamoldava.sk\/wp-content\/uploads\/2021\/07\/VSD-Buduolv-.wav<\/a><\/audio>\r\n<hr>\r\n<h3>VSD a.s. &#8211; preru\u0161enie distrib\u00facie elektriny 09.07.2021<\/h3>\r\n<audio class=\"wp-audio-shortcode\" id=\"audio-14835-232\" preload=\"none\" style=\"width: 100%;\" controls=\"controls\"><source type=\"audio\/wav\" src=\"https:\/\/kulturamoldava.sk\/wp-content\/uploads\/2021\/07\/VSD-odstavka-elektriny-09.07.2021-SK.wav?_=232\" \/><a href=\"https:\/\/kulturamoldava.sk\/wp-content\/uploads\/2021\/07\/VSD-odstavka-elektriny-09.07.2021-SK.wav\">https:\/\/kulturamoldava.sk\/wp-content\/uploads\/2021\/07\/VSD-odstavka-elektriny-09.07.2021-SK.wav<\/a><\/audio>\r\n<h3>KELLET-SZLOV\u00c1KIAI ELEKTROMOS M\u0170VEK &#8211; \u00e1ramszolg\u00e1ltat\u00e1s sz\u00fcnetel\u00e9se 2021.07.09.<\/h3>\r\n<audio class=\"wp-audio-shortcode\" id=\"audio-14835-233\" preload=\"none\" style=\"width: 100%;\" controls=\"controls\"><source type=\"audio\/wav\" src=\"https:\/\/kulturamoldava.sk\/wp-content\/uploads\/2021\/07\/VSD-odstavka-elektriny-09.07.2021-HU.wav?_=233\" \/><a href=\"https:\/\/kulturamoldava.sk\/wp-content\/uploads\/2021\/07\/VSD-odstavka-elektriny-09.07.2021-HU.wav\">https:\/\/kulturamoldava.sk\/wp-content\/uploads\/2021\/07\/VSD-odstavka-elektriny-09.07.2021-HU.wav<\/a><\/audio>\r\n<p><!--more--><\/p>\r\n<hr>\r\n<h3><strong>KOSIT a.s. &#8211;&nbsp; Zber plastov, kovu a tetrapaku&nbsp; 03.07.2021<\/strong><\/h3>\r\n<audio class=\"wp-audio-shortcode\" id=\"audio-14835-234\" preload=\"none\" style=\"width: 100%;\" controls=\"controls\"><source type=\"audio\/wav\" src=\"https:\/\/kulturamoldava.sk\/wp-content\/uploads\/2021\/07\/KOSIT-plast-03.07.2021-HU.wav?_=234\" \/><a href=\"https:\/\/kulturamoldava.sk\/wp-content\/uploads\/2021\/07\/KOSIT-plast-03.07.2021-HU.wav\">https:\/\/kulturamoldava.sk\/wp-content\/uploads\/2021\/07\/KOSIT-plast-03.07.2021-HU.wav<\/a><\/audio>\r\n<h3><strong>KOSIT a.s. &#8211; m<\/strong>\u0171anyag<strong> , f\u00e9m \u00e9s tetrapak <\/strong>begy\u0171jt\u00e9se 2021.07.03.<\/h3>\r\n<audio class=\"wp-audio-shortcode\" id=\"audio-14835-235\" preload=\"none\" style=\"width: 100%;\" controls=\"controls\"><source type=\"audio\/wav\" src=\"https:\/\/kulturamoldava.sk\/wp-content\/uploads\/2021\/07\/KOSIT-plast-03.07.2021-SK.wav?_=235\" \/><a href=\"https:\/\/kulturamoldava.sk\/wp-content\/uploads\/2021\/07\/KOSIT-plast-03.07.2021-SK.wav\">https:\/\/kulturamoldava.sk\/wp-content\/uploads\/2021\/07\/KOSIT-plast-03.07.2021-SK.wav<\/a><\/audio>\r\n<hr>\r\n<h3>EUROJOB s.r.o.- ponuka pr\u00e1ce<\/h3>\r\n<audio class=\"wp-audio-shortcode\" id=\"audio-14835-236\" preload=\"none\" style=\"width: 100%;\" controls=\"controls\"><source type=\"audio\/wav\" src=\"https:\/\/kulturamoldava.sk\/wp-content\/uploads\/2021\/07\/EUROJOB-SK.wav?_=236\" \/><a href=\"https:\/\/kulturamoldava.sk\/wp-content\/uploads\/2021\/07\/EUROJOB-SK.wav\">https:\/\/kulturamoldava.sk\/wp-content\/uploads\/2021\/07\/EUROJOB-SK.wav<\/a><\/audio>\r\n<h3>EUROJOB s.r.o. &#8211; \u00e1ll\u00e1saj\u00e1nlat&nbsp;<\/h3>\r\n<audio class=\"wp-audio-shortcode\" id=\"audio-14835-237\" preload=\"none\" style=\"width: 100%;\" controls=\"controls\"><source type=\"audio\/wav\" src=\"https:\/\/kulturamoldava.sk\/wp-content\/uploads\/2021\/07\/EUROJOB-HU.wav?_=237\" \/><a href=\"https:\/\/kulturamoldava.sk\/wp-content\/uploads\/2021\/07\/EUROJOB-HU.wav\">https:\/\/kulturamoldava.sk\/wp-content\/uploads\/2021\/07\/EUROJOB-HU.wav<\/a><\/audio>\r\n<hr>\r\n<h3>Pozv\u00e1nka na v\u00fdstavu pod n\u00e1zvom Zahalen\u00e1 v modrom 24.06.2021<\/h3>\r\n<audio class=\"wp-audio-shortcode\" id=\"audio-14835-238\" preload=\"none\" style=\"width: 100%;\" controls=\"controls\"><source type=\"audio\/wav\" src=\"https:\/\/kulturamoldava.sk\/wp-content\/uploads\/2021\/06\/Modrotlac-SK-23.06.2021.wav?_=238\" \/><a href=\"https:\/\/kulturamoldava.sk\/wp-content\/uploads\/2021\/06\/Modrotlac-SK-23.06.2021.wav\">https:\/\/kulturamoldava.sk\/wp-content\/uploads\/2021\/06\/Modrotlac-SK-23.06.2021.wav<\/a><\/audio>\r\n<h3>Megh\u00edv\u00f3 K\u00e9kbe \u00f6lt\u00f6ztetve c\u00edm\u00fc ki\u00e1ll\u00edt\u00e1s megnyit\u00f3j\u00e1ra 2021.06.24.<\/h3>\r\n<audio class=\"wp-audio-shortcode\" id=\"audio-14835-239\" preload=\"none\" style=\"width: 100%;\" controls=\"controls\"><source type=\"audio\/wav\" src=\"https:\/\/kulturamoldava.sk\/wp-content\/uploads\/2021\/06\/Modrotlac-HU-23.06.2021.wav?_=239\" \/><a href=\"https:\/\/kulturamoldava.sk\/wp-content\/uploads\/2021\/06\/Modrotlac-HU-23.06.2021.wav\">https:\/\/kulturamoldava.sk\/wp-content\/uploads\/2021\/06\/Modrotlac-HU-23.06.2021.wav<\/a><\/audio>\r\n<hr>\r\n<h3>O\u010dkovanie 2. d\u00e1vkou vakc\u00edny 21.06.20, pondelok&nbsp;<\/h3>\r\n<audio class=\"wp-audio-shortcode\" id=\"audio-14835-240\" preload=\"none\" style=\"width: 100%;\" controls=\"controls\"><source type=\"audio\/wav\" src=\"https:\/\/kulturamoldava.sk\/wp-content\/uploads\/2021\/06\/Ockovanie-SK-18.06.2021.wav?_=240\" \/><a href=\"https:\/\/kulturamoldava.sk\/wp-content\/uploads\/2021\/06\/Ockovanie-SK-18.06.2021.wav\">https:\/\/kulturamoldava.sk\/wp-content\/uploads\/2021\/06\/Ockovanie-SK-18.06.2021.wav<\/a><\/audio>\r\n<h3>Olt\u00e1s&nbsp; a vakcina 2. adagj\u00e1val 2021 j\u00fanius 21-ik\u00e9n, h\u00e9tf\u0151n<\/h3>\r\n<audio class=\"wp-audio-shortcode\" id=\"audio-14835-241\" preload=\"none\" style=\"width: 100%;\" controls=\"controls\"><source type=\"audio\/wav\" src=\"https:\/\/kulturamoldava.sk\/wp-content\/uploads\/2021\/06\/Ockovanie-HU-18.06.2021.wav?_=241\" \/><a href=\"https:\/\/kulturamoldava.sk\/wp-content\/uploads\/2021\/06\/Ockovanie-HU-18.06.2021.wav\">https:\/\/kulturamoldava.sk\/wp-content\/uploads\/2021\/06\/Ockovanie-HU-18.06.2021.wav<\/a><\/audio>\r\n<hr>\r\n<h3>VVS a.s. &#8211; preru\u0161enie distrib\u00facie pitnej vody&nbsp; (ulica Dukelsk\u00fdch Hrdinov) 10.06.2021<\/h3>\r\n<audio class=\"wp-audio-shortcode\" id=\"audio-14835-242\" preload=\"none\" style=\"width: 100%;\" controls=\"controls\"><source type=\"audio\/wav\" src=\"https:\/\/kulturamoldava.sk\/wp-content\/uploads\/2021\/06\/VVS-HU-10.06.2021.wav?_=242\" \/><a href=\"https:\/\/kulturamoldava.sk\/wp-content\/uploads\/2021\/06\/VVS-HU-10.06.2021.wav\">https:\/\/kulturamoldava.sk\/wp-content\/uploads\/2021\/06\/VVS-HU-10.06.2021.wav<\/a><\/audio>\r\n<h3>VVS a.s. &#8211; iv\u00f3v\u00edz-szolg\u00e1lktat\u00e1sa megszak\u00edt\u00e1sa (Duklai h\u0151s\u00f6k utca) 2021.06.10.<\/h3>\r\n<audio class=\"wp-audio-shortcode\" id=\"audio-14835-243\" preload=\"none\" style=\"width: 100%;\" controls=\"controls\"><source type=\"audio\/wav\" src=\"https:\/\/kulturamoldava.sk\/wp-content\/uploads\/2021\/06\/VVS-SK-10.06.2021.wav?_=243\" \/><a href=\"https:\/\/kulturamoldava.sk\/wp-content\/uploads\/2021\/06\/VVS-SK-10.06.2021.wav\">https:\/\/kulturamoldava.sk\/wp-content\/uploads\/2021\/06\/VVS-SK-10.06.2021.wav<\/a><\/audio>\r\n<hr>\r\n<h3>SODB 2021 &#8211; Kontakn\u00e9 miesta na dos\u010d\u00edtanie<\/h3>\r\n<h3>SODB 2021 &#8211; a n\u00e9psz\u00e1ml\u00e1l\u00e1sra kijel\u00f6lt kontakt pontok<\/h3>\r\n<audio class=\"wp-audio-shortcode\" id=\"audio-14835-244\" preload=\"none\" style=\"width: 100%;\" controls=\"controls\"><source type=\"audio\/wav\" src=\"https:\/\/kulturamoldava.sk\/wp-content\/uploads\/2021\/06\/Scitanie-HU-10.06.2021-1.wav?_=244\" \/><a href=\"https:\/\/kulturamoldava.sk\/wp-content\/uploads\/2021\/06\/Scitanie-HU-10.06.2021-1.wav\">https:\/\/kulturamoldava.sk\/wp-content\/uploads\/2021\/06\/Scitanie-HU-10.06.2021-1.wav<\/a><\/audio>\r\n<hr>\r\n<h3>Stravovanie pre d\u00f4chodcov po\u010das letn\u00fdch pr\u00e1zdnin<\/h3>\r\n<audio class=\"wp-audio-shortcode\" id=\"audio-14835-245\" preload=\"none\" style=\"width: 100%;\" controls=\"controls\"><source type=\"audio\/wav\" src=\"https:\/\/kulturamoldava.sk\/wp-content\/uploads\/2021\/06\/Strava-pre-dochodcov-SK-08.06.2021.wav?_=245\" \/><a href=\"https:\/\/kulturamoldava.sk\/wp-content\/uploads\/2021\/06\/Strava-pre-dochodcov-SK-08.06.2021.wav\">https:\/\/kulturamoldava.sk\/wp-content\/uploads\/2021\/06\/Strava-pre-dochodcov-SK-08.06.2021.wav<\/a><\/audio>\r\n<h3>\u00c9rtes\u00edt\u00e9s a ny\u00e1ri id\u0151szakban val\u00f3 \u00e9tkez\u00e9sr\u0151l a nyugd\u00edjasoknak<\/h3>\r\n<audio class=\"wp-audio-shortcode\" id=\"audio-14835-246\" preload=\"none\" style=\"width: 100%;\" controls=\"controls\"><source type=\"audio\/wav\" src=\"https:\/\/kulturamoldava.sk\/wp-content\/uploads\/2021\/06\/Strava-pre-dochodcov-HU-08.06.2021-.wav?_=246\" \/><a href=\"https:\/\/kulturamoldava.sk\/wp-content\/uploads\/2021\/06\/Strava-pre-dochodcov-HU-08.06.2021-.wav\">https:\/\/kulturamoldava.sk\/wp-content\/uploads\/2021\/06\/Strava-pre-dochodcov-HU-08.06.2021-.wav<\/a><\/audio>\r\n<hr>\r\n<h3><strong>reQUEST spol. s.r.o. &#8211; ponuka pracovn\u00e9ho miesta 07.06.2021<\/strong><\/h3>\r\n<audio class=\"wp-audio-shortcode\" id=\"audio-14835-247\" preload=\"none\" style=\"width: 100%;\" controls=\"controls\"><source type=\"audio\/wav\" src=\"https:\/\/kulturamoldava.sk\/wp-content\/uploads\/2021\/06\/Request-agentura-ponuka-pracovneho-miesta-HU.wav?_=247\" \/><a href=\"https:\/\/kulturamoldava.sk\/wp-content\/uploads\/2021\/06\/Request-agentura-ponuka-pracovneho-miesta-HU.wav\">https:\/\/kulturamoldava.sk\/wp-content\/uploads\/2021\/06\/Request-agentura-ponuka-pracovneho-miesta-HU.wav<\/a><\/audio>\r\n<h3><strong><em>&nbsp;<\/em><\/strong><strong>reQUEST spol. s.r.o.<em> &#8211;<\/em><\/strong> \u00e1ll\u00e1saj\u00e1nlat 2021.06.07.<\/h3>\r\n<audio class=\"wp-audio-shortcode\" id=\"audio-14835-248\" preload=\"none\" style=\"width: 100%;\" controls=\"controls\"><source type=\"audio\/wav\" src=\"https:\/\/kulturamoldava.sk\/wp-content\/uploads\/2021\/06\/Request-agentura-ponuka-pracovneho-miesta-SK.wav?_=248\" \/><a href=\"https:\/\/kulturamoldava.sk\/wp-content\/uploads\/2021\/06\/Request-agentura-ponuka-pracovneho-miesta-SK.wav\">https:\/\/kulturamoldava.sk\/wp-content\/uploads\/2021\/06\/Request-agentura-ponuka-pracovneho-miesta-SK.wav<\/a><\/audio>\r\n<hr>\r\n<h3>Farm\u00e1rsky a remeseln\u00fd trh 05.06.2021<\/h3>\r\n<audio class=\"wp-audio-shortcode\" id=\"audio-14835-249\" preload=\"none\" style=\"width: 100%;\" controls=\"controls\"><source type=\"audio\/wav\" src=\"https:\/\/kulturamoldava.sk\/wp-content\/uploads\/2021\/06\/Trhovisko-HU-05.06.2021.wav?_=249\" \/><a href=\"https:\/\/kulturamoldava.sk\/wp-content\/uploads\/2021\/06\/Trhovisko-HU-05.06.2021.wav\">https:\/\/kulturamoldava.sk\/wp-content\/uploads\/2021\/06\/Trhovisko-HU-05.06.2021.wav<\/a><\/audio>\r\n<h3>\u0150stermel\u0151i \u00e9s k\u00e9zm\u0171ves v\u00e1s\u00e1r 2021.06.05.<\/h3>\r\n<audio class=\"wp-audio-shortcode\" id=\"audio-14835-250\" preload=\"none\" style=\"width: 100%;\" controls=\"controls\"><source type=\"audio\/wav\" src=\"https:\/\/kulturamoldava.sk\/wp-content\/uploads\/2021\/06\/Trhovisko-SK-05.06.2021.wav?_=250\" \/><a href=\"https:\/\/kulturamoldava.sk\/wp-content\/uploads\/2021\/06\/Trhovisko-SK-05.06.2021.wav\">https:\/\/kulturamoldava.sk\/wp-content\/uploads\/2021\/06\/Trhovisko-SK-05.06.2021.wav<\/a><\/audio>\r\n<hr>\r\n<h3><strong>KOSIT a.s. &#8211;&nbsp; Zber plastov, kovu a tetrapaku&nbsp; 05.06.2021<\/strong><\/h3>\r\n<audio class=\"wp-audio-shortcode\" id=\"audio-14835-251\" preload=\"none\" style=\"width: 100%;\" controls=\"controls\"><source type=\"audio\/wav\" src=\"https:\/\/kulturamoldava.sk\/wp-content\/uploads\/2021\/06\/Kosit-zber-plastu-SK-02.06.2021.wav?_=251\" \/><a href=\"https:\/\/kulturamoldava.sk\/wp-content\/uploads\/2021\/06\/Kosit-zber-plastu-SK-02.06.2021.wav\">https:\/\/kulturamoldava.sk\/wp-content\/uploads\/2021\/06\/Kosit-zber-plastu-SK-02.06.2021.wav<\/a><\/audio>\r\n<h3><strong>KOSIT a.s. &#8211; m<\/strong>\u0171anyag<strong> , f\u00e9m \u00e9s tetrapak <\/strong>begy\u0171jt\u00e9se 2021.06.05.<\/h3>\r\n<audio class=\"wp-audio-shortcode\" id=\"audio-14835-252\" preload=\"none\" style=\"width: 100%;\" controls=\"controls\"><source type=\"audio\/wav\" src=\"https:\/\/kulturamoldava.sk\/wp-content\/uploads\/2021\/06\/Kosit-zber-plastu-HU-02.06.2021.wav?_=252\" \/><a href=\"https:\/\/kulturamoldava.sk\/wp-content\/uploads\/2021\/06\/Kosit-zber-plastu-HU-02.06.2021.wav\">https:\/\/kulturamoldava.sk\/wp-content\/uploads\/2021\/06\/Kosit-zber-plastu-HU-02.06.2021.wav<\/a><\/audio>\r\n<p><!--nextpage--><\/p>\r\n<hr>\r\n<h3>KOSIT a.s. &#8211; zber papiera 29.05.2021<\/h3>\r\n<audio class=\"wp-audio-shortcode\" id=\"audio-14835-253\" preload=\"none\" style=\"width: 100%;\" controls=\"controls\"><source type=\"audio\/wav\" src=\"https:\/\/kulturamoldava.sk\/wp-content\/uploads\/2021\/05\/KOSIT-zber-paiera-SK-27.05.2021.wav?_=253\" \/><a href=\"https:\/\/kulturamoldava.sk\/wp-content\/uploads\/2021\/05\/KOSIT-zber-paiera-SK-27.05.2021.wav\">https:\/\/kulturamoldava.sk\/wp-content\/uploads\/2021\/05\/KOSIT-zber-paiera-SK-27.05.2021.wav<\/a><\/audio>\r\n<h3>KOSIT a.s. &#8211; pap\u00edr begy\u0171jt\u00e9se 2021.05.29.<\/h3>\r\n<audio class=\"wp-audio-shortcode\" id=\"audio-14835-254\" preload=\"none\" style=\"width: 100%;\" controls=\"controls\"><source type=\"audio\/wav\" src=\"https:\/\/kulturamoldava.sk\/wp-content\/uploads\/2021\/05\/KOSIT-zber-papiera-HU-27.05.2021.wav?_=254\" \/><a href=\"https:\/\/kulturamoldava.sk\/wp-content\/uploads\/2021\/05\/KOSIT-zber-papiera-HU-27.05.2021.wav\">https:\/\/kulturamoldava.sk\/wp-content\/uploads\/2021\/05\/KOSIT-zber-papiera-HU-27.05.2021.wav<\/a><\/audio>\r\n<hr>\r\n<h3>SODB 2021 Odpor\u00fa\u010dania ako sa nesta\u0165 obe\u0165ou falo\u0161n\u00fdch asistentov s\u010d\u00edtania (oznam na informa\u010dnej tabuli)<\/h3>\r\n<audio class=\"wp-audio-shortcode\" id=\"audio-14835-255\" preload=\"none\" style=\"width: 100%;\" controls=\"controls\"><source type=\"audio\/wav\" src=\"https:\/\/kulturamoldava.sk\/wp-content\/uploads\/2021\/05\/Asistovane-scitanie-MVSR-upozornenie-20.05.2021-SK.wav?_=255\" \/><a href=\"https:\/\/kulturamoldava.sk\/wp-content\/uploads\/2021\/05\/Asistovane-scitanie-MVSR-upozornenie-20.05.2021-SK.wav\">https:\/\/kulturamoldava.sk\/wp-content\/uploads\/2021\/05\/Asistovane-scitanie-MVSR-upozornenie-20.05.2021-SK.wav<\/a><\/audio>\r\n<h3>SODB 2021 Aj\u00e1nl\u00e1sok, hogyan ne v\u00e1ljunk hamis n\u00e9psz\u00e1ml\u00e1l\u00e1si asszisztensek \u00e1ldozat\u00e1v\u00e1 (\u00e9rtes\u00edt\u00e9s a hirdetm\u00e9nyt\u00e1bl\u00e1n)<\/h3>\r\n<audio class=\"wp-audio-shortcode\" id=\"audio-14835-256\" preload=\"none\" style=\"width: 100%;\" controls=\"controls\"><source type=\"audio\/wav\" src=\"https:\/\/kulturamoldava.sk\/wp-content\/uploads\/2021\/05\/Asistovane-scitanie-MVSR-upozornenie-20.05.2021-HU.wav?_=256\" \/><a href=\"https:\/\/kulturamoldava.sk\/wp-content\/uploads\/2021\/05\/Asistovane-scitanie-MVSR-upozornenie-20.05.2021-HU.wav\">https:\/\/kulturamoldava.sk\/wp-content\/uploads\/2021\/05\/Asistovane-scitanie-MVSR-upozornenie-20.05.2021-HU.wav<\/a><\/audio>\r\n<hr>\r\n<h3>PD Peder &#8211; Oznam pre v\u010del\u00e1rov 21.-22.05.2021<\/h3>\r\n<audio class=\"wp-audio-shortcode\" id=\"audio-14835-257\" preload=\"none\" style=\"width: 100%;\" controls=\"controls\"><source type=\"audio\/wav\" src=\"https:\/\/kulturamoldava.sk\/wp-content\/uploads\/2021\/05\/PD-Peder-oznam-pre-vcelarov-20.05.2021-HU.wav?_=257\" \/><a href=\"https:\/\/kulturamoldava.sk\/wp-content\/uploads\/2021\/05\/PD-Peder-oznam-pre-vcelarov-20.05.2021-HU.wav\">https:\/\/kulturamoldava.sk\/wp-content\/uploads\/2021\/05\/PD-Peder-oznam-pre-vcelarov-20.05.2021-HU.wav<\/a><\/audio>\r\n<h3>P\u00e9deri sz\u00f6vetkezet &#8211; \u00c9rtes\u00edt\u00e9s a m\u00e9h\u00e9sztulajdonosoknak 2021.05.21.-22.<\/h3>\r\n<audio class=\"wp-audio-shortcode\" id=\"audio-14835-258\" preload=\"none\" style=\"width: 100%;\" controls=\"controls\"><source type=\"audio\/wav\" src=\"https:\/\/kulturamoldava.sk\/wp-content\/uploads\/2021\/05\/PD-Peder-oznam-pre-vcelarov-20.05.2021-SK.wav?_=258\" \/><a href=\"https:\/\/kulturamoldava.sk\/wp-content\/uploads\/2021\/05\/PD-Peder-oznam-pre-vcelarov-20.05.2021-SK.wav\">https:\/\/kulturamoldava.sk\/wp-content\/uploads\/2021\/05\/PD-Peder-oznam-pre-vcelarov-20.05.2021-SK.wav<\/a><\/audio>\r\n<hr>\r\n<h3>O\u010dkovanie mobilnou o\u010dkovacou jednotkou v Moldave nad Bodvou 24.05.2021 (pondelok)<\/h3>\r\n<audio class=\"wp-audio-shortcode\" id=\"audio-14835-259\" preload=\"none\" style=\"width: 100%;\" controls=\"controls\"><source type=\"audio\/wav\" src=\"https:\/\/kulturamoldava.sk\/wp-content\/uploads\/2021\/05\/Ockovanie-HU-20.05.2021-1.wav?_=259\" \/><a href=\"https:\/\/kulturamoldava.sk\/wp-content\/uploads\/2021\/05\/Ockovanie-HU-20.05.2021-1.wav\">https:\/\/kulturamoldava.sk\/wp-content\/uploads\/2021\/05\/Ockovanie-HU-20.05.2021-1.wav<\/a><\/audio>\r\n<h3>Olt\u00e1s &#8211; mobil olt\u00f3\u00e1llom\u00e1s Szepsiben 2021.05.24. (h\u00e9tf\u0151)<\/h3>\r\n<audio class=\"wp-audio-shortcode\" id=\"audio-14835-260\" preload=\"none\" style=\"width: 100%;\" controls=\"controls\"><source type=\"audio\/wav\" src=\"https:\/\/kulturamoldava.sk\/wp-content\/uploads\/2021\/05\/Ockovanie-SK-20.05.2021-1.wav?_=260\" \/><a href=\"https:\/\/kulturamoldava.sk\/wp-content\/uploads\/2021\/05\/Ockovanie-SK-20.05.2021-1.wav\">https:\/\/kulturamoldava.sk\/wp-content\/uploads\/2021\/05\/Ockovanie-SK-20.05.2021-1.wav<\/a><\/audio>\r\n<hr>\r\n<h3>AKCIOV\u00c1 PONUKA ANTIK TELECOM 17.05.2021<\/h3>\r\n<audio class=\"wp-audio-shortcode\" id=\"audio-14835-261\" preload=\"none\" style=\"width: 100%;\" controls=\"controls\"><source type=\"audio\/wav\" src=\"https:\/\/kulturamoldava.sk\/wp-content\/uploads\/2021\/05\/ANTIK-SK-17.05.2021.wav?_=261\" \/><a href=\"https:\/\/kulturamoldava.sk\/wp-content\/uploads\/2021\/05\/ANTIK-SK-17.05.2021.wav\">https:\/\/kulturamoldava.sk\/wp-content\/uploads\/2021\/05\/ANTIK-SK-17.05.2021.wav<\/a><\/audio>\r\n<h3>ANTIK TELECOM AJ\u00c1NLATA 2021.05.17.<\/h3>\r\n<audio class=\"wp-audio-shortcode\" id=\"audio-14835-262\" preload=\"none\" style=\"width: 100%;\" controls=\"controls\"><source type=\"audio\/wav\" src=\"https:\/\/kulturamoldava.sk\/wp-content\/uploads\/2021\/05\/ANTIK-HU-17.05.2021.wav?_=262\" \/><a href=\"https:\/\/kulturamoldava.sk\/wp-content\/uploads\/2021\/05\/ANTIK-HU-17.05.2021.wav\">https:\/\/kulturamoldava.sk\/wp-content\/uploads\/2021\/05\/ANTIK-HU-17.05.2021.wav<\/a><\/audio>\r\n<hr>\r\n<h3>PD Peder &#8211; Oznam pre v\u010del\u00e1rov 13.05.2021<\/h3>\r\n<audio class=\"wp-audio-shortcode\" id=\"audio-14835-263\" preload=\"none\" style=\"width: 100%;\" controls=\"controls\"><source type=\"audio\/wav\" src=\"https:\/\/kulturamoldava.sk\/wp-content\/uploads\/2021\/05\/PD-PEDER-SK13.05.2021.wav?_=263\" \/><a href=\"https:\/\/kulturamoldava.sk\/wp-content\/uploads\/2021\/05\/PD-PEDER-SK13.05.2021.wav\">https:\/\/kulturamoldava.sk\/wp-content\/uploads\/2021\/05\/PD-PEDER-SK13.05.2021.wav<\/a><\/audio>\r\n<h3>P\u00e9deri sz\u00f6vetkezet &#8211; \u00c9rtes\u00edt\u00e9s a m\u00e9h\u00e9sztulajdonosoknak 2021.05.13<\/h3>\r\n<audio class=\"wp-audio-shortcode\" id=\"audio-14835-264\" preload=\"none\" style=\"width: 100%;\" controls=\"controls\"><source type=\"audio\/wav\" src=\"https:\/\/kulturamoldava.sk\/wp-content\/uploads\/2021\/05\/PD-PEDER-HU-13.05.2021.wav?_=264\" \/><a href=\"https:\/\/kulturamoldava.sk\/wp-content\/uploads\/2021\/05\/PD-PEDER-HU-13.05.2021.wav\">https:\/\/kulturamoldava.sk\/wp-content\/uploads\/2021\/05\/PD-PEDER-HU-13.05.2021.wav<\/a><\/audio>\r\n<hr>\r\n<h3>VSD a.s. &#8211; preru\u0161enie distrib\u00facie elektriny 12.05.2021<\/h3>\r\n<audio class=\"wp-audio-shortcode\" id=\"audio-14835-265\" preload=\"none\" style=\"width: 100%;\" controls=\"controls\"><source type=\"audio\/wav\" src=\"https:\/\/kulturamoldava.sk\/wp-content\/uploads\/2021\/05\/VDS-HU-10.05.2021.wav?_=265\" \/><a href=\"https:\/\/kulturamoldava.sk\/wp-content\/uploads\/2021\/05\/VDS-HU-10.05.2021.wav\">https:\/\/kulturamoldava.sk\/wp-content\/uploads\/2021\/05\/VDS-HU-10.05.2021.wav<\/a><\/audio>\r\n<h3>KELLET-SZLOV\u00c1KIAI ELEKTROMOS M\u0170VEK &#8211; \u00e1ramszolg\u00e1ltat\u00e1s sz\u00fcnetel\u00e9se 2021.05.12.<\/h3>\r\n<audio class=\"wp-audio-shortcode\" id=\"audio-14835-266\" preload=\"none\" style=\"width: 100%;\" controls=\"controls\"><source type=\"audio\/wav\" src=\"https:\/\/kulturamoldava.sk\/wp-content\/uploads\/2021\/05\/VDS-SK-10.05.2021.wav?_=266\" \/><a href=\"https:\/\/kulturamoldava.sk\/wp-content\/uploads\/2021\/05\/VDS-SK-10.05.2021.wav\">https:\/\/kulturamoldava.sk\/wp-content\/uploads\/2021\/05\/VDS-SK-10.05.2021.wav<\/a><\/audio>\r\n<hr>\r\n<h3>Vy\u010distime si Moldavu 10.05. &#8211; 30.05.2021<\/h3>\r\n<audio class=\"wp-audio-shortcode\" id=\"audio-14835-267\" preload=\"none\" style=\"width: 100%;\" controls=\"controls\"><source type=\"audio\/wav\" src=\"https:\/\/kulturamoldava.sk\/wp-content\/uploads\/2021\/05\/Vycistime-si-Moldavu-SK-10.05.2021-.wav?_=267\" \/><a href=\"https:\/\/kulturamoldava.sk\/wp-content\/uploads\/2021\/05\/Vycistime-si-Moldavu-SK-10.05.2021-.wav\">https:\/\/kulturamoldava.sk\/wp-content\/uploads\/2021\/05\/Vycistime-si-Moldavu-SK-10.05.2021-.wav<\/a><\/audio>\r\n<h3>Megtiszt\u00edtjuk Szepsit 2021.05.10. &#8211; 05.30.<\/h3>\r\n<audio class=\"wp-audio-shortcode\" id=\"audio-14835-268\" preload=\"none\" style=\"width: 100%;\" controls=\"controls\"><source type=\"audio\/wav\" src=\"https:\/\/kulturamoldava.sk\/wp-content\/uploads\/2021\/05\/Vycistime-si-Moldavu-SK-10.05.2021.wav?_=268\" \/><a href=\"https:\/\/kulturamoldava.sk\/wp-content\/uploads\/2021\/05\/Vycistime-si-Moldavu-SK-10.05.2021.wav\">https:\/\/kulturamoldava.sk\/wp-content\/uploads\/2021\/05\/Vycistime-si-Moldavu-SK-10.05.2021.wav<\/a><\/audio>\r\n<hr>\r\n<h3>Z\u0160 Severn\u00e1 &#8211; Zber papiera 17.05. &#8211; 20.05.2021<\/h3>\r\n<audio class=\"wp-audio-shortcode\" id=\"audio-14835-269\" preload=\"none\" style=\"width: 100%;\" controls=\"controls\"><source type=\"audio\/wav\" src=\"https:\/\/kulturamoldava.sk\/wp-content\/uploads\/2021\/05\/Zber-papiera-ZS-Severna-HU-10.05.2021.wav?_=269\" \/><a href=\"https:\/\/kulturamoldava.sk\/wp-content\/uploads\/2021\/05\/Zber-papiera-ZS-Severna-HU-10.05.2021.wav\">https:\/\/kulturamoldava.sk\/wp-content\/uploads\/2021\/05\/Zber-papiera-ZS-Severna-HU-10.05.2021.wav<\/a><\/audio>\r\n<h3>\u00c9szak utcai \u00e1ltal\u00e1nos iskola &#8211; Hullad\u00e9kpap\u00edr gy\u0171jt\u0171akci\u00f3 2021.05.17. &#8211; 05.20.<\/h3>\r\n<audio class=\"wp-audio-shortcode\" id=\"audio-14835-270\" preload=\"none\" style=\"width: 100%;\" controls=\"controls\"><source type=\"audio\/wav\" src=\"https:\/\/kulturamoldava.sk\/wp-content\/uploads\/2021\/05\/Zber-papiera-ZS-Severna-SK-10.05.2021.wav?_=270\" \/><a href=\"https:\/\/kulturamoldava.sk\/wp-content\/uploads\/2021\/05\/Zber-papiera-ZS-Severna-SK-10.05.2021.wav\">https:\/\/kulturamoldava.sk\/wp-content\/uploads\/2021\/05\/Zber-papiera-ZS-Severna-SK-10.05.2021.wav<\/a><\/audio>\r\n<hr>\r\n<h3>Mobiln\u00e1 o\u010dkovacia jednotka 5.5.2021 &#8211; 10.5.2021<\/h3>\r\n<audio class=\"wp-audio-shortcode\" id=\"audio-14835-271\" preload=\"none\" style=\"width: 100%;\" controls=\"controls\"><source type=\"audio\/wav\" src=\"https:\/\/kulturamoldava.sk\/wp-content\/uploads\/2021\/05\/Mobilne-ockovanie-SK-5.5.2021.wav?_=271\" \/><a href=\"https:\/\/kulturamoldava.sk\/wp-content\/uploads\/2021\/05\/Mobilne-ockovanie-SK-5.5.2021.wav\">https:\/\/kulturamoldava.sk\/wp-content\/uploads\/2021\/05\/Mobilne-ockovanie-SK-5.5.2021.wav<\/a><\/audio>\r\n<h3>Mobil olt\u00f3\u00e1llom\u00e1s 2021.5.5. &#8211; 2021.5.10.<\/h3>\r\n<audio class=\"wp-audio-shortcode\" id=\"audio-14835-272\" preload=\"none\" style=\"width: 100%;\" controls=\"controls\"><source type=\"audio\/wav\" src=\"https:\/\/kulturamoldava.sk\/wp-content\/uploads\/2021\/05\/Molbilne-ockovanie-HU-5.05.2021.wav?_=272\" \/><a href=\"https:\/\/kulturamoldava.sk\/wp-content\/uploads\/2021\/05\/Molbilne-ockovanie-HU-5.05.2021.wav\">https:\/\/kulturamoldava.sk\/wp-content\/uploads\/2021\/05\/Molbilne-ockovanie-HU-5.05.2021.wav<\/a><\/audio>\r\n<hr>\r\n<h3>Asistovan\u00e9 s\u010d\u00edtanie obyvate\u013eov 03.05.2021 -13.06.2021<\/h3>\r\n<audio class=\"wp-audio-shortcode\" id=\"audio-14835-273\" preload=\"none\" style=\"width: 100%;\" controls=\"controls\"><source type=\"audio\/wav\" src=\"https:\/\/kulturamoldava.sk\/wp-content\/uploads\/2021\/05\/Asistovane-scitanie-SK-04.05.2021.wav?_=273\" \/><a href=\"https:\/\/kulturamoldava.sk\/wp-content\/uploads\/2021\/05\/Asistovane-scitanie-SK-04.05.2021.wav\">https:\/\/kulturamoldava.sk\/wp-content\/uploads\/2021\/05\/Asistovane-scitanie-SK-04.05.2021.wav<\/a><\/audio>\r\n<h3>Assziszt\u00e1lt n\u00e9psz\u00e1ml\u00e1l\u00e1s 2021.05.03. &#8211; 2021.06.13.<\/h3>\r\n<audio class=\"wp-audio-shortcode\" id=\"audio-14835-274\" preload=\"none\" style=\"width: 100%;\" controls=\"controls\"><source type=\"audio\/wav\" src=\"https:\/\/kulturamoldava.sk\/wp-content\/uploads\/2021\/05\/Asistovane-scitanie-HU-04.05.2021.wav?_=274\" \/><a href=\"https:\/\/kulturamoldava.sk\/wp-content\/uploads\/2021\/05\/Asistovane-scitanie-HU-04.05.2021.wav\">https:\/\/kulturamoldava.sk\/wp-content\/uploads\/2021\/05\/Asistovane-scitanie-HU-04.05.2021.wav<\/a><\/audio>\r\n<hr>\r\n<h3>AGRO-MOLD a.s. &#8211; n\u00e1jomn\u00e9 za p\u00f4du 03.05.2021<\/h3>\r\n<audio class=\"wp-audio-shortcode\" id=\"audio-14835-275\" preload=\"none\" style=\"width: 100%;\" controls=\"controls\"><source type=\"audio\/wav\" src=\"https:\/\/kulturamoldava.sk\/wp-content\/uploads\/2021\/05\/AGRO-MOLD-SK-03.05.2021.wav?_=275\" \/><a href=\"https:\/\/kulturamoldava.sk\/wp-content\/uploads\/2021\/05\/AGRO-MOLD-SK-03.05.2021.wav\">https:\/\/kulturamoldava.sk\/wp-content\/uploads\/2021\/05\/AGRO-MOLD-SK-03.05.2021.wav<\/a><\/audio>\r\n<h3>AGRO-MOLD a.s. &#8211; f\u00f6ldb\u00e9rleti d\u00edj 2021.05.03.<\/h3>\r\n<audio class=\"wp-audio-shortcode\" id=\"audio-14835-276\" preload=\"none\" style=\"width: 100%;\" controls=\"controls\"><source type=\"audio\/wav\" src=\"https:\/\/kulturamoldava.sk\/wp-content\/uploads\/2021\/05\/AGRO-MOLD-HU-03.05.2021.wav?_=276\" \/><a href=\"https:\/\/kulturamoldava.sk\/wp-content\/uploads\/2021\/05\/AGRO-MOLD-HU-03.05.2021.wav\">https:\/\/kulturamoldava.sk\/wp-content\/uploads\/2021\/05\/AGRO-MOLD-HU-03.05.2021.wav<\/a><\/audio>\r\n<hr>\r\n<h3>&nbsp;<\/h3>\r\n<p><!--nextpage--><\/p>\r\n<h3>Carmeuse Slovakia s.r.o. &#8211; Ponuka pracovn\u00e9ho miesta 03.05.2021<\/h3>\r\n<audio class=\"wp-audio-shortcode\" id=\"audio-14835-277\" preload=\"none\" style=\"width: 100%;\" controls=\"controls\"><source type=\"audio\/wav\" src=\"https:\/\/kulturamoldava.sk\/wp-content\/uploads\/2021\/05\/Carmeuse-Slovakia-a.s.-HU-03.05.2021.wav?_=277\" \/><a href=\"https:\/\/kulturamoldava.sk\/wp-content\/uploads\/2021\/05\/Carmeuse-Slovakia-a.s.-HU-03.05.2021.wav\">https:\/\/kulturamoldava.sk\/wp-content\/uploads\/2021\/05\/Carmeuse-Slovakia-a.s.-HU-03.05.2021.wav<\/a><\/audio>\r\n<h3>Carmeuse Slovakia s.r.o. &#8211; \u00e1ll\u00e1saj\u00e1nlat 2021.05.03.<\/h3>\r\n<audio class=\"wp-audio-shortcode\" id=\"audio-14835-278\" preload=\"none\" style=\"width: 100%;\" controls=\"controls\"><source type=\"audio\/wav\" src=\"https:\/\/kulturamoldava.sk\/wp-content\/uploads\/2021\/05\/Carmeuse-Slovakia-a.s.-SK-03.05.2021.wav?_=278\" \/><a href=\"https:\/\/kulturamoldava.sk\/wp-content\/uploads\/2021\/05\/Carmeuse-Slovakia-a.s.-SK-03.05.2021.wav\">https:\/\/kulturamoldava.sk\/wp-content\/uploads\/2021\/05\/Carmeuse-Slovakia-a.s.-SK-03.05.2021.wav<\/a><\/audio>\r\n<hr><hr>\r\n<audio class=\"wp-audio-shortcode\" id=\"audio-14835-279\" preload=\"none\" style=\"width: 100%;\" controls=\"controls\"><source type=\"audio\/wav\" src=\"https:\/\/kulturamoldava.sk\/wp-content\/uploads\/2021\/04\/KOSIT-plast-30.04.2021-HU.wav?_=279\" \/><a href=\"https:\/\/kulturamoldava.sk\/wp-content\/uploads\/2021\/04\/KOSIT-plast-30.04.2021-HU.wav\">https:\/\/kulturamoldava.sk\/wp-content\/uploads\/2021\/04\/KOSIT-plast-30.04.2021-HU.wav<\/a><\/audio>\r\n<h3><strong>KOSIT a.s. &#8211; m<\/strong>\u0171anyag<strong> , f\u00e9m \u00e9s tetrapak <\/strong>begy\u0171jt\u00e9se 2021.05.01.<\/h3>\r\n<audio class=\"wp-audio-shortcode\" id=\"audio-14835-280\" preload=\"none\" style=\"width: 100%;\" controls=\"controls\"><source type=\"audio\/wav\" src=\"https:\/\/kulturamoldava.sk\/wp-content\/uploads\/2021\/04\/KOSIT-plast-30.04.2021-SK.wav?_=280\" \/><a href=\"https:\/\/kulturamoldava.sk\/wp-content\/uploads\/2021\/04\/KOSIT-plast-30.04.2021-SK.wav\">https:\/\/kulturamoldava.sk\/wp-content\/uploads\/2021\/04\/KOSIT-plast-30.04.2021-SK.wav<\/a><\/audio>\r\n<hr>\r\n<h3>Nov\u00fd harmonogram zvozu odpadu od 26.apr\u00edla 2021<\/h3>\r\n<audio class=\"wp-audio-shortcode\" id=\"audio-14835-281\" preload=\"none\" style=\"width: 100%;\" controls=\"controls\"><source type=\"audio\/wav\" src=\"https:\/\/kulturamoldava.sk\/wp-content\/uploads\/2021\/04\/Harmonogram-KOSIT-SK-28.04.2021.wav?_=281\" \/><a href=\"https:\/\/kulturamoldava.sk\/wp-content\/uploads\/2021\/04\/Harmonogram-KOSIT-SK-28.04.2021.wav\">https:\/\/kulturamoldava.sk\/wp-content\/uploads\/2021\/04\/Harmonogram-KOSIT-SK-28.04.2021.wav<\/a><\/audio>\r\n<h3>\u00daj hullad\u00e9kgy\u0171jt\u00e9si \u00fctemterv 2021. \u00e1prilis 26.-t\u00f3l<\/h3>\r\n<audio class=\"wp-audio-shortcode\" id=\"audio-14835-282\" preload=\"none\" style=\"width: 100%;\" controls=\"controls\"><source type=\"audio\/wav\" src=\"https:\/\/kulturamoldava.sk\/wp-content\/uploads\/2021\/04\/Harmonogram-KOSIT-HU-28.04.2021-1.wav?_=282\" \/><a href=\"https:\/\/kulturamoldava.sk\/wp-content\/uploads\/2021\/04\/Harmonogram-KOSIT-HU-28.04.2021-1.wav\">https:\/\/kulturamoldava.sk\/wp-content\/uploads\/2021\/04\/Harmonogram-KOSIT-HU-28.04.2021-1.wav<\/a><\/audio>\r\n<hr>\r\n<h3>Predaj\u0148a CHOICE FASHION &#8211; s\u00fa\u0165a\u017e o vecn\u00e9 ceny<\/h3>\r\n<audio class=\"wp-audio-shortcode\" id=\"audio-14835-283\" preload=\"none\" style=\"width: 100%;\" controls=\"controls\"><source type=\"audio\/wav\" src=\"https:\/\/kulturamoldava.sk\/wp-content\/uploads\/2021\/04\/Choice-fashion-26.04.2021-SK.wav?_=283\" \/><a href=\"https:\/\/kulturamoldava.sk\/wp-content\/uploads\/2021\/04\/Choice-fashion-26.04.2021-SK.wav\">https:\/\/kulturamoldava.sk\/wp-content\/uploads\/2021\/04\/Choice-fashion-26.04.2021-SK.wav<\/a><\/audio>\r\n<h3>CHOICE FASHION \u00fczlet nyerem\u00e9nyj\u00e1t\u00e9ka<\/h3>\r\n<audio class=\"wp-audio-shortcode\" id=\"audio-14835-284\" preload=\"none\" style=\"width: 100%;\" controls=\"controls\"><source type=\"audio\/wav\" src=\"https:\/\/kulturamoldava.sk\/wp-content\/uploads\/2021\/04\/Choice-fashion-26.04.2021-HU-1.wav?_=284\" \/><a href=\"https:\/\/kulturamoldava.sk\/wp-content\/uploads\/2021\/04\/Choice-fashion-26.04.2021-HU-1.wav\">https:\/\/kulturamoldava.sk\/wp-content\/uploads\/2021\/04\/Choice-fashion-26.04.2021-HU-1.wav<\/a><\/audio>\r\n<hr>\r\n<h3>Sl\u00e1vnostn\u00e9 otvorenie trhoviska &#8222;Encs&#8220; v Moldave nad Bodvou 24.04.2021<\/h3>\r\n<audio class=\"wp-audio-shortcode\" id=\"audio-14835-285\" preload=\"none\" style=\"width: 100%;\" controls=\"controls\"><source type=\"audio\/wav\" src=\"https:\/\/kulturamoldava.sk\/wp-content\/uploads\/2021\/04\/Trhovisko-Encs-24.04.2021-SK.wav?_=285\" \/><a href=\"https:\/\/kulturamoldava.sk\/wp-content\/uploads\/2021\/04\/Trhovisko-Encs-24.04.2021-SK.wav\">https:\/\/kulturamoldava.sk\/wp-content\/uploads\/2021\/04\/Trhovisko-Encs-24.04.2021-SK.wav<\/a><\/audio>\r\n<h3>Az &#8222;Encsi piac&#8220; \u00fcnnep\u00e9lyes megnyit\u00f3ja Szepsiben 2021.04.24.<\/h3>\r\n<audio class=\"wp-audio-shortcode\" id=\"audio-14835-286\" preload=\"none\" style=\"width: 100%;\" controls=\"controls\"><source type=\"audio\/wav\" src=\"https:\/\/kulturamoldava.sk\/wp-content\/uploads\/2021\/04\/trhovisko-Encs-24.04.2021-HU.wav?_=286\" \/><a href=\"https:\/\/kulturamoldava.sk\/wp-content\/uploads\/2021\/04\/trhovisko-Encs-24.04.2021-HU.wav\">https:\/\/kulturamoldava.sk\/wp-content\/uploads\/2021\/04\/trhovisko-Encs-24.04.2021-HU.wav<\/a><\/audio>\r\n<hr>\r\n<h3>Zvoz komun\u00e1lneho odpadu 22.04.2021<\/h3>\r\n<audio class=\"wp-audio-shortcode\" id=\"audio-14835-287\" preload=\"none\" style=\"width: 100%;\" controls=\"controls\"><source type=\"audio\/wav\" src=\"https:\/\/kulturamoldava.sk\/wp-content\/uploads\/2021\/04\/Zvoz-komunalneho-odpadu-sv.Rocha-24.04.2021-SK.wav?_=287\" \/><a href=\"https:\/\/kulturamoldava.sk\/wp-content\/uploads\/2021\/04\/Zvoz-komunalneho-odpadu-sv.Rocha-24.04.2021-SK.wav\">https:\/\/kulturamoldava.sk\/wp-content\/uploads\/2021\/04\/Zvoz-komunalneho-odpadu-sv.Rocha-24.04.2021-SK.wav<\/a><\/audio>\r\n<h3>H\u00e1ztart\u00e1si hullad\u00e9k elsz\u00e1ll\u00edt\u00e1sa 2021.04.24.<\/h3>\r\n<audio class=\"wp-audio-shortcode\" id=\"audio-14835-288\" preload=\"none\" style=\"width: 100%;\" controls=\"controls\"><source type=\"audio\/wav\" src=\"https:\/\/kulturamoldava.sk\/wp-content\/uploads\/2021\/04\/Zvoz-komunalneho-odpadu-sv.Rocha-24.04.2021-HU.wav?_=288\" \/><a href=\"https:\/\/kulturamoldava.sk\/wp-content\/uploads\/2021\/04\/Zvoz-komunalneho-odpadu-sv.Rocha-24.04.2021-HU.wav\">https:\/\/kulturamoldava.sk\/wp-content\/uploads\/2021\/04\/Zvoz-komunalneho-odpadu-sv.Rocha-24.04.2021-HU.wav<\/a><\/audio>\r\n<hr>\r\n<h3>KOSIT a.s. &#8211; zber skla 24.04.2021<\/h3>\r\n<audio class=\"wp-audio-shortcode\" id=\"audio-14835-289\" preload=\"none\" style=\"width: 100%;\" controls=\"controls\"><source type=\"audio\/wav\" src=\"https:\/\/kulturamoldava.sk\/wp-content\/uploads\/2021\/04\/KOSIT-sklo-SK-1.wav?_=289\" \/><a href=\"https:\/\/kulturamoldava.sk\/wp-content\/uploads\/2021\/04\/KOSIT-sklo-SK-1.wav\">https:\/\/kulturamoldava.sk\/wp-content\/uploads\/2021\/04\/KOSIT-sklo-SK-1.wav<\/a><\/audio>\r\n<h3>KOSIT a.s. &#8211; <strong>\u00fcveg <\/strong><strong><span class=\"aCOpRe\">begy\u0171jt\u00e9se 2021.04.24.<\/span><\/strong><\/h3>\r\n<audio class=\"wp-audio-shortcode\" id=\"audio-14835-290\" preload=\"none\" style=\"width: 100%;\" controls=\"controls\"><source type=\"audio\/wav\" src=\"https:\/\/kulturamoldava.sk\/wp-content\/uploads\/2021\/04\/KOSIT-sklo-HU-1.wav?_=290\" \/><a href=\"https:\/\/kulturamoldava.sk\/wp-content\/uploads\/2021\/04\/KOSIT-sklo-HU-1.wav\">https:\/\/kulturamoldava.sk\/wp-content\/uploads\/2021\/04\/KOSIT-sklo-HU-1.wav<\/a><\/audio>\r\n<hr>\r\n<h3>Zvoz komun\u00e1lneho odpadu 22.04.2021<\/h3>\r\n<audio class=\"wp-audio-shortcode\" id=\"audio-14835-291\" preload=\"none\" style=\"width: 100%;\" controls=\"controls\"><source type=\"audio\/wav\" src=\"https:\/\/kulturamoldava.sk\/wp-content\/uploads\/2021\/04\/Zvoz-komunalneho-odpadu-22.04.2021-SK.wav?_=291\" \/><a href=\"https:\/\/kulturamoldava.sk\/wp-content\/uploads\/2021\/04\/Zvoz-komunalneho-odpadu-22.04.2021-SK.wav\">https:\/\/kulturamoldava.sk\/wp-content\/uploads\/2021\/04\/Zvoz-komunalneho-odpadu-22.04.2021-SK.wav<\/a><\/audio>\r\n<h3>H\u00e1ztart\u00e1si hullad\u00e9k elsz\u00e1ll\u00edt\u00e1sa 2021.04.22.<\/h3>\r\n<audio class=\"wp-audio-shortcode\" id=\"audio-14835-292\" preload=\"none\" style=\"width: 100%;\" controls=\"controls\"><source type=\"audio\/wav\" src=\"https:\/\/kulturamoldava.sk\/wp-content\/uploads\/2021\/04\/Zvoz-komunalneho-odpadu-22.04.2021-HU.wav?_=292\" \/><a href=\"https:\/\/kulturamoldava.sk\/wp-content\/uploads\/2021\/04\/Zvoz-komunalneho-odpadu-22.04.2021-HU.wav\">https:\/\/kulturamoldava.sk\/wp-content\/uploads\/2021\/04\/Zvoz-komunalneho-odpadu-22.04.2021-HU.wav<\/a><\/audio>\r\n<hr>\r\n<h3>Po\u013esk\u00fd predajca &#8211; predaj zemiakov a jab\u013ak 21.04.2021<\/h3>\r\n<audio class=\"wp-audio-shortcode\" id=\"audio-14835-293\" preload=\"none\" style=\"width: 100%;\" controls=\"controls\"><source type=\"audio\/wav\" src=\"https:\/\/kulturamoldava.sk\/wp-content\/uploads\/2021\/04\/PL-predaj-SK.wav?_=293\" \/><a href=\"https:\/\/kulturamoldava.sk\/wp-content\/uploads\/2021\/04\/PL-predaj-SK.wav\">https:\/\/kulturamoldava.sk\/wp-content\/uploads\/2021\/04\/PL-predaj-SK.wav<\/a><\/audio>\r\n<h3>Lengyelorsz\u00e1gi mag\u00e1nc\u00e9g &#8211; burgonya \u00e9s alma&nbsp; elad\u00e1sa 2021.04.21<\/h3>\r\n<audio class=\"wp-audio-shortcode\" id=\"audio-14835-294\" preload=\"none\" style=\"width: 100%;\" controls=\"controls\"><source type=\"audio\/wav\" src=\"https:\/\/kulturamoldava.sk\/wp-content\/uploads\/2021\/04\/PL-predaj-HU.wav?_=294\" \/><a href=\"https:\/\/kulturamoldava.sk\/wp-content\/uploads\/2021\/04\/PL-predaj-HU.wav\">https:\/\/kulturamoldava.sk\/wp-content\/uploads\/2021\/04\/PL-predaj-HU.wav<\/a><\/audio>\r\n<hr>\r\n<h3>Zvoz komun\u00e1lneho odpadu 20.04.2021<\/h3>\r\n<audio class=\"wp-audio-shortcode\" id=\"audio-14835-295\" preload=\"none\" style=\"width: 100%;\" controls=\"controls\"><source type=\"audio\/wav\" src=\"https:\/\/kulturamoldava.sk\/wp-content\/uploads\/2021\/04\/01.-Ksit3-SK.wav?_=295\" \/><a href=\"https:\/\/kulturamoldava.sk\/wp-content\/uploads\/2021\/04\/01.-Ksit3-SK.wav\">https:\/\/kulturamoldava.sk\/wp-content\/uploads\/2021\/04\/01.-Ksit3-SK.wav<\/a><\/audio>\r\n<h3>H\u00e1ztart\u00e1si hullad\u00e9k elsz\u00e1ll\u00edt\u00e1sa 2021.04.20<\/h3>\r\n<audio class=\"wp-audio-shortcode\" id=\"audio-14835-296\" preload=\"none\" style=\"width: 100%;\" controls=\"controls\"><source type=\"audio\/wav\" src=\"https:\/\/kulturamoldava.sk\/wp-content\/uploads\/2021\/04\/01.-Ksit3-HU.wav?_=296\" \/><a href=\"https:\/\/kulturamoldava.sk\/wp-content\/uploads\/2021\/04\/01.-Ksit3-HU.wav\">https:\/\/kulturamoldava.sk\/wp-content\/uploads\/2021\/04\/01.-Ksit3-HU.wav<\/a><\/audio>\r\n<hr>\r\n<h3>Sl\u00e1vnostn\u00e9 otvorenie trhoviska &#8222;Encs&#8220; v Moldave nad Bodvou 24.04.2021<\/h3>\r\n<audio class=\"wp-audio-shortcode\" id=\"audio-14835-297\" preload=\"none\" style=\"width: 100%;\" controls=\"controls\"><source type=\"audio\/wav\" src=\"https:\/\/kulturamoldava.sk\/wp-content\/uploads\/2021\/04\/Trhovisko-Encs-piacter-SK-16.04.2021.wav?_=297\" \/><a href=\"https:\/\/kulturamoldava.sk\/wp-content\/uploads\/2021\/04\/Trhovisko-Encs-piacter-SK-16.04.2021.wav\">https:\/\/kulturamoldava.sk\/wp-content\/uploads\/2021\/04\/Trhovisko-Encs-piacter-SK-16.04.2021.wav<\/a><\/audio>\r\n<h3>Az &#8222;Encsi piac&#8220; \u00fcnnep\u00e9lyes megnyit\u00f3ja Szepsiben 2021.04.24.<\/h3>\r\n<audio class=\"wp-audio-shortcode\" id=\"audio-14835-298\" preload=\"none\" style=\"width: 100%;\" controls=\"controls\"><source type=\"audio\/wav\" src=\"https:\/\/kulturamoldava.sk\/wp-content\/uploads\/2021\/04\/Trhovisko-Encs-piacter-HU-16.04.2021.wav?_=298\" \/><a href=\"https:\/\/kulturamoldava.sk\/wp-content\/uploads\/2021\/04\/Trhovisko-Encs-piacter-HU-16.04.2021.wav\">https:\/\/kulturamoldava.sk\/wp-content\/uploads\/2021\/04\/Trhovisko-Encs-piacter-HU-16.04.2021.wav<\/a><\/audio>\r\n<p>&nbsp;<\/p>\r\n<p><!--nextpage--><\/p>\r\n<h3>Zvoz komun\u00e1lneho odpadu 17.04.2021<\/h3>\r\n<audio class=\"wp-audio-shortcode\" id=\"audio-14835-299\" preload=\"none\" style=\"width: 100%;\" controls=\"controls\"><source type=\"audio\/wav\" src=\"https:\/\/kulturamoldava.sk\/wp-content\/uploads\/2021\/04\/Zvoz-odpadu-SK-17.04.2021.wav?_=299\" \/><a href=\"https:\/\/kulturamoldava.sk\/wp-content\/uploads\/2021\/04\/Zvoz-odpadu-SK-17.04.2021.wav\">https:\/\/kulturamoldava.sk\/wp-content\/uploads\/2021\/04\/Zvoz-odpadu-SK-17.04.2021.wav<\/a><\/audio>\r\n<h3>H\u00e1ztart\u00e1si hullad\u00e9k elsz\u00e1ll\u00edt\u00e1sa 2021.04.17<\/h3>\r\n<audio class=\"wp-audio-shortcode\" id=\"audio-14835-300\" preload=\"none\" style=\"width: 100%;\" controls=\"controls\"><source type=\"audio\/wav\" src=\"https:\/\/kulturamoldava.sk\/wp-content\/uploads\/2021\/04\/Zvoz-odpadu-HU-17.04.2021.wav?_=300\" \/><a href=\"https:\/\/kulturamoldava.sk\/wp-content\/uploads\/2021\/04\/Zvoz-odpadu-HU-17.04.2021.wav\">https:\/\/kulturamoldava.sk\/wp-content\/uploads\/2021\/04\/Zvoz-odpadu-HU-17.04.2021.wav<\/a><\/audio>\r\n<hr>\r\n<h3>Zvoz komun\u00e1lneho odpadu 15.04.2021<\/h3>\r\n<audio class=\"wp-audio-shortcode\" id=\"audio-14835-301\" preload=\"none\" style=\"width: 100%;\" controls=\"controls\"><source type=\"audio\/wav\" src=\"https:\/\/kulturamoldava.sk\/wp-content\/uploads\/2021\/04\/Zvoz-odpadu-SK-15.04.2021.wav?_=301\" \/><a href=\"https:\/\/kulturamoldava.sk\/wp-content\/uploads\/2021\/04\/Zvoz-odpadu-SK-15.04.2021.wav\">https:\/\/kulturamoldava.sk\/wp-content\/uploads\/2021\/04\/Zvoz-odpadu-SK-15.04.2021.wav<\/a><\/audio>\r\n<h3>H\u00e1ztart\u00e1si hullad\u00e9k elsz\u00e1ll\u00edt\u00e1sa 2021.04.15<\/h3>\r\n<audio class=\"wp-audio-shortcode\" id=\"audio-14835-302\" preload=\"none\" style=\"width: 100%;\" controls=\"controls\"><source type=\"audio\/wav\" src=\"https:\/\/kulturamoldava.sk\/wp-content\/uploads\/2021\/04\/Zvoz-odpadu-HU-15.04.2021.wav?_=302\" \/><a href=\"https:\/\/kulturamoldava.sk\/wp-content\/uploads\/2021\/04\/Zvoz-odpadu-HU-15.04.2021.wav\">https:\/\/kulturamoldava.sk\/wp-content\/uploads\/2021\/04\/Zvoz-odpadu-HU-15.04.2021.wav<\/a><\/audio>\r\n<hr>\r\n<h3>Ponuka \u010distiarne peria v Ko\u0161iciach 14.04.2021<\/h3>\r\n<audio class=\"wp-audio-shortcode\" id=\"audio-14835-303\" preload=\"none\" style=\"width: 100%;\" controls=\"controls\"><source type=\"audio\/mpeg\" src=\"https:\/\/kulturamoldava.sk\/wp-content\/uploads\/2021\/04\/Cistiaren-SK-14.04.2021.mp3?_=303\" \/><a href=\"https:\/\/kulturamoldava.sk\/wp-content\/uploads\/2021\/04\/Cistiaren-SK-14.04.2021.mp3\">https:\/\/kulturamoldava.sk\/wp-content\/uploads\/2021\/04\/Cistiaren-SK-14.04.2021.mp3<\/a><\/audio>\r\n<h3>Kassai tollaspaplan tiszt\u00edt\u00f3 k\u00edn\u00e1lata 2021.04.14<\/h3>\r\n<audio class=\"wp-audio-shortcode\" id=\"audio-14835-304\" preload=\"none\" style=\"width: 100%;\" controls=\"controls\"><source type=\"audio\/mpeg\" src=\"https:\/\/kulturamoldava.sk\/wp-content\/uploads\/2021\/04\/Cistiaren-HU-14.04.2021.mp3?_=304\" \/><a href=\"https:\/\/kulturamoldava.sk\/wp-content\/uploads\/2021\/04\/Cistiaren-HU-14.04.2021.mp3\">https:\/\/kulturamoldava.sk\/wp-content\/uploads\/2021\/04\/Cistiaren-HU-14.04.2021.mp3<\/a><\/audio>\r\n<hr>\r\n<h3>Prevzatie viano\u010dnej pouk\u00e1\u017eky a protipandemick\u00e9ho bal\u00ed\u010dka &#8211; n\u00e1hradn\u00fd term\u00edn 24.03.2021&nbsp;<\/h3>\r\n<audio class=\"wp-audio-shortcode\" id=\"audio-14835-305\" preload=\"none\" style=\"width: 100%;\" controls=\"controls\"><source type=\"audio\/wav\" src=\"https:\/\/kulturamoldava.sk\/wp-content\/uploads\/2021\/03\/Balicek-nahradny-termin-22.03.2021-SK.wav?_=305\" \/><a href=\"https:\/\/kulturamoldava.sk\/wp-content\/uploads\/2021\/03\/Balicek-nahradny-termin-22.03.2021-SK.wav\">https:\/\/kulturamoldava.sk\/wp-content\/uploads\/2021\/03\/Balicek-nahradny-termin-22.03.2021-SK.wav<\/a><\/audio>\r\n<h3>Kar\u00e1csonyi utalv\u00e1ny \u00e9s eg\u00e9szs\u00e9g\u00fcgyi csomag \u00e1tv\u00e9tele &#8211; p\u00f3tterminus 2021.03.24.<\/h3>\r\n<audio class=\"wp-audio-shortcode\" id=\"audio-14835-306\" preload=\"none\" style=\"width: 100%;\" controls=\"controls\"><source type=\"audio\/wav\" src=\"https:\/\/kulturamoldava.sk\/wp-content\/uploads\/2021\/03\/Balicek-nahradny-termin-22.03.2021-HU.wav?_=306\" \/><a href=\"https:\/\/kulturamoldava.sk\/wp-content\/uploads\/2021\/03\/Balicek-nahradny-termin-22.03.2021-HU.wav\">https:\/\/kulturamoldava.sk\/wp-content\/uploads\/2021\/03\/Balicek-nahradny-termin-22.03.2021-HU.wav<\/a><\/audio>\r\n<hr>\r\n<h3>&nbsp;<\/h3>\r\n<p><!--nextpage--><\/p>\r\n<h3>S\u010d\u00edtanie obyvate\u013eov 2021 &#8211; upozornenie<\/h3>\r\n<audio class=\"wp-audio-shortcode\" id=\"audio-14835-307\" preload=\"none\" style=\"width: 100%;\" controls=\"controls\"><source type=\"audio\/wav\" src=\"https:\/\/kulturamoldava.sk\/wp-content\/uploads\/2021\/03\/Scitanie-upozornenie-SK-19.03.2021.wav?_=307\" \/><a href=\"https:\/\/kulturamoldava.sk\/wp-content\/uploads\/2021\/03\/Scitanie-upozornenie-SK-19.03.2021.wav\">https:\/\/kulturamoldava.sk\/wp-content\/uploads\/2021\/03\/Scitanie-upozornenie-SK-19.03.2021.wav<\/a><\/audio>\r\n<h3>N\u00e9psz\u00e1ml\u00e1l\u00e1s 2021 &#8211; felh\u00edv\u00e1s<\/h3>\r\n<audio class=\"wp-audio-shortcode\" id=\"audio-14835-308\" preload=\"none\" style=\"width: 100%;\" controls=\"controls\"><source type=\"audio\/wav\" src=\"https:\/\/kulturamoldava.sk\/wp-content\/uploads\/2021\/03\/Scitanie-upozirnenie-HU-19.03.2021.wav?_=308\" \/><a href=\"https:\/\/kulturamoldava.sk\/wp-content\/uploads\/2021\/03\/Scitanie-upozirnenie-HU-19.03.2021.wav\">https:\/\/kulturamoldava.sk\/wp-content\/uploads\/2021\/03\/Scitanie-upozirnenie-HU-19.03.2021.wav<\/a><\/audio>\r\n<hr>\r\n<h3>VSD &#8211; preru\u0161enie distrib\u00facie elektriny 22.03.2021<\/h3>\r\n<audio class=\"wp-audio-shortcode\" id=\"audio-14835-309\" preload=\"none\" style=\"width: 100%;\" controls=\"controls\"><source type=\"audio\/wav\" src=\"https:\/\/kulturamoldava.sk\/wp-content\/uploads\/2021\/03\/VSD-SK-22.03.2021.wav?_=309\" \/><a href=\"https:\/\/kulturamoldava.sk\/wp-content\/uploads\/2021\/03\/VSD-SK-22.03.2021.wav\">https:\/\/kulturamoldava.sk\/wp-content\/uploads\/2021\/03\/VSD-SK-22.03.2021.wav<\/a><\/audio>\r\n<h3>KELLET-SZLOV\u00c1KIAI ELEKTROMOS M\u0170VEK &#8211; \u00e1ramszolg\u00e1ltat\u00e1s sz\u00fcnetel\u00e9se 2021.03.22.<\/h3>\r\n<audio class=\"wp-audio-shortcode\" id=\"audio-14835-310\" preload=\"none\" style=\"width: 100%;\" controls=\"controls\"><source type=\"audio\/wav\" src=\"https:\/\/kulturamoldava.sk\/wp-content\/uploads\/2021\/03\/VSD-HU-22.03.2021.wav?_=310\" \/><a href=\"https:\/\/kulturamoldava.sk\/wp-content\/uploads\/2021\/03\/VSD-HU-22.03.2021.wav\">https:\/\/kulturamoldava.sk\/wp-content\/uploads\/2021\/03\/VSD-HU-22.03.2021.wav<\/a><\/audio>\r\n<hr>\r\n<h3>Po\u017eiarna prevencia &#8211; chr\u00e1\u0148me spolo\u010dne na\u0161e lesy<\/h3>\r\n<audio class=\"wp-audio-shortcode\" id=\"audio-14835-311\" preload=\"none\" style=\"width: 100%;\" controls=\"controls\"><source type=\"audio\/wav\" src=\"https:\/\/kulturamoldava.sk\/wp-content\/uploads\/2021\/03\/Upozornenie-poziar-SK-17.03.2021-1.wav?_=311\" \/><a href=\"https:\/\/kulturamoldava.sk\/wp-content\/uploads\/2021\/03\/Upozornenie-poziar-SK-17.03.2021-1.wav\">https:\/\/kulturamoldava.sk\/wp-content\/uploads\/2021\/03\/Upozornenie-poziar-SK-17.03.2021-1.wav<\/a><\/audio>\r\n<h3>T\u0171zmegel\u0151z\u00e9s &#8211; v\u00e9dj\u00fck meg&nbsp; erd\u0151inket<\/h3>\r\n<audio class=\"wp-audio-shortcode\" id=\"audio-14835-312\" preload=\"none\" style=\"width: 100%;\" controls=\"controls\"><source type=\"audio\/wav\" src=\"https:\/\/kulturamoldava.sk\/wp-content\/uploads\/2021\/03\/Upozornenie-poziar-HU-17.03.2021-1.wav?_=312\" \/><a href=\"https:\/\/kulturamoldava.sk\/wp-content\/uploads\/2021\/03\/Upozornenie-poziar-HU-17.03.2021-1.wav\">https:\/\/kulturamoldava.sk\/wp-content\/uploads\/2021\/03\/Upozornenie-poziar-HU-17.03.2021-1.wav<\/a><\/audio>\r\n<hr>\r\n<h3>Zber biologicky rozlo\u017eite\u013en\u00e9ho odpadu v meste Moldava nad Bodvou<\/h3>\r\n<audio class=\"wp-audio-shortcode\" id=\"audio-14835-313\" preload=\"none\" style=\"width: 100%;\" controls=\"controls\"><source type=\"audio\/wav\" src=\"https:\/\/kulturamoldava.sk\/wp-content\/uploads\/2021\/03\/Zber-odpadu-zo-zahrad-SK-15.03.2021.wav?_=313\" \/><a href=\"https:\/\/kulturamoldava.sk\/wp-content\/uploads\/2021\/03\/Zber-odpadu-zo-zahrad-SK-15.03.2021.wav\">https:\/\/kulturamoldava.sk\/wp-content\/uploads\/2021\/03\/Zber-odpadu-zo-zahrad-SK-15.03.2021.wav<\/a><\/audio>\r\n<h3><strong>A biol\u00f3giailag leboml\u00f3 hullad\u00e9k begy\u0171jt\u00e9se Szepsi v\u00e1ros\u00e1ban<\/strong><\/h3>\r\n<audio class=\"wp-audio-shortcode\" id=\"audio-14835-314\" preload=\"none\" style=\"width: 100%;\" controls=\"controls\"><source type=\"audio\/wav\" src=\"https:\/\/kulturamoldava.sk\/wp-content\/uploads\/2021\/03\/Zber-odpadu-zo-zahrad-HU-15.03.2021.wav?_=314\" \/><a href=\"https:\/\/kulturamoldava.sk\/wp-content\/uploads\/2021\/03\/Zber-odpadu-zo-zahrad-HU-15.03.2021.wav\">https:\/\/kulturamoldava.sk\/wp-content\/uploads\/2021\/03\/Zber-odpadu-zo-zahrad-HU-15.03.2021.wav<\/a><\/audio>\r\n<hr>\r\n<h3>Rozvoz stravy pre d\u00f4chodcov od 15. marca<\/h3>\r\n<audio class=\"wp-audio-shortcode\" id=\"audio-14835-315\" preload=\"none\" style=\"width: 100%;\" controls=\"controls\"><source type=\"audio\/wav\" src=\"https:\/\/kulturamoldava.sk\/wp-content\/uploads\/2021\/03\/Strava-pre-dochodcov-SK-12.03.2021.wav?_=315\" \/><a href=\"https:\/\/kulturamoldava.sk\/wp-content\/uploads\/2021\/03\/Strava-pre-dochodcov-SK-12.03.2021.wav\">https:\/\/kulturamoldava.sk\/wp-content\/uploads\/2021\/03\/Strava-pre-dochodcov-SK-12.03.2021.wav<\/a><\/audio>\r\n<h3>\u00c9telsz\u00e1ll\u00edt\u00e1s a nyugd\u00edjasok sz\u00e1m\u00e1ra m\u00e1rcius 15-t\u0151l<\/h3>\r\n<audio class=\"wp-audio-shortcode\" id=\"audio-14835-316\" preload=\"none\" style=\"width: 100%;\" controls=\"controls\"><source type=\"audio\/wav\" src=\"https:\/\/kulturamoldava.sk\/wp-content\/uploads\/2021\/03\/Strava-pre-dochodcov-HU-12.03.2021.wav?_=316\" \/><a href=\"https:\/\/kulturamoldava.sk\/wp-content\/uploads\/2021\/03\/Strava-pre-dochodcov-HU-12.03.2021.wav\">https:\/\/kulturamoldava.sk\/wp-content\/uploads\/2021\/03\/Strava-pre-dochodcov-HU-12.03.2021.wav<\/a><\/audio>\r\n<hr>\r\n<h3>Centrum pre deti a rodiny Medzev &#8211; ponuka vo\u013en\u00fdch pracovn\u00fdch miest 01.03.2021<\/h3>\r\n<audio class=\"wp-audio-shortcode\" id=\"audio-14835-317\" preload=\"none\" style=\"width: 100%;\" controls=\"controls\"><source type=\"audio\/wav\" src=\"https:\/\/kulturamoldava.sk\/wp-content\/uploads\/2021\/03\/Centrum-pre-deti-a-rodiny-Medzev-SK-01.03.2021-1.wav?_=317\" \/><a href=\"https:\/\/kulturamoldava.sk\/wp-content\/uploads\/2021\/03\/Centrum-pre-deti-a-rodiny-Medzev-SK-01.03.2021-1.wav\">https:\/\/kulturamoldava.sk\/wp-content\/uploads\/2021\/03\/Centrum-pre-deti-a-rodiny-Medzev-SK-01.03.2021-1.wav<\/a><\/audio>\r\n<h3>Medzenz\u00e9fi Gyermek- \u00e9s Csal\u00e1dok K\u00f6zpont &#8211; \u00e1ll\u00e1saj\u00e1nlat 2021.03.01.<\/h3>\r\n<audio class=\"wp-audio-shortcode\" id=\"audio-14835-318\" preload=\"none\" style=\"width: 100%;\" controls=\"controls\"><source type=\"audio\/wav\" src=\"https:\/\/kulturamoldava.sk\/wp-content\/uploads\/2021\/03\/Centrum-pre-deti-a-rodiny-Medzev-HU-01.03.2021.wav?_=318\" \/><a href=\"https:\/\/kulturamoldava.sk\/wp-content\/uploads\/2021\/03\/Centrum-pre-deti-a-rodiny-Medzev-HU-01.03.2021.wav\">https:\/\/kulturamoldava.sk\/wp-content\/uploads\/2021\/03\/Centrum-pre-deti-a-rodiny-Medzev-HU-01.03.2021.wav<\/a><\/audio>\r\n<hr>\r\n<h3>Prevzatie viano\u010dnej pouk\u00e1\u017eky a protipandemick\u00e9ho bal\u00ed\u010dka (1.marec.2021 &#8211; 15.marec.2021)<\/h3>\r\n<audio class=\"wp-audio-shortcode\" id=\"audio-14835-319\" preload=\"none\" style=\"width: 100%;\" controls=\"controls\"><source type=\"audio\/wav\" src=\"https:\/\/kulturamoldava.sk\/wp-content\/uploads\/2021\/02\/Vianocne-poukazky-SK-22.02.2021-.wav?_=319\" \/><a href=\"https:\/\/kulturamoldava.sk\/wp-content\/uploads\/2021\/02\/Vianocne-poukazky-SK-22.02.2021-.wav\">https:\/\/kulturamoldava.sk\/wp-content\/uploads\/2021\/02\/Vianocne-poukazky-SK-22.02.2021-.wav<\/a><\/audio>\r\n<h3>Kar\u00e1csonyi utalv\u00e1ny \u00e9s eg\u00e9szs\u00e9g\u00fcgyi csomag \u00e1tv\u00e9tele (2021.m\u00e1rcius.1. &#8211; 2021.m\u00e1rcius.15.)<\/h3>\r\n<audio class=\"wp-audio-shortcode\" id=\"audio-14835-320\" preload=\"none\" style=\"width: 100%;\" controls=\"controls\"><source type=\"audio\/wav\" src=\"https:\/\/kulturamoldava.sk\/wp-content\/uploads\/2021\/02\/Vianocne-poukazky-HU-22.02.2021.wav?_=320\" \/><a href=\"https:\/\/kulturamoldava.sk\/wp-content\/uploads\/2021\/02\/Vianocne-poukazky-HU-22.02.2021.wav\">https:\/\/kulturamoldava.sk\/wp-content\/uploads\/2021\/02\/Vianocne-poukazky-HU-22.02.2021.wav<\/a><\/audio>\r\n<hr>\r\n<h3>S\u010d\u00edtanie obyvate\u013eov 2021<\/h3>\r\n<audio class=\"wp-audio-shortcode\" id=\"audio-14835-321\" preload=\"none\" style=\"width: 100%;\" controls=\"controls\"><source type=\"audio\/wav\" src=\"https:\/\/kulturamoldava.sk\/wp-content\/uploads\/2021\/02\/SCITANIE-SK-.wav?_=321\" \/><a href=\"https:\/\/kulturamoldava.sk\/wp-content\/uploads\/2021\/02\/SCITANIE-SK-.wav\">https:\/\/kulturamoldava.sk\/wp-content\/uploads\/2021\/02\/SCITANIE-SK-.wav<\/a><\/audio>\r\n<h3>N\u00e9psz\u00e1ml\u00e1l\u00e1s 2021<\/h3>\r\n<audio class=\"wp-audio-shortcode\" id=\"audio-14835-322\" preload=\"none\" style=\"width: 100%;\" controls=\"controls\"><source type=\"audio\/wav\" src=\"https:\/\/kulturamoldava.sk\/wp-content\/uploads\/2021\/02\/SCITANIE-HU.wav?_=322\" \/><a href=\"https:\/\/kulturamoldava.sk\/wp-content\/uploads\/2021\/02\/SCITANIE-HU.wav\">https:\/\/kulturamoldava.sk\/wp-content\/uploads\/2021\/02\/SCITANIE-HU.wav<\/a><\/audio>\r\n<hr>\r\n<h3>Skr\u00edningov\u00e9 testovanie na ochorenie COVID 19 v Moldave nad Bodvou &#8211; odbern\u00e9 miesta, \u010das odberov a odpor\u00fa\u010dan\u00e9 ulice 23.-25.01.2021<\/h3>\r\n<audio class=\"wp-audio-shortcode\" id=\"audio-14835-323\" preload=\"none\" style=\"width: 100%;\" controls=\"controls\"><source type=\"audio\/wav\" src=\"https:\/\/kulturamoldava.sk\/wp-content\/uploads\/2021\/01\/SKRINING-SK.wav?_=323\" \/><a href=\"https:\/\/kulturamoldava.sk\/wp-content\/uploads\/2021\/01\/SKRINING-SK.wav\">https:\/\/kulturamoldava.sk\/wp-content\/uploads\/2021\/01\/SKRINING-SK.wav<\/a><\/audio>\r\n<h3>COVID-19 orsz\u00e1gos sz\u0171r\u0151vizsg\u00e1lat Szepsiben &#8211; napok, helysz\u00ednek, javasolt id\u0151pontok \u00e9s utc\u00e1c\u00e1k 2021.01.23-25.<\/h3>\r\n<audio class=\"wp-audio-shortcode\" id=\"audio-14835-324\" preload=\"none\" style=\"width: 100%;\" controls=\"controls\"><source type=\"audio\/wav\" src=\"https:\/\/kulturamoldava.sk\/wp-content\/uploads\/2021\/01\/SKRINING-HU.wav?_=324\" \/><a href=\"https:\/\/kulturamoldava.sk\/wp-content\/uploads\/2021\/01\/SKRINING-HU.wav\">https:\/\/kulturamoldava.sk\/wp-content\/uploads\/2021\/01\/SKRINING-HU.wav<\/a><\/audio>\r\n<hr>\r\n<h3>RVPS Ko\u0161ice-okolie &#8211; Africk\u00fd mor o\u0161\u00edpan\u00fdch &#8211; nariaden\u00e9 opatrenia 20.01.2021<\/h3>\r\n<audio class=\"wp-audio-shortcode\" id=\"audio-14835-325\" preload=\"none\" style=\"width: 100%;\" controls=\"controls\"><source type=\"audio\/wav\" src=\"https:\/\/kulturamoldava.sk\/wp-content\/uploads\/2021\/01\/RPVS-SK-20.01.2020.wav?_=325\" \/><a href=\"https:\/\/kulturamoldava.sk\/wp-content\/uploads\/2021\/01\/RPVS-SK-20.01.2020.wav\">https:\/\/kulturamoldava.sk\/wp-content\/uploads\/2021\/01\/RPVS-SK-20.01.2020.wav<\/a><\/audio>\r\n<h3>RVPS Ko\u0161ice-okolie &#8211; Afrikai sert\u00e9spestis &#8211; int\u00e9zked\u00e9sek elrendelt\u00e9se 2021.01.20<\/h3>\r\n<audio class=\"wp-audio-shortcode\" id=\"audio-14835-326\" preload=\"none\" style=\"width: 100%;\" controls=\"controls\"><source type=\"audio\/wav\" src=\"https:\/\/kulturamoldava.sk\/wp-content\/uploads\/2021\/01\/RPVS-HU-20.01.2020.wav?_=326\" \/><a href=\"https:\/\/kulturamoldava.sk\/wp-content\/uploads\/2021\/01\/RPVS-HU-20.01.2020.wav\">https:\/\/kulturamoldava.sk\/wp-content\/uploads\/2021\/01\/RPVS-HU-20.01.2020.wav<\/a><\/audio>\r\n<p><!--nextpage--><\/p>\r\n<hr>\r\n<h3>Firma GA\u0147O &#8211; Predaj viano\u010dn\u00fdch kaprov, strom\u010dekov, zemiakov a cibule<\/h3>\r\n<audio class=\"wp-audio-shortcode\" id=\"audio-14835-327\" preload=\"none\" style=\"width: 100%;\" controls=\"controls\"><source type=\"audio\/wav\" src=\"https:\/\/kulturamoldava.sk\/wp-content\/uploads\/2020\/12\/GANYO-predaj-kaprov-stromcekov-11.12.2020-SK.wav?_=327\" \/><a href=\"https:\/\/kulturamoldava.sk\/wp-content\/uploads\/2020\/12\/GANYO-predaj-kaprov-stromcekov-11.12.2020-SK.wav\">https:\/\/kulturamoldava.sk\/wp-content\/uploads\/2020\/12\/GANYO-predaj-kaprov-stromcekov-11.12.2020-SK.wav<\/a><\/audio>\r\n<h3>GA\u0147O c\u00e9g &#8211; kar\u00e1csonyi ponty, feny\u0151f\u00e1k, burgonya \u00e9s hagyma&nbsp; \u00e1rus\u00edt\u00e1sa<\/h3>\r\n<audio class=\"wp-audio-shortcode\" id=\"audio-14835-328\" preload=\"none\" style=\"width: 100%;\" controls=\"controls\"><source type=\"audio\/wav\" src=\"https:\/\/kulturamoldava.sk\/wp-content\/uploads\/2020\/12\/GANYO-predaj-kaprov-stromcekov-11.12.2020-HU.wav?_=328\" \/><a href=\"https:\/\/kulturamoldava.sk\/wp-content\/uploads\/2020\/12\/GANYO-predaj-kaprov-stromcekov-11.12.2020-HU.wav\">https:\/\/kulturamoldava.sk\/wp-content\/uploads\/2020\/12\/GANYO-predaj-kaprov-stromcekov-11.12.2020-HU.wav<\/a><\/audio>\r\n<hr>\r\n<h3>Po\u013esk\u00fd predajca &#8211; predaj zemiakov, jab\u013ak a hru\u0161iek 10.12.2020<\/h3>\r\n<audio class=\"wp-audio-shortcode\" id=\"audio-14835-329\" preload=\"none\" style=\"width: 100%;\" controls=\"controls\"><source type=\"audio\/wav\" src=\"https:\/\/kulturamoldava.sk\/wp-content\/uploads\/2020\/12\/Predaj-PL-jablka-SK-10.12.2020-SK-1.wav?_=329\" \/><a href=\"https:\/\/kulturamoldava.sk\/wp-content\/uploads\/2020\/12\/Predaj-PL-jablka-SK-10.12.2020-SK-1.wav\">https:\/\/kulturamoldava.sk\/wp-content\/uploads\/2020\/12\/Predaj-PL-jablka-SK-10.12.2020-SK-1.wav<\/a><\/audio>\r\n<h3>Lengyelorsz\u00e1gi mag\u00e1nc\u00e9g &#8211; burgonya, alma \u00e9s k\u00f6rte elad\u00e1sa 2020.12.10.<\/h3>\r\n<audio class=\"wp-audio-shortcode\" id=\"audio-14835-330\" preload=\"none\" style=\"width: 100%;\" controls=\"controls\"><source type=\"audio\/wav\" src=\"https:\/\/kulturamoldava.sk\/wp-content\/uploads\/2020\/12\/Predaj-PL-jablka-SK-10.12.2020-HU.wav?_=330\" \/><a href=\"https:\/\/kulturamoldava.sk\/wp-content\/uploads\/2020\/12\/Predaj-PL-jablka-SK-10.12.2020-HU.wav\">https:\/\/kulturamoldava.sk\/wp-content\/uploads\/2020\/12\/Predaj-PL-jablka-SK-10.12.2020-HU.wav<\/a><\/audio>\r\n<hr>\r\n<h3><strong>KOSIT-&nbsp; Zber skla&nbsp; 12.12.2020<\/strong><\/h3>\r\n<audio class=\"wp-audio-shortcode\" id=\"audio-14835-331\" preload=\"none\" style=\"width: 100%;\" controls=\"controls\"><source type=\"audio\/wav\" src=\"https:\/\/kulturamoldava.sk\/wp-content\/uploads\/2020\/12\/Kosit-zber-skla-12.12.2020-SK.wav?_=331\" \/><a href=\"https:\/\/kulturamoldava.sk\/wp-content\/uploads\/2020\/12\/Kosit-zber-skla-12.12.2020-SK.wav\">https:\/\/kulturamoldava.sk\/wp-content\/uploads\/2020\/12\/Kosit-zber-skla-12.12.2020-SK.wav<\/a><\/audio>\r\n<h3><strong>KOSIT &#8211; \u00fcveg <\/strong><strong><span class=\"aCOpRe\">begy\u0171jt\u00e9se<\/span> 2020.12.12<\/strong><\/h3>\r\n<audio class=\"wp-audio-shortcode\" id=\"audio-14835-332\" preload=\"none\" style=\"width: 100%;\" controls=\"controls\"><source type=\"audio\/wav\" src=\"https:\/\/kulturamoldava.sk\/wp-content\/uploads\/2020\/12\/Kosit-zber-skla-12.12.2020-HU.wav?_=332\" \/><a href=\"https:\/\/kulturamoldava.sk\/wp-content\/uploads\/2020\/12\/Kosit-zber-skla-12.12.2020-HU.wav\">https:\/\/kulturamoldava.sk\/wp-content\/uploads\/2020\/12\/Kosit-zber-skla-12.12.2020-HU.wav<\/a><\/audio>\r\n<hr>\r\n<h3>S\u00daKROMN\u00dd PREDAJCA Z RUMUNSKA &#8211; PREDAJ ROZLI\u010cN\u00c9HO TOVARU 09.12.2020<\/h3>\r\n<audio class=\"wp-audio-shortcode\" id=\"audio-14835-333\" preload=\"none\" style=\"width: 100%;\" controls=\"controls\"><source type=\"audio\/wav\" src=\"https:\/\/kulturamoldava.sk\/wp-content\/uploads\/2020\/12\/Predaj-PL-jablka-SK-10.12.2020-SK.wav?_=333\" \/><a href=\"https:\/\/kulturamoldava.sk\/wp-content\/uploads\/2020\/12\/Predaj-PL-jablka-SK-10.12.2020-SK.wav\">https:\/\/kulturamoldava.sk\/wp-content\/uploads\/2020\/12\/Predaj-PL-jablka-SK-10.12.2020-SK.wav<\/a><\/audio>\r\n<h3>ERD\u00c9LYI MAG\u00c1N ELAD\u00d3 &#8211; VEGYES\u00c1RU ELAD\u00c1SA 2020.12.09<\/h3>\r\n<audio class=\"wp-audio-shortcode\" id=\"audio-14835-334\" preload=\"none\" style=\"width: 100%;\" controls=\"controls\"><source type=\"audio\/wav\" src=\"https:\/\/kulturamoldava.sk\/wp-content\/uploads\/2020\/12\/Predajca-z-rumunska-09.12.2020-HU.wav?_=334\" \/><a href=\"https:\/\/kulturamoldava.sk\/wp-content\/uploads\/2020\/12\/Predajca-z-rumunska-09.12.2020-HU.wav\">https:\/\/kulturamoldava.sk\/wp-content\/uploads\/2020\/12\/Predajca-z-rumunska-09.12.2020-HU.wav<\/a><\/audio>\r\n<hr>\r\n<h3><strong>KOSIT-&nbsp; Zber plastov, kovu a tetrapaku&nbsp; 05.12.2020<\/strong><\/h3>\r\n<audio class=\"wp-audio-shortcode\" id=\"audio-14835-335\" preload=\"none\" style=\"width: 100%;\" controls=\"controls\"><source type=\"audio\/wav\" src=\"https:\/\/kulturamoldava.sk\/wp-content\/uploads\/2020\/12\/Kosit-zber-plastov-05.12.2020-SK.wav?_=335\" \/><a href=\"https:\/\/kulturamoldava.sk\/wp-content\/uploads\/2020\/12\/Kosit-zber-plastov-05.12.2020-SK.wav\">https:\/\/kulturamoldava.sk\/wp-content\/uploads\/2020\/12\/Kosit-zber-plastov-05.12.2020-SK.wav<\/a><\/audio>\r\n<h3><strong>KOSIT- m<span class=\"aCOpRe\">\u0171anyag<\/span> , f\u00e9m \u00e9s tetrapak <span class=\"aCOpRe\">begy\u0171jt\u00e9se<\/span> 2020.12.05<\/strong><\/h3>\r\n<audio class=\"wp-audio-shortcode\" id=\"audio-14835-336\" preload=\"none\" style=\"width: 100%;\" controls=\"controls\"><source type=\"audio\/wav\" src=\"https:\/\/kulturamoldava.sk\/wp-content\/uploads\/2020\/12\/Kosit-zber-plastov-05.12.2020-HU.wav?_=336\" \/><a href=\"https:\/\/kulturamoldava.sk\/wp-content\/uploads\/2020\/12\/Kosit-zber-plastov-05.12.2020-HU.wav\">https:\/\/kulturamoldava.sk\/wp-content\/uploads\/2020\/12\/Kosit-zber-plastov-05.12.2020-HU.wav<\/a><\/audio>\r\n<hr>\r\n<h3>Preru\u0161enie distrib\u00facie vody 08.12.2020<\/h3>\r\n<audio class=\"wp-audio-shortcode\" id=\"audio-14835-337\" preload=\"none\" style=\"width: 100%;\" controls=\"controls\"><source type=\"audio\/wav\" src=\"https:\/\/kulturamoldava.sk\/wp-content\/uploads\/2020\/12\/VVS-08.12.2020-SK.wav?_=337\" \/><a href=\"https:\/\/kulturamoldava.sk\/wp-content\/uploads\/2020\/12\/VVS-08.12.2020-SK.wav\">https:\/\/kulturamoldava.sk\/wp-content\/uploads\/2020\/12\/VVS-08.12.2020-SK.wav<\/a><\/audio>\r\n<h3>Iv\u00f3v\u00edz-szolg\u00e1ltat\u00e1s megszak\u00edt\u00e1sa 2020.12.08.&nbsp;<\/h3>\r\n<audio class=\"wp-audio-shortcode\" id=\"audio-14835-338\" preload=\"none\" style=\"width: 100%;\" controls=\"controls\"><source type=\"audio\/wav\" src=\"https:\/\/kulturamoldava.sk\/wp-content\/uploads\/2020\/12\/VVS-08.12.2020-HU.wav?_=338\" \/><a href=\"https:\/\/kulturamoldava.sk\/wp-content\/uploads\/2020\/12\/VVS-08.12.2020-HU.wav\">https:\/\/kulturamoldava.sk\/wp-content\/uploads\/2020\/12\/VVS-08.12.2020-HU.wav<\/a><\/audio>\r\n<hr>\r\n<h3>MIKUL\u00c1\u0160 06.12.2020<\/h3>\r\n<audio class=\"wp-audio-shortcode\" id=\"audio-14835-339\" preload=\"none\" style=\"width: 100%;\" controls=\"controls\"><source type=\"audio\/wav\" src=\"https:\/\/kulturamoldava.sk\/wp-content\/uploads\/2020\/12\/Mikulas-02.12.2020-SK.wav?_=339\" \/><a href=\"https:\/\/kulturamoldava.sk\/wp-content\/uploads\/2020\/12\/Mikulas-02.12.2020-SK.wav\">https:\/\/kulturamoldava.sk\/wp-content\/uploads\/2020\/12\/Mikulas-02.12.2020-SK.wav<\/a><\/audio>\r\n<h3>MIKUL\u00c1S 2020.12.06<\/h3>\r\n<audio class=\"wp-audio-shortcode\" id=\"audio-14835-340\" preload=\"none\" style=\"width: 100%;\" controls=\"controls\"><source type=\"audio\/wav\" src=\"https:\/\/kulturamoldava.sk\/wp-content\/uploads\/2020\/12\/Mikulas-02.12.2020-HU.wav?_=340\" \/><a href=\"https:\/\/kulturamoldava.sk\/wp-content\/uploads\/2020\/12\/Mikulas-02.12.2020-HU.wav\">https:\/\/kulturamoldava.sk\/wp-content\/uploads\/2020\/12\/Mikulas-02.12.2020-HU.wav<\/a><\/audio>\r\n<hr>\r\n<h3>Firma GA\u0147O &#8211; Predaj viano\u010dn\u00fdch strom\u010dekov<\/h3>\r\n<audio class=\"wp-audio-shortcode\" id=\"audio-14835-341\" preload=\"none\" style=\"width: 100%;\" controls=\"controls\"><source type=\"audio\/wav\" src=\"https:\/\/kulturamoldava.sk\/wp-content\/uploads\/2020\/12\/Gano-predaj-stromcekov-01.12.2020-SK.wav?_=341\" \/><a href=\"https:\/\/kulturamoldava.sk\/wp-content\/uploads\/2020\/12\/Gano-predaj-stromcekov-01.12.2020-SK.wav\">https:\/\/kulturamoldava.sk\/wp-content\/uploads\/2020\/12\/Gano-predaj-stromcekov-01.12.2020-SK.wav<\/a><\/audio>\r\n<h3>GA\u0147O c\u00e9g &#8211; kar\u00e1csonyi feny\u0151f\u00e1k &nbsp;\u00e1rus\u00edt\u00e1sa<\/h3>\r\n<audio class=\"wp-audio-shortcode\" id=\"audio-14835-342\" preload=\"none\" style=\"width: 100%;\" controls=\"controls\"><source type=\"audio\/wav\" src=\"https:\/\/kulturamoldava.sk\/wp-content\/uploads\/2020\/12\/Gano-predaj-stromcekov-01.12.2020-HU.wav?_=342\" \/><a href=\"https:\/\/kulturamoldava.sk\/wp-content\/uploads\/2020\/12\/Gano-predaj-stromcekov-01.12.2020-HU.wav\">https:\/\/kulturamoldava.sk\/wp-content\/uploads\/2020\/12\/Gano-predaj-stromcekov-01.12.2020-HU.wav<\/a><\/audio>\r\n<hr><hr>\r\n<audio class=\"wp-audio-shortcode\" id=\"audio-14835-343\" preload=\"none\" style=\"width: 100%;\" controls=\"controls\"><source type=\"audio\/wav\" src=\"https:\/\/kulturamoldava.sk\/wp-content\/uploads\/2020\/12\/Predaj-jablk-a-hrusiek-01.12.2020-SK.wav?_=343\" \/><a href=\"https:\/\/kulturamoldava.sk\/wp-content\/uploads\/2020\/12\/Predaj-jablk-a-hrusiek-01.12.2020-SK.wav\">https:\/\/kulturamoldava.sk\/wp-content\/uploads\/2020\/12\/Predaj-jablk-a-hrusiek-01.12.2020-SK.wav<\/a><\/audio>\r\n<h3>Lengyelorsz\u00e1gi mag\u00e1nc\u00e9g &#8211; burgonya, alma \u00e9s k\u00f6rte elad\u00e1sa 2020.12.01.<\/h3>\r\n<audio class=\"wp-audio-shortcode\" id=\"audio-14835-344\" preload=\"none\" style=\"width: 100%;\" controls=\"controls\"><source type=\"audio\/wav\" src=\"https:\/\/kulturamoldava.sk\/wp-content\/uploads\/2020\/12\/Predaj-jablk-a-hrusiek-01.12.2020-HU.wav?_=344\" \/><a href=\"https:\/\/kulturamoldava.sk\/wp-content\/uploads\/2020\/12\/Predaj-jablk-a-hrusiek-01.12.2020-HU.wav\">https:\/\/kulturamoldava.sk\/wp-content\/uploads\/2020\/12\/Predaj-jablk-a-hrusiek-01.12.2020-HU.wav<\/a><\/audio>\r\n<hr>\r\n<h3>V\u00fdkup vla\u0161sk\u00fdch orechov&nbsp;<\/h3>\r\n<audio class=\"wp-audio-shortcode\" id=\"audio-14835-345\" preload=\"none\" style=\"width: 100%;\" controls=\"controls\"><source type=\"audio\/wav\" src=\"https:\/\/kulturamoldava.sk\/wp-content\/uploads\/2020\/11\/Orech-vykup-26.11.2020-SK.wav?_=345\" \/><a href=\"https:\/\/kulturamoldava.sk\/wp-content\/uploads\/2020\/11\/Orech-vykup-26.11.2020-SK.wav\">https:\/\/kulturamoldava.sk\/wp-content\/uploads\/2020\/11\/Orech-vykup-26.11.2020-SK.wav<\/a><\/audio>\r\n<h3>H\u00e9jas di\u00f3 felv\u00e1s\u00e1rl\u00e1sa<\/h3>\r\n<audio class=\"wp-audio-shortcode\" id=\"audio-14835-346\" preload=\"none\" style=\"width: 100%;\" controls=\"controls\"><source type=\"audio\/wav\" src=\"https:\/\/kulturamoldava.sk\/wp-content\/uploads\/2020\/11\/Orech-vykup-26.11.2020-HU.wav?_=346\" \/><a href=\"https:\/\/kulturamoldava.sk\/wp-content\/uploads\/2020\/11\/Orech-vykup-26.11.2020-HU.wav\">https:\/\/kulturamoldava.sk\/wp-content\/uploads\/2020\/11\/Orech-vykup-26.11.2020-HU.wav<\/a><\/audio>\r\n<hr>\r\n<h3><strong>KOSIT-&nbsp; Zber papiera a lepenky&nbsp; 28.11.2020<\/strong><\/h3>\r\n<audio class=\"wp-audio-shortcode\" id=\"audio-14835-347\" preload=\"none\" style=\"width: 100%;\" controls=\"controls\"><source type=\"audio\/wav\" src=\"https:\/\/kulturamoldava.sk\/wp-content\/uploads\/2020\/11\/Kosit-zber-papiera-25.11.2020-SK.wav?_=347\" \/><a href=\"https:\/\/kulturamoldava.sk\/wp-content\/uploads\/2020\/11\/Kosit-zber-papiera-25.11.2020-SK.wav\">https:\/\/kulturamoldava.sk\/wp-content\/uploads\/2020\/11\/Kosit-zber-papiera-25.11.2020-SK.wav<\/a><\/audio>\r\n<h3><strong>KOSIT- Pap\u00edr <\/strong><strong><span class=\"aCOpRe\">begy\u0171jt\u00e9se <\/span><\/strong><strong>2020.11.28.<\/strong><\/h3>\r\n<audio class=\"wp-audio-shortcode\" id=\"audio-14835-348\" preload=\"none\" style=\"width: 100%;\" controls=\"controls\"><source type=\"audio\/wav\" src=\"https:\/\/kulturamoldava.sk\/wp-content\/uploads\/2020\/11\/Kosit-zber-papiera-25.11.2020-HU.wav?_=348\" \/><a href=\"https:\/\/kulturamoldava.sk\/wp-content\/uploads\/2020\/11\/Kosit-zber-papiera-25.11.2020-HU.wav\">https:\/\/kulturamoldava.sk\/wp-content\/uploads\/2020\/11\/Kosit-zber-papiera-25.11.2020-HU.wav<\/a><\/audio>\r\n<hr>\r\n<h3>S\u00daKROMN\u00dd PREDAJCA Z RUMUNSKA &#8211; PREDAJ ROZLI\u010cN\u00c9HO TOVARU 24.11.2020<\/h3>\r\n<audio class=\"wp-audio-shortcode\" id=\"audio-14835-349\" preload=\"none\" style=\"width: 100%;\" controls=\"controls\"><source type=\"audio\/wav\" src=\"https:\/\/kulturamoldava.sk\/wp-content\/uploads\/2020\/11\/Predaj-STK-24.11.2020-SK.wav?_=349\" \/><a href=\"https:\/\/kulturamoldava.sk\/wp-content\/uploads\/2020\/11\/Predaj-STK-24.11.2020-SK.wav\">https:\/\/kulturamoldava.sk\/wp-content\/uploads\/2020\/11\/Predaj-STK-24.11.2020-SK.wav<\/a><\/audio>\r\n<h3>ERD\u00c9LYI MAG\u00c1N ELAD\u00d3 &#8211; VEGYES\u00c1RU ELAD\u00c1SA 2020.11.24<\/h3>\r\n<audio class=\"wp-audio-shortcode\" id=\"audio-14835-350\" preload=\"none\" style=\"width: 100%;\" controls=\"controls\"><source type=\"audio\/wav\" src=\"https:\/\/kulturamoldava.sk\/wp-content\/uploads\/2020\/11\/Predaj-STK-24.11.2020-HU.wav?_=350\" \/><a href=\"https:\/\/kulturamoldava.sk\/wp-content\/uploads\/2020\/11\/Predaj-STK-24.11.2020-HU.wav\">https:\/\/kulturamoldava.sk\/wp-content\/uploads\/2020\/11\/Predaj-STK-24.11.2020-HU.wav<\/a><\/audio>\r\n<hr>\r\n<h3>RVPS Ko\u0161ice-okolie &#8211; Zru\u0161ie nariaden\u00fdch opatren\u00ed pri potvrden\u00ed Africk\u00e9ho moru o\u0161\u00edpan\u00fdch<\/h3>\r\n<audio class=\"wp-audio-shortcode\" id=\"audio-14835-351\" preload=\"none\" style=\"width: 100%;\" controls=\"controls\"><source type=\"audio\/wav\" src=\"https:\/\/kulturamoldava.sk\/wp-content\/uploads\/2020\/11\/RVPS-18.11.2020-SK.wav?_=351\" \/><a href=\"https:\/\/kulturamoldava.sk\/wp-content\/uploads\/2020\/11\/RVPS-18.11.2020-SK.wav\">https:\/\/kulturamoldava.sk\/wp-content\/uploads\/2020\/11\/RVPS-18.11.2020-SK.wav<\/a><\/audio>\r\n<h3>RVPS Ko\u0161ice-okolie &#8211; Az afrikai sert\u00e9spestis meger\u0151s\u00edt\u00e9s\u00e9re ir\u00e1nyul\u00f3 int\u00e9zked\u00e9sek hat\u00e1lyon k\u00edv\u00fcl helyez\u00e9se<\/h3>\r\n<audio class=\"wp-audio-shortcode\" id=\"audio-14835-352\" preload=\"none\" style=\"width: 100%;\" controls=\"controls\"><source type=\"audio\/wav\" src=\"https:\/\/kulturamoldava.sk\/wp-content\/uploads\/2020\/11\/RVPS-18.11.2020-HU.wav?_=352\" \/><a href=\"https:\/\/kulturamoldava.sk\/wp-content\/uploads\/2020\/11\/RVPS-18.11.2020-HU.wav\">https:\/\/kulturamoldava.sk\/wp-content\/uploads\/2020\/11\/RVPS-18.11.2020-HU.wav<\/a><\/audio>\r\n<p><!--nextpage--><\/p>\r\n<hr>\r\n<h3>Po\u013esk\u00fd predajca &#8211; predaj jab\u013ak a hru\u0161iek 16.11.2020<\/h3>\r\n<audio class=\"wp-audio-shortcode\" id=\"audio-14835-353\" preload=\"none\" style=\"width: 100%;\" controls=\"controls\"><source type=\"audio\/wav\" src=\"https:\/\/kulturamoldava.sk\/wp-content\/uploads\/2020\/11\/Polsky-predajca-jablka-hrusky-16.11.2020-SK.wav?_=353\" \/><a href=\"https:\/\/kulturamoldava.sk\/wp-content\/uploads\/2020\/11\/Polsky-predajca-jablka-hrusky-16.11.2020-SK.wav\">https:\/\/kulturamoldava.sk\/wp-content\/uploads\/2020\/11\/Polsky-predajca-jablka-hrusky-16.11.2020-SK.wav<\/a><\/audio>\r\n<h3>Lengyelorsz\u00e1gi mag\u00e1nc\u00e9g &#8211; alma \u00e9s k\u00f6rte elad\u00e1sa 2020.11.16.<\/h3>\r\n<audio class=\"wp-audio-shortcode\" id=\"audio-14835-354\" preload=\"none\" style=\"width: 100%;\" controls=\"controls\"><source type=\"audio\/wav\" src=\"https:\/\/kulturamoldava.sk\/wp-content\/uploads\/2020\/11\/Polsky-predajca-jablka-hrusky-16.11.2020-HU.wav?_=354\" \/><a href=\"https:\/\/kulturamoldava.sk\/wp-content\/uploads\/2020\/11\/Polsky-predajca-jablka-hrusky-16.11.2020-HU.wav\">https:\/\/kulturamoldava.sk\/wp-content\/uploads\/2020\/11\/Polsky-predajca-jablka-hrusky-16.11.2020-HU.wav<\/a><\/audio>\r\n<hr>\r\n<h3>Dobrovo\u013en\u00e9 testovanie antig\u00e9nov\u00fdm testom 14.11.2020 (sobota) a 16.11.2020 (pondelok)<\/h3>\r\n<audio class=\"wp-audio-shortcode\" id=\"audio-14835-355\" preload=\"none\" style=\"width: 100%;\" controls=\"controls\"><source type=\"audio\/wav\" src=\"https:\/\/kulturamoldava.sk\/wp-content\/uploads\/2020\/11\/Testovanie-covid-19-13.11.2020-SK.wav?_=355\" \/><a href=\"https:\/\/kulturamoldava.sk\/wp-content\/uploads\/2020\/11\/Testovanie-covid-19-13.11.2020-SK.wav\">https:\/\/kulturamoldava.sk\/wp-content\/uploads\/2020\/11\/Testovanie-covid-19-13.11.2020-SK.wav<\/a><\/audio>\r\n<h3>\u00d6nk\u00e9ntes antig\u00e9n tesztel\u00e9s 2020.11.14. (szombat) \u00e9s 2020.11.16. (h\u00e9tf\u0151)<\/h3>\r\n<audio class=\"wp-audio-shortcode\" id=\"audio-14835-356\" preload=\"none\" style=\"width: 100%;\" controls=\"controls\"><source type=\"audio\/wav\" src=\"https:\/\/kulturamoldava.sk\/wp-content\/uploads\/2020\/11\/Testovanie-covid-19-13.11.2020-HU.wav?_=356\" \/><a href=\"https:\/\/kulturamoldava.sk\/wp-content\/uploads\/2020\/11\/Testovanie-covid-19-13.11.2020-HU.wav\">https:\/\/kulturamoldava.sk\/wp-content\/uploads\/2020\/11\/Testovanie-covid-19-13.11.2020-HU.wav<\/a><\/audio>\r\n<hr>\r\n<h3>Preru\u0161enie distrib\u00facie vody 18.-19.11.2020<\/h3>\r\n<audio class=\"wp-audio-shortcode\" id=\"audio-14835-357\" preload=\"none\" style=\"width: 100%;\" controls=\"controls\"><source type=\"audio\/wav\" src=\"https:\/\/kulturamoldava.sk\/wp-content\/uploads\/2020\/11\/VVS-13.11.2020-SK.wav?_=357\" \/><a href=\"https:\/\/kulturamoldava.sk\/wp-content\/uploads\/2020\/11\/VVS-13.11.2020-SK.wav\">https:\/\/kulturamoldava.sk\/wp-content\/uploads\/2020\/11\/VVS-13.11.2020-SK.wav<\/a><\/audio>\r\n<h3>Iv\u00f3v\u00edz-szolg\u00e1ltat\u00e1s megszak\u00edt\u00e1sa 2020.11. 18.-19.<\/h3>\r\n<audio class=\"wp-audio-shortcode\" id=\"audio-14835-358\" preload=\"none\" style=\"width: 100%;\" controls=\"controls\"><source type=\"audio\/wav\" src=\"https:\/\/kulturamoldava.sk\/wp-content\/uploads\/2020\/11\/VVS-13.11.2020-HU.wav?_=358\" \/><a href=\"https:\/\/kulturamoldava.sk\/wp-content\/uploads\/2020\/11\/VVS-13.11.2020-HU.wav\">https:\/\/kulturamoldava.sk\/wp-content\/uploads\/2020\/11\/VVS-13.11.2020-HU.wav<\/a><\/audio>\r\n<hr>\r\n<h3><span class=\"_5yl5\">Ozn\u00e1menie o zriaden\u00ed odbern\u00e9ho miesta na dobrovo\u013en\u00e9 testovanie &#8211; AKTUALIZ\u00c1CIA &#8211; do 13.11.2020<\/span><\/h3>\r\n<audio class=\"wp-audio-shortcode\" id=\"audio-14835-359\" preload=\"none\" style=\"width: 100%;\" controls=\"controls\"><source type=\"audio\/wav\" src=\"https:\/\/kulturamoldava.sk\/wp-content\/uploads\/2020\/11\/testovanie-covid-11.11.2020-SK.wav?_=359\" \/><a href=\"https:\/\/kulturamoldava.sk\/wp-content\/uploads\/2020\/11\/testovanie-covid-11.11.2020-SK.wav\">https:\/\/kulturamoldava.sk\/wp-content\/uploads\/2020\/11\/testovanie-covid-11.11.2020-SK.wav<\/a><\/audio>\r\n<h3><span class=\"_5yl5\">\u00c9rtes\u00edt\u00e9s az \u00f6nk\u00e9ntes tesztel\u00e9sre szolg\u00e1l\u00f3 mintav\u00e9teli pont l\u00e9tes\u00edt\u00e9s\u00e9r\u0151l &#8211; FRISS\u00cdTVE &#8211; 2020.11.13.-ig<\/span><\/h3>\r\n<audio class=\"wp-audio-shortcode\" id=\"audio-14835-360\" preload=\"none\" style=\"width: 100%;\" controls=\"controls\"><source type=\"audio\/wav\" src=\"https:\/\/kulturamoldava.sk\/wp-content\/uploads\/2020\/11\/testovanie-covid-11.11.2020-HU.wav?_=360\" \/><a href=\"https:\/\/kulturamoldava.sk\/wp-content\/uploads\/2020\/11\/testovanie-covid-11.11.2020-HU.wav\">https:\/\/kulturamoldava.sk\/wp-content\/uploads\/2020\/11\/testovanie-covid-11.11.2020-HU.wav<\/a><\/audio>\r\n<hr>\r\n<h3>Zvoz vyraden\u00fdch elektrick\u00fdch a elektronick\u00fdch zariaden\u00ed 12.11.2020<\/h3>\r\n<audio class=\"wp-audio-shortcode\" id=\"audio-14835-361\" preload=\"none\" style=\"width: 100%;\" controls=\"controls\"><source type=\"audio\/wav\" src=\"https:\/\/kulturamoldava.sk\/wp-content\/uploads\/2020\/11\/Elektroodpad-12.11.2020-SK.wav?_=361\" \/><a href=\"https:\/\/kulturamoldava.sk\/wp-content\/uploads\/2020\/11\/Elektroodpad-12.11.2020-SK.wav\">https:\/\/kulturamoldava.sk\/wp-content\/uploads\/2020\/11\/Elektroodpad-12.11.2020-SK.wav<\/a><\/audio>\r\n<h3>Elektronikus hullad\u00e9k k\u00f6zponti elsz\u00e1ll\u00edt\u00e1sa 2020.11.12<\/h3>\r\n<audio class=\"wp-audio-shortcode\" id=\"audio-14835-362\" preload=\"none\" style=\"width: 100%;\" controls=\"controls\"><source type=\"audio\/wav\" src=\"https:\/\/kulturamoldava.sk\/wp-content\/uploads\/2020\/11\/Elektroodpad-12.11.2020-HU.wav?_=362\" \/><a href=\"https:\/\/kulturamoldava.sk\/wp-content\/uploads\/2020\/11\/Elektroodpad-12.11.2020-HU.wav\">https:\/\/kulturamoldava.sk\/wp-content\/uploads\/2020\/11\/Elektroodpad-12.11.2020-HU.wav<\/a><\/audio>\r\n<hr>\r\n<h3>Fr\u00e9zovanie asfaltov\u00e9ho povrchu vozoviek (ulica SNP a Povstania \u010desk\u00e9ho \u013eudu) 12.11.2020<\/h3>\r\n<audio class=\"wp-audio-shortcode\" id=\"audio-14835-363\" preload=\"none\" style=\"width: 100%;\" controls=\"controls\"><source type=\"audio\/wav\" src=\"https:\/\/kulturamoldava.sk\/wp-content\/uploads\/2020\/11\/SKANSKA-10.11.2020-SK.wav?_=363\" \/><a href=\"https:\/\/kulturamoldava.sk\/wp-content\/uploads\/2020\/11\/SKANSKA-10.11.2020-SK.wav\">https:\/\/kulturamoldava.sk\/wp-content\/uploads\/2020\/11\/SKANSKA-10.11.2020-SK.wav<\/a><\/audio>\r\n<h3>Utak aszfaltfel\u00fclet\u00e9nek mar\u00e1sa (SzNF \u00e9s Cseh n\u00e9pfelkel\u00e9s utca) 2020.11.12<\/h3>\r\n<audio class=\"wp-audio-shortcode\" id=\"audio-14835-364\" preload=\"none\" style=\"width: 100%;\" controls=\"controls\"><source type=\"audio\/wav\" src=\"https:\/\/kulturamoldava.sk\/wp-content\/uploads\/2020\/11\/SKANSKA-10.11.2020-HU.wav?_=364\" \/><a href=\"https:\/\/kulturamoldava.sk\/wp-content\/uploads\/2020\/11\/SKANSKA-10.11.2020-HU.wav\">https:\/\/kulturamoldava.sk\/wp-content\/uploads\/2020\/11\/SKANSKA-10.11.2020-HU.wav<\/a><\/audio>\r\n<hr>\r\n<h3><span class=\"_5yl5\">Ozn\u00e1menie o zriaden\u00ed odbern\u00e9ho miesta na dobrovo\u013en\u00e9 testovanie <\/span>9.-10.11.2020<\/h3>\r\n<audio class=\"wp-audio-shortcode\" id=\"audio-14835-365\" preload=\"none\" style=\"width: 100%;\" controls=\"controls\"><source type=\"audio\/wav\" src=\"https:\/\/kulturamoldava.sk\/wp-content\/uploads\/2020\/11\/00.-Cvid-SK.wav?_=365\" \/><a href=\"https:\/\/kulturamoldava.sk\/wp-content\/uploads\/2020\/11\/00.-Cvid-SK.wav\">https:\/\/kulturamoldava.sk\/wp-content\/uploads\/2020\/11\/00.-Cvid-SK.wav<\/a><\/audio>\r\n<h3><span class=\"_5yl5\">\u00c9rtes\u00edt\u00e9s az \u00f6nk\u00e9ntes tesztel\u00e9sre szolg\u00e1l\u00f3 mintav\u00e9teli pont l\u00e9tes\u00edt\u00e9s\u00e9r\u0151l <\/span>2020.11.9.-10.&nbsp;<\/h3>\r\n<audio class=\"wp-audio-shortcode\" id=\"audio-14835-366\" preload=\"none\" style=\"width: 100%;\" controls=\"controls\"><source type=\"audio\/wav\" src=\"https:\/\/kulturamoldava.sk\/wp-content\/uploads\/2020\/11\/00.-Cvid-HU.wav?_=366\" \/><a href=\"https:\/\/kulturamoldava.sk\/wp-content\/uploads\/2020\/11\/00.-Cvid-HU.wav\">https:\/\/kulturamoldava.sk\/wp-content\/uploads\/2020\/11\/00.-Cvid-HU.wav<\/a><\/audio>\r\n<hr>\r\n<h3><strong>Sz\u00fcnetel a k\u00f6zponti v\u00edzell\u00e1t\u00f3 rendszer 2020.11.18.-19.-\u00e9n, jelentve 2020.11.6.<\/strong><\/h3>\r\n<audio class=\"wp-audio-shortcode\" id=\"audio-14835-367\" preload=\"none\" style=\"width: 100%;\" controls=\"controls\"><source type=\"audio\/wav\" src=\"https:\/\/kulturamoldava.sk\/wp-content\/uploads\/2020\/11\/Nam-Buduvatelv-HU.wav?_=367\" \/><a href=\"https:\/\/kulturamoldava.sk\/wp-content\/uploads\/2020\/11\/Nam-Buduvatelv-HU.wav\">https:\/\/kulturamoldava.sk\/wp-content\/uploads\/2020\/11\/Nam-Buduvatelv-HU.wav<\/a><\/audio>\r\n<h3><strong>Odst\u00e1vka pitnej vody d\u0148a 18.-19.11.2020, hl\u00e1sen\u00e9 6.11.2020<\/strong><\/h3>\r\n<audio class=\"wp-audio-shortcode\" id=\"audio-14835-368\" preload=\"none\" style=\"width: 100%;\" controls=\"controls\"><source type=\"audio\/wav\" src=\"https:\/\/kulturamoldava.sk\/wp-content\/uploads\/2020\/11\/Nam-Buduvatelv-SK.wav?_=368\" \/><a href=\"https:\/\/kulturamoldava.sk\/wp-content\/uploads\/2020\/11\/Nam-Buduvatelv-SK.wav\">https:\/\/kulturamoldava.sk\/wp-content\/uploads\/2020\/11\/Nam-Buduvatelv-SK.wav<\/a><\/audio>\r\n<hr>\r\n<h3><strong>KOSIT- m<span class=\"aCOpRe\">\u0171anyag<\/span> , f\u00e9m \u00e9s tetrapak <span class=\"aCOpRe\">begy\u0171jt\u00e9se<\/span> 2020.11.6.<\/strong><\/h3>\r\n<audio class=\"wp-audio-shortcode\" id=\"audio-14835-369\" preload=\"none\" style=\"width: 100%;\" controls=\"controls\"><source type=\"audio\/wav\" src=\"https:\/\/kulturamoldava.sk\/wp-content\/uploads\/2020\/11\/01.-KSIT-HU.wav?_=369\" \/><a href=\"https:\/\/kulturamoldava.sk\/wp-content\/uploads\/2020\/11\/01.-KSIT-HU.wav\">https:\/\/kulturamoldava.sk\/wp-content\/uploads\/2020\/11\/01.-KSIT-HU.wav<\/a><\/audio>\r\n<h3><strong>KOSIT-&nbsp; Zber plastov, kovu a tetrapaku&nbsp; 6.11.2020<\/strong><\/h3>\r\n<audio class=\"wp-audio-shortcode\" id=\"audio-14835-370\" preload=\"none\" style=\"width: 100%;\" controls=\"controls\"><source type=\"audio\/wav\" src=\"https:\/\/kulturamoldava.sk\/wp-content\/uploads\/2020\/11\/01.-KSIT-SK.wav?_=370\" \/><a href=\"https:\/\/kulturamoldava.sk\/wp-content\/uploads\/2020\/11\/01.-KSIT-SK.wav\">https:\/\/kulturamoldava.sk\/wp-content\/uploads\/2020\/11\/01.-KSIT-SK.wav<\/a><\/audio>\r\n<hr>\r\n<h3><strong>Orsz\u00e1gos tesztel\u00e9s Szepsiben- mintav\u00e9teli helysz\u00ednek+utc\u00e1k&nbsp; 2020.10.30<\/strong><\/h3>\r\n<audio class=\"wp-audio-shortcode\" id=\"audio-14835-371\" preload=\"none\" style=\"width: 100%;\" controls=\"controls\"><source type=\"audio\/wav\" src=\"https:\/\/kulturamoldava.sk\/wp-content\/uploads\/2020\/10\/Test-31.10-1.11-HU-ulice-.wav?_=371\" \/><a href=\"https:\/\/kulturamoldava.sk\/wp-content\/uploads\/2020\/10\/Test-31.10-1.11-HU-ulice-.wav\">https:\/\/kulturamoldava.sk\/wp-content\/uploads\/2020\/10\/Test-31.10-1.11-HU-ulice-.wav<\/a><\/audio>\r\n<h3><strong>Orsz\u00e1gos tesztel\u00e9s Szepsiben- inform\u00e1ci\u00f3k, 2020.10.30<\/strong><\/h3>\r\n<audio class=\"wp-audio-shortcode\" id=\"audio-14835-372\" preload=\"none\" style=\"width: 100%;\" controls=\"controls\"><source type=\"audio\/wav\" src=\"https:\/\/kulturamoldava.sk\/wp-content\/uploads\/2020\/10\/Test-31.10-1.11-HU-a-eleje-utcaig.wav?_=372\" \/><a href=\"https:\/\/kulturamoldava.sk\/wp-content\/uploads\/2020\/10\/Test-31.10-1.11-HU-a-eleje-utcaig.wav\">https:\/\/kulturamoldava.sk\/wp-content\/uploads\/2020\/10\/Test-31.10-1.11-HU-a-eleje-utcaig.wav<\/a><\/audio>\r\n\r\n<h3><strong>Celoplo\u0161n\u00e9 testovanie v Moldave nad Bodvou- inform\u00e1cie, odbern\u00e9 miesta+ulice 30.10.2020<\/strong><\/h3>\r\n\r\n\r\n\r\n<audio class=\"wp-audio-shortcode\" id=\"audio-14835-373\" preload=\"none\" style=\"width: 100%;\" controls=\"controls\"><source type=\"audio\/wav\" src=\"https:\/\/kulturamoldava.sk\/wp-content\/uploads\/2020\/10\/Test-31.10-1.11-s-uvdm-SK.wav?_=373\" \/><a href=\"https:\/\/kulturamoldava.sk\/wp-content\/uploads\/2020\/10\/Test-31.10-1.11-s-uvdm-SK.wav\">https:\/\/kulturamoldava.sk\/wp-content\/uploads\/2020\/10\/Test-31.10-1.11-s-uvdm-SK.wav<\/a><\/audio>\r\n<p><!--nextpage--><\/p>\r\n<h3 class=\"wp-block-heading\">&nbsp;<\/h3>\r\n<h3>Firma Ga\u0148o &#8211; predaj rezanej kapusty, zemiakov a&nbsp;cibule 21.10.2020 &#8211; 30.11.2020<\/h3>\r\n\r\n\r\n\r\n<figure class=\"wp-block-audio\"><audio src=\"https:\/\/kulturamoldava.sk\/wp-content\/uploads\/2020\/10\/GANO-s.r.o.-predaj-SK-21.10.2020.wav\" controls=\"controls\"><\/audio>\r\n<figcaption>slovensky<\/figcaption>\r\n<\/figure>\r\n\r\n\r\n\r\n<h3 class=\"wp-block-heading\">GA\u0147O c\u00e9g &#8211; gyalult k\u00e1poszta, burgonya \u00e9s hagyma \u00e1rus\u00edt\u00e1sa 2020.10.21. &#8211; 2020.11.30.<\/h3>\r\n\r\n\r\n\r\n<figure class=\"wp-block-audio\"><audio src=\"https:\/\/kulturamoldava.sk\/wp-content\/uploads\/2020\/10\/GANO-s.r.o.-predaj-HU-21.10.2020.wav\" controls=\"controls\"><\/audio>\r\n<figcaption>ma\u010farsky<\/figcaption>\r\n<\/figure>\r\n\r\n\r\n<hr class=\"wp-block-separator\">\r\n\r\n\r\n<h3 class=\"wp-block-heading\">S\u00daKROMN\u00dd PREDAJCA Z RUMUNSKA &#8211; PREDAJ ROZLI\u010cN\u00c9HO TOVARU 19.10.2020<\/h3>\r\n\r\n\r\n\r\n<figure class=\"wp-block-audio\"><audio src=\"https:\/\/kulturamoldava.sk\/wp-content\/uploads\/2020\/10\/STK-PREDAJ-30.09.2020-SK-1.wav\" controls=\"controls\"><\/audio>\r\n<figcaption>slovensky<\/figcaption>\r\n<\/figure>\r\n\r\n\r\n\r\n<h3 class=\"wp-block-heading\">ERD\u00c9LYI MAG\u00c1N ELAD\u00d3 &#8211; VEGYES\u00c1RU ELAD\u00c1SA 2020.10.19<\/h3>\r\n\r\n\r\n\r\n<figure class=\"wp-block-audio\"><audio src=\"https:\/\/kulturamoldava.sk\/wp-content\/uploads\/2020\/10\/STK-REDAJ-30.09.2020-HU-1.wav\" controls=\"controls\"><\/audio>\r\n<figcaption>ma\u010farsky<\/figcaption>\r\n<\/figure>\r\n\r\n\r\n<hr class=\"wp-block-separator\">\r\n\r\n\r\n<h3 class=\"wp-block-heading\">REGION\u00c1LNA VETERIN\u00c1RNA A POTRAVINOV\u00c1 SPR\u00c1VA \u2013 Oznam o povinnosti chovate\u013eov o\u0161\u00edpan\u00fdch 13.10.2020<\/h3>\r\n\r\n\r\n\r\n<figure class=\"wp-block-audio\"><audio src=\"https:\/\/kulturamoldava.sk\/wp-content\/uploads\/2020\/10\/RVPS-KE-okolie-SK-13.10.2020.wav\" controls=\"controls\"><\/audio>\r\n<figcaption>slovensky<\/figcaption>\r\n<\/figure>\r\n\r\n\r\n\r\n<h3 class=\"wp-block-heading\">KASSAI REGION\u00c1LIS \u00c1LLAT-EG\u00c9SZS\u00c9G\u00dcGYI HIVATAL \u2013 \u00c9rtes\u00edt\u00e9s a sert\u00e9steny\u00e9szt\u0151k k\u00f6telezetts\u00e9geir\u0151l 2020.10.13.<\/h3>\r\n\r\n\r\n\r\n<figure class=\"wp-block-audio\"><audio src=\"https:\/\/kulturamoldava.sk\/wp-content\/uploads\/2020\/10\/RVPS-KE-okolie-HU-13.10.2020.wav\" controls=\"controls\"><\/audio>\r\n<figcaption>ma\u010farsky<\/figcaption>\r\n<\/figure>\r\n\r\n\r\n<hr class=\"wp-block-separator\">\r\n\r\n\r\n<h3 class=\"wp-block-heading\">V\u00fdkup vla\u0161sk\u00fdch orechov pri kult\u00farnom dome v Budulove<\/h3>\r\n\r\n\r\n\r\n<figure class=\"wp-block-audio\"><audio src=\"https:\/\/kulturamoldava.sk\/wp-content\/uploads\/2020\/10\/Vykup-orechov-SK-13.10.2020.wav\" controls=\"controls\"><\/audio>\r\n<figcaption>slovensky<\/figcaption>\r\n<\/figure>\r\n\r\n\r\n\r\n<h3 class=\"wp-block-heading\">Di\u00f3 felv\u00e1s\u00e1rl\u00e1s a Bodoll\u00f3i Kult\u00farh\u00e1zn\u00e1l<\/h3>\r\n\r\n\r\n\r\n<figure class=\"wp-block-audio\"><audio src=\"https:\/\/kulturamoldava.sk\/wp-content\/uploads\/2020\/10\/Vykup-orechov-HU-13.10.2020-1.wav\" controls=\"controls\"><\/audio>\r\n<figcaption>ma\u010farsky<\/figcaption>\r\n<\/figure>\r\n\r\n\r\n<hr class=\"wp-block-separator\">\r\n\r\n\r\n<h3 class=\"wp-block-heading\">zber trieden\u00e9ho odpadu (plast, kov, tetrapack) 10.10.2020<\/h3>\r\n\r\n\r\n\r\n<figure class=\"wp-block-audio\"><audio src=\"https:\/\/kulturamoldava.sk\/wp-content\/uploads\/2020\/10\/KOSIT-zber-SK-10.10.2020.wav\" controls=\"controls\"><\/audio>\r\n<figcaption>slovensky<\/figcaption>\r\n<\/figure>\r\n\r\n\r\n\r\n<h3 class=\"wp-block-heading\">k\u00fcl\u00f6nv\u00e1logatott kommun\u00e1lis hullad\u00e9k begy\u00fcjt\u00e9se (m\u0171anyag, f\u00e9m, tetrapack) 2020.10.10.<\/h3>\r\n\r\n\r\n\r\n<figure class=\"wp-block-audio\"><audio src=\"https:\/\/kulturamoldava.sk\/wp-content\/uploads\/2020\/10\/KOSIT-zber-10.10.2020.wav\" controls=\"controls\"><\/audio>\r\n<figcaption>ma\u010farsky<\/figcaption>\r\n<\/figure>\r\n\r\n\r\n<hr class=\"wp-block-separator\">\r\n\r\n\r\n<h3 class=\"wp-block-heading\">VSD &#8211; preru\u0161enie distrib\u00facie elektriny 13.10.2020<\/h3>\r\n\r\n\r\n\r\n<figure class=\"wp-block-audio\"><audio src=\"https:\/\/kulturamoldava.sk\/wp-content\/uploads\/2020\/10\/VSD-SK-13.10.00.wav\" controls=\"controls\"><\/audio>\r\n<figcaption>slovensky<\/figcaption>\r\n<\/figure>\r\n\r\n\r\n\r\n<h3 class=\"wp-block-heading\">KELLET-SZLOV\u00c1KIAI ELEKTROMOS M\u0170VEK &#8211; \u00e1ramszolg\u00e1ltat\u00e1s sz\u00fcnetel\u00e9se 2020.10.13.<\/h3>\r\n\r\n\r\n\r\n<figure class=\"wp-block-audio\"><audio src=\"https:\/\/kulturamoldava.sk\/wp-content\/uploads\/2020\/10\/VSD-HU-13.10.00.wav\" controls=\"controls\"><\/audio>\r\n<figcaption>ma\u010farsky<\/figcaption>\r\n<\/figure>\r\n\r\n\r\n<hr class=\"wp-block-separator\">\r\n\r\n\r\n<h3 class=\"wp-block-heading\">EUROGROUP SK s.r.o. &#8211; Ponuka pr\u00e1ce 08.10.2020<\/h3>\r\n\r\n\r\n\r\n<figure class=\"wp-block-audio\"><audio src=\"https:\/\/kulturamoldava.sk\/wp-content\/uploads\/2020\/10\/EUROGROUP-SK-s.r.o.-SK-08.10.2020.wav\" controls=\"controls\"><\/audio>\r\n<figcaption>slovensky<\/figcaption>\r\n<\/figure>\r\n\r\n\r\n\r\n<h3 class=\"wp-block-heading\">EUROGROUP SK s.r.o. &#8211; \u00c1ll\u00e1saj\u00e1nlat 2020.10.08.<\/h3>\r\n\r\n\r\n\r\n<figure class=\"wp-block-audio\"><audio src=\"https:\/\/kulturamoldava.sk\/wp-content\/uploads\/2020\/10\/EUROGROUP-SK-s.r.o.-HU-08.10.2020.wav\" controls=\"controls\"><\/audio>\r\n<figcaption>ma\u010farsky<\/figcaption>\r\n<\/figure>\r\n\r\n\r\n<hr class=\"wp-block-separator\">\r\n\r\n\r\n<h3 class=\"wp-block-heading\">S\u00daKROMN\u00dd PREDAJCA Z RUMUNSKA &#8211; PREDAJ ROZLI\u010cN\u00c9HO TOVARU 30.09.2020<\/h3>\r\n\r\n\r\n\r\n<figure class=\"wp-block-audio\"><audio src=\"https:\/\/kulturamoldava.sk\/wp-content\/uploads\/2020\/10\/STK-PREDAJ-30.09.2020-SK.wav\" controls=\"controls\"><\/audio>\r\n<figcaption>slovensky<\/figcaption>\r\n<\/figure>\r\n\r\n\r\n\r\n<h3 class=\"wp-block-heading\">ERD\u00c9LYI MAG\u00c1N ELAD\u00d3 &#8211; VEGYES\u00c1RU ELAD\u00c1SA 2020.09.30.<\/h3>\r\n\r\n\r\n\r\n<figure class=\"wp-block-audio\"><audio src=\"https:\/\/kulturamoldava.sk\/wp-content\/uploads\/2020\/10\/STK-REDAJ-30.09.2020-HU.wav\" controls=\"controls\"><\/audio>\r\n<figcaption>ma\u010farsky<\/figcaption>\r\n<\/figure>\r\n\r\n\r\n<hr class=\"wp-block-separator\">\r\n\r\n\r\n<h3 class=\"wp-block-heading\">Z\u0160 SEVERN\u00c1 &#8211; ZBER PAPIERA 22.-24.09.2020<\/h3>\r\n\r\n\r\n\r\n<figure class=\"wp-block-audio\"><audio src=\"https:\/\/kulturamoldava.sk\/wp-content\/uploads\/2020\/09\/Zber-papiera-SEVERNA-SK.wav\" controls=\"controls\"><\/audio>\r\n<figcaption>slovensky<\/figcaption>\r\n<\/figure>\r\n\r\n\r\n\r\n<h3 class=\"wp-block-heading\">Z\u0160 Severn\u00e1 &#8211; Hullad\u00e9kpap\u00edr gy\u0171jt\u0151akci\u00f3 2020.09.22.-24.<\/h3>\r\n\r\n\r\n\r\n<figure class=\"wp-block-audio\"><audio src=\"https:\/\/kulturamoldava.sk\/wp-content\/uploads\/2020\/09\/Zber-papiera-SEVERNA-HU.wav\" controls=\"controls\"><\/audio>\r\n<figcaption>ma\u010farsky<\/figcaption>\r\n<\/figure>\r\n\r\n\r\n<hr class=\"wp-block-separator\">\r\n\r\n\r\n<h3 class=\"wp-block-heading\">Pozv\u00e1nka na podujatie LAKE FEST 19.09.2020<\/h3>\r\n\r\n\r\n\r\n<figure class=\"wp-block-audio\"><audio src=\"https:\/\/kulturamoldava.sk\/wp-content\/uploads\/2020\/09\/LAKE-FEST-SK.wav\" controls=\"controls\"><\/audio>\r\n<figcaption>slovensky<\/figcaption>\r\n<\/figure>\r\n\r\n\r\n\r\n<h3 class=\"wp-block-heading\">Megh\u00edv\u00f3 a Lake fest nev\u0171 rendezv\u00e9nyre 2020.09.19<\/h3>\r\n\r\n\r\n\r\n<figure class=\"wp-block-audio\"><audio src=\"https:\/\/kulturamoldava.sk\/wp-content\/uploads\/2020\/09\/LAKE-FEST-HU.wav\" controls=\"controls\"><\/audio>\r\n<figcaption>ma\u010farsky<\/figcaption>\r\n<\/figure>\r\n\r\n\r\n<hr class=\"wp-block-separator\">\r\n\r\n\r\n<p><!--nextpage--><\/p>\r\n\r\n\r\n\r\n<h3 class=\"wp-block-heading\">zber trieden\u00e9ho odpadu (plast, kov, tetrapack) 12.09.2020<\/h3>\r\n\r\n\r\n\r\n<figure class=\"wp-block-audio\"><audio src=\"https:\/\/kulturamoldava.sk\/wp-content\/uploads\/2020\/09\/Zber-plastkovtetrapack-12092020-SK.mp3\" controls=\"controls\"><\/audio>\r\n<figcaption>slovensky<\/figcaption>\r\n<\/figure>\r\n\r\n\r\n\r\n<h3 class=\"wp-block-heading\">k\u00fcl\u00f6nv\u00e1logatott kommun\u00e1lis hullad\u00e9k begy\u00fcjt\u00e9se (m\u0171anyag, f\u00e9m, tetrapack) 2020.09.12<\/h3>\r\n\r\n\r\n\r\n<figure class=\"wp-block-audio\"><audio src=\"https:\/\/kulturamoldava.sk\/wp-content\/uploads\/2020\/09\/Zber-plastkovtetrapack-12092020-HU.mp3\" controls=\"controls\"><\/audio>\r\n<figcaption>ma\u010farsky<\/figcaption>\r\n<\/figure>\r\n\r\n\r\n<hr class=\"wp-block-separator\">\r\n\r\n\r\n<h3 class=\"wp-block-heading\">CV\u010c Cvr\u010cek &#8211; ponuka z\u00e1ujmov\u00fdch \u00fatvarov<\/h3>\r\n\r\n\r\n\r\n<figure class=\"wp-block-audio\"><audio src=\"https:\/\/kulturamoldava.sk\/wp-content\/uploads\/2020\/09\/CV\u010d-09092020-SK.mp3\" controls=\"controls\"><\/audio>\r\n<figcaption>slovensky<\/figcaption>\r\n<\/figure>\r\n\r\n\r\n\r\n<h3 class=\"wp-block-heading\">T\u00fccs\u00f6k Szabadid\u0151k\u00f6zpont &#8211; Szakk\u00f6r\u00f6k k\u00edn\u00e1lata<\/h3>\r\n\r\n\r\n\r\n<figure class=\"wp-block-audio\"><audio src=\"https:\/\/kulturamoldava.sk\/wp-content\/uploads\/2020\/09\/CV\u010d-09092020-HU.mp3\" controls=\"controls\"><\/audio>\r\n<figcaption>ma\u010farsky<\/figcaption>\r\n<\/figure>\r\n\r\n\r\n\r\n<h3 class=\"wp-block-heading\">OZN\u00c1MENIE O PL\u00c1NOVANOM OREZE STROMOV<\/h3>\r\n\r\n\r\n\r\n<figure class=\"wp-block-audio\"><audio src=\"https:\/\/kulturamoldava.sk\/wp-content\/uploads\/2020\/09\/VSD-orez-stromov-SK.mp3\" controls=\"controls\"><\/audio>\r\n<figcaption>slovensky<\/figcaption>\r\n<\/figure>\r\n\r\n\r\n\r\n<h3 class=\"wp-block-heading\">K\u00d6ZLEM\u00c9NY A f\u00e1k tervezett kiV\u00c1G\u00c1S\u00e1R\u00d3L<\/h3>\r\n\r\n\r\n\r\n<figure class=\"wp-block-audio\"><audio src=\"https:\/\/kulturamoldava.sk\/wp-content\/uploads\/2020\/09\/VSD-orez-stromov-HU.mp3\" controls=\"controls\"><\/audio>\r\n<figcaption>ma\u010farsky<\/figcaption>\r\n<\/figure>\r\n\r\n\r\n<hr class=\"wp-block-separator\">\r\n\r\n\r\n<h3 class=\"wp-block-heading\">REGION\u00c1LNA VETERIN\u00c1RNA A POTRAVINOV\u00c1 SPR\u00c1VA \u2013 Oznam o povinnosti chovate\u013eov o\u0161\u00edpan\u00fdch<\/h3>\r\n\r\n\r\n\r\n<figure class=\"wp-block-audio\"><audio src=\"https:\/\/kulturamoldava.sk\/wp-content\/uploads\/2020\/09\/RVPS-upozornenie-SK.mp3\" controls=\"controls\"><\/audio>\r\n<figcaption>slovensky<\/figcaption>\r\n<\/figure>\r\n\r\n\r\n\r\n<h3 class=\"wp-block-heading\">KASSAI REGION\u00c1LIS \u00c1LLAT-EG\u00c9SZS\u00c9G\u00dcGYI HIVATAL \u2013 \u00c9rtes\u00edt\u00e9s a sert\u00e9steny\u00e9szt\u0151k k\u00f6telezetts\u00e9geir\u0151l<\/h3>\r\n\r\n\r\n\r\n<figure class=\"wp-block-audio\"><audio src=\"https:\/\/kulturamoldava.sk\/wp-content\/uploads\/2020\/09\/RVPS-upozornenie-HU.mp3\" controls=\"controls\"><\/audio>\r\n<figcaption>ma\u010farsky<\/figcaption>\r\n<\/figure>\r\n\r\n\r\n<hr class=\"wp-block-separator\">\r\n\r\n\r\n<h3 class=\"wp-block-heading\">zber trieden\u00e9ho odpadu (Papier a lepenka) 05.09.2020<\/h3>\r\n\r\n\r\n\r\n<figure class=\"wp-block-audio\"><audio src=\"https:\/\/kulturamoldava.sk\/wp-content\/uploads\/2020\/09\/KOsit-Zber-papiera-SK.mp3\" controls=\"controls\"><\/audio>\r\n<figcaption>slovensky<\/figcaption>\r\n<\/figure>\r\n\r\n\r\n\r\n<h3 class=\"wp-block-heading\">k\u00fcl\u00f6nv\u00e1logatott kommun\u00e1lis hullad\u00e9k begy\u00fcjt\u00e9se (Pap\u00edr) 2020.09.05<\/h3>\r\n\r\n\r\n\r\n<figure class=\"wp-block-audio\"><audio src=\"https:\/\/kulturamoldava.sk\/wp-content\/uploads\/2020\/09\/KOsit-Zber-papiera-HU.mp3\" controls=\"controls\"><\/audio>\r\n<figcaption>ma\u010farsky<\/figcaption>\r\n<\/figure>\r\n\r\n\r\n<hr class=\"wp-block-separator\">\r\n\r\n\r\n<h3 class=\"wp-block-heading\">Spomienkov\u00e1 sl\u00e1vnos\u0165 pri pr\u00edle\u017eitosti 76. v\u00fdro\u010dia Slovensk\u00e9ho n\u00e1rodn\u00e9ho povstania<\/h3>\r\n\r\n\r\n\r\n<figure class=\"wp-block-audio\"><audio src=\"https:\/\/kulturamoldava.sk\/wp-content\/uploads\/2020\/08\/03-SN-SK.mp3\" controls=\"controls\"><\/audio>\r\n<figcaption>slovensky<\/figcaption>\r\n<\/figure>\r\n\r\n\r\n\r\n<h3 class=\"wp-block-heading\">Eml\u00e9k\u00fcnnep a Szlov\u00e1k Nemzeti Felkel\u00e9s 76. \u00e9vfordul\u00f3ja alkalm\u00e1b\u00f3l<\/h3>\r\n\r\n\r\n\r\n<figure class=\"wp-block-audio\"><audio src=\"https:\/\/kulturamoldava.sk\/wp-content\/uploads\/2020\/08\/03-SN-HU.mp3\" controls=\"controls\"><\/audio>\r\n<figcaption>ma\u010farsky<\/figcaption>\r\n<\/figure>\r\n\r\n\r\n<hr class=\"wp-block-separator\">\r\n\r\n\r\n<h3 class=\"wp-block-heading\">Sl\u00e1vnostn\u00e9 otvorenie \u0161kolsk\u00e9ho roka na Z\u00e1kladnej \u0161kole Severn\u00e1 21<\/h3>\r\n\r\n\r\n\r\n<figure class=\"wp-block-audio\"><audio src=\"https:\/\/kulturamoldava.sk\/wp-content\/uploads\/2020\/08\/04-\u0161kla-SK.mp3\" controls=\"controls\"><\/audio>\r\n<figcaption>slovensky<\/figcaption>\r\n<\/figure>\r\n\r\n\r\n\r\n<h3 class=\"wp-block-heading\">\u00c9szak utcai Alapiskola \u00faj tan\u00e9v megnyit\u00f3ja<\/h3>\r\n\r\n\r\n\r\n<figure class=\"wp-block-audio\"><audio src=\"https:\/\/kulturamoldava.sk\/wp-content\/uploads\/2020\/08\/04-\u0161kla-HU.mp3\" controls=\"controls\"><\/audio>\r\n<figcaption>ma\u010farsky<\/figcaption>\r\n<\/figure>\r\n\r\n\r\n<hr class=\"wp-block-separator\">\r\n\r\n\r\n<h3 class=\"wp-block-heading\">REGION\u00c1LNA VETERIN\u00c1RNA A POTRAVINOV\u00c1 SPR\u00c1VA &#8211; Oznam o povinnosti chovate\u013eov o\u0161\u00edpan\u00fdch<\/h3>\r\n\r\n\r\n\r\n<figure class=\"wp-block-audio\"><audio src=\"https:\/\/kulturamoldava.sk\/wp-content\/uploads\/2020\/08\/RVPS-Ko\u0161ice-okolie-SK.mp3\" controls=\"controls\"><\/audio>\r\n<figcaption>slovensky<\/figcaption>\r\n<\/figure>\r\n\r\n\r\n\r\n<h3 class=\"wp-block-heading\">KASSAI REGION\u00c1LIS \u00c1LLAT-EG\u00c9SZS\u00c9G\u00dcGYI HIVATAL &#8211; \u00c9rtes\u00edt\u00e9s a sert\u00e9steny\u00e9szt\u0151k k\u00f6telezetts\u00e9geir\u0151l<\/h3>\r\n\r\n\r\n\r\n<figure class=\"wp-block-audio\"><audio src=\"https:\/\/kulturamoldava.sk\/wp-content\/uploads\/2020\/08\/RVPS-KO\u0161ice-okolie-HU.mp3\" controls=\"controls\"><\/audio>\r\n<figcaption>ma\u010farsky<\/figcaption>\r\n<\/figure>\r\n\r\n\r\n<hr class=\"wp-block-separator\">\r\n\r\n\r\n<h3 class=\"wp-block-heading\">Region\u00e1lna veterin\u00e1rna a potravinov\u00e1 spr\u00e1va &#8211; Africk\u00fd mor<\/h3>\r\n\r\n\r\n\r\n<figure class=\"wp-block-audio\"><audio src=\"https:\/\/kulturamoldava.sk\/wp-content\/uploads\/2020\/08\/04-Africk\u00fd-mor-SK.mp3\" controls=\"controls\"><\/audio>\r\n<figcaption>slovensky<\/figcaption>\r\n<\/figure>\r\n\r\n\r\n\r\n<h3 class=\"wp-block-heading\">Kassai region\u00e1lis \u00e1llat-eg\u00e9szs\u00e9g\u00fcgyi hivatal &#8211; Afrikai sert\u00e9spestis<\/h3>\r\n\r\n\r\n\r\n<figure class=\"wp-block-audio\"><audio src=\"https:\/\/kulturamoldava.sk\/wp-content\/uploads\/2020\/08\/05-Africk\u00fd-mor-HU.mp3\" controls=\"controls\"><\/audio>\r\n<figcaption>ma\u010farsky<\/figcaption>\r\n<\/figure>\r\n\r\n\r\n<hr class=\"wp-block-separator\">\r\n\r\n\r\n<h3 class=\"wp-block-heading\">S\u00fa\u0165a\u017e vo varen\u00ed kotl\u00edkov\u00fdch jed\u00e1l 12.08.2020<\/h3>\r\n\r\n\r\n\r\n<figure class=\"wp-block-audio\"><audio src=\"https:\/\/kulturamoldava.sk\/wp-content\/uploads\/2020\/08\/02-Kotl\u00edk-SK.mp3\" controls=\"controls\"><\/audio>\r\n<figcaption>slovensky<\/figcaption>\r\n<\/figure>\r\n\r\n\r\n\r\n<h3 class=\"wp-block-heading\">Bogr\u00e1cs\u00e9telek f\u0151z\u0151versenye 2020.08.12<\/h3>\r\n\r\n\r\n\r\n<figure class=\"wp-block-audio\"><audio src=\"https:\/\/kulturamoldava.sk\/wp-content\/uploads\/2020\/08\/03-Kotl\u00edk-HU.mp3\" controls=\"controls\"><\/audio>\r\n<figcaption>ma\u010farsky<\/figcaption>\r\n<\/figure>\r\n\r\n\r\n\r\n<p><!--nextpage--><\/p>\r\n\r\n\r\n\r\n<h3 class=\"wp-block-heading\">zber trieden\u00e9ho odpadu (plast, kov, tetrapack) 29.7.2020<\/h3>\r\n\r\n\r\n\r\n<figure class=\"wp-block-audio\"><audio src=\"https:\/\/kulturamoldava.sk\/wp-content\/uploads\/2020\/07\/kosit-SK.mp3\" controls=\"controls\"><\/audio>\r\n<figcaption>slovensky<\/figcaption>\r\n<\/figure>\r\n\r\n\r\n\r\n<h3 class=\"wp-block-heading\">k\u00fcl\u00f6nv\u00e1logatott kommun\u00e1lis hullad\u00e9k begy\u00fcjt\u00e9se (m\u0171anyag, f\u00e9m, tetrapack) 2020.7.29<\/h3>\r\n\r\n\r\n\r\n<figure class=\"wp-block-audio\"><audio src=\"https:\/\/kulturamoldava.sk\/wp-content\/uploads\/2020\/07\/kosit-HU.mp3\" controls=\"controls\"><\/audio>\r\n<figcaption>ma\u010farsky<\/figcaption>\r\n<\/figure>\r\n\r\n\r\n\r\n<h3 class=\"wp-block-heading\">Term\u00edny prevzatia kompost\u00e9rov 17.07.2020<\/h3>\r\n\r\n\r\n\r\n<figure class=\"wp-block-audio\"><audio src=\"https:\/\/kulturamoldava.sk\/wp-content\/uploads\/2020\/07\/komostery-SK-17072020.mp3\" controls=\"controls\"><\/audio>\r\n<figcaption>slovensky<\/figcaption>\r\n<\/figure>\r\n\r\n\r\n\r\n<h3 class=\"wp-block-heading\">Komposztl\u00e1d\u00e1k \u00e1tv\u00e9tele (id\u0151pontok) 2020.07.17.<\/h3>\r\n\r\n\r\n\r\n<figure class=\"wp-block-audio\"><audio src=\"https:\/\/kulturamoldava.sk\/wp-content\/uploads\/2020\/07\/komostery-HU-17072020.mp3\" controls=\"controls\"><\/audio>\r\n<figcaption>ma\u010farsky<\/figcaption>\r\n<\/figure>\r\n\r\n\r\n<hr class=\"wp-block-separator\">\r\n\r\n\r\n<h3 class=\"wp-block-heading\">N\u00e1hradn\u00fd v\u00fdvoz komun\u00e1lneho odpadu 16.07.2020<\/h3>\r\n\r\n\r\n\r\n<figure class=\"wp-block-audio\"><audio src=\"https:\/\/kulturamoldava.sk\/wp-content\/uploads\/2020\/07\/Komun\u00e1lny-odpad-SK.mp3\" controls=\"controls\"><\/audio>\r\n<figcaption>slovensky<\/figcaption>\r\n<\/figure>\r\n\r\n\r\n\r\n<h3 class=\"wp-block-heading\">Hullad\u00e9k sz\u00e1l\u00edt\u00e1s \u00faj id\u0151pontja 2020.07.16<\/h3>\r\n\r\n\r\n\r\n<figure class=\"wp-block-audio\"><audio src=\"https:\/\/kulturamoldava.sk\/wp-content\/uploads\/2020\/07\/Komun\u00e1lny-odpad-HU.mp3\" controls=\"controls\"><\/audio>\r\n<figcaption>ma\u010farsky<\/figcaption>\r\n<\/figure>\r\n\r\n\r\n<hr class=\"wp-block-separator\">\r\n\r\n\r\n<h3 class=\"wp-block-heading\">Ponuka spolo\u010dnosti ANTIK Telecom 13.07.2020<\/h3>\r\n\r\n\r\n\r\n<figure class=\"wp-block-audio\"><audio src=\"https:\/\/kulturamoldava.sk\/wp-content\/uploads\/2020\/07\/ANTIK-SK-13072020.mp3\" controls=\"controls\"><\/audio>\r\n<figcaption>slovensky<\/figcaption>\r\n<\/figure>\r\n\r\n\r\n\r\n<h3 class=\"wp-block-heading\">ANTIK Telecom aj\u00e1nlata 2020.07.13<\/h3>\r\n\r\n\r\n\r\n<figure class=\"wp-block-audio\"><audio src=\"https:\/\/kulturamoldava.sk\/wp-content\/uploads\/2020\/07\/ANTIK-HU-13072020.mp3\" controls=\"controls\"><\/audio>\r\n<figcaption>ma\u010farsky<\/figcaption>\r\n<\/figure>\r\n\r\n\r\n<hr class=\"wp-block-separator\">\r\n\r\n\r\n<h3 class=\"wp-block-heading\">Pozv\u00e1nka na podujatie De\u0148 rodiny 12.07.2020<\/h3>\r\n\r\n\r\n\r\n\r\n\r\n<h3 class=\"wp-block-heading\">Megh\u00edv\u00f3 egy k\u00f6z\u00f6s Csal\u00e1di napra 2020.07.12<\/h3>\r\n\r\n\r\n\r\n\r\n<hr class=\"wp-block-separator\">\r\n\r\n\r\n<h3 class=\"wp-block-heading\">VSD &#8211; Odpo\u010det elektromerov na ulici Z\u00e1hradn\u00e1 06.07.2020<\/h3>\r\n\r\n\r\n\r\n\r\n\r\n<h3 class=\"wp-block-heading\">Kellet-szlov\u00e1kiai Elektromos M\u0171vek \u2013 Villany\u00f3ra leolvas\u00e1s a Kertalja utc\u00e1n 2020.07.06<\/h3>\r\n\r\n\r\n\r\n\r\n<hr class=\"wp-block-separator\">\r\n\r\n\r\n<h3 class=\"wp-block-heading\">VSD &#8211; Odpo\u010det elektromerov v Budulove 03.07.2020<\/h3>\r\n\r\n\r\n\r\n\r\n\r\n<h3 class=\"wp-block-heading\">Kellet-szlov\u00e1kiai Elektromos M\u0171vek \u2013 Villany\u00f3ra leolvas\u00e1s Bodol\u00f3ban 2020.07.03<\/h3>\r\n\r\n\r\n\r\n\r\n<hr class=\"wp-block-separator\">\r\n\r\n\r\n<h3 class=\"wp-block-heading\">VSD &#8211; Odpo\u010det elektromerov 02.07.2020<\/h3>\r\n\r\n\r\n\r\n\r\n\r\n<h3 class=\"wp-block-heading\">Kellet-szlov\u00e1kiai Elektromos M\u0171vek &#8211; Villany\u00f3ra leolvas\u00e1s 2020.07.02<\/h3>\r\n\r\n\r\n\r\n\r\n\r\n<p><!--nextpage--><\/p>\r\n\r\n\r\n<hr class=\"wp-block-separator\">\r\n\r\n\r\n<h3 class=\"wp-block-heading\">S\u00fakromn\u00fd predajca z rumunska &#8211; predaj rozli\u010dn\u00e9ho tovaru 02.07.2020<\/h3>\r\n\r\n\r\n\r\n\r\n\r\n<h3 class=\"wp-block-heading\">Erd\u00e9lyi mag\u00e1n elad\u00f3 &#8211; vegyes\u00e1ru elad\u00e1sa 2020.07.02.<\/h3>\r\n\r\n\r\n\r\n\r\n<hr class=\"wp-block-separator\">\r\n\r\n\r\n<h3 class=\"wp-block-heading\">Ponuka \u010distiarne peria v Ko\u0161iciach 02.07.2020<\/h3>\r\n\r\n\r\n\r\n\r\n\r\n<h3 class=\"wp-block-heading\">Kassai tollaspaplan tiszt\u00edt\u00f3 k\u00edn\u00e1lata 2020.07.02.<\/h3>\r\n\r\n\r\n\r\n\r\n<hr class=\"wp-block-separator\">\r\n\r\n\r\n<h3 class=\"wp-block-heading\">VSD &#8211; Odpo\u010det elektromerov 01.07.2020<\/h3>\r\n\r\n\r\n\r\n\r\n\r\n<h3 class=\"wp-block-heading\">Kellet-szlov\u00e1kiai Elektromos M\u0171vek &#8211; Villany\u00f3ra leolvas\u00e1s 2020.07.01<\/h3>\r\n\r\n\r\n\r\n\r\n<hr class=\"wp-block-separator\">\r\n\r\n\r\n<h3 class=\"wp-block-heading\">\u00c9rtes\u00edt\u00e9s- kult\u00farh\u00e1z melletti brig\u00e1d Bodoll\u00f3ba 2020.6.10.<\/h3>\r\n\r\n\r\n\r\n\r\n\r\n<h3 class=\"wp-block-heading\">Oznam- brig\u00e1da pri kult\u00farnom dome v Budulove 10.6.2020<\/h3>\r\n\r\n\r\n\r\n\r\n<hr class=\"wp-block-separator\">\r\n\r\n\r\n<h3 class=\"wp-block-heading\">Megh\u00edv\u00e1s a szepsi nyugd\u00edjas sz\u00f6vets\u00e9g \u00fcl\u00e9s\u00e9re 2020.6.10.<\/h3>\r\n\r\n\r\n\r\n\r\n\r\n<h3 class=\"wp-block-heading\">Pozv\u00e1nka na \u010dlensk\u00fa sch\u00f4dzu Jednoty d\u00f4chodcov 10.6.2020<\/h3>\r\n\r\n\r\n\r\n\r\n\r\n<p><!--nextpage--><\/p>\r\n\r\n\r\n<hr class=\"wp-block-separator\">\r\n\r\n\r\n<h3 class=\"wp-block-heading\">\u00c9rtes\u00edt\u00e9s- Klavirejunior s.r.o. 2020.5.28.<\/h3>\r\n\r\n\r\n\r\n\r\n\r\n<h3 class=\"wp-block-heading\">Oznam- Klavirejunior s.r.o. 28.5.2020<\/h3>\r\n\r\n\r\n\r\n\r\n<hr class=\"wp-block-separator\">\r\n\r\n\r\n<h3 class=\"wp-block-heading\"><strong>\u00c9rtes\u00edt\u00e9s- Medirex 2020.4.20.<\/strong><\/h3>\r\n\r\n\r\n\r\n\r\n\r\n<h3 class=\"wp-block-heading\"><strong>Oznam- Medirex 20.4.2020<\/strong><\/h3>\r\n\r\n\r\n\r\n\r\n<hr class=\"wp-block-separator\">\r\n\r\n\r\n<h3 class=\"wp-block-heading\"><strong>\u00c9rtes\u00edt\u00e9s a 60 \u00e9v feletti polg\u00e1roknak 2020.4.17.<\/strong><\/h3>\r\n\r\n\r\n\r\n\r\n\r\n<h3 class=\"wp-block-heading\"><strong>Oznam pre ob\u010danov nad 60 rokov 17.4.2020<\/strong><\/h3>\r\n\r\n\r\n\r\n\r\n<hr class=\"wp-block-separator\">\r\n\r\n\r\n<h3 class=\"wp-block-heading\"><strong>\u00c9rtes\u00edt\u00e9s- a hivatalos \u00f3r\u00e1k v\u00e1ltoz\u00e1sa, Kassai Munka\u00fcgyi, Szoci\u00e1lis \u00e9s Csal\u00e1d\u00fcgyi hivatal Szepsi kirendelts\u00e9ge 2020. 4.15.<br><\/strong><\/h3>\r\n\r\n\r\n\r\n\r\n\r\n<h3 class=\"wp-block-heading\"><strong>Oznam o zmene \u00faradn\u00fdch hod\u00edn \u00daPSVaR pracovisko Moldava nad Bodvou 15.4.2020<br><\/strong><\/h3>\r\n\r\n\r\n\r\n\r\n<hr class=\"wp-block-separator\">\r\n\r\n\r\n<h3 class=\"wp-block-heading\"><strong>\u00c9rtes\u00edt\u00e9s- Tipos Eurojackpot 2020.8.4.<br><\/strong><\/h3>\r\n\r\n\r\n\r\n\r\n\r\n<h3 class=\"wp-block-heading\"><strong>Oznam- Tipos Eurojackpot&nbsp; 8.4.2020<br><\/strong><\/h3>\r\n\r\n\r\n\r\n\r\n\r\n<p><!--nextpage--><\/p>\r\n\r\n\r\n<hr class=\"wp-block-separator\">\r\n\r\n\r\n<h3 class=\"wp-block-heading\"><strong>Hirdet\u00e9s- A v\u00e1ros mot\u00edvumaival ell\u00e1tott legszebb v\u00e9d\u0151maszk verseny 2020.4.3.<br><\/strong><\/h3>\r\n\r\n\r\n\r\n\r\n\r\n<h3 class=\"wp-block-heading\"><strong>S\u00fa\u0165a\u017e o najkraj\u0161ie r\u00fa\u0161ko s mot\u00edvmi n\u00e1\u0161ho mesta 3.4.2020<br><\/strong><\/h3>\r\n\r\n\r\n\r\n\r\n<hr class=\"wp-block-separator\">\r\n\r\n\r\n<h3 class=\"wp-block-heading\"><strong>\u00c9rtes\u00edt\u00e9s- Kassai Munka\u00fcgyi, Szoci\u00e1lis \u00e9s Csal\u00e1d\u00fcgyi hivatal 2020.3.30.<br><\/strong><\/h3>\r\n\r\n\r\n\r\n\r\n\r\n<h3 class=\"wp-block-heading\"><strong>Oznam- \u00darad pr\u00e1ce, soci\u00e1lnych vec\u00ed a rodiny 30.3.2020<br><\/strong><\/h3>\r\n\r\n\r\n\r\n\r\n<hr class=\"wp-block-separator\">\r\n\r\n\r\n<h3 class=\"wp-block-heading\"><strong>\u00c9rtes\u00edt\u00e9s a 65 \u00e9v feletti polg\u00e1roknak 2020.3.25.<br><\/strong><\/h3>\r\n\r\n\r\n\r\n\r\n\r\n<h3 class=\"wp-block-heading\"><strong>Oznam pre ob\u010danov nad 65 rokov 25.3.2020<br><\/strong><\/h3>\r\n\r\n\r\n\r\n\r\n<hr class=\"wp-block-separator\">\r\n\r\n\r\n<h3 class=\"wp-block-heading\"><strong>Szepsi v\u00e1ros v\u00e1ls\u00e1gst\u00e1bja 2020.3.16<br><\/strong><\/h3>\r\n\r\n\r\n\r\n\r\n\r\n<h3 class=\"wp-block-heading\"><strong>Kr\u00edzov\u00fd \u0161t\u00e1b mesta Moldava n\/B 16.3.2020<br><\/strong><\/h3>\r\n\r\n\r\n\r\n\r\n<hr class=\"wp-block-separator\">\r\n\r\n\r\n<h3 class=\"wp-block-heading\"><strong>V\u00e1rosi Hivatal- felh\u00edv\u00e1s<\/strong><\/h3>\r\n\r\n\r\n\r\n\r\n\r\n<h3 class=\"wp-block-heading\"><strong>V\u00fdzva Mestsk\u00e9ho \u00faradu<\/strong><\/h3>\r\n\r\n\r\n\r\n\r\n\r\n<p><!--nextpage--><\/p>\r\n\r\n\r\n\r\n<h3 class=\"wp-block-heading\">SMK &#8211; pozv\u00e1nka na predvolebn\u00e9 stretnutie<\/h3>\r\n<p><\/p>\r\n<p>&nbsp;<\/p>\r\n<p><\/p>\r\n<figure class=\"wp-block-audio\"><audio src=\"https:\/\/kulturamoldava.sk\/wp-content\/uploads\/2020\/02\/MKP-01-SK-1.wav\" controls=\"controls\"><\/audio>&nbsp;&nbsp;&nbsp;\r\n<p>&nbsp;<\/p>\r\n<figcaption>slovensky<\/figcaption>\r\n<\/figure>\r\n<p><\/p>\r\n<p>&nbsp;<\/p>\r\n<p><\/p>\r\n<h3 class=\"wp-block-heading\">MKP &#8211; Megh\u00edv\u00f3 lakoss\u00e1gi f\u00f3rumra<\/h3>\r\n<p><\/p>\r\n<p>&nbsp;<\/p>\r\n<p><\/p>\r\n<figure class=\"wp-block-audio\"><audio src=\"https:\/\/kulturamoldava.sk\/wp-content\/uploads\/2020\/02\/MKP-01-HU-1.wav\" controls=\"controls\"><\/audio>&nbsp;&nbsp;&nbsp;\r\n<p>&nbsp;<\/p>\r\n<figcaption>ma\u010farsky<\/figcaption>\r\n<\/figure>\r\n<p><\/p>\r\n<p>&nbsp;<\/p>\r\n<p><\/p>\r\n<hr class=\"wp-block-separator\">\r\n<p><\/p>\r\n<p>&nbsp;<\/p>\r\n<p><\/p>\r\n<h3 class=\"wp-block-heading\">antik telecom &#8211; jedine\u010dn\u00e1 ponuka na optick\u00fd internet<\/h3>\r\n<p><\/p>\r\n<p>&nbsp;<\/p>\r\n<p><\/p>\r\n<figure class=\"wp-block-audio\"><audio src=\"https:\/\/kulturamoldava.sk\/wp-content\/uploads\/2020\/02\/ANTIK-SK.mp3\" controls=\"controls\"><\/audio>&nbsp;&nbsp;&nbsp;\r\n<p>&nbsp;<\/p>\r\n<figcaption>slovensky\r\n<audio class=\"wp-audio-shortcode\" id=\"audio-14835-374\" preload=\"none\" style=\"width: 100%;\" controls=\"controls\"><source type=\"audio\/wav\" src=\"https:\/\/kulturamoldava.sk\/wp-content\/uploads\/2020\/04\/MsUvyzva18032020_HU.wav?_=374\" \/><a href=\"https:\/\/kulturamoldava.sk\/wp-content\/uploads\/2020\/04\/MsUvyzva18032020_HU.wav\">https:\/\/kulturamoldava.sk\/wp-content\/uploads\/2020\/04\/MsUvyzva18032020_HU.wav<\/a><\/audio>\r\n<p>&nbsp;<\/p>\r\n<p>&nbsp;<\/p>\r\n<p>&nbsp;<\/p>\r\n<p>&nbsp;<\/p>\r\n<audio class=\"wp-audio-shortcode\" id=\"audio-14835-375\" preload=\"none\" style=\"width: 100%;\" controls=\"controls\"><source type=\"audio\/wav\" src=\"https:\/\/kulturamoldava.sk\/wp-content\/uploads\/2020\/04\/MsUvyzva18032020_HU.wav?_=375\" \/><a href=\"https:\/\/kulturamoldava.sk\/wp-content\/uploads\/2020\/04\/MsUvyzva18032020_HU.wav\">https:\/\/kulturamoldava.sk\/wp-content\/uploads\/2020\/04\/MsUvyzva18032020_HU.wav<\/a><\/audio>\r\n<\/figcaption>\r\n<\/figure>\r\n<p><\/p>\r\n<p>&nbsp;<\/p>\r\n<p> <!--nextpage--> \r\n\r\n<\/p>\r\n<h3 class=\"wp-block-heading\">antik telecom &#8211; egyedi aj\u00e1nlat optikai internet bevezet\u00e9s\u00e9re<\/h3>\r\n<p><\/p>\r\n<p>&nbsp;<\/p>\r\n<p><\/p>\r\n<figure class=\"wp-block-audio\"><audio src=\"https:\/\/kulturamoldava.sk\/wp-content\/uploads\/2020\/02\/ANTIK-HU.mp3\" controls=\"controls\"><\/audio>&nbsp;&nbsp;&nbsp;\r\n<p>&nbsp;<\/p>\r\n<figcaption>ma\u010farsky<\/figcaption>\r\n<\/figure>\r\n<p><\/p>\r\n<p>&nbsp;<\/p>\r\n<p><\/p>\r\n<hr class=\"wp-block-separator\">\r\n<p><\/p>\r\n<p>&nbsp;<\/p>\r\n<p><\/p>\r\n<h3 class=\"wp-block-heading\">preru\u0161enie distrib\u00facie vody 18.02.2020<\/h3>\r\n<p><\/p>\r\n<p>&nbsp;<\/p>\r\n<p><\/p>\r\n<figure class=\"wp-block-audio\"><audio src=\"https:\/\/kulturamoldava.sk\/wp-content\/uploads\/2020\/02\/08-VVS-1822020-SK.mp3\" controls=\"controls\"><\/audio>&nbsp;&nbsp;&nbsp;\r\n<p>&nbsp;<\/p>\r\n<figcaption>slovensky<\/figcaption>\r\n<\/figure>\r\n<p><\/p>\r\n<p>&nbsp;<\/p>\r\n<p><\/p>\r\n<h3 class=\"wp-block-heading\">iv\u00f3v\u00edz-szolg\u00e1ltat\u00e1s sz\u00fcnetel\u00e9se 2020.02.18.<\/h3>\r\n<p><\/p>\r\n<p>&nbsp;<\/p>\r\n<p><\/p>\r\n<figure class=\"wp-block-audio\"><audio src=\"https:\/\/kulturamoldava.sk\/wp-content\/uploads\/2020\/02\/09-VVS-1822020-HU.mp3\" controls=\"controls\"><\/audio>&nbsp;&nbsp;&nbsp;\r\n<p>&nbsp;<\/p>\r\n<figcaption>ma\u010farsky<\/figcaption>\r\n<\/figure>\r\n<p><\/p>\r\n<p>&nbsp;<\/p>\r\n<p><\/p>\r\n<hr class=\"wp-block-separator\">\r\n<p><\/p>\r\n<p>&nbsp;<\/p>\r\n<p><\/p>\r\n<h3 class=\"wp-block-heading\">S\u00fakromn\u00fd predajca z rumunska &#8211; predaj rozli\u010dn\u00e9ho tovaru<\/h3>\r\n<p><\/p>\r\n<p>&nbsp;<\/p>\r\n<p><\/p>\r\n<figure class=\"wp-block-audio\"><audio src=\"https:\/\/kulturamoldava.sk\/wp-content\/uploads\/2020\/02\/Predaj-STK-SK.mp3\" controls=\"controls\"><\/audio>&nbsp;&nbsp;&nbsp;\r\n<p>&nbsp;<\/p>\r\n<figcaption>slovensky<\/figcaption>\r\n<\/figure>\r\n<p><\/p>\r\n<p>&nbsp;<\/p>\r\n<p> <!--nextpage--> \r\n\r\n<\/p>\r\n<h3 class=\"wp-block-heading\">erd\u00e9lyi mag\u00e1n elad\u00f3 &#8211; vegyes\u00e1ru elad\u00e1sa<\/h3>\r\n<p><\/p>\r\n<p>&nbsp;<\/p>\r\n<p><\/p>\r\n<figure class=\"wp-block-audio\"><audio src=\"https:\/\/kulturamoldava.sk\/wp-content\/uploads\/2020\/02\/Predaj-STK-HU.mp3\" controls=\"controls\"><\/audio>&nbsp;&nbsp;&nbsp;\r\n<p>&nbsp;<\/p>\r\n<figcaption>ma\u010farsky<\/figcaption>\r\n<\/figure>\r\n<p><\/p>\r\n<p>&nbsp;<\/p>\r\n<p><\/p>\r\n<hr class=\"wp-block-separator\">\r\n<p><\/p>\r\n<p>&nbsp;<\/p>\r\n<p><\/p>\r\n<h3 class=\"wp-block-heading\">spolo\u010dnos\u0165 kosit &#8211; zber trieden\u00e9ho odpadu (plast, kov, tetrapack) 1.2.2020<\/h3>\r\n<p><\/p>\r\n<p>&nbsp;<\/p>\r\n<p><\/p>\r\n<figure class=\"wp-block-audio\"><audio src=\"https:\/\/kulturamoldava.sk\/wp-content\/uploads\/2020\/02\/04-KOSIT-SK.mp3\" controls=\"controls\"><\/audio>&nbsp;&nbsp;&nbsp;\r\n<p>&nbsp;<\/p>\r\n<figcaption>slovensky<\/figcaption>\r\n<\/figure>\r\n<p><\/p>\r\n<p>&nbsp;<\/p>\r\n<p><\/p>\r\n<h3 class=\"wp-block-heading\">KOsit c\u00e9g &#8211; k\u00fcl\u00f6nv\u00e1logatott kommun\u00e1lis hullad\u00e9k begy\u00fcjt\u00e9se (m\u0171anyag, f\u00e9m, tetrapack) 2020 FEB. 1.<\/h3>\r\n<p><\/p>\r\n<p>&nbsp;<\/p>\r\n<p><\/p>\r\n<figure class=\"wp-block-audio\"><audio src=\"https:\/\/kulturamoldava.sk\/wp-content\/uploads\/2020\/02\/05-KOSIT-HU.mp3\" controls=\"controls\"><\/audio>&nbsp;&nbsp;&nbsp;\r\n<p>&nbsp;<\/p>\r\n<figcaption>ma\u010farsky<\/figcaption>\r\n<\/figure>\r\n<p><\/p>\r\n<p>&nbsp;<\/p>\r\n<p><\/p>\r\n<hr class=\"wp-block-separator\">\r\n<p><\/p>\r\n<p>&nbsp;<\/p>\r\n<p><\/p>\r\n<h3 class=\"wp-block-heading\">Diskusia s michalom trubanom (progres\u00edvne slovensko a spolu)<\/h3>\r\n<p><\/p>\r\n<p>&nbsp;<\/p>\r\n<p><\/p>\r\n<figure class=\"wp-block-audio\"><audio src=\"https:\/\/kulturamoldava.sk\/wp-content\/uploads\/2020\/01\/PS-Michal-Truban-SK.mp3\" controls=\"controls\"><\/audio>&nbsp;&nbsp;&nbsp;\r\n<p>&nbsp;<\/p>\r\n<figcaption>slovensky<\/figcaption>\r\n<\/figure>\r\n<p><\/p>\r\n<p>&nbsp;<\/p>\r\n<p> <!--nextpage--> \r\n\r\n<\/p>\r\n<h3 class=\"wp-block-heading\">Besz\u00e9lget\u00e9s Michal Trubannal (Progres\u00edvne slovensko a Spolu)<\/h3>\r\n<p><\/p>\r\n<p>&nbsp;<\/p>\r\n<p><\/p>\r\n<figure class=\"wp-block-audio\"><audio src=\"https:\/\/kulturamoldava.sk\/wp-content\/uploads\/2020\/01\/PS-Michal-Truban-HU.mp3\" controls=\"controls\"><\/audio>&nbsp;&nbsp;&nbsp;\r\n<p>&nbsp;<\/p>\r\n<figcaption>ma\u010farsky<\/figcaption>\r\n<\/figure>\r\n<p><\/p>\r\n<p>&nbsp;<\/p>\r\n<p><\/p>\r\n<hr class=\"wp-block-separator\">\r\n<p><\/p>\r\n<p>&nbsp;<\/p>\r\n<p><\/p>\r\n<h3 class=\"wp-block-heading\">preru\u0161enie distrib\u00facie elektriny 24.01.2020<\/h3>\r\n<p><\/p>\r\n<p>&nbsp;<\/p>\r\n<p><\/p>\r\n<figure class=\"wp-block-audio\"><audio src=\"https:\/\/kulturamoldava.sk\/wp-content\/uploads\/2020\/01\/VSD-2412020-SK.mp3\" controls=\"controls\"><\/audio>&nbsp;&nbsp;&nbsp;\r\n<p>&nbsp;<\/p>\r\n<figcaption>slovensky<\/figcaption>\r\n<\/figure>\r\n<p><\/p>\r\n<p>&nbsp;<\/p>\r\n<p><\/p>\r\n<h3 class=\"wp-block-heading\">\u00e1ramszolg\u00e1ltat\u00e1s sz\u00fcnetel\u00e9se 2020.JAN.24<\/h3>\r\n<p><\/p>\r\n<p>&nbsp;<\/p>\r\n<p><\/p>\r\n<figure class=\"wp-block-audio\"><audio src=\"https:\/\/kulturamoldava.sk\/wp-content\/uploads\/2020\/01\/VSD-2412020-HU.mp3\" controls=\"controls\"><\/audio>&nbsp;&nbsp;&nbsp;\r\n<p>&nbsp;<\/p>\r\n<figcaption>ma\u010farsky<\/figcaption>\r\n<\/figure>\r\n<p><\/p>\r\n<p>&nbsp;<\/p>\r\n<p><\/p>\r\n<hr class=\"wp-block-separator\">\r\n<p><\/p>\r\n<p>&nbsp;<\/p>\r\n<p><\/p>\r\n<h3 class=\"wp-block-heading\">S\u00fakromn\u00fd predajca z rumunska &#8211; predaj rozli\u010dn\u00e9ho tovaru<\/h3>\r\n<p><\/p>\r\n<p>&nbsp;<\/p>\r\n<p><\/p>\r\n<figure class=\"wp-block-audio\"><audio src=\"https:\/\/kulturamoldava.sk\/wp-content\/uploads\/2020\/01\/Predaj-STK-SK.mp3\" controls=\"controls\"><\/audio>&nbsp;&nbsp;&nbsp;\r\n<p>&nbsp;<\/p>\r\n<figcaption>slovensky<\/figcaption>\r\n<\/figure>\r\n<p><\/p>\r\n<p>&nbsp;<\/p>\r\n<p> <!--nextpage--> \r\n\r\n<\/p>\r\n<h3 class=\"wp-block-heading\">erd\u00e9lyi mag\u00e1n elad\u00f3 &#8211; vegyes\u00e1ru elad\u00e1sa<\/h3>\r\n<p><\/p>\r\n<p>&nbsp;<\/p>\r\n<p><\/p>\r\n<figure class=\"wp-block-audio\"><audio src=\"https:\/\/kulturamoldava.sk\/wp-content\/uploads\/2020\/01\/Predaj-STK-HU.mp3\" controls=\"controls\"><\/audio>&nbsp;&nbsp;&nbsp;\r\n<p>&nbsp;<\/p>\r\n<figcaption>ma\u010farsky<\/figcaption>\r\n<\/figure>\r\n<p><\/p>\r\n<p>&nbsp;<\/p>\r\n<p><\/p>\r\n<hr class=\"wp-block-separator\">\r\n<p><\/p>\r\n<p>&nbsp;<\/p>\r\n<p><\/p>\r\n<h3 class=\"wp-block-heading\">prevzatie viano\u010dn\u00fdch pouk\u00e1\u017eok<\/h3>\r\n<p><\/p>\r\n<p>&nbsp;<\/p>\r\n<p><\/p>\r\n<figure class=\"wp-block-audio\"><audio src=\"https:\/\/kulturamoldava.sk\/wp-content\/uploads\/2020\/01\/Pokuk\u00e1\u017eky-SK.mp3\" controls=\"controls\"><\/audio>&nbsp;&nbsp;&nbsp;\r\n<p>&nbsp;<\/p>\r\n<figcaption>slovensky<\/figcaption>\r\n<\/figure>\r\n<p><\/p>\r\n<p>&nbsp;<\/p>\r\n<p><\/p>\r\n<h3 class=\"wp-block-heading\">kar\u00e1csonyi utalv\u00e1nyok \u00e1tv\u00e9tele<\/h3>\r\n<p><\/p>\r\n<p>&nbsp;<\/p>\r\n<p><\/p>\r\n<figure class=\"wp-block-audio\"><audio src=\"https:\/\/kulturamoldava.sk\/wp-content\/uploads\/2020\/01\/Pokuk\u00e1\u017eky-HU.mp3\" controls=\"controls\"><\/audio>&nbsp;&nbsp;&nbsp;\r\n<p>&nbsp;<\/p>\r\n<figcaption>ma\u010farsky<\/figcaption>\r\n<\/figure>\r\n<p><\/p>\r\n<p>&nbsp;<\/p>\r\n<p><\/p>\r\n<hr class=\"wp-block-separator\">\r\n<p><\/p>\r\n<p>&nbsp;<\/p>\r\n<p><\/p>\r\n<h3 class=\"wp-block-heading\">zber trieden\u00e9ho odpadu (plast, kov, tetrapack) 4.1.2020<\/h3>\r\n<p><\/p>\r\n<p>&nbsp;<\/p>\r\n<p><\/p>\r\n<figure class=\"wp-block-audio\"><audio src=\"https:\/\/kulturamoldava.sk\/wp-content\/uploads\/2020\/01\/ZBER-SK.wav\" controls=\"controls\"><\/audio>&nbsp;&nbsp;&nbsp;\r\n<p>&nbsp;<\/p>\r\n<figcaption>slovensky<\/figcaption>\r\n<\/figure>\r\n<p><\/p>\r\n<p>&nbsp;<\/p>\r\n<p> <!--nextpage--> \r\n\r\n<\/p>\r\n<h3 class=\"wp-block-heading\">k\u00fcl\u00f6nv\u00e1logatott kommun\u00e1lis hullad\u00e9k begy\u00fcjt\u00e9se (m\u0171anyag, f\u00e9m, tetrapack) 2020 jan.4<\/h3>\r\n<p><\/p>\r\n<p>&nbsp;<\/p>\r\n<p><\/p>\r\n<figure class=\"wp-block-audio\"><audio src=\"https:\/\/kulturamoldava.sk\/wp-content\/uploads\/2020\/01\/ZBER-HU.wav\" controls=\"controls\"><\/audio>&nbsp;&nbsp;&nbsp;\r\n<p>&nbsp;<\/p>\r\n<figcaption>ma\u010farsky<\/figcaption>\r\n<\/figure>\r\n<p><\/p>\r\n<p>&nbsp;<\/p>\r\n<p><\/p>\r\n<hr class=\"wp-block-separator\">\r\n<p><\/p>\r\n<p>&nbsp;<\/p>\r\n<p><\/p>\r\n<h3 class=\"wp-block-heading\">mestsk\u00fd silvester<\/h3>\r\n<p><\/p>\r\n<p>&nbsp;<\/p>\r\n<p><\/p>\r\n<figure class=\"wp-block-audio\"><audio src=\"https:\/\/kulturamoldava.sk\/wp-content\/uploads\/2019\/12\/06-Silvester-SK.mp3\" controls=\"controls\"><\/audio>&nbsp;&nbsp;&nbsp;\r\n<p>&nbsp;<\/p>\r\n<figcaption>slovensky<\/figcaption>\r\n<\/figure>\r\n<p><\/p>\r\n<p>&nbsp;<\/p>\r\n<p><\/p>\r\n<h3 class=\"wp-block-heading\">v\u00e1rosi szilveszter<\/h3>\r\n<p><\/p>\r\n<p>&nbsp;<\/p>\r\n<p><\/p>\r\n<figure class=\"wp-block-audio\"><audio src=\"https:\/\/kulturamoldava.sk\/wp-content\/uploads\/2019\/12\/07-Silvester-HU.mp3\" controls=\"controls\"><\/audio>&nbsp;&nbsp;&nbsp;\r\n<p>&nbsp;<\/p>\r\n<figcaption>ma\u010farsky<\/figcaption>\r\n<\/figure>\r\n<p><\/p>\r\n<p>&nbsp;<\/p>\r\n<p><\/p>\r\n<hr class=\"wp-block-separator\">\r\n<p><\/p>\r\n<p>&nbsp;<\/p>\r\n<p> <!--nextpage--> \r\n\r\n<\/p>\r\n<h3 class=\"wp-block-heading\">firma ga\u0148o &#8211; predaj viano\u010dn\u00fdch kaprov, strom\u010dekov<\/h3>\r\n<p><\/p>\r\n<p>&nbsp;<\/p>\r\n<p><\/p>\r\n<figure class=\"wp-block-audio\"><audio src=\"https:\/\/kulturamoldava.sk\/wp-content\/uploads\/2019\/12\/02-Gano-vianoce-SK.mp3\" controls=\"controls\"><\/audio>&nbsp;&nbsp;&nbsp;\r\n<p>&nbsp;<\/p>\r\n<figcaption>slovensky<\/figcaption>\r\n<\/figure>\r\n<p><\/p>\r\n<p>&nbsp;<\/p>\r\n<p><\/p>\r\n<h3 class=\"wp-block-heading\">Ga\u0148o c\u00e9g &#8211; kar\u00e1csonyi ponty, feny\u0151fa \u00e1rus\u00edt\u00e1sa<\/h3>\r\n<p><\/p>\r\n<p>&nbsp;<\/p>\r\n<p><\/p>\r\n<figure class=\"wp-block-audio\"><audio src=\"https:\/\/kulturamoldava.sk\/wp-content\/uploads\/2019\/12\/03-Gano-vianoce-HU.mp3\" controls=\"controls\"><\/audio>&nbsp;&nbsp;&nbsp;\r\n<p>&nbsp;<\/p>\r\n<figcaption>ma\u010farsky<\/figcaption>\r\n<\/figure>\r\n<p><\/p>\r\n<p>&nbsp;<\/p>\r\n<p><\/p>\r\n<hr class=\"wp-block-separator\">\r\n<p><\/p>\r\n<p>&nbsp;<\/p>\r\n<p><\/p>\r\n<h3 class=\"wp-block-heading\">preru\u0161enie distrib\u00facie elektriny 13.12.2019<\/h3>\r\n<p><\/p>\r\n<p>&nbsp;<\/p>\r\n<p><\/p>\r\n<figure class=\"wp-block-audio\"><audio src=\"https:\/\/kulturamoldava.sk\/wp-content\/uploads\/2019\/12\/02-VSD-SK.mp3\" controls=\"controls\"><\/audio>&nbsp;&nbsp;&nbsp;\r\n<p>&nbsp;<\/p>\r\n<figcaption>slovensky<\/figcaption>\r\n<\/figure>\r\n<p><\/p>\r\n<p>&nbsp;<\/p>\r\n<p><\/p>\r\n<h3 class=\"wp-block-heading\">\u00e1ramszolg\u00e1ltat\u00e1s sz\u00fcnetel\u00e9se 2019.dec.13<\/h3>\r\n<p><\/p>\r\n<p>&nbsp;<\/p>\r\n<p><\/p>\r\n<figure class=\"wp-block-audio\"><audio src=\"https:\/\/kulturamoldava.sk\/wp-content\/uploads\/2019\/12\/03-VSD-HU-1.mp3\" controls=\"controls\"><\/audio>&nbsp;&nbsp;&nbsp;\r\n<p>&nbsp;<\/p>\r\n<figcaption>ma\u010farsky<\/figcaption>\r\n<\/figure>\r\n<p><\/p>\r\n<p>&nbsp;<\/p>\r\n<p> <!--nextpage--> \r\n\r\n<\/p>\r\n<hr class=\"wp-block-separator\">\r\n<p><\/p>\r\n<p>&nbsp;<\/p>\r\n<p><\/p>\r\n<h3 class=\"wp-block-heading\">viano\u010dn\u00e9 trhy<\/h3>\r\n<p><\/p>\r\n<p>&nbsp;<\/p>\r\n<p><\/p>\r\n<figure class=\"wp-block-audio\"><audio src=\"https:\/\/kulturamoldava.sk\/wp-content\/uploads\/2019\/12\/Vianoce-SK.mp3\" controls=\"controls\"><\/audio>&nbsp;&nbsp;&nbsp;\r\n<p>&nbsp;<\/p>\r\n<figcaption>slovensky<\/figcaption>\r\n<\/figure>\r\n<p><\/p>\r\n<p>&nbsp;<\/p>\r\n<p><\/p>\r\n<h3 class=\"wp-block-heading\">kar\u00e1csonyi v\u00e1s\u00e1r<\/h3>\r\n<p><\/p>\r\n<p>&nbsp;<\/p>\r\n<p><\/p>\r\n<figure class=\"wp-block-audio\"><audio src=\"https:\/\/kulturamoldava.sk\/wp-content\/uploads\/2019\/12\/Vianoce-HU.mp3\" controls=\"controls\"><\/audio>&nbsp;&nbsp;&nbsp;\r\n<p>&nbsp;<\/p>\r\n<figcaption>ma\u010farsky<\/figcaption>\r\n<\/figure>\r\n<p><\/p>\r\n<p>&nbsp;<\/p>\r\n<p><\/p>\r\n<hr class=\"wp-block-separator\">\r\n<p><\/p>\r\n<p>&nbsp;<\/p>\r\n<p><\/p>\r\n<h3 class=\"wp-block-heading\">mikul\u00e1\u0161<\/h3>\r\n<p><\/p>\r\n<p>&nbsp;<\/p>\r\n<p><\/p>\r\n<figure class=\"wp-block-audio\"><audio src=\"https:\/\/kulturamoldava.sk\/wp-content\/uploads\/2019\/12\/Mikul\u00e1s-SK.mp3\" controls=\"controls\"><\/audio>&nbsp;&nbsp;&nbsp;\r\n<p>&nbsp;<\/p>\r\n<figcaption>slovensky<\/figcaption>\r\n<\/figure>\r\n<p><\/p>\r\n<p>&nbsp;<\/p>\r\n<p><\/p>\r\n<h3 class=\"wp-block-heading\">Mikul\u00e1s<\/h3>\r\n<p><\/p>\r\n<p>&nbsp;<\/p>\r\n<p><\/p>\r\n<figure class=\"wp-block-audio\"><audio src=\"https:\/\/kulturamoldava.sk\/wp-content\/uploads\/2019\/12\/Mikul\u00e1s-HU.mp3\" controls=\"controls\"><\/audio>&nbsp;&nbsp;&nbsp;\r\n<p>&nbsp;<\/p>\r\n<figcaption>ma\u010farsky<\/figcaption>\r\n<\/figure>\r\n<p><\/p>\r\n<p>&nbsp;<\/p>\r\n<p> <!--nextpage--> \r\n\r\n<\/p>\r\n<hr class=\"wp-block-separator\">\r\n<p><\/p>\r\n<p>&nbsp;<\/p>\r\n<p><\/p>\r\n<h3 class=\"wp-block-heading\">Z\u00e1kladn\u00e1 organiz\u00e1cia csemadok &#8211; spomienka na spisovate\u013ea F\u00e1bry zolt\u00e1na<\/h3>\r\n<p><\/p>\r\n<p>&nbsp;<\/p>\r\n<p><\/p>\r\n<figure class=\"wp-block-audio\"><audio src=\"https:\/\/kulturamoldava.sk\/wp-content\/uploads\/2019\/11\/Csemadok-SK.mp3\" controls=\"controls\"><\/audio>&nbsp;&nbsp;&nbsp;\r\n<p>&nbsp;<\/p>\r\n<figcaption>slovensky<\/figcaption>\r\n<\/figure>\r\n<p><\/p>\r\n<p>&nbsp;<\/p>\r\n<p><\/p>\r\n<h3 class=\"wp-block-heading\">Csemadok szepsi alapszervezete &#8211; 49. f\u00e1bry Zolt\u00e1n k\u00f6z\u00e9leti napok<\/h3>\r\n<p><\/p>\r\n<p>&nbsp;<\/p>\r\n<p><\/p>\r\n<figure class=\"wp-block-audio\"><audio src=\"https:\/\/kulturamoldava.sk\/wp-content\/uploads\/2019\/11\/Csemadok-HU.mp3\" controls=\"controls\"><\/audio>&nbsp;&nbsp;&nbsp;\r\n<p>&nbsp;<\/p>\r\n<figcaption>ma\u010farsky<\/figcaption>\r\n<\/figure>\r\n<p><\/p>\r\n<p>&nbsp;<\/p>\r\n<p><\/p>\r\n<hr class=\"wp-block-separator\">\r\n<p><\/p>\r\n<p>&nbsp;<\/p>\r\n<p><\/p>\r\n<h3 class=\"wp-block-heading\">spolo\u010dn\u00e9 zap\u00e1lenie 1.adventnej svie\u010dky<\/h3>\r\n<p><\/p>\r\n<p>&nbsp;<\/p>\r\n<p><\/p>\r\n<figure class=\"wp-block-audio\"><audio src=\"https:\/\/kulturamoldava.sk\/wp-content\/uploads\/2019\/11\/ADVENT-SK.mp3\" controls=\"controls\"><\/audio>&nbsp;&nbsp;&nbsp;\r\n<p>&nbsp;<\/p>\r\n<figcaption>slovensky<\/figcaption>\r\n<\/figure>\r\n<p><\/p>\r\n<p>&nbsp;<\/p>\r\n<p><\/p>\r\n<h3 class=\"wp-block-heading\">k\u00f6z\u00f6s gyertyagy\u00fajt\u00e1s advent els\u0151 vas\u00e1rnapj\u00e1n<\/h3>\r\n<p><\/p>\r\n<p>&nbsp;<\/p>\r\n<p><\/p>\r\n<figure class=\"wp-block-audio\"><audio src=\"https:\/\/kulturamoldava.sk\/wp-content\/uploads\/2019\/11\/ADVENT-HU.mp3\" controls=\"controls\"><\/audio>&nbsp;&nbsp;&nbsp;\r\n<p>&nbsp;<\/p>\r\n<figcaption>ma\u010farsky<\/figcaption>\r\n<\/figure>\r\n<p><\/p>\r\n<p>&nbsp;<\/p>\r\n<p> <!--nextpage--> \r\n\r\n<\/p>\r\n<hr class=\"wp-block-separator\">\r\n<p><\/p>\r\n<p>&nbsp;<\/p>\r\n<p><\/p>\r\n<h3 class=\"wp-block-heading\">prevzatie viano\u010dn\u00fdch pouk\u00e1\u017eok<\/h3>\r\n<p><\/p>\r\n<p>&nbsp;<\/p>\r\n<p><\/p>\r\n<figure class=\"wp-block-audio\"><audio src=\"https:\/\/kulturamoldava.sk\/wp-content\/uploads\/2019\/11\/Bal\u00ed\u010dky-SK.mp3\" controls=\"controls\"><\/audio>&nbsp;&nbsp;&nbsp;\r\n<p>&nbsp;<\/p>\r\n<figcaption>slovensky<\/figcaption>\r\n<\/figure>\r\n<p><\/p>\r\n<p>&nbsp;<\/p>\r\n<p><\/p>\r\n<h3 class=\"wp-block-heading\">kar\u00e1csonyi utalv\u00e1nyok \u00e1tv\u00e9tele<\/h3>\r\n<p><\/p>\r\n<p>&nbsp;<\/p>\r\n<p><\/p>\r\n<figure class=\"wp-block-audio\"><audio src=\"https:\/\/kulturamoldava.sk\/wp-content\/uploads\/2019\/11\/Bal\u00ed\u010dky-HU.mp3\" controls=\"controls\"><\/audio>&nbsp;&nbsp;&nbsp;\r\n<p>&nbsp;<\/p>\r\n<figcaption>ma\u010farsky<\/figcaption>\r\n<\/figure>\r\n<p><\/p>\r\n<p>&nbsp;<\/p>\r\n<p><\/p>\r\n<hr class=\"wp-block-separator\">\r\n<p><\/p>\r\n<p>&nbsp;<\/p>\r\n<p><\/p>\r\n<h3 class=\"wp-block-heading\">firma kubjatko &#8211; v\u00fdpredaj textilu, obuvi a dom\u00e1cich potrieb<\/h3>\r\n<p><\/p>\r\n<p>&nbsp;<\/p>\r\n<p><\/p>\r\n<figure class=\"wp-block-audio\"><audio src=\"https:\/\/kulturamoldava.sk\/wp-content\/uploads\/2019\/11\/Kubjatko-SK.mp3\" controls=\"controls\"><\/audio>&nbsp;&nbsp;&nbsp;\r\n<p>&nbsp;<\/p>\r\n<figcaption>slovensky<\/figcaption>\r\n<\/figure>\r\n<p><\/p>\r\n<p>&nbsp;<\/p>\r\n<p><\/p>\r\n<h3 class=\"wp-block-heading\">kubjatko c\u00e9g &#8211; text\u00edli\u00e1k, cip\u0151k \u00e9s h\u00e1ztart\u00e1si ezk\u00f6z\u00f6k ki\u00e1rus\u00edt\u00e1sa<\/h3>\r\n<p><\/p>\r\n<p>&nbsp;<\/p>\r\n<p><\/p>\r\n<figure class=\"wp-block-audio\"><audio src=\"https:\/\/kulturamoldava.sk\/wp-content\/uploads\/2019\/11\/Kubjatko-HU.mp3\" controls=\"controls\"><\/audio>&nbsp;&nbsp;&nbsp;\r\n<p>&nbsp;<\/p>\r\n<figcaption>ma\u010farsky<\/figcaption>\r\n<\/figure>\r\n<p><\/p>\r\n<p>&nbsp;<\/p>\r\n<p> <!--nextpage--> \r\n\r\n<\/p>\r\n<hr class=\"wp-block-separator\">\r\n<p><\/p>\r\n<p>&nbsp;<\/p>\r\n<p><\/p>\r\n<h3 class=\"wp-block-heading\">v\u00fdchodoslovensk\u00e1 distribu\u010dn\u00e1 spolo\u010dnos\u0165 &#8211; preru\u0161enie distrib\u00facie elektriny<\/h3>\r\n<p><\/p>\r\n<p>&nbsp;<\/p>\r\n<p><\/p>\r\n<figure class=\"wp-block-audio\"><audio src=\"https:\/\/kulturamoldava.sk\/wp-content\/uploads\/2019\/11\/VSD-november-2019-SK.mp3\" controls=\"controls\"><\/audio>&nbsp;&nbsp;&nbsp;\r\n<p>&nbsp;<\/p>\r\n<figcaption>slovensky<\/figcaption>\r\n<\/figure>\r\n<p><\/p>\r\n<p>&nbsp;<\/p>\r\n<p><\/p>\r\n<h3 class=\"wp-block-heading\">kelet-szlov\u00e1kiai elektromos m\u0171vek &#8211; AZ \u00e1ramszolg\u00e1ltat\u00e1s sz\u00fcnetel\u00e9se<\/h3>\r\n<p><\/p>\r\n<p>&nbsp;<\/p>\r\n<p><\/p>\r\n<figure class=\"wp-block-audio\"><audio src=\"https:\/\/kulturamoldava.sk\/wp-content\/uploads\/2019\/11\/VSD-november-2019-HU.mp3\" controls=\"controls\"><\/audio>&nbsp;&nbsp;&nbsp;\r\n<p>&nbsp;<\/p>\r\n<figcaption>ma\u010farsky<\/figcaption>\r\n<\/figure>\r\n<p><\/p>\r\n<p>&nbsp;<\/p>\r\n<p><\/p>\r\n<hr class=\"wp-block-separator\">\r\n<p><\/p>\r\n<p>&nbsp;<\/p>\r\n<p><\/p>\r\n<h3 class=\"wp-block-heading\">1989 akt\u00e9ri ne\u017enej revol\u00facie<\/h3>\r\n<p><\/p>\r\n<p>&nbsp;<\/p>\r\n<p><\/p>\r\n<figure class=\"wp-block-audio\"><audio src=\"https:\/\/kulturamoldava.sk\/wp-content\/uploads\/2019\/11\/Akteri-revolucie-SK.mp3\" controls=\"controls\"><\/audio>&nbsp;&nbsp;&nbsp;\r\n<p>&nbsp;<\/p>\r\n<figcaption>slovensky<\/figcaption>\r\n<\/figure>\r\n<p><\/p>\r\n<p>&nbsp;<\/p>\r\n<p><\/p>\r\n<h3 class=\"wp-block-heading\">1989 rendszerv\u00e1lt\u00f3k<\/h3>\r\n<p><\/p>\r\n<p>&nbsp;<\/p>\r\n<p> <!--nextpage--> \r\n\r\n<\/p>\r\n<figure class=\"wp-block-audio\"><audio src=\"https:\/\/kulturamoldava.sk\/wp-content\/uploads\/2019\/11\/Akteri-revolucie-HU.mp3\" controls=\"controls\"><\/audio>&nbsp;&nbsp;&nbsp;\r\n<p>&nbsp;<\/p>\r\n<figcaption>ma\u010farsky<\/figcaption>\r\n<\/figure>\r\n<p><\/p>\r\n<p>&nbsp;<\/p>\r\n<p><\/p>\r\n<hr class=\"wp-block-separator\">\r\n<p><\/p>\r\n<p>&nbsp;<\/p>\r\n<p><\/p>\r\n<h3 class=\"wp-block-heading\">\u0160portov\u00fd klub bodva &#8211; moldavsk\u00e1 bagand\u017ea<\/h3>\r\n<p><\/p>\r\n<p>&nbsp;<\/p>\r\n<p><\/p>\r\n<figure class=\"wp-block-audio\"><audio src=\"https:\/\/kulturamoldava.sk\/wp-content\/uploads\/2019\/11\/04-SK-Bodva-SK.mp3\" controls=\"controls\"><\/audio>&nbsp;&nbsp;&nbsp;\r\n<p>&nbsp;<\/p>\r\n<figcaption>slovensky<\/figcaption>\r\n<\/figure>\r\n<p><\/p>\r\n<p>&nbsp;<\/p>\r\n<p><\/p>\r\n<h3 class=\"wp-block-heading\">B\u00f3dva sport klub &#8211; szepsi bakancs<\/h3>\r\n<p><\/p>\r\n<p>&nbsp;<\/p>\r\n<p><\/p>\r\n<figure class=\"wp-block-audio\"><audio src=\"https:\/\/kulturamoldava.sk\/wp-content\/uploads\/2019\/11\/05-SK-Bodva-HU.mp3\" controls=\"controls\"><\/audio>&nbsp;&nbsp;&nbsp;\r\n<p>&nbsp;<\/p>\r\n<figcaption>ma\u010farsky<\/figcaption>\r\n<\/figure>\r\n<p><\/p>\r\n<p>&nbsp;<\/p>\r\n<p><\/p>\r\n<hr class=\"wp-block-separator\">\r\n<p><\/p>\r\n<p>&nbsp;<\/p>\r\n<p><\/p>\r\n<h3 class=\"wp-block-heading\">centrum pre deti a rodiny \u0161t\u00f3s &#8211; ponuka pr\u00e1ce<\/h3>\r\n<p><\/p>\r\n<p>&nbsp;<\/p>\r\n<p><\/p>\r\n<figure class=\"wp-block-audio\"><audio src=\"https:\/\/kulturamoldava.sk\/wp-content\/uploads\/2019\/11\/Stos-r-SK.wav\" controls=\"controls\"><\/audio>&nbsp;&nbsp;&nbsp;\r\n<p>&nbsp;<\/p>\r\n<figcaption>slovensky<\/figcaption>\r\n<\/figure>\r\n<p><\/p>\r\n<p>&nbsp;<\/p>\r\n<p><\/p>\r\n<h3 class=\"wp-block-heading\">St\u00f3szi gyermekek \u00e9s csal\u00e1dok centruma &#8211; \u00e1ll\u00e1saj\u00e1nlat<\/h3>\r\n<p><\/p>\r\n<p>&nbsp;<\/p>\r\n<p> <!--nextpage--> \r\n\r\n<\/p>\r\n<figure class=\"wp-block-audio\"><audio src=\"https:\/\/kulturamoldava.sk\/wp-content\/uploads\/2019\/11\/Stos-r-HU.wav\" controls=\"controls\"><\/audio>&nbsp;&nbsp;&nbsp;\r\n<p>&nbsp;<\/p>\r\n<figcaption>ma\u010farsky<\/figcaption>\r\n<\/figure>\r\n<p><\/p>\r\n<p>&nbsp;<\/p>\r\n<p><\/p>\r\n<hr class=\"wp-block-separator\">\r\n<p><\/p>\r\n<p>&nbsp;<\/p>\r\n<p><\/p>\r\n<h3 class=\"wp-block-heading\">lampi\u00f3nov\u00fd sprievod 2019<\/h3>\r\n<p><\/p>\r\n<p>&nbsp;<\/p>\r\n<p><\/p>\r\n<figure class=\"wp-block-audio\"><audio src=\"https:\/\/kulturamoldava.sk\/wp-content\/uploads\/2019\/11\/Lampion-SK.mp3\" controls=\"controls\"><\/audio>&nbsp;&nbsp;&nbsp;\r\n<p>&nbsp;<\/p>\r\n<figcaption>slovensky<\/figcaption>\r\n<\/figure>\r\n<p><\/p>\r\n<p>&nbsp;<\/p>\r\n<p><\/p>\r\n<h3 class=\"wp-block-heading\">lampionos felvonul\u00e1s 2019<\/h3>\r\n<p><\/p>\r\n<p>&nbsp;<\/p>\r\n<p><\/p>\r\n<figure class=\"wp-block-audio\"><audio src=\"https:\/\/kulturamoldava.sk\/wp-content\/uploads\/2019\/11\/Lampion-HU.mp3\" controls=\"controls\"><\/audio>&nbsp;&nbsp;&nbsp;\r\n<p>&nbsp;<\/p>\r\n<figcaption>ma\u010farsky<\/figcaption>\r\n<\/figure>\r\n<p><\/p>\r\n<p>&nbsp;<\/p>\r\n<p><\/p>\r\n<hr class=\"wp-block-separator\">\r\n<p><\/p>\r\n<p>&nbsp;<\/p>\r\n<p><\/p>\r\n<h3 class=\"wp-block-heading\">predn\u00e1\u0161ka jozefa mih\u00e1la, poslanca NRSR : matersk\u00e1-otec na materskej<\/h3>\r\n<p><\/p>\r\n<p>&nbsp;<\/p>\r\n<p><\/p>\r\n<figure class=\"wp-block-audio\"><audio src=\"https:\/\/kulturamoldava.sk\/wp-content\/uploads\/2019\/11\/Matersk\u00e1-SK.mp3\" controls=\"controls\"><\/audio>&nbsp;&nbsp;&nbsp;\r\n<p>&nbsp;<\/p>\r\n<figcaption>slovensky<\/figcaption>\r\n<\/figure>\r\n<p><\/p>\r\n<p>&nbsp;<\/p>\r\n<p><\/p>\r\n<h3 class=\"wp-block-heading\">mih\u00e1l jozef parlamenti k\u00e9pvisel\u0151 el\u0151ad\u00e1sa : anyas\u00e1gi-apa anyas\u00e1gin<\/h3>\r\n<p><\/p>\r\n<p>&nbsp;<\/p>\r\n<p> <!--nextpage--> \r\n\r\n<\/p>\r\n<figure class=\"wp-block-audio\"><audio src=\"https:\/\/kulturamoldava.sk\/wp-content\/uploads\/2019\/11\/Matersk\u00e1-HU-1.mp3\" controls=\"controls\"><\/audio>&nbsp;&nbsp;&nbsp;\r\n<p>&nbsp;<\/p>\r\n<figcaption>ma\u010farsky<\/figcaption>\r\n<\/figure>\r\n<p><\/p>\r\n<p>&nbsp;<\/p>\r\n<p><\/p>\r\n<hr class=\"wp-block-separator\">\r\n<p><\/p>\r\n<p>&nbsp;<\/p>\r\n<p><\/p>\r\n<h3 class=\"wp-block-heading\">arios human resources &#8211; n\u00e1bor zamestnancov<\/h3>\r\n<p><\/p>\r\n<p>&nbsp;<\/p>\r\n<p><\/p>\r\n<figure class=\"wp-block-audio\"><audio src=\"https:\/\/kulturamoldava.sk\/wp-content\/uploads\/2019\/11\/ARIOS-n\u00e1bor-SK.mp3\" controls=\"controls\"><\/audio>&nbsp;&nbsp;&nbsp;\r\n<p>&nbsp;<\/p>\r\n<figcaption>slovensky<\/figcaption>\r\n<\/figure>\r\n<p><\/p>\r\n<p>&nbsp;<\/p>\r\n<p><\/p>\r\n<h3 class=\"wp-block-heading\">arios human resources &#8211; toborz\u00e1s<\/h3>\r\n<p><\/p>\r\n<p>&nbsp;<\/p>\r\n<p><\/p>\r\n<figure class=\"wp-block-audio\"><audio src=\"https:\/\/kulturamoldava.sk\/wp-content\/uploads\/2019\/11\/ARIOS-n\u00e1bor-HU.mp3\" controls=\"controls\"><\/audio>&nbsp;&nbsp;&nbsp;\r\n<p>&nbsp;<\/p>\r\n<figcaption>ma\u010farsky<\/figcaption>\r\n<\/figure>\r\n<p><\/p>\r\n<p>&nbsp;<\/p>\r\n<p><\/p>\r\n<hr class=\"wp-block-separator\">\r\n<p><\/p>\r\n<p>&nbsp;<\/p>\r\n<p><\/p>\r\n<h3 class=\"wp-block-heading\">firma bio team &#8211; v\u00fdkup vla\u0161sk\u00fdch orechov<\/h3>\r\n<p><\/p>\r\n<p>&nbsp;<\/p>\r\n<p><\/p>\r\n<figure class=\"wp-block-audio\"><audio src=\"https:\/\/kulturamoldava.sk\/wp-content\/uploads\/2019\/11\/Orechy-SK.mp3\" controls=\"controls\"><\/audio>&nbsp;&nbsp;&nbsp;\r\n<p>&nbsp;<\/p>\r\n<figcaption>slovensky<\/figcaption>\r\n<\/figure>\r\n<p><\/p>\r\n<p>&nbsp;<\/p>\r\n<p><\/p>\r\n<h3 class=\"wp-block-heading\">BIO team v\u00e1llalat &#8211; di\u00f3felv\u00e1s\u00e1rl\u00e1s<\/h3>\r\n<p><\/p>\r\n<p>&nbsp;<\/p>\r\n<p> <!--nextpage--> \r\n\r\n<\/p>\r\n<figure class=\"wp-block-audio\"><audio src=\"https:\/\/kulturamoldava.sk\/wp-content\/uploads\/2019\/11\/Orechy-HU.mp3\" controls=\"controls\"><\/audio>&nbsp;&nbsp;&nbsp;\r\n<p>&nbsp;<\/p>\r\n<figcaption>ma\u010farsky<\/figcaption>\r\n<\/figure>\r\n<p><\/p>\r\n<p>&nbsp;<\/p>\r\n<p><\/p>\r\n<hr class=\"wp-block-separator\">\r\n<p><\/p>\r\n<p>&nbsp;<\/p>\r\n<p><\/p>\r\n<h3 class=\"wp-block-heading\">firma ga\u0148o &#8211; predaj zeleniny<\/h3>\r\n<p><\/p>\r\n<p>&nbsp;<\/p>\r\n<p><\/p>\r\n<figure class=\"wp-block-audio\"><audio src=\"https:\/\/kulturamoldava.sk\/wp-content\/uploads\/2019\/11\/Gano-SK.wav\" controls=\"controls\"><\/audio>&nbsp;&nbsp;&nbsp;\r\n<p>&nbsp;<\/p>\r\n<figcaption>slovensky<\/figcaption>\r\n<\/figure>\r\n<p><\/p>\r\n<p>&nbsp;<\/p>\r\n<p><\/p>\r\n<h3 class=\"wp-block-heading\">ga\u0148o c\u00e9g &#8211; z\u00f6lds\u00e9gek \u00e1rus\u00edt\u00e1sa<\/h3>\r\n<p><\/p>\r\n<p>&nbsp;<\/p>\r\n<p><\/p>\r\n<figure class=\"wp-block-audio\"><audio src=\"https:\/\/kulturamoldava.sk\/wp-content\/uploads\/2019\/11\/Gano-HU.wav\" controls=\"controls\"><\/audio>&nbsp;&nbsp;&nbsp;\r\n<p>&nbsp;<\/p>\r\n<figcaption>ma\u010farsky<\/figcaption>\r\n<\/figure>\r\n<p><\/p>\r\n<p>&nbsp;<\/p>\r\n<p><\/p>\r\n<hr class=\"wp-block-separator\">\r\n<p><\/p>\r\n<p>&nbsp;<\/p>\r\n<p><\/p>\r\n<h3 class=\"wp-block-heading\">slovensk\u00fd \u010derven\u00fd kr\u00ed\u017e &#8222;\u0161tudentsk\u00e1 kvapka krvi&#8220;<\/h3>\r\n<p><\/p>\r\n<p>&nbsp;<\/p>\r\n<p><\/p>\r\n<figure class=\"wp-block-audio\"><audio src=\"https:\/\/kulturamoldava.sk\/wp-content\/uploads\/2019\/11\/Slovensk\u00fd-\u010derven\u00fd-kr\u00ed\u017e-SK.mp3\" controls=\"controls\"><\/audio>&nbsp;&nbsp;&nbsp;\r\n<p>&nbsp;<\/p>\r\n<figcaption>slovensky<\/figcaption>\r\n<\/figure>\r\n<p><\/p>\r\n<p>&nbsp;<\/p>\r\n<p> <!--nextpage--> \r\n\r\n<\/p>\r\n<h3 class=\"wp-block-heading\">szlov\u00e1k v\u00f6r\u00f6skereszt &#8222;hallgat\u00f3i v\u00e9rcsepp&#8220;<\/h3>\r\n<p><\/p>\r\n<p>&nbsp;<\/p>\r\n<p><\/p>\r\n<figure class=\"wp-block-audio\"><audio src=\"https:\/\/kulturamoldava.sk\/wp-content\/uploads\/2019\/11\/Slovensk\u00fd-\u010derven\u00fd-kr\u00ed\u017e-HU.mp3\" controls=\"controls\"><\/audio>&nbsp;&nbsp;&nbsp;\r\n<p>&nbsp;<\/p>\r\n<figcaption>ma\u010farsky<\/figcaption>\r\n<\/figure>\r\n<p><\/p>\r\n<p>&nbsp;<\/p>\r\n<p><\/p>\r\n<hr class=\"wp-block-separator\">\r\n<p><\/p>\r\n<p>&nbsp;<\/p>\r\n<p><\/p>\r\n<h3 class=\"wp-block-heading\">\u0161kola empatie v ko\u0161iciach &#8211; predn\u00e1\u0161ka s yehudom tagar<\/h3>\r\n<p><\/p>\r\n<p>&nbsp;<\/p>\r\n<p><\/p>\r\n<figure class=\"wp-block-audio\"><audio src=\"https:\/\/kulturamoldava.sk\/wp-content\/uploads\/2019\/11\/Skola-Empatia-SK.mp3\" controls=\"controls\"><\/audio>&nbsp;&nbsp;&nbsp;\r\n<p>&nbsp;<\/p>\r\n<figcaption>slovensky<\/figcaption>\r\n<\/figure>\r\n<p><\/p>\r\n<p>&nbsp;<\/p>\r\n<p><\/p>\r\n<h3 class=\"wp-block-heading\">kassai emp\u00e1tia iskola &#8211; yehuda tagar el\u0151ad\u00e1sa<\/h3>\r\n<p><\/p>\r\n<p>&nbsp;<\/p>\r\n<p><\/p>\r\n<figure class=\"wp-block-audio\"><audio src=\"https:\/\/kulturamoldava.sk\/wp-content\/uploads\/2019\/11\/Skola-Empatia-HU.mp3\" controls=\"controls\"><\/audio>&nbsp;&nbsp;&nbsp;\r\n<p>&nbsp;<\/p>\r\n<figcaption>ma\u010farsky<\/figcaption>\r\n<\/figure>\r\n<p><\/p>\r\n<p>&nbsp;<\/p>\r\n<p><\/p>\r\n<hr class=\"wp-block-separator\">\r\n<p><\/p>\r\n<p>&nbsp;<\/p>\r\n<p><\/p>\r\n<h3 class=\"wp-block-heading\">kvetin\u00e1rstvo fl\u00f3ra sal\u00f3n &#8211; narodeninov\u00e1 celodenn\u00e1 akcia<\/h3>\r\n<p><\/p>\r\n<p>&nbsp;<\/p>\r\n<p><\/p>\r\n<figure class=\"wp-block-audio\"><audio src=\"https:\/\/kulturamoldava.sk\/wp-content\/uploads\/2019\/11\/02-Flora-salon-SK-zajtra.mp3\" controls=\"controls\"><\/audio>&nbsp;&nbsp;&nbsp;\r\n<p>&nbsp;<\/p>\r\n<figcaption>slovensky<\/figcaption>\r\n<\/figure>\r\n<p><\/p>\r\n<p>&nbsp;<\/p>\r\n<p> <!--nextpage--> \r\n\r\n<\/p>\r\n<h3 class=\"wp-block-heading\">A fl\u00f3ra sal\u00f3n vit\u00e1gbolt &#8211; \u00fcnnepi akci\u00f3nap<\/h3>\r\n<p><\/p>\r\n<p>&nbsp;<\/p>\r\n<p><\/p>\r\n<figure class=\"wp-block-audio\"><audio src=\"https:\/\/kulturamoldava.sk\/wp-content\/uploads\/2019\/11\/03-Flora-salon-HU-zajtra.mp3\" controls=\"controls\"><\/audio>&nbsp;&nbsp;&nbsp;\r\n<p>&nbsp;<\/p>\r\n<figcaption>ma\u010farsky<\/figcaption>\r\n<\/figure>\r\n<p><\/p>\r\n<p>&nbsp;<\/p>\r\n<p><\/p>\r\n<hr class=\"wp-block-separator\">\r\n<p><\/p>\r\n<p>&nbsp;<\/p>\r\n<p><\/p>\r\n<h3 class=\"wp-block-heading\">Kompost\u00e9ry (term\u00edny prevzatia)<\/h3>\r\n<p><\/p>\r\n<p>&nbsp;<\/p>\r\n<p><\/p>\r\n<figure class=\"wp-block-audio\"><audio src=\"https:\/\/kulturamoldava.sk\/wp-content\/uploads\/2019\/10\/Kompost\u00e9ry-SK.mp3\" controls=\"controls\"><\/audio>&nbsp;&nbsp;&nbsp;\r\n<p>&nbsp;<\/p>\r\n<figcaption>slovensky<\/figcaption>\r\n<\/figure>\r\n<p><\/p>\r\n<p>&nbsp;<\/p>\r\n<p><\/p>\r\n<h3 class=\"wp-block-heading\">komposztl\u00e1d\u00e1k (\u00e1tv\u00e9teli id\u0151pontok)<\/h3>\r\n<p><\/p>\r\n<p>&nbsp;<\/p>\r\n<p><\/p>\r\n<figure class=\"wp-block-audio\"><audio src=\"https:\/\/kulturamoldava.sk\/wp-content\/uploads\/2019\/10\/Kompost\u00e9ry-HU.mp3\" controls=\"controls\"><\/audio>&nbsp;&nbsp;&nbsp;\r\n<p>&nbsp;<\/p>\r\n<figcaption>ma\u010farsky<\/figcaption>\r\n<\/figure>\r\n<p><\/p>\r\n<p>&nbsp;<\/p>\r\n<p><\/p>\r\n<hr class=\"wp-block-separator\">\r\n<p><\/p>\r\n<p>&nbsp;<\/p>\r\n<p><\/p>\r\n<h3 class=\"wp-block-heading\">beseda s prv\u00fdm slovensk\u00fdm kozmonautom ivanom bellom<\/h3>\r\n<p><\/p>\r\n<p>&nbsp;<\/p>\r\n<p><\/p>\r\n<figure class=\"wp-block-audio\"><audio src=\"https:\/\/kulturamoldava.sk\/wp-content\/uploads\/2019\/10\/Ivan-Bella-SK.mp3\" controls=\"controls\"><\/audio>&nbsp;&nbsp;&nbsp;\r\n<p>&nbsp;<\/p>\r\n<figcaption>slovensky<\/figcaption>\r\n<\/figure>\r\n<p><\/p>\r\n<p>&nbsp;<\/p>\r\n<p> <!--nextpage--> \r\n\r\n<\/p>\r\n<h3 class=\"wp-block-heading\">k\u00f6z\u00f6s besz\u00e9lget\u00e9s ivan bell\u00e1v\u00e1l, az els\u0151 szlov\u00e1k kozmonaut\u00e1val<\/h3>\r\n<p><\/p>\r\n<p>&nbsp;<\/p>\r\n<p><\/p>\r\n<figure class=\"wp-block-audio\"><audio src=\"https:\/\/kulturamoldava.sk\/wp-content\/uploads\/2019\/10\/Ivan-Bella-HU.mp3\" controls=\"controls\"><\/audio>&nbsp;&nbsp;&nbsp;\r\n<p>&nbsp;<\/p>\r\n<figcaption>ma\u010farsky<\/figcaption>\r\n<\/figure>\r\n<p><\/p>\r\n<p>&nbsp;<\/p>\r\n<p><\/p>\r\n<hr class=\"wp-block-separator\">\r\n<p><\/p>\r\n<p>&nbsp;<\/p>\r\n<p><\/p>\r\n<h3 class=\"wp-block-heading\">vyst\u00fapenie tane\u010dn\u00e9ho divadla ifj\u00fa szivek &#8222;77 verbunkov&#8220;<\/h3>\r\n<p><\/p>\r\n<p>&nbsp;<\/p>\r\n<p><\/p>\r\n<figure class=\"wp-block-audio\"><audio src=\"https:\/\/kulturamoldava.sk\/wp-content\/uploads\/2019\/10\/Ifju-szivek-SK.mp3\" controls=\"controls\"><\/audio>&nbsp;&nbsp;&nbsp;\r\n<p>&nbsp;<\/p>\r\n<figcaption>slovensky<\/figcaption>\r\n<\/figure>\r\n<p><\/p>\r\n<p>&nbsp;<\/p>\r\n<p><\/p>\r\n<h3 class=\"wp-block-heading\">ifj\u00fa szivek t\u00e1ncsz\u00ednh\u00e1z &#8222;hat\u00e1ron t\u00fali namzeti t\u00e1nc&#8220; c. el\u0151ad\u00e1sa<\/h3>\r\n<p><\/p>\r\n<p>&nbsp;<\/p>\r\n<p><\/p>\r\n<figure class=\"wp-block-audio\"><audio src=\"https:\/\/kulturamoldava.sk\/wp-content\/uploads\/2019\/10\/Ifju-szivek-HU.mp3\" controls=\"controls\"><\/audio>&nbsp;&nbsp;&nbsp;\r\n<p>&nbsp;<\/p>\r\n<figcaption>ma\u010farsky<\/figcaption>\r\n<\/figure>\r\n<p><\/p>\r\n<p>&nbsp;<\/p>\r\n<p><\/p>\r\n<hr class=\"wp-block-separator\">\r\n<p><\/p>\r\n<p>&nbsp;<\/p>\r\n<p><\/p>\r\n<h3 class=\"wp-block-heading\">do\u010dasn\u00e9 uzavretie parkoviska na novej ulici<\/h3>\r\n<p><\/p>\r\n<p>&nbsp;<\/p>\r\n<p> <!--nextpage--> \r\n\r\n<\/p>\r\n<figure class=\"wp-block-audio\"><audio src=\"https:\/\/kulturamoldava.sk\/wp-content\/uploads\/2019\/10\/Nov\u00e1-dancka-SK.mp3\" controls=\"controls\"><\/audio>&nbsp;&nbsp;&nbsp;\r\n<p>&nbsp;<\/p>\r\n<figcaption>slovensky<\/figcaption>\r\n<\/figure>\r\n<p><\/p>\r\n<p>&nbsp;<\/p>\r\n<p><\/p>\r\n<h3 class=\"wp-block-heading\">ideiglenes parkol\u00f3 lez\u00e1r\u00e1sa az \u00faj utc\u00e1n<\/h3>\r\n<p><\/p>\r\n<p>&nbsp;<\/p>\r\n<p><\/p>\r\n<figure class=\"wp-block-audio\"><audio src=\"https:\/\/kulturamoldava.sk\/wp-content\/uploads\/2019\/10\/Nov\u00e1-dancka-HU.mp3\" controls=\"controls\"><\/audio>&nbsp;&nbsp;&nbsp;\r\n<p>&nbsp;<\/p>\r\n<figcaption>ma\u010farsky<\/figcaption>\r\n<\/figure>\r\n<p><\/p>\r\n<p>&nbsp;<\/p>\r\n<p><\/p>\r\n<hr class=\"wp-block-separator\">\r\n<p><\/p>\r\n<p>&nbsp;<\/p>\r\n<p><\/p>\r\n<h3 class=\"wp-block-heading\">rozmiestnenie vysokokapacitn\u00fdch kontajnerov<\/h3>\r\n<p><\/p>\r\n<p>&nbsp;<\/p>\r\n<p><\/p>\r\n<figure class=\"wp-block-audio\"><audio src=\"https:\/\/kulturamoldava.sk\/wp-content\/uploads\/2019\/10\/Kontajnery-SK.mp3\" controls=\"controls\"><\/audio>&nbsp;&nbsp;&nbsp;\r\n<p>&nbsp;<\/p>\r\n<figcaption>slovensky<\/figcaption>\r\n<\/figure>\r\n<p><\/p>\r\n<p>&nbsp;<\/p>\r\n<p><\/p>\r\n<h3 class=\"wp-block-heading\">nagytartalm\u00fa kont\u00e9nerek elhelyez\u00e9se<\/h3>\r\n<p><\/p>\r\n<p>&nbsp;<\/p>\r\n<p><\/p>\r\n<figure class=\"wp-block-audio\"><audio src=\"https:\/\/kulturamoldava.sk\/wp-content\/uploads\/2019\/10\/Kontajnery-HU.mp3\" controls=\"controls\"><\/audio>&nbsp;&nbsp;&nbsp;\r\n<p>&nbsp;<\/p>\r\n<figcaption>ma\u010farsky<\/figcaption>\r\n<\/figure>\r\n<p><\/p>\r\n<p>&nbsp;<\/p>\r\n<p><\/p>\r\n<hr class=\"wp-block-separator\">\r\n<p><\/p>\r\n<p>&nbsp;<\/p>\r\n<p><\/p>\r\n<h3 class=\"wp-block-heading\">zber papiera<\/h3>\r\n<p><\/p>\r\n<p>&nbsp;<\/p>\r\n<p> <!--nextpage--> \r\n\r\n<\/p>\r\n<figure class=\"wp-block-audio\"><audio src=\"https:\/\/kulturamoldava.sk\/wp-content\/uploads\/2019\/10\/Zber-papiera-SK.mp3\" controls=\"controls\"><\/audio>&nbsp;&nbsp;&nbsp;\r\n<p>&nbsp;<\/p>\r\n<figcaption>slovensky<\/figcaption>\r\n<\/figure>\r\n<p><\/p>\r\n<p>&nbsp;<\/p>\r\n<p><\/p>\r\n<h3 class=\"wp-block-heading\">HUllad\u00e9kpap\u00edr gy\u0171jt\u0151akci\u00f3<\/h3>\r\n<p><\/p>\r\n<p>&nbsp;<\/p>\r\n<p><\/p>\r\n<figure class=\"wp-block-audio\"><audio src=\"https:\/\/kulturamoldava.sk\/wp-content\/uploads\/2019\/10\/Zber-papiera-HU.mp3\" controls=\"controls\"><\/audio>&nbsp;&nbsp;&nbsp;\r\n<p>&nbsp;<\/p>\r\n<figcaption>ma\u010farsky<\/figcaption>\r\n<\/figure>\r\n<p><\/p>\r\n<p>&nbsp;<\/p>\r\n<p><\/p>\r\n<hr class=\"wp-block-separator\">\r\n<p><\/p>\r\n<p>&nbsp;<\/p>\r\n<p><\/p>\r\n<h3 class=\"wp-block-heading\">klob\u00e1sov\u00fd festival 5.okt\u00f3ber 2019<\/h3>\r\n<p><\/p>\r\n<p>&nbsp;<\/p>\r\n<p><\/p>\r\n<figure class=\"wp-block-audio\"><audio src=\"https:\/\/kulturamoldava.sk\/wp-content\/uploads\/2019\/10\/Klob\u00e1sov\u00fd-festival-SK.mp3\" controls=\"controls\"><\/audio>&nbsp;&nbsp;&nbsp;\r\n<p>&nbsp;<\/p>\r\n<figcaption>slovensky<\/figcaption>\r\n<\/figure>\r\n<p><\/p>\r\n<p>&nbsp;<\/p>\r\n<p><\/p>\r\n<h3 class=\"wp-block-heading\">kolb\u00e1szfesztiv\u00e1l 2019 okt\u00f3ber 5.<\/h3>\r\n<p><\/p>\r\n<p>&nbsp;<\/p>\r\n<p><\/p>\r\n<figure class=\"wp-block-audio\"><audio src=\"https:\/\/kulturamoldava.sk\/wp-content\/uploads\/2019\/10\/Klob\u00e1sov\u00fd-festival-HU.mp3\" controls=\"controls\"><\/audio>&nbsp;&nbsp;&nbsp;\r\n<p>&nbsp;<\/p>\r\n<figcaption>ma\u010farsky<\/figcaption>\r\n<\/figure>\r\n<p><\/p>\r\n<p>&nbsp;<\/p>\r\n<p><\/p>\r\n<hr class=\"wp-block-separator\">\r\n<p><\/p>\r\n<p>&nbsp;<\/p>\r\n<p><\/p>\r\n<h3 class=\"wp-block-heading\">Region\u00e1lna veterin\u00e1rna potravinov\u00e1 spr\u00e1va Ko\u0161ice-okolie &#8211; Africk\u00fd mor<\/h3>\r\n<p><\/p>\r\n<p>&nbsp;<\/p>\r\n<p> <!--nextpage--> \r\n\r\n<\/p>\r\n<figure class=\"wp-block-audio\"><audio src=\"https:\/\/kulturamoldava.sk\/wp-content\/uploads\/2019\/10\/Africk\u00fd-mor-SK.mp3\" controls=\"controls\"><\/audio>&nbsp;&nbsp;&nbsp;\r\n<p>&nbsp;<\/p>\r\n<figcaption>slovensky<\/figcaption>\r\n<\/figure>\r\n<p><\/p>\r\n<p>&nbsp;<\/p>\r\n<p><\/p>\r\n<h3 class=\"wp-block-heading\">Kassai region\u00e1lis \u00e1llat-eg\u00e9szs\u00e9g\u00fcgyi \u00e9s \u00e9lelmiszerihivatal &#8211; afrikai sert\u00e9spestis<\/h3>\r\n<p><\/p>\r\n<p>&nbsp;<\/p>\r\n<p><\/p>\r\n<figure class=\"wp-block-audio\"><audio src=\"https:\/\/kulturamoldava.sk\/wp-content\/uploads\/2019\/10\/Africk\u00fd-mor-HU-1.mp3\" controls=\"controls\"><\/audio>&nbsp;&nbsp;&nbsp;\r\n<p>&nbsp;<\/p>\r\n<figcaption>ma\u010farsky<\/figcaption>\r\n<\/figure>\r\n<p><\/p>\r\n<p>&nbsp;<\/p>\r\n<p><\/p>\r\n<hr class=\"wp-block-separator\">\r\n<p><\/p>\r\n<p>&nbsp;<\/p>\r\n<p><\/p>\r\n<h3 class=\"wp-block-heading\">sl\u00e1vnostn\u00e9 odhalenie erbu budulova a podujatie vinalia v mestskej \u010dasti budulov<\/h3>\r\n<p><\/p>\r\n<p>&nbsp;<\/p>\r\n<p><\/p>\r\n<figure class=\"wp-block-audio\"><audio src=\"https:\/\/kulturamoldava.sk\/wp-content\/uploads\/2019\/10\/Vinalia-SK.mp3\" controls=\"controls\"><\/audio>&nbsp;&nbsp;&nbsp;\r\n<p>&nbsp;<\/p>\r\n<figcaption>slovensky<\/figcaption>\r\n<\/figure>\r\n<p><\/p>\r\n<p>&nbsp;<\/p>\r\n<p><\/p>\r\n<h3 class=\"wp-block-heading\">\u00dcnnep\u00e9lyes c\u00edmeravat\u00e1s \u00e9s vinalia rendezv\u00e9ny bodoll\u00f3ban<\/h3>\r\n<p><\/p>\r\n<p>&nbsp;<\/p>\r\n<p><\/p>\r\n<figure class=\"wp-block-audio\"><audio src=\"https:\/\/kulturamoldava.sk\/wp-content\/uploads\/2019\/10\/Vinalia-HU.mp3\" controls=\"controls\"><\/audio>&nbsp;&nbsp;&nbsp;\r\n<p>&nbsp;<\/p>\r\n<figcaption>ma\u010farsky<\/figcaption>\r\n<\/figure>\r\n<p><\/p>\r\n<p>&nbsp;<\/p>\r\n<p><\/p>\r\n<hr class=\"wp-block-separator\">\r\n<p><\/p>\r\n<p>&nbsp;<\/p>\r\n<p><\/p>\r\n<h3 class=\"wp-block-heading\">Mu\u0161t\u00e1re\u0148 jablonov &#8211; slu\u017eba mu\u0161tovania<\/h3>\r\n<p><\/p>\r\n<p>&nbsp;<\/p>\r\n<p> <!--nextpage--> \r\n\r\n<\/p>\r\n<figure class=\"wp-block-audio\"><audio src=\"https:\/\/kulturamoldava.sk\/wp-content\/uploads\/2019\/10\/Mu\u0161t\u00e1ren-Jablonov-SK.mp3\" controls=\"controls\"><\/audio>&nbsp;&nbsp;&nbsp;\r\n<p>&nbsp;<\/p>\r\n<figcaption>slovensky<\/figcaption>\r\n<\/figure>\r\n<p><\/p>\r\n<p>&nbsp;<\/p>\r\n<p><\/p>\r\n<h3 class=\"wp-block-heading\">Sz\u00e1dalm\u00e1si gy\u00fcm\u00f6lcsfeldolgoz\u00f3 &#8211; gy\u00fcm\u00f6lcslevek k\u00e9sz\u00edt\u00e9se<\/h3>\r\n<p><\/p>\r\n<p>&nbsp;<\/p>\r\n<p><\/p>\r\n<figure class=\"wp-block-audio\"><audio src=\"https:\/\/kulturamoldava.sk\/wp-content\/uploads\/2019\/10\/Mu\u0161t\u00e1ren-jablonov-HU.mp3\" controls=\"controls\"><\/audio>&nbsp;&nbsp;&nbsp;\r\n<p>&nbsp;<\/p>\r\n<figcaption>ma\u010farsky<\/figcaption>\r\n<\/figure>\r\n<p><\/p>\r\n<p>&nbsp;<\/p>\r\n<p><\/p>\r\n<hr class=\"wp-block-separator\">\r\n<p><\/p>\r\n<p>&nbsp;<\/p>\r\n<p><\/p>\r\n<h3 class=\"wp-block-heading\">Preru\u0161enie distrib\u00facie vody 28.06.2019<\/h3>\r\n<p><\/p>\r\n<p>&nbsp;<\/p>\r\n<p><\/p>\r\n<figure class=\"wp-block-audio\"><audio src=\"https:\/\/kulturamoldava.sk\/wp-content\/uploads\/2019\/07\/vvs_2862019_sk.mp3\" controls=\"controls\"><\/audio>&nbsp;&nbsp;&nbsp;\r\n<p>&nbsp;<\/p>\r\n<figcaption>slovensky<\/figcaption>\r\n<\/figure>\r\n<p><\/p>\r\n<p>&nbsp;<\/p>\r\n<p><\/p>\r\n<figure class=\"wp-block-audio\"><audio src=\"https:\/\/kulturamoldava.sk\/wp-content\/uploads\/2019\/07\/vvs_2862019_hu.mp3\" controls=\"controls\"><\/audio>&nbsp;&nbsp;&nbsp;\r\n<p>&nbsp;<\/p>\r\n<figcaption>ma\u010farsky<\/figcaption>\r\n<\/figure>\r\n<p><\/p>\r\n<p>&nbsp;<\/p>\r\n<p><\/p>\r\n<hr class=\"wp-block-separator\">\r\n<p><\/p>\r\n<p>&nbsp;<\/p>\r\n<p><\/p>\r\n<h3 class=\"wp-block-heading\">Pozv\u00e1nka na Galakoncert ZU\u0160 Moldava nad Bodovu<\/h3>\r\n<p><\/p>\r\n<p>&nbsp;<\/p>\r\n<p><\/p>\r\n<figure class=\"wp-block-audio\"><audio src=\"https:\/\/kulturamoldava.sk\/wp-content\/uploads\/2019\/07\/galakoncert_zus_sk.mp3\" controls=\"controls\"><\/audio>&nbsp;&nbsp;&nbsp;\r\n<p>&nbsp;<\/p>\r\n<figcaption>slovensky<\/figcaption>\r\n<\/figure>\r\n<p><\/p>\r\n<p>&nbsp;<\/p>\r\n<p> <!--nextpage--> \r\n\r\n<\/p>\r\n<figure class=\"wp-block-audio\"><audio src=\"https:\/\/kulturamoldava.sk\/wp-content\/uploads\/2019\/07\/galakoncert_zus_hu.mp3\" controls=\"controls\"><\/audio>&nbsp;&nbsp;&nbsp;\r\n<p>&nbsp;<\/p>\r\n<figcaption>ma\u010farsky<\/figcaption>\r\n<\/figure>\r\n<p><\/p>\r\n<p>&nbsp;<\/p>\r\n<p><\/p>\r\n<hr class=\"wp-block-separator\">\r\n<p><\/p>\r\n<p>&nbsp;<\/p>\r\n<p><\/p>\r\n<h3 class=\"wp-block-heading\">Lunapark<\/h3>\r\n<p><\/p>\r\n<p>&nbsp;<\/p>\r\n<p><\/p>\r\n<figure class=\"wp-block-audio\"><audio src=\"https:\/\/kulturamoldava.sk\/wp-content\/uploads\/2019\/07\/lunapark_sk.mp3\" controls=\"controls\"><\/audio>&nbsp;&nbsp;&nbsp;\r\n<p>&nbsp;<\/p>\r\n<figcaption>slovensky<\/figcaption>\r\n<\/figure>\r\n<p><\/p>\r\n<p>&nbsp;<\/p>\r\n<p><\/p>\r\n<figure class=\"wp-block-audio\"><audio src=\"https:\/\/kulturamoldava.sk\/wp-content\/uploads\/2019\/07\/lunapark_hu.mp3\" controls=\"controls\"><\/audio>&nbsp;&nbsp;&nbsp;\r\n<p>&nbsp;<\/p>\r\n<figcaption>ma\u010farsky<\/figcaption>\r\n<\/figure>\r\n<p><\/p>\r\n<p>&nbsp;<\/p>\r\n<p><\/p>\r\n<hr class=\"wp-block-separator\">\r\n<p><\/p>\r\n<p>&nbsp;<\/p>\r\n<p><\/p>\r\n<h3 class=\"wp-block-heading\">Pozv\u00e1nka na Tur\u00ed\u010dny koncert (Csemadok)<\/h3>\r\n<p><\/p>\r\n<p>&nbsp;<\/p>\r\n<p><\/p>\r\n<figure class=\"wp-block-audio\"><audio src=\"https:\/\/kulturamoldava.sk\/wp-content\/uploads\/2019\/07\/csemadok_turicny_koncert_sk.mp3\" controls=\"controls\"><\/audio>&nbsp;&nbsp;&nbsp;\r\n<p>&nbsp;<\/p>\r\n<figcaption>slovensky<\/figcaption>\r\n<\/figure>\r\n<p><\/p>\r\n<p>&nbsp;<\/p>\r\n<p><\/p>\r\n<figure class=\"wp-block-audio\"><audio src=\"https:\/\/kulturamoldava.sk\/wp-content\/uploads\/2019\/07\/csemadok_turicny_koncert_hu.mp3\" controls=\"controls\"><\/audio>&nbsp;&nbsp;&nbsp;\r\n<p>&nbsp;<\/p>\r\n<figcaption>ma\u010farsky<\/figcaption>\r\n<\/figure>\r\n<p><\/p>\r\n<p>&nbsp;<\/p>\r\n<p><\/p>\r\n<hr class=\"wp-block-separator\">\r\n<p><\/p>\r\n<p>&nbsp;<\/p>\r\n<p> <!--nextpage--> \r\n\r\n<\/p>\r\n<h3 class=\"wp-block-heading\">Pozv\u00e1nka na akciu Ako spr\u00e1vne separova\u0165<\/h3>\r\n<p><\/p>\r\n<p>&nbsp;<\/p>\r\n<p><\/p>\r\n<figure class=\"wp-block-audio\"><audio src=\"https:\/\/kulturamoldava.sk\/wp-content\/uploads\/2019\/07\/separovanie_sk.mp3\" controls=\"controls\"><\/audio>&nbsp;&nbsp;&nbsp;\r\n<p>&nbsp;<\/p>\r\n<figcaption>slovensky a ma\u010farsky<\/figcaption>\r\n<\/figure>\r\n<p><\/p>\r\n<p>&nbsp;<\/p>\r\n<p><\/p>\r\n<hr class=\"wp-block-separator\">\r\n<p><\/p>\r\n<p>&nbsp;<\/p>\r\n<p><\/p>\r\n<h3 class=\"wp-block-heading\">Preru\u0161en\u00e1 distrib\u00facia elektriny 10.06.2019<\/h3>\r\n<p><\/p>\r\n<p>&nbsp;<\/p>\r\n<p><\/p>\r\n<figure class=\"wp-block-audio\"><audio src=\"https:\/\/kulturamoldava.sk\/wp-content\/uploads\/2019\/07\/vsd_10062019_sk.mp3\" controls=\"controls\"><\/audio>&nbsp;&nbsp;&nbsp;\r\n<p>&nbsp;<\/p>\r\n<figcaption>slovensky<\/figcaption>\r\n<\/figure>\r\n<p><\/p>\r\n<p>&nbsp;<\/p>\r\n<p><\/p>\r\n<figure class=\"wp-block-audio\"><audio src=\"https:\/\/kulturamoldava.sk\/wp-content\/uploads\/2019\/07\/vsd_10062019_hu.mp3\" controls=\"controls\"><\/audio>&nbsp;&nbsp;&nbsp;\r\n<p>&nbsp;<\/p>\r\n<figcaption>ma\u010farsky<\/figcaption>\r\n<\/figure>\r\n<p><\/p>\r\n<p>&nbsp;<\/p>\r\n<p><\/p>\r\n<hr class=\"wp-block-separator\">\r\n<p><\/p>\r\n<p>&nbsp;<\/p>\r\n<p><\/p>\r\n<h3 class=\"wp-block-heading\">Moldavsk\u00fd festival kult\u00fary a \u0161portu 29.-30.j\u00fan 2019<\/h3>\r\n<p><\/p>\r\n<p>&nbsp;<\/p>\r\n<p><\/p>\r\n<figure class=\"wp-block-audio\"><audio src=\"https:\/\/kulturamoldava.sk\/wp-content\/uploads\/2019\/07\/moldavsky_festival_2019_sk.mp3\" controls=\"controls\"><\/audio>&nbsp;&nbsp;&nbsp;\r\n<p>&nbsp;<\/p>\r\n<figcaption>slovensky<\/figcaption>\r\n<\/figure>\r\n<p><\/p>\r\n<p>&nbsp;<\/p>\r\n<p><\/p>\r\n<figure class=\"wp-block-audio\"><audio src=\"https:\/\/kulturamoldava.sk\/wp-content\/uploads\/2019\/07\/moldavsky_festival_2019_hu.mp3\" controls=\"controls\"><\/audio>&nbsp;&nbsp;&nbsp;\r\n<p>&nbsp;<\/p>\r\n<figcaption>ma\u010farsky<\/figcaption>\r\n<\/figure>\r\n<p><\/p>\r\n<p>&nbsp;<\/p>\r\n<p> <!--nextpage--> \r\n\r\n<\/p>\r\n<hr class=\"wp-block-separator\">\r\n<p><\/p>\r\n<p>&nbsp;<\/p>\r\n<p><\/p>\r\n<h3 class=\"wp-block-heading\">Preru\u0161en\u00e1 distrib\u00facia elektriny 05.a 06.06.2019<\/h3>\r\n<p><\/p>\r\n<p>&nbsp;<\/p>\r\n<p><\/p>\r\n<figure class=\"wp-block-audio\"><audio src=\"https:\/\/kulturamoldava.sk\/wp-content\/uploads\/2019\/07\/vvs_5_a_6_jun_sk.mp3\" controls=\"controls\"><\/audio>&nbsp;&nbsp;&nbsp;\r\n<p>&nbsp;<\/p>\r\n<figcaption>slovensky<\/figcaption>\r\n<\/figure>\r\n<p><\/p>\r\n<p>&nbsp;<\/p>\r\n<p><\/p>\r\n<figure class=\"wp-block-audio\"><audio src=\"https:\/\/kulturamoldava.sk\/wp-content\/uploads\/2019\/07\/vvs_5a_6jun_hu.mp3\" controls=\"controls\"><\/audio>&nbsp;&nbsp;&nbsp;\r\n<p>&nbsp;<\/p>\r\n<figcaption>ma\u010farsky<\/figcaption>\r\n<\/figure>\r\n<p><\/p>\r\n<p>&nbsp;<\/p>\r\n<p><\/p>\r\n<hr class=\"wp-block-separator\">\r\n<p><\/p>\r\n<p>&nbsp;<\/p>\r\n<p><\/p>\r\n<h3 class=\"wp-block-heading\">De\u0148 Budulova spojen\u00fd s d\u0148om det\u00ed<\/h3>\r\n<p><\/p>\r\n<p>&nbsp;<\/p>\r\n<p><\/p>\r\n<figure class=\"wp-block-audio\"><audio src=\"https:\/\/kulturamoldava.sk\/wp-content\/uploads\/2019\/07\/den_budulova_sk.mp3\" controls=\"controls\"><\/audio>&nbsp;&nbsp;&nbsp;\r\n<p>&nbsp;<\/p>\r\n<figcaption>slovensky<\/figcaption>\r\n<\/figure>\r\n<p><\/p>\r\n<p>&nbsp;<\/p>\r\n<p><\/p>\r\n<figure class=\"wp-block-audio\"><audio src=\"https:\/\/kulturamoldava.sk\/wp-content\/uploads\/2019\/07\/den_budulova_hu.mp3\" controls=\"controls\"><\/audio>&nbsp;&nbsp;&nbsp;\r\n<p>&nbsp;<\/p>\r\n<figcaption>ma\u010farsky<\/figcaption>\r\n<\/figure>\r\n<p><\/p>\r\n<p>&nbsp;<\/p>\r\n<p> <!--nextpage--><\/p>\r\n<p><\/p>\r\n<p>&nbsp;<\/p>\r\n<p><\/p>\r\n<h3 class=\"wp-block-heading\">Beseda s fotografom, svetobe\u017en\u00edkom a bylink\u00e1rom Dion\u00fdzom Dugasom<\/h3>\r\n<p><\/p>\r\n<p>&nbsp;<\/p>\r\n<p> <!--nextpage--> \r\n\r\n<\/p>\r\n<figure class=\"wp-block-audio\"><audio src=\"https:\/\/kulturamoldava.sk\/wp-content\/uploads\/2019\/07\/dionyz_dugas_sk.mp3\" controls=\"controls\"><\/audio>&nbsp;&nbsp;&nbsp;\r\n<p>&nbsp;<\/p>\r\n<figcaption>slovensky<\/figcaption>\r\n<\/figure>\r\n<p><\/p>\r\n<p>&nbsp;<\/p>\r\n<p><\/p>\r\n<figure class=\"wp-block-audio\"><audio src=\"https:\/\/kulturamoldava.sk\/wp-content\/uploads\/2019\/07\/dionyz_dugas_hu.mp3\" controls=\"controls\"><\/audio>&nbsp;&nbsp;&nbsp;\r\n<p>&nbsp;<\/p>\r\n<figcaption>ma\u010farsky<\/figcaption>\r\n<\/figure>\r\n<p><\/p>\r\n<p>&nbsp;<\/p>\r\n<p><\/p>\r\n<hr class=\"wp-block-separator\">\r\n<p><\/p>\r\n<p>&nbsp;<\/p>\r\n<p><\/p>\r\n<h3 class=\"wp-block-heading\">Koncert FRAGILE<\/h3>\r\n<p><\/p>\r\n<p>&nbsp;<\/p>\r\n<p><\/p>\r\n<figure class=\"wp-block-audio\"><audio src=\"https:\/\/kulturamoldava.sk\/wp-content\/uploads\/2019\/07\/fragile_sk.mp3\" controls=\"controls\"><\/audio>&nbsp;&nbsp;&nbsp;\r\n<p>&nbsp;<\/p>\r\n<figcaption>slovensky<\/figcaption>\r\n<\/figure>\r\n<p><\/p>\r\n<p>&nbsp;<\/p>\r\n<p><\/p>\r\n<figure class=\"wp-block-audio\"><audio src=\"https:\/\/kulturamoldava.sk\/wp-content\/uploads\/2019\/07\/fragile_hu.mp3\" controls=\"controls\"><\/audio>&nbsp;&nbsp;&nbsp;\r\n<p>&nbsp;<\/p>\r\n<figcaption>ma\u010farsky<\/figcaption>\r\n<\/figure>\r\n<p><\/p>\r\n<p>&nbsp;<\/p>\r\n<p><\/p>\r\n<hr class=\"wp-block-separator\">\r\n<p><\/p>\r\n<p>&nbsp;<\/p>\r\n<p><\/p>\r\n<h3 class=\"wp-block-heading\">Prij\u00edmanie \u017eiadost\u00ed o kompostovacie z\u00e1sobn\u00edky<\/h3>\r\n<p><\/p>\r\n<p>&nbsp;<\/p>\r\n<p><\/p>\r\n<figure class=\"wp-block-audio\"><audio src=\"https:\/\/kulturamoldava.sk\/wp-content\/uploads\/2019\/07\/komposter_sk.mp3\" controls=\"controls\"><\/audio>&nbsp;&nbsp;&nbsp;\r\n<p>&nbsp;<\/p>\r\n<figcaption>slovensky<\/figcaption>\r\n<\/figure>\r\n<p><\/p>\r\n<p>&nbsp;<\/p>\r\n<p><\/p>\r\n<figure class=\"wp-block-audio\"><audio src=\"https:\/\/kulturamoldava.sk\/wp-content\/uploads\/2019\/07\/komposter_hu.mp3\" controls=\"controls\"><\/audio>&nbsp;&nbsp;&nbsp;\r\n<p>&nbsp;<\/p>\r\n<figcaption>ma\u010farsky<\/figcaption>\r\n<\/figure>\r\n<p><\/p>\r\n<p>&nbsp;<\/p>\r\n<p> <!--nextpage--> \r\n\r\n<\/p>\r\n<hr class=\"wp-block-separator\">\r\n<p><\/p>\r\n<p>&nbsp;<\/p>\r\n<p><\/p>\r\n<h3 class=\"wp-block-heading\">Csemadok Kegyeleti megeml\u00e9kez\u00e9s<\/h3>\r\n<p><\/p>\r\n<p>&nbsp;<\/p>\r\n<p><\/p>\r\n<figure class=\"wp-block-audio\"><audio src=\"https:\/\/kulturamoldava.sk\/wp-content\/uploads\/2019\/07\/01_csemadok_sk_s_uvodom.mp3\" controls=\"controls\"><\/audio>&nbsp;&nbsp;&nbsp;\r\n<p>&nbsp;<\/p>\r\n<figcaption>slovensky<\/figcaption>\r\n<\/figure>\r\n<p><\/p>\r\n<p>&nbsp;<\/p>\r\n<p><\/p>\r\n<figure class=\"wp-block-audio\"><audio src=\"https:\/\/kulturamoldava.sk\/wp-content\/uploads\/2019\/07\/02_csemadok_2_hu.mp3\" controls=\"controls\"><\/audio>&nbsp;&nbsp;&nbsp;\r\n<p>&nbsp;<\/p>\r\n<figcaption>ma\u010farsky<\/figcaption>\r\n<\/figure>\r\n<p><\/p>\r\n<p>&nbsp;<\/p>\r\n<p><\/p>\r\n<hr class=\"wp-block-separator\">\r\n<p><\/p>\r\n<p>&nbsp;<\/p>\r\n<p><\/p>\r\n<h3 class=\"wp-block-heading\">Fazu\u013eov\u00fd festival<\/h3>\r\n<p><\/p>\r\n<p>&nbsp;<\/p>\r\n<p><\/p>\r\n<figure class=\"wp-block-audio\"><audio src=\"https:\/\/kulturamoldava.sk\/wp-content\/uploads\/2019\/07\/1_fazulovy_festival_1_sk.mp3\" controls=\"controls\"><\/audio>&nbsp;&nbsp;&nbsp;\r\n<p>&nbsp;<\/p>\r\n<figcaption>slovensky<\/figcaption>\r\n<\/figure>\r\n<p><\/p>\r\n<p>&nbsp;<\/p>\r\n<p><\/p>\r\n<figure class=\"wp-block-audio\"><audio src=\"https:\/\/kulturamoldava.sk\/wp-content\/uploads\/2019\/07\/2_fazulovy_festival_hu.mp3\" controls=\"controls\"><\/audio>&nbsp;&nbsp;&nbsp;\r\n<p>&nbsp;<\/p>\r\n<figcaption>ma\u010farsky<\/figcaption>\r\n<\/figure>\r\n<p><\/p>\r\n<p>&nbsp;<\/p>\r\n<p><\/p>\r\n<hr class=\"wp-block-separator\">\r\n<p><\/p>\r\n<p>&nbsp;<\/p>\r\n<p><\/p>\r\n<h3 class=\"wp-block-heading\">Csemadok Szepsi Csombor M\u00e1rtoni napok<\/h3>\r\n<p><\/p>\r\n<p>&nbsp;<\/p>\r\n<p> <!--nextpage--> \r\n\r\n<\/p>\r\n<figure class=\"wp-block-audio\"><audio src=\"https:\/\/kulturamoldava.sk\/wp-content\/uploads\/2019\/07\/csemadok_csombor.mp3\" controls=\"controls\"><\/audio>&nbsp;&nbsp;&nbsp;\r\n<p>&nbsp;<\/p>\r\n<figcaption>ma\u010farsky<\/figcaption>\r\n<\/figure>\r\n<p><\/p>\r\n<p>&nbsp;<\/p>\r\n<p><\/p>\r\n<hr class=\"wp-block-separator\">\r\n<p><\/p>\r\n<p>&nbsp;<\/p>\r\n<p><\/p>\r\n<h3 class=\"wp-block-heading\">Preru\u0161enie distrib\u00facie elektriny 10.05.2019<\/h3>\r\n<p><\/p>\r\n<p>&nbsp;<\/p>\r\n<p><\/p>\r\n<figure class=\"wp-block-audio\"><audio src=\"https:\/\/kulturamoldava.sk\/wp-content\/uploads\/2019\/07\/vsd_352019.mp3\" controls=\"controls\"><\/audio>&nbsp;&nbsp;&nbsp;\r\n<p>&nbsp;<\/p>\r\n<figcaption>slovensky a ma\u010farsky<\/figcaption>\r\n<\/figure>\r\n<p><\/p>\r\n<p>&nbsp;<\/p>\r\n<p><\/p>\r\n<hr class=\"wp-block-separator\">\r\n<p><\/p>\r\n<p>&nbsp;<\/p>\r\n<p><\/p>\r\n<h3 class=\"wp-block-heading\">Pozv\u00e1nka na podujatie Tradi\u010dn\u00e9 stavanie m\u00e1ja<\/h3>\r\n<p><\/p>\r\n<p>&nbsp;<\/p>\r\n<p><\/p>\r\n<figure class=\"wp-block-audio\"><audio src=\"https:\/\/kulturamoldava.sk\/wp-content\/uploads\/2019\/07\/maj_sk.mp3\" controls=\"controls\"><\/audio>&nbsp;&nbsp;&nbsp;\r\n<p>&nbsp;<\/p>\r\n<figcaption>slovensky<\/figcaption>\r\n<\/figure>\r\n<p><\/p>\r\n<p>&nbsp;<\/p>\r\n<p><\/p>\r\n<figure class=\"wp-block-audio\"><audio src=\"https:\/\/kulturamoldava.sk\/wp-content\/uploads\/2019\/07\/maj_hu.mp3\" controls=\"controls\"><\/audio>&nbsp;&nbsp;&nbsp;\r\n<p>&nbsp;<\/p>\r\n<figcaption>ma\u010farsky<\/figcaption>\r\n<\/figure>\r\n<p><\/p>\r\n<p>&nbsp;<\/p>\r\n<p><\/p>\r\n<hr class=\"wp-block-separator\">\r\n<p><\/p>\r\n<p>&nbsp;<\/p>\r\n<p><\/p>\r\n<h3 class=\"wp-block-heading\">Pozv\u00e1nka na v\u00fdro\u010dn\u00fa \u010dlensk\u00fa sch\u00f4dzu Slovensk\u00fd zv\u00e4z zdravotne postihnut\u00fdch<\/h3>\r\n<p><\/p>\r\n<p>&nbsp;<\/p>\r\n<p> <!--nextpage--> \r\n\r\n<\/p>\r\n<figure class=\"wp-block-audio\"><audio src=\"https:\/\/kulturamoldava.sk\/wp-content\/uploads\/2019\/07\/slovensky_zvaz_sk_hu_s_koncom.mp3\" controls=\"controls\"><\/audio>&nbsp;&nbsp;&nbsp;\r\n<p>&nbsp;<\/p>\r\n<figcaption>slovensky a ma\u010farsky<\/figcaption>\r\n<\/figure>\r\n<p><\/p>\r\n<p>&nbsp;<\/p>\r\n<p><\/p>\r\n<hr class=\"wp-block-separator\">\r\n<p><\/p>\r\n<p>&nbsp;<\/p>\r\n<p><\/p>\r\n<h3 class=\"wp-block-heading\">Divadeln\u00e9 predstavenie \u00c9n \u00e9s a kis\u00f6cs\u00e9m<\/h3>\r\n<p><\/p>\r\n<p>&nbsp;<\/p>\r\n<p><\/p>\r\n<figure class=\"wp-block-audio\"><audio src=\"https:\/\/kulturamoldava.sk\/wp-content\/uploads\/2019\/07\/en_es_a_kisocsem_sk_s_uvodom.mp3\" controls=\"controls\"><\/audio>&nbsp;&nbsp;&nbsp;\r\n<p>&nbsp;<\/p>\r\n<figcaption>slovensky<\/figcaption>\r\n<\/figure>\r\n<p><\/p>\r\n<p>&nbsp;<\/p>\r\n<p><\/p>\r\n<figure class=\"wp-block-audio\"><audio src=\"https:\/\/kulturamoldava.sk\/wp-content\/uploads\/2019\/07\/en_es_a_kisocsem_hu_s_koncom.mp3\" controls=\"controls\"><\/audio>&nbsp;&nbsp;&nbsp;\r\n<p>&nbsp;<\/p>\r\n<figcaption>ma\u010farsky<\/figcaption>\r\n<\/figure>\r\n<p><\/p>\r\n<p>&nbsp;<\/p>\r\n<p> <!--nextpage--><\/p>\r\n<p><\/p>\r\n<p>&nbsp;<\/p>\r\n<p><\/p>\r\n<h3 class=\"wp-block-heading\">Domb\u00f3v\u00e1ri Istv\u00e1n<\/h3>\r\n<p><\/p>\r\n<p>&nbsp;<\/p>\r\n<p><\/p>\r\n<figure class=\"wp-block-audio\"><audio src=\"https:\/\/kulturamoldava.sk\/wp-content\/uploads\/2019\/07\/dombovari_hu_bez_konca.mp3\" controls=\"controls\"><\/audio>&nbsp;&nbsp;&nbsp;\r\n<p>&nbsp;<\/p>\r\n<figcaption>ma\u010farsky<\/figcaption>\r\n<\/figure>\r\n<p><\/p>\r\n<p>&nbsp;<\/p>\r\n<p><\/p>\r\n<hr class=\"wp-block-separator\">\r\n<p><\/p>\r\n<p>&nbsp;<\/p>\r\n<p><\/p>\r\n<h3 class=\"wp-block-heading\">Vy\u010distime si Moldavu<\/h3>\r\n<p><\/p>\r\n<p>&nbsp;<\/p>\r\n<p> <!--nextpage--> \r\n\r\n<\/p>\r\n<figure class=\"wp-block-audio\"><audio src=\"https:\/\/kulturamoldava.sk\/wp-content\/uploads\/2019\/07\/vycistime_si_moldavu_sk_bez_uvodu.mp3\" controls=\"controls\"><\/audio>&nbsp;&nbsp;&nbsp;\r\n<p>&nbsp;<\/p>\r\n<figcaption>slovensky<\/figcaption>\r\n<\/figure>\r\n<p><\/p>\r\n<p>&nbsp;<\/p>\r\n<p><\/p>\r\n<figure class=\"wp-block-audio\"><audio src=\"https:\/\/kulturamoldava.sk\/wp-content\/uploads\/2019\/07\/vycistime_si_moldavu_hu_bez_konca.mp3\" controls=\"controls\"><\/audio>&nbsp;&nbsp;&nbsp;\r\n<p>&nbsp;<\/p>\r\n<figcaption>ma\u010farsky<\/figcaption>\r\n<\/figure>\r\n<p><\/p>\r\n<p>&nbsp;<\/p>\r\n<p><\/p>\r\n<hr class=\"wp-block-separator\">\r\n<p><\/p>\r\n<p>&nbsp;<\/p>\r\n<p><\/p>\r\n<h3 class=\"wp-block-heading\">\u010card\u00e1\u0161ov\u00e1 princezn\u00e1<\/h3>\r\n<p><\/p>\r\n<p>&nbsp;<\/p>\r\n<p><\/p>\r\n<figure class=\"wp-block-audio\"><audio src=\"https:\/\/kulturamoldava.sk\/wp-content\/uploads\/2019\/07\/cardasova_princezna_sk_s_uvodom.mp3\" controls=\"controls\"><\/audio>&nbsp;&nbsp;&nbsp;\r\n<p>&nbsp;<\/p>\r\n<figcaption>slovensky<\/figcaption>\r\n<\/figure>\r\n<p><\/p>\r\n<p>&nbsp;<\/p>\r\n<p><\/p>\r\n<figure class=\"wp-block-audio\"><audio src=\"https:\/\/kulturamoldava.sk\/wp-content\/uploads\/2019\/07\/cardasova_princezna_hu_bez_konca.mp3\" controls=\"controls\"><\/audio>&nbsp;&nbsp;&nbsp;\r\n<p>&nbsp;<\/p>\r\n<figcaption>ma\u010farsky<\/figcaption>\r\n<\/figure>\r\n<p><\/p>\r\n<p>&nbsp;<\/p>\r\n<p><\/p>\r\n<hr class=\"wp-block-separator\">\r\n<p><\/p>\r\n<p>&nbsp;<\/p>\r\n<p><\/p>\r\n<h3 class=\"wp-block-heading\">Ve\u013ekokapacitn\u00e9 kontajnery<\/h3>\r\n<p><\/p>\r\n<p>&nbsp;<\/p>\r\n<p><\/p>\r\n<figure class=\"wp-block-audio\"><audio src=\"https:\/\/kulturamoldava.sk\/wp-content\/uploads\/2019\/07\/velkokapacitne_kontajnery_sk.mp3\" controls=\"controls\"><\/audio>&nbsp;&nbsp;&nbsp;\r\n<p>&nbsp;<\/p>\r\n<figcaption>slovensky<\/figcaption>\r\n<\/figure>\r\n<p><\/p>\r\n<p>&nbsp;<\/p>\r\n<p><\/p>\r\n<figure class=\"wp-block-audio\"><audio src=\"https:\/\/kulturamoldava.sk\/wp-content\/uploads\/2019\/07\/velkokapacitne_kontajnery_hu_2.mp3\" controls=\"controls\"><\/audio>&nbsp;&nbsp;&nbsp;\r\n<p>&nbsp;<\/p>\r\n<figcaption>ma\u010farsky<\/figcaption>\r\n<\/figure>\r\n<p><\/p>\r\n<p>&nbsp;<\/p>\r\n<p> <!--nextpage--> \r\n\r\n<\/p>\r\n<hr class=\"wp-block-separator\">\r\n<p><\/p>\r\n<p>&nbsp;<\/p>\r\n<p><\/p>\r\n<h3 class=\"wp-block-heading\">Otvorenie dar\u010dekovej predajne<\/h3>\r\n<p><\/p>\r\n<p>&nbsp;<\/p>\r\n<p><\/p>\r\n<figure class=\"wp-block-audio\"><audio src=\"https:\/\/kulturamoldava.sk\/wp-content\/uploads\/2019\/07\/darceky_nika.mp3\" controls=\"controls\"><\/audio>&nbsp;&nbsp;&nbsp;\r\n<p>&nbsp;<\/p>\r\n<figcaption>slovensky a ma\u010farsky<\/figcaption>\r\n<\/figure>\r\n<p><\/p>\r\n<p>&nbsp;<\/p>\r\n<p><\/p>\r\n<hr class=\"wp-block-separator\">\r\n<p><\/p>\r\n<p>&nbsp;<\/p>\r\n<p><\/p>\r\n<h3 class=\"wp-block-heading\">Preru\u0161enie distrib\u00facie elektriny 20. a 21.3.2019<\/h3>\r\n<p><\/p>\r\n<p>&nbsp;<\/p>\r\n<p><\/p>\r\n<figure class=\"wp-block-audio\"><audio src=\"https:\/\/kulturamoldava.sk\/wp-content\/uploads\/2019\/07\/odstavka_elektriny_202132019_sk.mp3\" controls=\"controls\"><\/audio>&nbsp;&nbsp;&nbsp;\r\n<p>&nbsp;<\/p>\r\n<figcaption>slovensky<\/figcaption>\r\n<\/figure>\r\n<p><\/p>\r\n<p>&nbsp;<\/p>\r\n<p><\/p>\r\n<figure class=\"wp-block-audio\"><audio src=\"https:\/\/kulturamoldava.sk\/wp-content\/uploads\/2019\/07\/odstavka_elektriny_202132019_hu.mp3\" controls=\"controls\"><\/audio>&nbsp;&nbsp;&nbsp;\r\n<p>&nbsp;<\/p>\r\n<figcaption>ma\u010farsky<\/figcaption>\r\n<\/figure>\r\n<p><\/p>\r\n<p>&nbsp;<\/p>\r\n<p><\/p>\r\n<hr class=\"wp-block-separator\">\r\n<p><\/p>\r\n<p>&nbsp;<\/p>\r\n<p><\/p>\r\n<h3 class=\"wp-block-heading\">Stretnutie s prezidentsk\u00fdm kandid\u00e1tom \u0160tefanom Harabinom<\/h3>\r\n<p><\/p>\r\n<p>&nbsp;<\/p>\r\n<p> <!--nextpage--> \r\n\r\n<\/p>\r\n<figure class=\"wp-block-audio\"><audio src=\"https:\/\/kulturamoldava.sk\/wp-content\/uploads\/2019\/07\/harabin.mp3\" controls=\"controls\"><\/audio>&nbsp;&nbsp;&nbsp;\r\n<p>&nbsp;<\/p>\r\n<figcaption>slovensky a ma\u010farsky<\/figcaption>\r\n<\/figure>\r\n<p><\/p>\r\n<p>&nbsp;<\/p>\r\n<p><\/p>\r\n<hr class=\"wp-block-separator\">\r\n<p><\/p>\r\n<p>&nbsp;<\/p>\r\n<p><\/p>\r\n<h3 class=\"wp-block-heading\">Stretnutie s prezidentsk\u00fdm kandid\u00e1tom B\u00e9lom Bug\u00e1rom<\/h3>\r\n<p><\/p>\r\n<p>&nbsp;<\/p>\r\n<p><\/p>\r\n<figure class=\"wp-block-audio\"><audio src=\"https:\/\/kulturamoldava.sk\/wp-content\/uploads\/2019\/07\/bela_bugar.mp3\" controls=\"controls\"><\/audio>&nbsp;&nbsp;&nbsp;\r\n<p>&nbsp;<\/p>\r\n<figcaption>slovensky a ma\u010farsky<\/figcaption>\r\n<\/figure>\r\n<p><\/p>\r\n<p>&nbsp;<\/p>\r\n<p><\/p>\r\n<hr class=\"wp-block-separator\">\r\n<p><\/p>\r\n<p>&nbsp;<\/p>\r\n<p><\/p>\r\n<h3 class=\"wp-block-heading\">Predaj zemiakov<\/h3>\r\n<p><\/p>\r\n<p>&nbsp;<\/p>\r\n<p><\/p>\r\n<figure class=\"wp-block-audio\"><audio src=\"https:\/\/kulturamoldava.sk\/wp-content\/uploads\/2019\/07\/predaj_zemiakov_marec_2019.mp3\" controls=\"controls\"><\/audio>&nbsp;&nbsp;&nbsp;\r\n<p>&nbsp;<\/p>\r\n<figcaption>slovensky<\/figcaption>\r\n<\/figure>\r\n<p><\/p>\r\n<p>&nbsp;<\/p>\r\n<p><\/p>\r\n<hr class=\"wp-block-separator\">\r\n<p><\/p>\r\n<p>&nbsp;<\/p>\r\n<p><\/p>\r\n<h3 class=\"wp-block-heading\">Pozv\u00e1nka na divadeln\u00e9 predstavenie v divadle Th\u00e1lia &#8211; Denn\u00e9 centrum<\/h3>\r\n<p><\/p>\r\n<p>&nbsp;<\/p>\r\n<p><\/p>\r\n<figure class=\"wp-block-audio\"><audio src=\"https:\/\/kulturamoldava.sk\/wp-content\/uploads\/2019\/07\/thalia_denne_centrum_sk_hu_2403.mp3\" controls=\"controls\"><\/audio>&nbsp;&nbsp;&nbsp;\r\n<p>&nbsp;<\/p>\r\n<figcaption>slovensky a ma\u010farsky<\/figcaption>\r\n<\/figure>\r\n<p><\/p>\r\n<p>&nbsp;<\/p>\r\n<p> <!--nextpage--> \r\n\r\n <!--nextpage--><\/p>\r\n<p><\/p>\r\n<p>&nbsp;<\/p>\r\n<p><\/p>\r\n<h3 class=\"wp-block-heading\">Pozv\u00e1nka na posedenie pri RETRO HUDBE &#8211; Denn\u00e9 centrum<\/h3>\r\n<p><\/p>\r\n<p>&nbsp;<\/p>\r\n<p><\/p>\r\n<figure class=\"wp-block-audio\"><audio src=\"https:\/\/kulturamoldava.sk\/wp-content\/uploads\/2019\/07\/retro_zabava_sk_hu_2602.mp3\" controls=\"controls\"><\/audio>&nbsp;&nbsp;&nbsp;\r\n<p>&nbsp;<\/p>\r\n<figcaption>slovensky a ma\u010farsky<\/figcaption>\r\n<\/figure>\r\n<p><\/p>\r\n<p>&nbsp;<\/p>\r\n<p><\/p>\r\n<hr class=\"wp-block-separator\">\r\n<p><\/p>\r\n<p>&nbsp;<\/p>\r\n<p><\/p>\r\n<h3 class=\"wp-block-heading\">Preru\u0161enie distrib\u00facie elektriny 07.03.2019<\/h3>\r\n<p><\/p>\r\n<p>&nbsp;<\/p>\r\n<p><\/p>\r\n<figure class=\"wp-block-audio\"><audio src=\"https:\/\/kulturamoldava.sk\/wp-content\/uploads\/2019\/07\/odstavka_elektriny_73_skahu.mp3\" controls=\"controls\"><\/audio>&nbsp;&nbsp;&nbsp;\r\n<p>&nbsp;<\/p>\r\n<figcaption>slovensky a ma\u010farsky<\/figcaption>\r\n<\/figure>\r\n<p><\/p>\r\n<p>&nbsp;<\/p>\r\n<p><\/p>\r\n<hr class=\"wp-block-separator\">\r\n<p><\/p>\r\n<p>&nbsp;<\/p>\r\n<p><\/p>\r\n<h3 class=\"wp-block-heading\">Preru\u0161enie distrib\u00facie elektriny 25.02.2019<\/h3>\r\n<p><\/p>\r\n<p>&nbsp;<\/p>\r\n<p><\/p>\r\n<figure class=\"wp-block-audio\"><audio src=\"https:\/\/kulturamoldava.sk\/wp-content\/uploads\/2019\/07\/odstavka_elektriny_2502_skahu.mp3\" controls=\"controls\"><\/audio>&nbsp;&nbsp;&nbsp;\r\n<p>&nbsp;<\/p>\r\n<figcaption>slovensky a ma\u010farsky<\/figcaption>\r\n<\/figure>\r\n<p><\/p>\r\n<p>&nbsp;<\/p>\r\n<p><\/p>\r\n<hr class=\"wp-block-separator\">\r\n<p><\/p>\r\n<p>&nbsp;<\/p>\r\n<p> <!--nextpage--> \r\n\r\n<\/p>\r\n<h3 class=\"wp-block-heading\">Preru\u0161enie distrib\u00facie elektriny 13.02.2019<\/h3>\r\n<p><\/p>\r\n<p>&nbsp;<\/p>\r\n<p><\/p>\r\n<figure class=\"wp-block-audio\"><audio src=\"https:\/\/kulturamoldava.sk\/wp-content\/uploads\/2019\/07\/odstavka_elektriny_1302.mp3\" controls=\"controls\"><\/audio>&nbsp;&nbsp;&nbsp;\r\n<p>&nbsp;<\/p>\r\n<figcaption>slovensky<\/figcaption>\r\n<\/figure>\r\n<p><\/p>\r\n<p>&nbsp;<\/p>\r\n<p><\/p>\r\n<hr class=\"wp-block-separator\">\r\n<p><\/p>\r\n<p>&nbsp;<\/p>\r\n<p><\/p>\r\n<h3 class=\"wp-block-heading\">Preru\u0161enie distrib\u00facie vody 11.02.2019<\/h3>\r\n<p><\/p>\r\n<p>&nbsp;<\/p>\r\n<p><\/p>\r\n<figure class=\"wp-block-audio\"><audio src=\"https:\/\/kulturamoldava.sk\/wp-content\/uploads\/2019\/07\/odstavka_vody_1102_sk.mp3\" controls=\"controls\"><\/audio>&nbsp;&nbsp;&nbsp;\r\n<p>&nbsp;<\/p>\r\n<figcaption>slovensky<\/figcaption>\r\n<\/figure>\r\n<p><\/p>\r\n<p>&nbsp;<\/p>\r\n<p><\/p>\r\n<figure class=\"wp-block-audio\"><audio src=\"https:\/\/kulturamoldava.sk\/wp-content\/uploads\/2019\/07\/odstavka_vody_1102_hu.mp3\" controls=\"controls\"><\/audio>&nbsp;&nbsp;&nbsp;\r\n<p>&nbsp;<\/p>\r\n<figcaption>ma\u010farsky<\/figcaption>\r\n<\/figure>\r\n<p><\/p>\r\n<p>&nbsp;<\/p>\r\n<p><\/p>\r\n<hr class=\"wp-block-separator\">\r\n<p><\/p>\r\n<p>&nbsp;<\/p>\r\n<p><\/p>\r\n<h3 class=\"wp-block-heading\">Pozv\u00e1nka na podujatie Nagyidai Cig\u00e1nyok<\/h3>\r\n<p><\/p>\r\n<p>&nbsp;<\/p>\r\n<p><\/p>\r\n<figure class=\"wp-block-audio\"><audio src=\"https:\/\/kulturamoldava.sk\/wp-content\/uploads\/2019\/07\/nagyidaiciganyok_sk.mp3\" controls=\"controls\"><\/audio>&nbsp;&nbsp;&nbsp;\r\n<p>&nbsp;<\/p>\r\n<figcaption>slovensky<\/figcaption>\r\n<\/figure>\r\n<p><\/p>\r\n<p>&nbsp;<\/p>\r\n<p><\/p>\r\n<hr class=\"wp-block-separator\">\r\n<p><\/p>\r\n<p>&nbsp;<\/p>\r\n<p> <!--nextpage--> \r\n\r\n<\/p>\r\n<h3 class=\"wp-block-heading\">Oznam pre \u010dlenov Zv\u00e4zu zdravotne postihnut\u00fdch<\/h3>\r\n<p><\/p>\r\n<p>&nbsp;<\/p>\r\n<p><\/p>\r\n<figure class=\"wp-block-audio\"><audio src=\"https:\/\/kulturamoldava.sk\/wp-content\/uploads\/2019\/07\/zvaz_zdravpostihnutych_sk.mp3\" controls=\"controls\"><\/audio>&nbsp;&nbsp;&nbsp;\r\n<p>&nbsp;<\/p>\r\n<figcaption>slovensky<\/figcaption>\r\n<\/figure>\r\n<p><\/p>\r\n<p>&nbsp;<\/p>\r\n<p><\/p>\r\n<figure class=\"wp-block-audio\"><audio src=\"https:\/\/kulturamoldava.sk\/wp-content\/uploads\/2019\/07\/zvaz_zdravpostihnutych_hu.mp3\" controls=\"controls\"><\/audio>&nbsp;&nbsp;&nbsp;\r\n<p>&nbsp;<\/p>\r\n<figcaption>ma\u010farsky<\/figcaption>\r\n<\/figure>\r\n<p><\/p>\r\n<p>&nbsp;<\/p>\r\n<p><\/p>\r\n<hr class=\"wp-block-separator\">\r\n<p><\/p>\r\n<p>&nbsp;<\/p>\r\n<p><\/p>\r\n<h3 class=\"wp-block-heading\">Upozornenie pre d\u00f4chodcov<\/h3>\r\n<p><\/p>\r\n<p>&nbsp;<\/p>\r\n<p><\/p>\r\n<figure class=\"wp-block-audio\"><audio src=\"https:\/\/kulturamoldava.sk\/wp-content\/uploads\/2019\/07\/upozornenie_dochodci_sk.mp3\" controls=\"controls\"><\/audio>&nbsp;&nbsp;&nbsp;\r\n<p>&nbsp;<\/p>\r\n<figcaption>slovensky<\/figcaption>\r\n<\/figure>\r\n<p><\/p>\r\n<p>&nbsp;<\/p>\r\n<p><\/p>\r\n<figure class=\"wp-block-audio\"><audio src=\"https:\/\/kulturamoldava.sk\/wp-content\/uploads\/2019\/07\/upozornenie_dochodci_hu.mp3\" controls=\"controls\"><\/audio>&nbsp;&nbsp;&nbsp;\r\n<p>&nbsp;<\/p>\r\n<figcaption>ma\u010farsky<\/figcaption>\r\n<\/figure>\r\n<p><\/p>\r\n<p>&nbsp;<\/p>\r\n<p><\/p>\r\n<hr class=\"wp-block-separator\">\r\n<p><\/p>\r\n<p>&nbsp;<\/p>\r\n<p><\/p>\r\n<h3 class=\"wp-block-heading\">Preru\u0161enie distrib\u00facie pitnej vody 15.01.2019 &#8211; Budulov, Budulovsk\u00e1 ulica<\/h3>\r\n<p><\/p>\r\n<p>&nbsp;<\/p>\r\n<p>&nbsp;<\/p>\r\n<p> <!--nextpage--> \r\n\r\n<\/p>\r\n<figure class=\"wp-block-audio\"><audio src=\"https:\/\/kulturamoldava.sk\/wp-content\/uploads\/2019\/07\/odstavka_vody_151.mp3\" controls=\"controls\"><\/audio>&nbsp;&nbsp;&nbsp;\r\n<p>&nbsp;<\/p>\r\n<figcaption>slovensky<\/figcaption>\r\n<\/figure>\r\n<p><\/p>\r\n<p>&nbsp;<\/p>\r\n<p><\/p>\r\n<figure class=\"wp-block-audio\"><audio src=\"https:\/\/kulturamoldava.sk\/wp-content\/uploads\/2019\/07\/odstavka_vody_151_hu.mp3\" controls=\"controls\"><\/audio>&nbsp;&nbsp;&nbsp;\r\n<p>&nbsp;<\/p>\r\n<figcaption>ma\u010farsky<\/figcaption>\r\n<\/figure>\r\n<p><\/p>\r\n<p>&nbsp;<\/p>\r\n<p><\/p>\r\n<hr class=\"wp-block-separator\">\r\n<p><\/p>\r\n<p>&nbsp;<\/p>\r\n<p><\/p>\r\n<h3 class=\"wp-block-heading\">Ofici\u00e1lny za\u010diatok krajskej futbalovej ligy<\/h3>\r\n<p><\/p>\r\n<p>&nbsp;<\/p>\r\n<p><\/p>\r\n<figure class=\"wp-block-audio\"><audio src=\"https:\/\/kulturamoldava.sk\/wp-content\/uploads\/2019\/07\/futbal_sk_verzia.mp3\" controls=\"controls\"><\/audio>&nbsp;&nbsp;&nbsp;\r\n<p>&nbsp;<\/p>\r\n<figcaption>slovensky<\/figcaption>\r\n<\/figure>\r\n<p><\/p>\r\n<p>&nbsp;<\/p>\r\n<p><\/p>\r\n<figure class=\"wp-block-audio\"><audio src=\"https:\/\/kulturamoldava.sk\/wp-content\/uploads\/2019\/07\/futbal_hu_verzia.mp3\" controls=\"controls\"><\/audio>&nbsp;&nbsp;&nbsp;\r\n<p>&nbsp;<\/p>\r\n<figcaption>ma\u010farsky<\/figcaption>\r\n<\/figure>\r\n<p><\/p>\r\n<p>&nbsp;<\/p>\r\n<p> &nbsp;<\/p>\r\n<p><\/p>\r\n<p>&nbsp;<\/p>\r\n<p>[\/cmsmasters_text][\/cmsmasters_column][\/cmsmasters_row]<div id=\"cmsmasters_row_c1bgwaeedo\" class=\"cmsmasters_row cmsmasters_color_scheme_default cmsmasters_row_top_default cmsmasters_row_bot_default cmsmasters_row_boxed\">\n<div class=\"cmsmasters_row_outer_parent\">\n<div class=\"cmsmasters_row_outer\">\n<div class=\"cmsmasters_row_inner\">\n<div class=\"cmsmasters_row_margin\">\n<div id=\"cmsmasters_column_wmvbzacpkc\" class=\"cmsmasters_column one_first\">\n<div class=\"cmsmasters_column_inner\"><div class=\"cmsmasters_toggles toggles_mode_toggle\">\n<div class=\"cmsmasters_toggle_wrap\" data-tags=\"all \">\n<div class=\"cmsmasters_toggle_title\">\n<span class=\"cmsmasters_toggle_plus\">\n<span class=\"cmsmasters_toggle_plus_hor\"><\/span>\n<span class=\"cmsmasters_toggle_plus_vert\"><\/span>\n<\/span>\n<a href=\"#\">Title<\/a>\n<\/div>\n<div class=\"cmsmasters_toggle\">\n<div class=\"cmsmasters_toggle_inner\">\n<p>Click here to change this text<\/p>\n<\/div>\n<\/div>\n<\/div><\/div>\n<\/div><\/div>\n<\/div>\n<\/div>\n<\/div>\n<\/div>\n<\/div>\n\r\n<audio class=\"wp-audio-shortcode\" id=\"audio-14835-376\" preload=\"none\" style=\"width: 100%;\" controls=\"controls\"><source type=\"audio\/wav\" src=\"https:\/\/kulturamoldava.sk\/wp-content\/uploads\/2020\/04\/Obcania-nad-65-rokov-SK.wav?_=376\" \/><a href=\"https:\/\/kulturamoldava.sk\/wp-content\/uploads\/2020\/04\/Obcania-nad-65-rokov-SK.wav\">https:\/\/kulturamoldava.sk\/wp-content\/uploads\/2020\/04\/Obcania-nad-65-rokov-SK.wav<\/a><\/audio>\r\n<audio class=\"wp-audio-shortcode\" id=\"audio-14835-377\" preload=\"none\" style=\"width: 100%;\" controls=\"controls\"><source type=\"audio\/wav\" src=\"https:\/\/kulturamoldava.sk\/wp-content\/uploads\/2020\/04\/Obcania-nad-65-rokov-SK.wav?_=377\" \/><a href=\"https:\/\/kulturamoldava.sk\/wp-content\/uploads\/2020\/04\/Obcania-nad-65-rokov-SK.wav\">https:\/\/kulturamoldava.sk\/wp-content\/uploads\/2020\/04\/Obcania-nad-65-rokov-SK.wav<\/a><\/audio>\r\n<audio class=\"wp-audio-shortcode\" id=\"audio-14835-378\" preload=\"none\" style=\"width: 100%;\" controls=\"controls\"><source type=\"audio\/wav\" src=\"https:\/\/kulturamoldava.sk\/wp-content\/uploads\/2020\/06\/Jednota-dochodcov-HU.wav?_=378\" \/><a href=\"https:\/\/kulturamoldava.sk\/wp-content\/uploads\/2020\/06\/Jednota-dochodcov-HU.wav\">https:\/\/kulturamoldava.sk\/wp-content\/uploads\/2020\/06\/Jednota-dochodcov-HU.wav<\/a><\/audio>\r\n<audio class=\"wp-audio-shortcode\" id=\"audio-14835-379\" preload=\"none\" style=\"width: 100%;\" controls=\"controls\"><source type=\"audio\/wav\" src=\"https:\/\/kulturamoldava.sk\/wp-content\/uploads\/2020\/10\/Test-31.10-1.11-s-uvdm-SK.wav?_=379\" \/><a href=\"https:\/\/kulturamoldava.sk\/wp-content\/uploads\/2020\/10\/Test-31.10-1.11-s-uvdm-SK.wav\">https:\/\/kulturamoldava.sk\/wp-content\/uploads\/2020\/10\/Test-31.10-1.11-s-uvdm-SK.wav<\/a><\/audio>\r\n<audio class=\"wp-audio-shortcode\" id=\"audio-14835-380\" preload=\"none\" style=\"width: 100%;\" controls=\"controls\"><source type=\"audio\/wav\" src=\"https:\/\/kulturamoldava.sk\/wp-content\/uploads\/2021\/06\/Scitanie-HU-10.06.2021.wav?_=380\" \/><a href=\"https:\/\/kulturamoldava.sk\/wp-content\/uploads\/2021\/06\/Scitanie-HU-10.06.2021.wav\">https:\/\/kulturamoldava.sk\/wp-content\/uploads\/2021\/06\/Scitanie-HU-10.06.2021.wav<\/a><\/audio>\r\n<audio class=\"wp-audio-shortcode\" id=\"audio-14835-381\" preload=\"none\" style=\"width: 100%;\" controls=\"controls\"><source type=\"audio\/wav\" src=\"https:\/\/kulturamoldava.sk\/wp-content\/uploads\/2023\/12\/001_BUDULOV_MIKI_SK.wav?_=381\" \/><a href=\"https:\/\/kulturamoldava.sk\/wp-content\/uploads\/2023\/12\/001_BUDULOV_MIKI_SK.wav\">https:\/\/kulturamoldava.sk\/wp-content\/uploads\/2023\/12\/001_BUDULOV_MIKI_SK.wav<\/a><\/audio>","protected":false},"excerpt":{"rendered":"<p>27.4.2026 Kino Hviezda v Turni nad Bodvou V\u00e1s poz\u00fdva na mimoriadnu repr\u00edzu hudobn\u00e9ho filmu Michael s ma\u010farsk\u00fdm dabingom v sobotu 2.m\u00e1ja o 19:30.&nbsp;Z\u00e1rove\u0148 sa uskuto\u010dn\u00ed D\u00e1mska jazda pri premi\u00e9re filmu Diabol nos\u00ed Pradu 2 so slovensk\u00fdm dabingom v&nbsp;piatok 8.m\u00e1ja o&nbsp;19:30, s&nbsp;uv\u00edtac\u00edm drinkom zdarma. Vstupenky s\u00fa u\u017e v&nbsp;predpredaji na www.kinoturna.sk Tauris \u2013 M\u00e4siarstvo u B\u00fdka V\u00e1s&#8230;<\/p>","protected":false},"author":1,"featured_media":0,"parent":0,"menu_order":0,"comment_status":"closed","ping_status":"closed","template":"","meta":{"ngg_post_thumbnail":0,"footnotes":""},"class_list":["post-14835","page","type-page","status-publish","hentry"],"yoast_head":"<!-- This site is optimized with the Yoast SEO plugin v27.5 - https:\/\/yoast.com\/product\/yoast-seo-wordpress\/ -->\n<title>Hl\u00e1senia v mestskom rozhlase - Mestsk\u00e9 kult\u00farne stredisko Moldava nad Bodvou<\/title>\n<meta name=\"robots\" content=\"index, follow, max-snippet:-1, max-image-preview:large, max-video-preview:-1\" \/>\n<link rel=\"canonical\" href=\"https:\/\/kulturamoldava.sk\/hu\/hlasenia-v-mestskom-rozhlase\/\" \/>\n<link rel=\"next\" href=\"https:\/\/kulturamoldava.sk\/hlasenia-v-mestskom-rozhlase\/2\/\" \/>\n<meta property=\"og:locale\" content=\"hu_HU\" \/>\n<meta property=\"og:type\" content=\"article\" \/>\n<meta property=\"og:title\" content=\"Hl\u00e1senia v mestskom rozhlase - Mestsk\u00e9 kult\u00farne stredisko Moldava nad Bodvou\" \/>\n<meta property=\"og:description\" content=\"27.4.2026 Kino Hviezda v Turni nad Bodvou V\u00e1s poz\u00fdva na mimoriadnu repr\u00edzu hudobn\u00e9ho filmu Michael s ma\u010farsk\u00fdm dabingom v sobotu 2.m\u00e1ja o 19:30.&nbsp;Z\u00e1rove\u0148 sa uskuto\u010dn\u00ed D\u00e1mska jazda pri premi\u00e9re filmu Diabol nos\u00ed Pradu 2 so slovensk\u00fdm dabingom v&nbsp;piatok 8.m\u00e1ja o&nbsp;19:30, s&nbsp;uv\u00edtac\u00edm drinkom zdarma. Vstupenky s\u00fa u\u017e v&nbsp;predpredaji na www.kinoturna.sk Tauris \u2013 M\u00e4siarstvo u B\u00fdka V\u00e1s...\" \/>\n<meta property=\"og:url\" content=\"https:\/\/kulturamoldava.sk\/hu\/hlasenia-v-mestskom-rozhlase\/\" \/>\n<meta property=\"og:site_name\" content=\"Mestsk\u00e9 kult\u00farne stredisko Moldava nad Bodvou\" \/>\n<meta property=\"article:modified_time\" content=\"2026-04-27T13:31:13+00:00\" \/>\n<meta name=\"twitter:card\" content=\"summary_large_image\" \/>\n<meta name=\"twitter:label1\" content=\"Becs\u00fclt olvas\u00e1si id\u0151\" \/>\n\t<meta name=\"twitter:data1\" content=\"26 perc\" \/>\n<script type=\"application\/ld+json\" class=\"yoast-schema-graph\">{\"@context\":\"https:\\\/\\\/schema.org\",\"@graph\":[{\"@type\":\"WebPage\",\"@id\":\"https:\\\/\\\/kulturamoldava.sk\\\/hlasenia-v-mestskom-rozhlase\\\/\",\"url\":\"https:\\\/\\\/kulturamoldava.sk\\\/hlasenia-v-mestskom-rozhlase\\\/\",\"name\":\"Hl\u00e1senia v mestskom rozhlase - Mestsk\u00e9 kult\u00farne stredisko Moldava nad Bodvou\",\"isPartOf\":{\"@id\":\"https:\\\/\\\/kulturamoldava.sk\\\/#website\"},\"datePublished\":\"2019-07-23T10:35:38+00:00\",\"dateModified\":\"2026-04-27T13:31:13+00:00\",\"inLanguage\":\"hu\",\"potentialAction\":[{\"@type\":\"ReadAction\",\"target\":[\"https:\\\/\\\/kulturamoldava.sk\\\/hlasenia-v-mestskom-rozhlase\\\/\"]}]},{\"@type\":\"WebSite\",\"@id\":\"https:\\\/\\\/kulturamoldava.sk\\\/#website\",\"url\":\"https:\\\/\\\/kulturamoldava.sk\\\/\",\"name\":\"Mestsk\u00e9 kult\u00farne stredisko Moldava nad Bodvou\",\"description\":\"\",\"potentialAction\":[{\"@type\":\"SearchAction\",\"target\":{\"@type\":\"EntryPoint\",\"urlTemplate\":\"https:\\\/\\\/kulturamoldava.sk\\\/?s={search_term_string}\"},\"query-input\":{\"@type\":\"PropertyValueSpecification\",\"valueRequired\":true,\"valueName\":\"search_term_string\"}}],\"inLanguage\":\"hu\"}]}<\/script>\n<!-- \/ Yoast SEO plugin. -->","yoast_head_json":{"title":"Hl\u00e1senia v mestskom rozhlase - Mestsk\u00e9 kult\u00farne stredisko Moldava nad Bodvou","robots":{"index":"index","follow":"follow","max-snippet":"max-snippet:-1","max-image-preview":"max-image-preview:large","max-video-preview":"max-video-preview:-1"},"canonical":"https:\/\/kulturamoldava.sk\/hu\/hlasenia-v-mestskom-rozhlase\/","next":"https:\/\/kulturamoldava.sk\/hlasenia-v-mestskom-rozhlase\/2\/","og_locale":"hu_HU","og_type":"article","og_title":"Hl\u00e1senia v mestskom rozhlase - Mestsk\u00e9 kult\u00farne stredisko Moldava nad Bodvou","og_description":"27.4.2026 Kino Hviezda v Turni nad Bodvou V\u00e1s poz\u00fdva na mimoriadnu repr\u00edzu hudobn\u00e9ho filmu Michael s ma\u010farsk\u00fdm dabingom v sobotu 2.m\u00e1ja o 19:30.&nbsp;Z\u00e1rove\u0148 sa uskuto\u010dn\u00ed D\u00e1mska jazda pri premi\u00e9re filmu Diabol nos\u00ed Pradu 2 so slovensk\u00fdm dabingom v&nbsp;piatok 8.m\u00e1ja o&nbsp;19:30, s&nbsp;uv\u00edtac\u00edm drinkom zdarma. Vstupenky s\u00fa u\u017e v&nbsp;predpredaji na www.kinoturna.sk Tauris \u2013 M\u00e4siarstvo u B\u00fdka V\u00e1s...","og_url":"https:\/\/kulturamoldava.sk\/hu\/hlasenia-v-mestskom-rozhlase\/","og_site_name":"Mestsk\u00e9 kult\u00farne stredisko Moldava nad Bodvou","article_modified_time":"2026-04-27T13:31:13+00:00","twitter_card":"summary_large_image","twitter_misc":{"Becs\u00fclt olvas\u00e1si id\u0151":"26 perc"},"schema":{"@context":"https:\/\/schema.org","@graph":[{"@type":"WebPage","@id":"https:\/\/kulturamoldava.sk\/hlasenia-v-mestskom-rozhlase\/","url":"https:\/\/kulturamoldava.sk\/hlasenia-v-mestskom-rozhlase\/","name":"Hl\u00e1senia v mestskom rozhlase - Mestsk\u00e9 kult\u00farne stredisko Moldava nad Bodvou","isPartOf":{"@id":"https:\/\/kulturamoldava.sk\/#website"},"datePublished":"2019-07-23T10:35:38+00:00","dateModified":"2026-04-27T13:31:13+00:00","inLanguage":"hu","potentialAction":[{"@type":"ReadAction","target":["https:\/\/kulturamoldava.sk\/hlasenia-v-mestskom-rozhlase\/"]}]},{"@type":"WebSite","@id":"https:\/\/kulturamoldava.sk\/#website","url":"https:\/\/kulturamoldava.sk\/","name":"Szepsi V\u00e1rosi M\u0171vel\u0151d\u00e9si K\u00f6zpont","description":"","potentialAction":[{"@type":"SearchAction","target":{"@type":"EntryPoint","urlTemplate":"https:\/\/kulturamoldava.sk\/?s={search_term_string}"},"query-input":{"@type":"PropertyValueSpecification","valueRequired":true,"valueName":"search_term_string"}}],"inLanguage":"hu"}]}},"_links":{"self":[{"href":"https:\/\/kulturamoldava.sk\/hu\/wp-json\/wp\/v2\/pages\/14835","targetHints":{"allow":["GET"]}}],"collection":[{"href":"https:\/\/kulturamoldava.sk\/hu\/wp-json\/wp\/v2\/pages"}],"about":[{"href":"https:\/\/kulturamoldava.sk\/hu\/wp-json\/wp\/v2\/types\/page"}],"author":[{"embeddable":true,"href":"https:\/\/kulturamoldava.sk\/hu\/wp-json\/wp\/v2\/users\/1"}],"replies":[{"embeddable":true,"href":"https:\/\/kulturamoldava.sk\/hu\/wp-json\/wp\/v2\/comments?post=14835"}],"version-history":[{"count":412,"href":"https:\/\/kulturamoldava.sk\/hu\/wp-json\/wp\/v2\/pages\/14835\/revisions"}],"predecessor-version":[{"id":36399,"href":"https:\/\/kulturamoldava.sk\/hu\/wp-json\/wp\/v2\/pages\/14835\/revisions\/36399"}],"wp:attachment":[{"href":"https:\/\/kulturamoldava.sk\/hu\/wp-json\/wp\/v2\/media?parent=14835"}],"curies":[{"name":"wp","href":"https:\/\/api.w.org\/{rel}","templated":true}]}}