{"id":35322,"date":"2026-03-16T10:03:38","date_gmt":"2026-03-16T09:03:38","guid":{"rendered":"https:\/\/kulturamoldava.sk\/etn\/vynasanie-moreny-19-3-2026\/"},"modified":"2026-03-16T10:05:16","modified_gmt":"2026-03-16T09:05:16","slug":"vynasanie-moreny-19-3-2026","status":"publish","type":"etn","link":"https:\/\/kulturamoldava.sk\/hu\/etn\/vynasanie-moreny-19-3-2026\/","title":{"rendered":"VYN\u00c1\u0160ANIE MORENY 19.3.2026"},"content":{"rendered":"<p><img loading=\"lazy\" decoding=\"async\" class=\"alignnone size-full wp-image-35318\" src=\"https:\/\/kulturamoldava.sk\/wp-content\/uploads\/2026\/03\/morena-SK.png\" alt=\"\" width=\"1024\" height=\"1024\" srcset=\"https:\/\/kulturamoldava.sk\/wp-content\/uploads\/2026\/03\/morena-SK.png 1024w, https:\/\/kulturamoldava.sk\/wp-content\/uploads\/2026\/03\/morena-SK-300x300.png 300w, https:\/\/kulturamoldava.sk\/wp-content\/uploads\/2026\/03\/morena-SK-150x150.png 150w, https:\/\/kulturamoldava.sk\/wp-content\/uploads\/2026\/03\/morena-SK-768x768.png 768w, https:\/\/kulturamoldava.sk\/wp-content\/uploads\/2026\/03\/morena-SK-12x12.png 12w, https:\/\/kulturamoldava.sk\/wp-content\/uploads\/2026\/03\/morena-SK-140x140.png 140w, https:\/\/kulturamoldava.sk\/wp-content\/uploads\/2026\/03\/morena-SK-580x580.png 580w, https:\/\/kulturamoldava.sk\/wp-content\/uploads\/2026\/03\/morena-SK-860x860.png 860w, https:\/\/kulturamoldava.sk\/wp-content\/uploads\/2026\/03\/morena-SK-600x600.png 600w, https:\/\/kulturamoldava.sk\/wp-content\/uploads\/2026\/03\/morena-SK-100x100.png 100w\" sizes=\"auto, (max-width: 1024px) 100vw, 1024px\" \/><img loading=\"lazy\" decoding=\"async\" class=\"alignnone size-full wp-image-35320\" src=\"https:\/\/kulturamoldava.sk\/wp-content\/uploads\/2026\/03\/morena-HU.png\" alt=\"\" width=\"1024\" height=\"1024\" srcset=\"https:\/\/kulturamoldava.sk\/wp-content\/uploads\/2026\/03\/morena-HU.png 1024w, https:\/\/kulturamoldava.sk\/wp-content\/uploads\/2026\/03\/morena-HU-300x300.png 300w, https:\/\/kulturamoldava.sk\/wp-content\/uploads\/2026\/03\/morena-HU-150x150.png 150w, https:\/\/kulturamoldava.sk\/wp-content\/uploads\/2026\/03\/morena-HU-768x768.png 768w, https:\/\/kulturamoldava.sk\/wp-content\/uploads\/2026\/03\/morena-HU-12x12.png 12w, https:\/\/kulturamoldava.sk\/wp-content\/uploads\/2026\/03\/morena-HU-140x140.png 140w, https:\/\/kulturamoldava.sk\/wp-content\/uploads\/2026\/03\/morena-HU-580x580.png 580w, https:\/\/kulturamoldava.sk\/wp-content\/uploads\/2026\/03\/morena-HU-860x860.png 860w, https:\/\/kulturamoldava.sk\/wp-content\/uploads\/2026\/03\/morena-HU-600x600.png 600w, https:\/\/kulturamoldava.sk\/wp-content\/uploads\/2026\/03\/morena-HU-100x100.png 100w\" sizes=\"auto, (max-width: 1024px) 100vw, 1024px\" \/><\/p>\n<div>Srde\u010dne V\u00e1s poz\u00fdvame na tradi\u010dn\u00e9 Vyn\u00e1\u0161anie Moreny\u00a0<\/p>\n<p>Pr\u00ed\u010fte spolu s nami priv\u00edta\u0165 jar a symbolicky sa rozl\u00fa\u010di\u0165 so zimou pri kr\u00e1snej \u013eudovej trad\u00edcii, ktor\u00e1 sa v na\u0161om meste ka\u017edoro\u010dne sp\u00e1ja so stretnut\u00edm \u013eud\u00ed, dobrou n\u00e1ladou a pripomienkou na\u0161ich zvykov.<\/p>\n<p>19. marec 2026<br \/>o 10:30 hod.na n\u00e1mest\u00ed pri Penzi\u00f3ne Bodva v Moldave nad Bodvou<\/p>\n<p>Podujatie pripravuj\u00fa Mestsk\u00e9 kult\u00farne stredisko, Z\u0160 na ulici Severn\u00e1 21 a detsk\u00fd folkl\u00f3rny s\u00fabor \u010cu\u010doriedky.<\/p>\n<p>Te\u0161\u00edme sa na spolo\u010dn\u00e9 stretnutie a pr\u00edjemn\u00fa atmosf\u00e9ru pri v\u00edtan\u00ed prich\u00e1dzaj\u00facej jari.\u00a0<\/p><\/div>\n<div dir=\"auto\">\u00a0<\/div>\n<div dir=\"auto\">\n<div>Szeretettel megh\u00edvjuk \u00d6nt a hagyom\u00e1nyos Kiszehajt\u00e1sra\u00a0<\/p>\n<p>K\u00f6sz\u00f6nts\u00fck egy\u00fctt a tavaszt, \u00e9s b\u00facs\u00faztassuk el jelk\u00e9pesen a telet enn\u00e9l a sz\u00e9p n\u00e9phagyom\u00e1nyn\u00e1l. A Kiszehajt\u00e1s v\u00e1rosunkban minden \u00e9vben a k\u00f6z\u00f6s tal\u00e1lkoz\u00e1s, a j\u00f3 hangulat \u00e9s hagyom\u00e1nyaink \u00e1pol\u00e1s\u00e1nak \u00fcnnepe.<\/p>\n<p>\u00a02026. m\u00e1rcius 19.<br \/>\u00a010:30 \u00f3rakor a Bodva Panzi\u00f3 melletti t\u00e9ren, Szepsiben<\/p>\n<p>A program keret\u00e9ben fell\u00e9pnek: az \u00c9szaki utcai Alapiskola<br \/>\u00e9s a \u010cu\u010doriedky Gyermek N\u00e9pt\u00e1nccsoport.<\/p>\n<p>Szeretettel v\u00e1runk mindenkit, hogy egy\u00fctt k\u00f6sz\u00f6nts\u00fck a k\u00f6zelg\u0151 tavaszt!<\/p><\/div>\n<\/div>","protected":false},"excerpt":{"rendered":"<p>Srde\u010dne V\u00e1s poz\u00fdvame na tradi\u010dn\u00e9 Vyn\u00e1\u0161anie Moreny\u00a0 Pr\u00ed\u010fte spolu s nami priv\u00edta\u0165 jar a symbolicky sa rozl\u00fa\u010di\u0165 so zimou pri kr\u00e1snej \u013eudovej trad\u00edcii, ktor\u00e1 sa v na\u0161om meste ka\u017edoro\u010dne sp\u00e1ja so stretnut\u00edm \u013eud\u00ed, dobrou n\u00e1ladou a pripomienkou na\u0161ich zvykov. 19. marec 2026o 10:30 hod.na n\u00e1mest\u00ed pri Penzi\u00f3ne Bodva v Moldave nad Bodvou Podujatie pripravuj\u00fa Mestsk\u00e9&#8230;<\/p>","protected":false},"author":1,"featured_media":35318,"parent":0,"template":"","meta":{"ngg_post_thumbnail":0},"etn_category":[88],"etn_tags":[],"class_list":["post-35322","etn","type-etn","status-publish","has-post-thumbnail","hentry","etn_category-udalosti"],"yoast_head":"<!-- This site is optimized with the Yoast SEO plugin v27.5 - https:\/\/yoast.com\/product\/yoast-seo-wordpress\/ -->\n<title>VYN\u00c1\u0160ANIE MORENY 19.3.2026 - Mestsk\u00e9 kult\u00farne stredisko Moldava nad Bodvou<\/title>\n<meta name=\"robots\" content=\"index, follow, max-snippet:-1, max-image-preview:large, max-video-preview:-1\" \/>\n<link rel=\"canonical\" href=\"https:\/\/kulturamoldava.sk\/hu\/etn\/vynasanie-moreny-19-3-2026\/\" \/>\n<meta property=\"og:locale\" content=\"hu_HU\" \/>\n<meta property=\"og:type\" content=\"article\" \/>\n<meta property=\"og:title\" content=\"VYN\u00c1\u0160ANIE MORENY 19.3.2026 - Mestsk\u00e9 kult\u00farne stredisko Moldava nad Bodvou\" \/>\n<meta property=\"og:description\" content=\"Srde\u010dne V\u00e1s poz\u00fdvame na tradi\u010dn\u00e9 Vyn\u00e1\u0161anie Moreny\u00a0 Pr\u00ed\u010fte spolu s nami priv\u00edta\u0165 jar a symbolicky sa rozl\u00fa\u010di\u0165 so zimou pri kr\u00e1snej \u013eudovej trad\u00edcii, ktor\u00e1 sa v na\u0161om meste ka\u017edoro\u010dne sp\u00e1ja so stretnut\u00edm \u013eud\u00ed, dobrou n\u00e1ladou a pripomienkou na\u0161ich zvykov. 19. marec 2026o 10:30 hod.na n\u00e1mest\u00ed pri Penzi\u00f3ne Bodva v Moldave nad Bodvou Podujatie pripravuj\u00fa Mestsk\u00e9...\" \/>\n<meta property=\"og:url\" content=\"https:\/\/kulturamoldava.sk\/hu\/etn\/vynasanie-moreny-19-3-2026\/\" \/>\n<meta property=\"og:site_name\" content=\"Mestsk\u00e9 kult\u00farne stredisko Moldava nad Bodvou\" \/>\n<meta property=\"article:modified_time\" content=\"2026-03-16T09:05:16+00:00\" \/>\n<meta property=\"og:image\" content=\"https:\/\/kulturamoldava.sk\/wp-content\/uploads\/2026\/03\/morena-SK.png\" \/>\n\t<meta property=\"og:image:width\" content=\"1024\" \/>\n\t<meta property=\"og:image:height\" content=\"1024\" \/>\n\t<meta property=\"og:image:type\" content=\"image\/png\" \/>\n<meta name=\"twitter:card\" content=\"summary_large_image\" \/>\n<meta name=\"twitter:label1\" content=\"Becs\u00fclt olvas\u00e1si id\u0151\" \/>\n\t<meta name=\"twitter:data1\" content=\"1 perc\" \/>\n<script type=\"application\/ld+json\" class=\"yoast-schema-graph\">{\"@context\":\"https:\\\/\\\/schema.org\",\"@graph\":[{\"@type\":\"WebPage\",\"@id\":\"https:\\\/\\\/kulturamoldava.sk\\\/etn\\\/vynasanie-moreny-19-3-2026\\\/\",\"url\":\"https:\\\/\\\/kulturamoldava.sk\\\/etn\\\/vynasanie-moreny-19-3-2026\\\/\",\"name\":\"VYN\u00c1\u0160ANIE MORENY 19.3.2026 - Mestsk\u00e9 kult\u00farne stredisko Moldava nad Bodvou\",\"isPartOf\":{\"@id\":\"https:\\\/\\\/kulturamoldava.sk\\\/#website\"},\"primaryImageOfPage\":{\"@id\":\"https:\\\/\\\/kulturamoldava.sk\\\/etn\\\/vynasanie-moreny-19-3-2026\\\/#primaryimage\"},\"image\":{\"@id\":\"https:\\\/\\\/kulturamoldava.sk\\\/etn\\\/vynasanie-moreny-19-3-2026\\\/#primaryimage\"},\"thumbnailUrl\":\"https:\\\/\\\/kulturamoldava.sk\\\/wp-content\\\/uploads\\\/2026\\\/03\\\/morena-SK.png\",\"datePublished\":\"2026-03-16T09:03:38+00:00\",\"dateModified\":\"2026-03-16T09:05:16+00:00\",\"breadcrumb\":{\"@id\":\"https:\\\/\\\/kulturamoldava.sk\\\/etn\\\/vynasanie-moreny-19-3-2026\\\/#breadcrumb\"},\"inLanguage\":\"hu\",\"potentialAction\":[{\"@type\":\"ReadAction\",\"target\":[\"https:\\\/\\\/kulturamoldava.sk\\\/etn\\\/vynasanie-moreny-19-3-2026\\\/\"]}]},{\"@type\":\"ImageObject\",\"inLanguage\":\"hu\",\"@id\":\"https:\\\/\\\/kulturamoldava.sk\\\/etn\\\/vynasanie-moreny-19-3-2026\\\/#primaryimage\",\"url\":\"https:\\\/\\\/kulturamoldava.sk\\\/wp-content\\\/uploads\\\/2026\\\/03\\\/morena-SK.png\",\"contentUrl\":\"https:\\\/\\\/kulturamoldava.sk\\\/wp-content\\\/uploads\\\/2026\\\/03\\\/morena-SK.png\",\"width\":1024,\"height\":1024},{\"@type\":\"BreadcrumbList\",\"@id\":\"https:\\\/\\\/kulturamoldava.sk\\\/etn\\\/vynasanie-moreny-19-3-2026\\\/#breadcrumb\",\"itemListElement\":[{\"@type\":\"ListItem\",\"position\":1,\"name\":\"Home\",\"item\":\"https:\\\/\\\/kulturamoldava.sk\\\/\"},{\"@type\":\"ListItem\",\"position\":2,\"name\":\"Events\",\"item\":\"https:\\\/\\\/kulturamoldava.sk\\\/etn\\\/\"},{\"@type\":\"ListItem\",\"position\":3,\"name\":\"VYN\u00c1\u0160ANIE MORENY 19.3.2026\"}]},{\"@type\":\"WebSite\",\"@id\":\"https:\\\/\\\/kulturamoldava.sk\\\/#website\",\"url\":\"https:\\\/\\\/kulturamoldava.sk\\\/\",\"name\":\"Mestsk\u00e9 kult\u00farne stredisko Moldava nad Bodvou\",\"description\":\"\",\"potentialAction\":[{\"@type\":\"SearchAction\",\"target\":{\"@type\":\"EntryPoint\",\"urlTemplate\":\"https:\\\/\\\/kulturamoldava.sk\\\/?s={search_term_string}\"},\"query-input\":{\"@type\":\"PropertyValueSpecification\",\"valueRequired\":true,\"valueName\":\"search_term_string\"}}],\"inLanguage\":\"hu\"}]}<\/script>\n<!-- \/ Yoast SEO plugin. -->","yoast_head_json":{"title":"VYN\u00c1\u0160ANIE MORENY 19.3.2026 - Mestsk\u00e9 kult\u00farne stredisko Moldava nad Bodvou","robots":{"index":"index","follow":"follow","max-snippet":"max-snippet:-1","max-image-preview":"max-image-preview:large","max-video-preview":"max-video-preview:-1"},"canonical":"https:\/\/kulturamoldava.sk\/hu\/etn\/vynasanie-moreny-19-3-2026\/","og_locale":"hu_HU","og_type":"article","og_title":"VYN\u00c1\u0160ANIE MORENY 19.3.2026 - Mestsk\u00e9 kult\u00farne stredisko Moldava nad Bodvou","og_description":"Srde\u010dne V\u00e1s poz\u00fdvame na tradi\u010dn\u00e9 Vyn\u00e1\u0161anie Moreny\u00a0 Pr\u00ed\u010fte spolu s nami priv\u00edta\u0165 jar a symbolicky sa rozl\u00fa\u010di\u0165 so zimou pri kr\u00e1snej \u013eudovej trad\u00edcii, ktor\u00e1 sa v na\u0161om meste ka\u017edoro\u010dne sp\u00e1ja so stretnut\u00edm \u013eud\u00ed, dobrou n\u00e1ladou a pripomienkou na\u0161ich zvykov. 19. marec 2026o 10:30 hod.na n\u00e1mest\u00ed pri Penzi\u00f3ne Bodva v Moldave nad Bodvou Podujatie pripravuj\u00fa Mestsk\u00e9...","og_url":"https:\/\/kulturamoldava.sk\/hu\/etn\/vynasanie-moreny-19-3-2026\/","og_site_name":"Mestsk\u00e9 kult\u00farne stredisko Moldava nad Bodvou","article_modified_time":"2026-03-16T09:05:16+00:00","og_image":[{"url":"https:\/\/kulturamoldava.sk\/wp-content\/uploads\/2026\/03\/morena-SK.png","width":1024,"height":1024,"type":"image\/png"}],"twitter_card":"summary_large_image","twitter_misc":{"Becs\u00fclt olvas\u00e1si id\u0151":"1 perc"},"schema":{"@context":"https:\/\/schema.org","@graph":[{"@type":"WebPage","@id":"https:\/\/kulturamoldava.sk\/etn\/vynasanie-moreny-19-3-2026\/","url":"https:\/\/kulturamoldava.sk\/etn\/vynasanie-moreny-19-3-2026\/","name":"VYN\u00c1\u0160ANIE MORENY 19.3.2026 - Mestsk\u00e9 kult\u00farne stredisko Moldava nad Bodvou","isPartOf":{"@id":"https:\/\/kulturamoldava.sk\/#website"},"primaryImageOfPage":{"@id":"https:\/\/kulturamoldava.sk\/etn\/vynasanie-moreny-19-3-2026\/#primaryimage"},"image":{"@id":"https:\/\/kulturamoldava.sk\/etn\/vynasanie-moreny-19-3-2026\/#primaryimage"},"thumbnailUrl":"https:\/\/kulturamoldava.sk\/wp-content\/uploads\/2026\/03\/morena-SK.png","datePublished":"2026-03-16T09:03:38+00:00","dateModified":"2026-03-16T09:05:16+00:00","breadcrumb":{"@id":"https:\/\/kulturamoldava.sk\/etn\/vynasanie-moreny-19-3-2026\/#breadcrumb"},"inLanguage":"hu","potentialAction":[{"@type":"ReadAction","target":["https:\/\/kulturamoldava.sk\/etn\/vynasanie-moreny-19-3-2026\/"]}]},{"@type":"ImageObject","inLanguage":"hu","@id":"https:\/\/kulturamoldava.sk\/etn\/vynasanie-moreny-19-3-2026\/#primaryimage","url":"https:\/\/kulturamoldava.sk\/wp-content\/uploads\/2026\/03\/morena-SK.png","contentUrl":"https:\/\/kulturamoldava.sk\/wp-content\/uploads\/2026\/03\/morena-SK.png","width":1024,"height":1024},{"@type":"BreadcrumbList","@id":"https:\/\/kulturamoldava.sk\/etn\/vynasanie-moreny-19-3-2026\/#breadcrumb","itemListElement":[{"@type":"ListItem","position":1,"name":"Home","item":"https:\/\/kulturamoldava.sk\/"},{"@type":"ListItem","position":2,"name":"Events","item":"https:\/\/kulturamoldava.sk\/etn\/"},{"@type":"ListItem","position":3,"name":"VYN\u00c1\u0160ANIE MORENY 19.3.2026"}]},{"@type":"WebSite","@id":"https:\/\/kulturamoldava.sk\/#website","url":"https:\/\/kulturamoldava.sk\/","name":"Szepsi V\u00e1rosi M\u0171vel\u0151d\u00e9si K\u00f6zpont","description":"","potentialAction":[{"@type":"SearchAction","target":{"@type":"EntryPoint","urlTemplate":"https:\/\/kulturamoldava.sk\/?s={search_term_string}"},"query-input":{"@type":"PropertyValueSpecification","valueRequired":true,"valueName":"search_term_string"}}],"inLanguage":"hu"}]}},"_links":{"self":[{"href":"https:\/\/kulturamoldava.sk\/hu\/wp-json\/wp\/v2\/etn\/35322","targetHints":{"allow":["GET"]}}],"collection":[{"href":"https:\/\/kulturamoldava.sk\/hu\/wp-json\/wp\/v2\/etn"}],"about":[{"href":"https:\/\/kulturamoldava.sk\/hu\/wp-json\/wp\/v2\/types\/etn"}],"author":[{"embeddable":true,"href":"https:\/\/kulturamoldava.sk\/hu\/wp-json\/wp\/v2\/users\/1"}],"wp:featuredmedia":[{"embeddable":true,"href":"https:\/\/kulturamoldava.sk\/hu\/wp-json\/wp\/v2\/media\/35318"}],"wp:attachment":[{"href":"https:\/\/kulturamoldava.sk\/hu\/wp-json\/wp\/v2\/media?parent=35322"}],"wp:term":[{"taxonomy":"etn_category","embeddable":true,"href":"https:\/\/kulturamoldava.sk\/hu\/wp-json\/wp\/v2\/etn_category?post=35322"},{"taxonomy":"etn_tags","embeddable":true,"href":"https:\/\/kulturamoldava.sk\/hu\/wp-json\/wp\/v2\/etn_tags?post=35322"}],"curies":[{"name":"wp","href":"https:\/\/api.w.org\/{rel}","templated":true}]}}