{"id":34331,"date":"2025-11-05T13:25:27","date_gmt":"2025-11-05T12:25:27","guid":{"rendered":"https:\/\/kulturamoldava.sk\/?post_type=etn&#038;p=34331"},"modified":"2025-11-05T13:26:29","modified_gmt":"2025-11-05T12:26:29","slug":"mikulas-pod-kopcom-6-12-2025","status":"publish","type":"etn","link":"https:\/\/kulturamoldava.sk\/hu\/etn\/mikulas-pod-kopcom-6-12-2025\/","title":{"rendered":"MIKUL\u00c1\u0160 POD KOPCOM 6.12.2025"},"content":{"rendered":"<figure class=\"wp-block-gallery has-nested-images columns-default is-cropped wp-block-gallery-1 is-layout-flex wp-block-gallery-is-layout-flex\">\n<figure data-wp-context=\"{&quot;imageId&quot;:&quot;69f2e4aced47b&quot;}\" data-wp-interactive=\"core\/image\" data-wp-key=\"69f2e4aced47b\" class=\"wp-block-image size-large wp-lightbox-container\"><img loading=\"lazy\" decoding=\"async\" width=\"724\" height=\"1024\" data-wp-class--hide=\"state.isContentHidden\" data-wp-class--show=\"state.isContentVisible\" data-wp-init=\"callbacks.setButtonStyles\" data-wp-on--click=\"actions.showLightbox\" data-wp-on--load=\"callbacks.setButtonStyles\" data-wp-on-window--resize=\"callbacks.setButtonStyles\" data-id=\"34332\" src=\"https:\/\/kulturamoldava.sk\/wp-content\/uploads\/2025\/11\/MIKULAS-POD-KOPCOM-HU-2025-724x1024.jpg\" alt=\"\" class=\"wp-image-34332\" srcset=\"https:\/\/kulturamoldava.sk\/wp-content\/uploads\/2025\/11\/MIKULAS-POD-KOPCOM-HU-2025-724x1024.jpg 724w, https:\/\/kulturamoldava.sk\/wp-content\/uploads\/2025\/11\/MIKULAS-POD-KOPCOM-HU-2025-212x300.jpg 212w, https:\/\/kulturamoldava.sk\/wp-content\/uploads\/2025\/11\/MIKULAS-POD-KOPCOM-HU-2025-768x1086.jpg 768w, https:\/\/kulturamoldava.sk\/wp-content\/uploads\/2025\/11\/MIKULAS-POD-KOPCOM-HU-2025-1086x1536.jpg 1086w, https:\/\/kulturamoldava.sk\/wp-content\/uploads\/2025\/11\/MIKULAS-POD-KOPCOM-HU-2025-8x12.jpg 8w, https:\/\/kulturamoldava.sk\/wp-content\/uploads\/2025\/11\/MIKULAS-POD-KOPCOM-HU-2025-580x820.jpg 580w, https:\/\/kulturamoldava.sk\/wp-content\/uploads\/2025\/11\/MIKULAS-POD-KOPCOM-HU-2025-860x1216.jpg 860w, https:\/\/kulturamoldava.sk\/wp-content\/uploads\/2025\/11\/MIKULAS-POD-KOPCOM-HU-2025-1160x1641.jpg 1160w, https:\/\/kulturamoldava.sk\/wp-content\/uploads\/2025\/11\/MIKULAS-POD-KOPCOM-HU-2025-600x849.jpg 600w, https:\/\/kulturamoldava.sk\/wp-content\/uploads\/2025\/11\/MIKULAS-POD-KOPCOM-HU-2025.jpg 1414w\" sizes=\"auto, (max-width: 724px) 100vw, 724px\" \/><button\n\t\t\tclass=\"lightbox-trigger\"\n\t\t\ttype=\"button\"\n\t\t\taria-haspopup=\"dialog\"\n\t\t\taria-label=\"Nagy\u00edt\u00e1s\"\n\t\t\tdata-wp-init=\"callbacks.initTriggerButton\"\n\t\t\tdata-wp-on--click=\"actions.showLightbox\"\n\t\t\tdata-wp-style--right=\"state.imageButtonRight\"\n\t\t\tdata-wp-style--top=\"state.imageButtonTop\"\n\t\t>\n\t\t\t<svg xmlns=\"http:\/\/www.w3.org\/2000\/svg\" width=\"12\" height=\"12\" fill=\"none\" viewbox=\"0 0 12 12\">\n\t\t\t\t<path fill=\"#fff\" d=\"M2 0a2 2 0 0 0-2 2v2h1.5V2a.5.5 0 0 1 .5-.5h2V0H2Zm2 10.5H2a.5.5 0 0 1-.5-.5V8H0v2a2 2 0 0 0 2 2h2v-1.5ZM8 12v-1.5h2a.5.5 0 0 0 .5-.5V8H12v2a2 2 0 0 1-2 2H8Zm2-12a2 2 0 0 1 2 2v2h-1.5V2a.5.5 0 0 0-.5-.5H8V0h2Z\" \/>\n\t\t\t<\/svg>\n\t\t<\/button><\/figure>\n\n\n\n<figure data-wp-context=\"{&quot;imageId&quot;:&quot;69f2e4acedab2&quot;}\" data-wp-interactive=\"core\/image\" data-wp-key=\"69f2e4acedab2\" class=\"wp-block-image size-large wp-lightbox-container\"><img loading=\"lazy\" decoding=\"async\" width=\"724\" height=\"1024\" data-wp-class--hide=\"state.isContentHidden\" data-wp-class--show=\"state.isContentVisible\" data-wp-init=\"callbacks.setButtonStyles\" data-wp-on--click=\"actions.showLightbox\" data-wp-on--load=\"callbacks.setButtonStyles\" data-wp-on-window--resize=\"callbacks.setButtonStyles\" data-id=\"34333\" src=\"https:\/\/kulturamoldava.sk\/wp-content\/uploads\/2025\/11\/MIKULAS-POD-KOPCOM-SK-2025-724x1024.jpg\" alt=\"\" class=\"wp-image-34333\" srcset=\"https:\/\/kulturamoldava.sk\/wp-content\/uploads\/2025\/11\/MIKULAS-POD-KOPCOM-SK-2025-724x1024.jpg 724w, https:\/\/kulturamoldava.sk\/wp-content\/uploads\/2025\/11\/MIKULAS-POD-KOPCOM-SK-2025-212x300.jpg 212w, https:\/\/kulturamoldava.sk\/wp-content\/uploads\/2025\/11\/MIKULAS-POD-KOPCOM-SK-2025-768x1086.jpg 768w, https:\/\/kulturamoldava.sk\/wp-content\/uploads\/2025\/11\/MIKULAS-POD-KOPCOM-SK-2025-1086x1536.jpg 1086w, https:\/\/kulturamoldava.sk\/wp-content\/uploads\/2025\/11\/MIKULAS-POD-KOPCOM-SK-2025-8x12.jpg 8w, https:\/\/kulturamoldava.sk\/wp-content\/uploads\/2025\/11\/MIKULAS-POD-KOPCOM-SK-2025-580x820.jpg 580w, https:\/\/kulturamoldava.sk\/wp-content\/uploads\/2025\/11\/MIKULAS-POD-KOPCOM-SK-2025-860x1216.jpg 860w, https:\/\/kulturamoldava.sk\/wp-content\/uploads\/2025\/11\/MIKULAS-POD-KOPCOM-SK-2025-1160x1641.jpg 1160w, https:\/\/kulturamoldava.sk\/wp-content\/uploads\/2025\/11\/MIKULAS-POD-KOPCOM-SK-2025-600x849.jpg 600w, https:\/\/kulturamoldava.sk\/wp-content\/uploads\/2025\/11\/MIKULAS-POD-KOPCOM-SK-2025.jpg 1414w\" sizes=\"auto, (max-width: 724px) 100vw, 724px\" \/><button\n\t\t\tclass=\"lightbox-trigger\"\n\t\t\ttype=\"button\"\n\t\t\taria-haspopup=\"dialog\"\n\t\t\taria-label=\"Nagy\u00edt\u00e1s\"\n\t\t\tdata-wp-init=\"callbacks.initTriggerButton\"\n\t\t\tdata-wp-on--click=\"actions.showLightbox\"\n\t\t\tdata-wp-style--right=\"state.imageButtonRight\"\n\t\t\tdata-wp-style--top=\"state.imageButtonTop\"\n\t\t>\n\t\t\t<svg xmlns=\"http:\/\/www.w3.org\/2000\/svg\" width=\"12\" height=\"12\" fill=\"none\" viewbox=\"0 0 12 12\">\n\t\t\t\t<path fill=\"#fff\" d=\"M2 0a2 2 0 0 0-2 2v2h1.5V2a.5.5 0 0 1 .5-.5h2V0H2Zm2 10.5H2a.5.5 0 0 1-.5-.5V8H0v2a2 2 0 0 0 2 2h2v-1.5ZM8 12v-1.5h2a.5.5 0 0 0 .5-.5V8H12v2a2 2 0 0 1-2 2H8Zm2-12a2 2 0 0 1 2 2v2h-1.5V2a.5.5 0 0 0-.5-.5H8V0h2Z\" \/>\n\t\t\t<\/svg>\n\t\t<\/button><\/figure>\n<\/figure>","protected":false},"excerpt":{"rendered":"","protected":false},"author":1,"featured_media":34333,"parent":0,"template":"","meta":{"ngg_post_thumbnail":0},"etn_category":[88],"etn_tags":[],"class_list":["post-34331","etn","type-etn","status-publish","has-post-thumbnail","hentry","etn_category-udalosti"],"yoast_head":"<!-- This site is optimized with the Yoast SEO plugin v27.5 - https:\/\/yoast.com\/product\/yoast-seo-wordpress\/ -->\n<title>MIKUL\u00c1\u0160 POD KOPCOM 6.12.2025 - Mestsk\u00e9 kult\u00farne stredisko Moldava nad Bodvou<\/title>\n<meta name=\"robots\" content=\"index, follow, max-snippet:-1, max-image-preview:large, max-video-preview:-1\" \/>\n<link rel=\"canonical\" href=\"https:\/\/kulturamoldava.sk\/hu\/etn\/mikulas-pod-kopcom-6-12-2025\/\" \/>\n<meta property=\"og:locale\" content=\"hu_HU\" \/>\n<meta property=\"og:type\" content=\"article\" \/>\n<meta property=\"og:title\" content=\"MIKUL\u00c1\u0160 POD KOPCOM 6.12.2025 - Mestsk\u00e9 kult\u00farne stredisko Moldava nad Bodvou\" \/>\n<meta property=\"og:url\" content=\"https:\/\/kulturamoldava.sk\/hu\/etn\/mikulas-pod-kopcom-6-12-2025\/\" \/>\n<meta property=\"og:site_name\" content=\"Mestsk\u00e9 kult\u00farne stredisko Moldava nad Bodvou\" \/>\n<meta property=\"article:modified_time\" content=\"2025-11-05T12:26:29+00:00\" \/>\n<meta property=\"og:image\" content=\"https:\/\/kulturamoldava.sk\/wp-content\/uploads\/2025\/11\/MIKULAS-POD-KOPCOM-SK-2025.jpg\" \/>\n\t<meta property=\"og:image:width\" content=\"1414\" \/>\n\t<meta property=\"og:image:height\" content=\"2000\" \/>\n\t<meta property=\"og:image:type\" content=\"image\/jpeg\" \/>\n<meta name=\"twitter:card\" content=\"summary_large_image\" \/>\n<meta name=\"twitter:label1\" content=\"Becs\u00fclt olvas\u00e1si id\u0151\" \/>\n\t<meta name=\"twitter:data1\" content=\"1 perc\" \/>\n<script type=\"application\/ld+json\" class=\"yoast-schema-graph\">{\"@context\":\"https:\\\/\\\/schema.org\",\"@graph\":[{\"@type\":\"WebPage\",\"@id\":\"https:\\\/\\\/kulturamoldava.sk\\\/etn\\\/mikulas-pod-kopcom-6-12-2025\\\/\",\"url\":\"https:\\\/\\\/kulturamoldava.sk\\\/etn\\\/mikulas-pod-kopcom-6-12-2025\\\/\",\"name\":\"MIKUL\u00c1\u0160 POD KOPCOM 6.12.2025 - Mestsk\u00e9 kult\u00farne stredisko Moldava nad Bodvou\",\"isPartOf\":{\"@id\":\"https:\\\/\\\/kulturamoldava.sk\\\/#website\"},\"primaryImageOfPage\":{\"@id\":\"https:\\\/\\\/kulturamoldava.sk\\\/etn\\\/mikulas-pod-kopcom-6-12-2025\\\/#primaryimage\"},\"image\":{\"@id\":\"https:\\\/\\\/kulturamoldava.sk\\\/etn\\\/mikulas-pod-kopcom-6-12-2025\\\/#primaryimage\"},\"thumbnailUrl\":\"https:\\\/\\\/kulturamoldava.sk\\\/wp-content\\\/uploads\\\/2025\\\/11\\\/MIKULAS-POD-KOPCOM-SK-2025.jpg\",\"datePublished\":\"2025-11-05T12:25:27+00:00\",\"dateModified\":\"2025-11-05T12:26:29+00:00\",\"breadcrumb\":{\"@id\":\"https:\\\/\\\/kulturamoldava.sk\\\/etn\\\/mikulas-pod-kopcom-6-12-2025\\\/#breadcrumb\"},\"inLanguage\":\"hu\",\"potentialAction\":[{\"@type\":\"ReadAction\",\"target\":[\"https:\\\/\\\/kulturamoldava.sk\\\/etn\\\/mikulas-pod-kopcom-6-12-2025\\\/\"]}]},{\"@type\":\"ImageObject\",\"inLanguage\":\"hu\",\"@id\":\"https:\\\/\\\/kulturamoldava.sk\\\/etn\\\/mikulas-pod-kopcom-6-12-2025\\\/#primaryimage\",\"url\":\"https:\\\/\\\/kulturamoldava.sk\\\/wp-content\\\/uploads\\\/2025\\\/11\\\/MIKULAS-POD-KOPCOM-SK-2025.jpg\",\"contentUrl\":\"https:\\\/\\\/kulturamoldava.sk\\\/wp-content\\\/uploads\\\/2025\\\/11\\\/MIKULAS-POD-KOPCOM-SK-2025.jpg\",\"width\":1414,\"height\":2000},{\"@type\":\"BreadcrumbList\",\"@id\":\"https:\\\/\\\/kulturamoldava.sk\\\/etn\\\/mikulas-pod-kopcom-6-12-2025\\\/#breadcrumb\",\"itemListElement\":[{\"@type\":\"ListItem\",\"position\":1,\"name\":\"Home\",\"item\":\"https:\\\/\\\/kulturamoldava.sk\\\/\"},{\"@type\":\"ListItem\",\"position\":2,\"name\":\"Events\",\"item\":\"https:\\\/\\\/kulturamoldava.sk\\\/etn\\\/\"},{\"@type\":\"ListItem\",\"position\":3,\"name\":\"MIKUL\u00c1\u0160 POD KOPCOM 6.12.2025\"}]},{\"@type\":\"WebSite\",\"@id\":\"https:\\\/\\\/kulturamoldava.sk\\\/#website\",\"url\":\"https:\\\/\\\/kulturamoldava.sk\\\/\",\"name\":\"Mestsk\u00e9 kult\u00farne stredisko Moldava nad Bodvou\",\"description\":\"\",\"potentialAction\":[{\"@type\":\"SearchAction\",\"target\":{\"@type\":\"EntryPoint\",\"urlTemplate\":\"https:\\\/\\\/kulturamoldava.sk\\\/?s={search_term_string}\"},\"query-input\":{\"@type\":\"PropertyValueSpecification\",\"valueRequired\":true,\"valueName\":\"search_term_string\"}}],\"inLanguage\":\"hu\"}]}<\/script>\n<!-- \/ Yoast SEO plugin. -->","yoast_head_json":{"title":"MIKUL\u00c1\u0160 POD KOPCOM 6.12.2025 - Mestsk\u00e9 kult\u00farne stredisko Moldava nad Bodvou","robots":{"index":"index","follow":"follow","max-snippet":"max-snippet:-1","max-image-preview":"max-image-preview:large","max-video-preview":"max-video-preview:-1"},"canonical":"https:\/\/kulturamoldava.sk\/hu\/etn\/mikulas-pod-kopcom-6-12-2025\/","og_locale":"hu_HU","og_type":"article","og_title":"MIKUL\u00c1\u0160 POD KOPCOM 6.12.2025 - Mestsk\u00e9 kult\u00farne stredisko Moldava nad Bodvou","og_url":"https:\/\/kulturamoldava.sk\/hu\/etn\/mikulas-pod-kopcom-6-12-2025\/","og_site_name":"Mestsk\u00e9 kult\u00farne stredisko Moldava nad Bodvou","article_modified_time":"2025-11-05T12:26:29+00:00","og_image":[{"width":1414,"height":2000,"url":"https:\/\/kulturamoldava.sk\/wp-content\/uploads\/2025\/11\/MIKULAS-POD-KOPCOM-SK-2025.jpg","type":"image\/jpeg"}],"twitter_card":"summary_large_image","twitter_misc":{"Becs\u00fclt olvas\u00e1si id\u0151":"1 perc"},"schema":{"@context":"https:\/\/schema.org","@graph":[{"@type":"WebPage","@id":"https:\/\/kulturamoldava.sk\/etn\/mikulas-pod-kopcom-6-12-2025\/","url":"https:\/\/kulturamoldava.sk\/etn\/mikulas-pod-kopcom-6-12-2025\/","name":"MIKUL\u00c1\u0160 POD KOPCOM 6.12.2025 - Mestsk\u00e9 kult\u00farne stredisko Moldava nad Bodvou","isPartOf":{"@id":"https:\/\/kulturamoldava.sk\/#website"},"primaryImageOfPage":{"@id":"https:\/\/kulturamoldava.sk\/etn\/mikulas-pod-kopcom-6-12-2025\/#primaryimage"},"image":{"@id":"https:\/\/kulturamoldava.sk\/etn\/mikulas-pod-kopcom-6-12-2025\/#primaryimage"},"thumbnailUrl":"https:\/\/kulturamoldava.sk\/wp-content\/uploads\/2025\/11\/MIKULAS-POD-KOPCOM-SK-2025.jpg","datePublished":"2025-11-05T12:25:27+00:00","dateModified":"2025-11-05T12:26:29+00:00","breadcrumb":{"@id":"https:\/\/kulturamoldava.sk\/etn\/mikulas-pod-kopcom-6-12-2025\/#breadcrumb"},"inLanguage":"hu","potentialAction":[{"@type":"ReadAction","target":["https:\/\/kulturamoldava.sk\/etn\/mikulas-pod-kopcom-6-12-2025\/"]}]},{"@type":"ImageObject","inLanguage":"hu","@id":"https:\/\/kulturamoldava.sk\/etn\/mikulas-pod-kopcom-6-12-2025\/#primaryimage","url":"https:\/\/kulturamoldava.sk\/wp-content\/uploads\/2025\/11\/MIKULAS-POD-KOPCOM-SK-2025.jpg","contentUrl":"https:\/\/kulturamoldava.sk\/wp-content\/uploads\/2025\/11\/MIKULAS-POD-KOPCOM-SK-2025.jpg","width":1414,"height":2000},{"@type":"BreadcrumbList","@id":"https:\/\/kulturamoldava.sk\/etn\/mikulas-pod-kopcom-6-12-2025\/#breadcrumb","itemListElement":[{"@type":"ListItem","position":1,"name":"Home","item":"https:\/\/kulturamoldava.sk\/"},{"@type":"ListItem","position":2,"name":"Events","item":"https:\/\/kulturamoldava.sk\/etn\/"},{"@type":"ListItem","position":3,"name":"MIKUL\u00c1\u0160 POD KOPCOM 6.12.2025"}]},{"@type":"WebSite","@id":"https:\/\/kulturamoldava.sk\/#website","url":"https:\/\/kulturamoldava.sk\/","name":"Szepsi V\u00e1rosi M\u0171vel\u0151d\u00e9si K\u00f6zpont","description":"","potentialAction":[{"@type":"SearchAction","target":{"@type":"EntryPoint","urlTemplate":"https:\/\/kulturamoldava.sk\/?s={search_term_string}"},"query-input":{"@type":"PropertyValueSpecification","valueRequired":true,"valueName":"search_term_string"}}],"inLanguage":"hu"}]}},"_links":{"self":[{"href":"https:\/\/kulturamoldava.sk\/hu\/wp-json\/wp\/v2\/etn\/34331","targetHints":{"allow":["GET"]}}],"collection":[{"href":"https:\/\/kulturamoldava.sk\/hu\/wp-json\/wp\/v2\/etn"}],"about":[{"href":"https:\/\/kulturamoldava.sk\/hu\/wp-json\/wp\/v2\/types\/etn"}],"author":[{"embeddable":true,"href":"https:\/\/kulturamoldava.sk\/hu\/wp-json\/wp\/v2\/users\/1"}],"wp:featuredmedia":[{"embeddable":true,"href":"https:\/\/kulturamoldava.sk\/hu\/wp-json\/wp\/v2\/media\/34333"}],"wp:attachment":[{"href":"https:\/\/kulturamoldava.sk\/hu\/wp-json\/wp\/v2\/media?parent=34331"}],"wp:term":[{"taxonomy":"etn_category","embeddable":true,"href":"https:\/\/kulturamoldava.sk\/hu\/wp-json\/wp\/v2\/etn_category?post=34331"},{"taxonomy":"etn_tags","embeddable":true,"href":"https:\/\/kulturamoldava.sk\/hu\/wp-json\/wp\/v2\/etn_tags?post=34331"}],"curies":[{"name":"wp","href":"https:\/\/api.w.org\/{rel}","templated":true}]}}